




{"id":44732,"date":"2025-09-23T18:36:57","date_gmt":"2025-09-23T16:36:57","guid":{"rendered":"https:\/\/sport-timing.pl\/pomiar-czasu\/?post_type=am_event&#038;p=44732"},"modified":"2025-10-07T17:12:46","modified_gmt":"2025-10-07T15:12:46","slug":"viii-bieg-hasiora","status":"publish","type":"am_event","link":"https:\/\/sport-timing.pl\/pomiar-czasu\/wydarzenie\/viii-bieg-hasiora\/","title":{"rendered":"VIII Bieg Hasiora"},"content":{"rendered":"<div class=\"wpb-content-wrapper\"><p><div class=\"vc_row wpb_row vc_row-fluid event-info\"><div class=\"wpb_column vc_column_container vc_col-sm-6\"><div class=\"vc_column-inner\"><div class=\"wpb_wrapper\"><div class=\"vc_btn3-container vc_btn3-inline vc_do_btn\" ><button class=\"vc_general vc_btn3 vc_btn3-size-md vc_btn3-shape-rounded vc_btn3-style-3d vc_btn3-color-success\">STRONA WYDARZENIA<\/button><\/div><div class=\"vc_btn3-container vc_btn3-inline vc_do_btn\" ><a class=\"vc_general vc_btn3 vc_btn3-size-md vc_btn3-shape-rounded vc_btn3-style-3d vc_btn3-color-warning\" href=\"https:\/\/muzeumtatrzanskie.pl\/\" title=\"\" target=\"_blank\">ORGANIZATOR<\/a><\/div><div class=\"vc_btn3-container vc_btn3-inline vc_do_btn\" ><a class=\"vc_general vc_btn3 vc_btn3-size-md vc_btn3-shape-rounded vc_btn3-style-3d vc_btn3-color-primary\" href=\"https:\/\/www.facebook.com\/muzeumtatrzanskie\/\" title=\"\" target=\"_blank\">FACEBOOK<\/a><\/div><div class=\"vc_btn3-container vc_btn3-inline vc_do_btn\" ><a class=\"vc_general vc_btn3 vc_btn3-size-md vc_btn3-shape-rounded vc_btn3-style-3d vc_btn3-color-violet\" href=\"https:\/\/sport-timing.pl\/pomiar-czasu\/content\/uploads\/2025\/09\/Mapka-Bieg-Hasiora-12.10.2025.jpg\" title=\"\" target=\"_blank\">TRASA<\/a><\/div><\/div><\/div><\/div><div class=\"wpb_column vc_column_container vc_col-sm-6\"><div class=\"vc_column-inner\"><div class=\"wpb_wrapper\">\n\t<div  class=\"wpb_single_image wpb_content_element vc_align_left wpb_content_element\">\n\t\t\n\t\t<figure class=\"wpb_wrapper vc_figure\">\n\t\t\t<div class=\"vc_single_image-wrapper   vc_box_border_grey\"><img width=\"2560\" height=\"426\" src=\"https:\/\/sport-timing.pl\/pomiar-czasu\/content\/uploads\/2023\/03\/logo-muzeum-tatrzanskie-nowe-2022-kolor-2-2-1-1-scaled.jpg\" class=\"vc_single_image-img attachment-full\" alt=\"\" title=\"logo muzeum tatrza\u0144skie nowe 2022 kolor (2) (2) (1) (1)\" srcset=\"https:\/\/sport-timing.pl\/pomiar-czasu\/content\/uploads\/2023\/03\/logo-muzeum-tatrzanskie-nowe-2022-kolor-2-2-1-1-scaled.jpg 2560w, https:\/\/sport-timing.pl\/pomiar-czasu\/content\/uploads\/2023\/03\/logo-muzeum-tatrzanskie-nowe-2022-kolor-2-2-1-1-300x50.jpg 300w, https:\/\/sport-timing.pl\/pomiar-czasu\/content\/uploads\/2023\/03\/logo-muzeum-tatrzanskie-nowe-2022-kolor-2-2-1-1-1024x171.jpg 1024w, https:\/\/sport-timing.pl\/pomiar-czasu\/content\/uploads\/2023\/03\/logo-muzeum-tatrzanskie-nowe-2022-kolor-2-2-1-1-768x128.jpg 768w, https:\/\/sport-timing.pl\/pomiar-czasu\/content\/uploads\/2023\/03\/logo-muzeum-tatrzanskie-nowe-2022-kolor-2-2-1-1-1536x256.jpg 1536w, https:\/\/sport-timing.pl\/pomiar-czasu\/content\/uploads\/2023\/03\/logo-muzeum-tatrzanskie-nowe-2022-kolor-2-2-1-1-2048x341.jpg 2048w\" sizes=\"(max-width: 2560px) 100vw, 2560px\" \/><\/div>\n\t\t<\/figure>\n\t<\/div>\n<\/div><\/div><\/div><\/div><div class=\"vc_row wpb_row vc_row-fluid event-header\"><div class=\"wpb_column vc_column_container vc_col-sm-12\"><div class=\"vc_column-inner\"><div class=\"wpb_wrapper\"><\/div><\/div><\/div><\/div><div class=\"vc_row wpb_row vc_row-fluid regulamin vc_custom_1448119716553 vc_row-has-fill\"><div class=\"wpb_column vc_column_container vc_col-sm-12\"><div class=\"vc_column-inner\"><div class=\"wpb_wrapper\">\n\t<div class=\"wpb_text_column wpb_content_element\" >\n\t\t<div class=\"wpb_wrapper\">\n\t\t\t<p><b>VIII BIEG HASIORA \u2013 DYSTANS 3 KM<\/b><\/p>\n<p><b>REGULAMIN<\/b><\/p>\n<p>&nbsp;<\/p>\n<p><span style=\"font-weight: 400;\">Organizator \u2013 Muzeum Tatrza\u0144skie im. Dra Tytusa Cha\u0142ubi\u0144skiego w Zakopanem<\/span><span style=\"font-weight: 400;\"><br \/>\n<\/span><span style=\"font-weight: 400;\">Partnerzy \u2013 Miejski O\u015brodek Sportu i Rekreacji w Zakopanem\u00a0<\/span><\/p>\n<p>&nbsp;<\/p>\n<p><b>I CEL ZAWOD\u00d3W<\/b><span style=\"font-weight: 400;\"><br \/>\n<\/span><span style=\"font-weight: 400;\">Przybli\u017cenie tw\u00f3rczo\u015bci W\u0142adys\u0142awa Hasiora oraz jego kariery sportowej<\/span><span style=\"font-weight: 400;\"><br \/>\n<\/span><span style=\"font-weight: 400;\">Promocja Muzeum Tatrza\u0144skiego<\/span><span style=\"font-weight: 400;\"><br \/>\n<\/span><span style=\"font-weight: 400;\">Upowszechnianie biegania jako najprostszej formy ruchu<\/span><span style=\"font-weight: 400;\"><br \/>\n<\/span><span style=\"font-weight: 400;\">Promocja aktywno\u015bci fizycznej i zdrowego stylu \u017cycia<\/span><span style=\"font-weight: 400;\"><br \/>\n<\/span><span style=\"font-weight: 400;\">Promocja miasta Zakopane i jego historii<\/span><\/p>\n<p>&nbsp;<\/p>\n<p><b>II TERMIN, MIEJSCE I GODZINY STARTU<\/b><span style=\"font-weight: 400;\"><br \/>\n<\/span><span style=\"font-weight: 400;\">Bieg odb\u0119dzie si\u0119 w dniu 12 pa\u017adziernika 2025 r. w Zakopanem.<\/span><span style=\"font-weight: 400;\"><br \/>\n<\/span><span style=\"font-weight: 400;\">Start: godzina 9.00 ul. Przewodnik\u00f3w Tatrza\u0144skich (300 metr\u00f3w powy\u017cej biura zawod\u00f3w). <\/span><\/p>\n<p>&nbsp;<\/p>\n<p><b>III TRASA, DYSTANS<\/b><\/p>\n<p><span style=\"font-weight: 400;\">Trasa biegu:<\/span><\/p>\n<p><span style=\"font-weight: 400;\">START ul. Przewodnik\u00f3w Tatrza\u0144skich i Kar\u0142owicza w okolicach skrzy\u017cowania \u2013 bieg w d\u00f3\u0142 Przewodnik\u00f3w Tatrza\u0144skich \u2013 skr\u0119t w prawo bieg prosto ul. Droga na Bystre \u2013 skr\u0119t w lewo w Bulwary S\u0142owackiego \u2013 skr\u0119t w prawo ul. W\u0142adys\u0142awa Broniewskiego \u2013 skr\u0119t w lewo w Bulwary S\u0142owackiego \u2013 prosto w ul. Jagiello\u0144sk\u0105 \u2013 skr\u0119t w lewo przed Galeri\u0119 W\u0142adys\u0142awa Hasiora META, dystans 3 km.\u00a0<\/span><\/p>\n<p><span style=\"font-weight: 400;\">Trasa b\u0119dzie przebiega\u0142a ulicami asfaltowymi, w \u017cadnym miejscu trasa biegu nie b\u0119dzie prowadzi\u0142a chodnikami.\u00a0<\/span><\/p>\n<p>&nbsp;<\/p>\n<p><b>IV LIMIT I POMIAR CZASU<\/b><span style=\"font-weight: 400;\"><br \/>\n<\/span><span style=\"font-weight: 400;\">\u0141\u0105czna liczba Uczestnik\u00f3w ograniczona jest do 300 os\u00f3b.<\/span><\/p>\n<p><span style=\"font-weight: 400;\">Limit czasu na pokonanie dystansu w biegu wynosi 60 minut.<\/span><span style=\"font-weight: 400;\"><br \/>\n<\/span><span style=\"font-weight: 400;\">Zawodnicy, kt\u00f3rzy nie uko\u0144cz\u0105 biegu w limicie czasu, zobowi\u0105zani s\u0105 do zej\u015bcia z trasy.<\/span><span style=\"font-weight: 400;\"><br \/>\n<\/span><span style=\"font-weight: 400;\">Punkty pomiaru czasu rozmieszczone b\u0119d\u0105 na starcie i mecie.\u00a0<\/span><\/p>\n<p>&nbsp;<\/p>\n<p><b>V ZG\u0141OSZENIA<\/b><\/p>\n<p><span style=\"font-weight: 400;\">Zg\u0142osze\u0144 mo\u017cna dokonywa\u0107 od dnia 24 wrze\u015bnia do 09 pa\u017adziernika drog\u0105 elektroniczn\u0105 na stronie internetowej <\/span><a href=\"https:\/\/sport-timing.pl\/pomiar-czasu\/wydarzenie\/viii-bieg-hasiora\/\"><span style=\"font-weight: 400;\">https:\/\/sport-timing.pl\/pomiar-czasu\/wydarzenie\/viii-bieg-hasiora\/<\/span><\/a><span style=\"font-weight: 400;\">. <\/span><span style=\"font-weight: 400;\"><br \/>\n<\/span><span style=\"font-weight: 400;\">Pakiety startowe odbiera\u0107 mo\u017cna dnia w dniu 11 pa\u017adziernika w Galerii W\u0142adys\u0142awa Hasiora przy ul. Jagiello\u0144skiej 18 b w godzinach 16.00-18.00, zgodnie z Rozdzia\u0142em VII i VIII niniejszego regulaminu.<\/span><span style=\"font-weight: 400;\"><br \/>\n<\/span><span style=\"font-weight: 400;\">Organizator zastrzega sobie prawo zamkni\u0119cia listy startowej \/ zg\u0142osze\u0144 w momencie przekroczenia limitu ilo\u015bci zg\u0142oszonych Uczestnik\u00f3w biegu. Pierwsze\u0144stwo udzia\u0142u w biegu maj\u0105 osoby, kt\u00f3re zapisa\u0142y si\u0119 i ui\u015bci\u0142y wcze\u015bniej op\u0142at\u0119 startow\u0105.\u00a0<\/span><\/p>\n<p><span style=\"font-weight: 400;\">Za zawodnika zg\u0142oszonego uznaje si\u0119 osob\u0119, kt\u00f3ra zapisa\u0142a si\u0119 przez panel zg\u0142oszeniowy i wnios\u0142a op\u0142at\u0119 startow\u0105.<\/span><\/p>\n<p>&nbsp;<\/p>\n<p><b>VI UCZESTNICTWO<\/b><\/p>\n<p><span style=\"font-weight: 400;\">Podpisuj\u0105c deklaracj\u0119 uczestnictwa, Uczestnik za\u015bwiadcza, \u017ce stan jego zdrowia umo\u017cliwia mu udzia\u0142 w zawodach oraz \u017ce bierze udzia\u0142 w zawodach na w\u0142asn\u0105 odpowiedzialno\u015b\u0107.<\/span><span style=\"font-weight: 400;\"><br \/>\n<\/span><span style=\"font-weight: 400;\">Dla os\u00f3b zapisanych do bieg\u00f3w w terminie do 09 pa\u017adziernika 2025 r. organizator zobowi\u0105zuje si\u0119 zapewni\u0107 koszulki zgodnie ze zg\u0142oszonym rozmiarem. Po dniu 09 pa\u017adziernika organizator nie gwarantuje otrzymania koszulki w zg\u0142oszonym przez Uczestnika rozmiarze. Zadeklarowany rozmiar koszulki nie podlega wymianie.<\/span><span style=\"font-weight: 400;\"><br \/>\n<\/span><span style=\"font-weight: 400;\">Osoby niepe\u0142noletnie zobowi\u0105zane s\u0105 do przedstawienia \u201eZgody do udzia\u0142u w Biegu\u201d podpisanej przez rodzica lub prawnego opiekuna. W pakiecie startowym uczestnicy otrzymuj\u0105 zwrotny numer startowy z chipem elektronicznym, agrafki do jego przypi\u0119cia i pami\u0105tkow\u0105 koszulk\u0119, a po uko\u0144czeniu biegu pami\u0105tkowy medal. Podczas biegu wszyscy zawodnicy musz\u0105 mie\u0107 numery startowe przymocowane do przedniej cz\u0119\u015bci koszulki startowej. Zas\u0142anianie numeru startowego w cz\u0119\u015bci lub w ca\u0142o\u015bci b\u0105d\u017a jego modyfikacja jest zabroniona. Zawodnicy zobowi\u0105zani s\u0105 porusza\u0107 si\u0119 praw\u0105 stron\u0105 jezdni.<\/span><span style=\"font-weight: 400;\"><br \/>\n<\/span><span style=\"font-weight: 400;\">Przebywanie na trasie biegu bez wa\u017cnego numeru startowego jest niedozwolone. Osoby bez wa\u017cnego numeru startowego b\u0119d\u0105 usuwane z trasy przez obs\u0142ug\u0119 trasy.<\/span><span style=\"font-weight: 400;\"><br \/>\n<\/span><span style=\"font-weight: 400;\">W szczeg\u00f3lno\u015bci zabrania si\u0119 poruszania po trasie biegu na rowerach, deskorolkach i innych urz\u0105dzeniach mechanicznych oraz ze zwierz\u0119tami.<\/span><span style=\"font-weight: 400;\"><br \/>\n<\/span><span style=\"font-weight: 400;\">Na starcie biegu b\u0119dzie mo\u017cna odda\u0107 depozyt, kt\u00f3ry zostanie przewieziony na met\u0119.<\/span><\/p>\n<p>&nbsp;<\/p>\n<p><b>VII OP\u0141ATY<\/b><span style=\"font-weight: 400;\"><br \/>\n<\/span><span style=\"font-weight: 400;\">Op\u0142ata startowa za udzia\u0142 w biegu wynosi:\u00a0<\/span><\/p>\n<ol>\n<li style=\"font-weight: 400;\" aria-level=\"1\"><span style=\"font-weight: 400;\">Dla zawodnik\u00f3w, kt\u00f3rzy zapisz\u0105 si\u0119 i wp\u0142ac\u0105 op\u0142at\u0119 startow\u0105 do dnia 9 pa\u017adziernika \u2013 60 z\u0142<\/span><\/li>\n<li style=\"font-weight: 400;\" aria-level=\"1\"><span style=\"font-weight: 400;\">Dla m\u0142odzie\u017cy szkolnej i student\u00f3w (na podstawie legitymacji szkolnej b\u0105d\u017a studenckiej) \u2013 50 z\u0142, op\u0142ata w biurze zawod\u00f3w jest taka sama jak dla pozosta\u0142ych uczestnik\u00f3w biegu \/pkt. VII\/1\/<\/span><\/li>\n<li style=\"font-weight: 400;\" aria-level=\"1\"><span style=\"font-weight: 400;\">Wszystkie op\u0142aty uiszczone w biurze zawod\u00f3w 11 i 12 pa\u017adziernika \u2013 80 z\u0142<\/span><\/li>\n<li style=\"font-weight: 400;\" aria-level=\"1\"><span style=\"font-weight: 400;\">Op\u0142ata raz uiszczona nie podlega zwrotowi<\/span><\/li>\n<li style=\"font-weight: 400;\" aria-level=\"1\"><span style=\"font-weight: 400;\">Op\u0142at nale\u017cy dokonywa\u0107 poprzez panel zg\u0142oszeniowy<\/span><\/li>\n<li style=\"font-weight: 400;\" aria-level=\"1\"><span style=\"font-weight: 400;\">Op\u0142acenie startowego oraz pobranie numeru jest r\u00f3wnoznaczne z akceptacj\u0105 niniejszego Regulaminu<\/span><\/li>\n<li style=\"font-weight: 400;\" aria-level=\"1\"><span style=\"font-weight: 400;\">Istnieje mo\u017cliwo\u015b\u0107 odbioru pakiet\u00f3w przez osoby upowa\u017cnione. W takim przypadku osoba odbieraj\u0105ca powinna posiada\u0107 upowa\u017cnienie podpisane przez Uczestnika biegu.<\/span><\/li>\n<\/ol>\n<p>&nbsp;<\/p>\n<p><b>VIII BIURO ZAWOD\u00d3W<\/b><span style=\"font-weight: 400;\"><br \/>\n<\/span><span style=\"font-weight: 400;\">Biuro zawod\u00f3w mie\u015bci\u0107 si\u0119 b\u0119dzie w budynku Galerii W\u0142adys\u0142awa Hasiora przy ul. Jagiello\u0144skiej 18 b w nast\u0119puj\u0105cych godzinach:<\/span><span style=\"font-weight: 400;\"><br \/>\n<\/span><span style=\"font-weight: 400;\">w dniu 11 pa\u017adziernika, w godzinach 16.00 \u2013 18.00<\/span><span style=\"font-weight: 400;\"><br \/>\n<\/span><span style=\"font-weight: 400;\">w dniu 12 pa\u017adziernika, w godzinach 7.30 \u2013 8.30 w miejscu startu, po tej godzinie pakiety nie b\u0119d\u0105 wydawane.<\/span><\/p>\n<p>&nbsp;<\/p>\n<p><b>IX OCHRONA DANYCH OSOBOWYCH<\/b><\/p>\n<ol>\n<li style=\"font-weight: 400;\" aria-level=\"1\"><span style=\"font-weight: 400;\">Dane osobowe uczestnik\u00f3w biegu b\u0119d\u0105 przetwarzane w celach przeprowadzenia imprez, wy\u0142onienia zwyci\u0119zcy i przyznania, wydania, odbioru i rozliczenia nagrody.\u00a0<\/span><\/li>\n<li style=\"font-weight: 400;\" aria-level=\"1\"><span style=\"font-weight: 400;\">Dane osobowe uczestnik\u00f3w biegu b\u0119d\u0105 przetwarzane zgodnie z przepisami okre\u015blonymi w Rozporz\u0105dzeniu Parlamentu Europejskiego i Rady (UE) 2016\/679 z 27 kwietnia 2016 r. w sprawie ochrony os\u00f3b fizycznych w zwi\u0105zku z przetwarzaniem danych osobowych i w sprawie swobodnego przep\u0142ywu takich danych oraz uchylenia dyrektywy 95\/46\/WE.<\/span><\/li>\n<li style=\"font-weight: 400;\" aria-level=\"1\"><span style=\"font-weight: 400;\">Przetwarzanie danych, o kt\u00f3rych mowa w ust\u0119pie 1 niniejszego paragrafu, w zwi\u0105zku z udzia\u0142em w zawodach obejmuje tak\u017ce publikacj\u0119 imienia i nazwiska uczestnika wraz z rokiem urodzenia i z nazw\u0105 miejscowo\u015bci, w kt\u00f3rej zamieszkuje &#8211; w ka\u017cdy spos\u00f3b, w jaki publikowany lub rozpowszechniany b\u0119dzie projekt.<\/span><\/li>\n<li style=\"font-weight: 400;\" aria-level=\"1\"><span style=\"font-weight: 400;\">Uczestnik ma prawo do:\u00a0\u017c\u0105dania od nas dost\u0119pu do swoich danych osobowych, prawo ich sprostowania swoich danych osobowych, prawo \u017c\u0105dania usuni\u0119cia lub ograniczenia przetwarzania swoich danych osobowych, prawo wniesienia sprzeciwu wobec przetwarzania swoich danych osobowych, prawo przenoszenia danych, prawo cofni\u0119cia zgody na przetwarzanie Pa\u0144stwa danych osobowych w dowolnym momencie bez wp\u0142ywu na zgodno\u015b\u0107 z prawem przetwarzania, kt\u00f3rego dokonano na podstawie zgody przed jej cofni\u0119ciem; prawo wniesienia skargi do organu nadzorczego.\u00a0<\/span><\/li>\n<li style=\"font-weight: 400;\" aria-level=\"1\"><span style=\"font-weight: 400;\">Podanie danych osobowych oraz wyra\u017cenie zgody na ich przetwarzanie jest dobrowolne, lecz ich niepodanie lub brak zgody na ich przetwarzanie uniemo\u017cliwia udzia\u0142 w zawodach.<\/span><\/li>\n<li style=\"font-weight: 400;\" aria-level=\"1\"><span style=\"font-weight: 400;\">Uczestnik wyra\u017ca zgod\u0119, aby zdj\u0119cia i nagrania filmowe oraz wywiady z uczestnikiem biegu, a tak\u017ce wyniki z danymi osobowymi mog\u0142y by\u0107 wykorzystane przez pras\u0119, radio i telewizj\u0119, a tak\u017ce w celach marketingowych przez Organizatora oraz partnera MOSIR Zakopane.<\/span><\/li>\n<\/ol>\n<p><span style=\"font-weight: 400;\">Przetwarzanie danych obejmuje tak\u017ce publikacj\u0119 wizerunku zawodnika, imienia i nazwiska, wraz z nazw\u0105 miejscowo\u015bci, w kt\u00f3rej zamieszkuje, jego kategori\u0119 wiekow\u0105, rok urodzenia, p\u0142e\u0107, nazw\u0119 teamu\/klubu, uzyskany podczas zawod\u00f3w wynik \u2013 w ka\u017cdy spos\u00f3b, w jaki publikowana lub rozpowszechniana b\u0119dzie taka informacja dla potrzeb organizacji zawod\u00f3w.<\/span><\/p>\n<p>&nbsp;<\/p>\n<p><b>X KLASYFIKACJA<\/b><\/p>\n<p><span style=\"font-weight: 400;\">Zawodnicy w biegu zostan\u0105 sklasyfikowani w kategorii open kobiet i m\u0119\u017cczyzn oraz w nast\u0119puj\u0105cych kategoriach wiekowych:<\/span><\/p>\n<p><span style=\"font-weight: 400;\">Junior K\/M<\/span> <span style=\"font-weight: 400;\">do 16 lat osoby urodzone w roku 2009 i m\u0142odsze<\/span><\/p>\n<p><span style=\"font-weight: 400;\">Senior K\/M<\/span> <span style=\"font-weight: 400;\">do 39 lat osoby urodzone\u00a0w roku 1986 &#8211; 2008<\/span><\/p>\n<p><span style=\"font-weight: 400;\">Masters K\/M<\/span> <span style=\"font-weight: 400;\">od 40 do 49 lat osoby urodzone w latach 1985 \u2013 1976<\/span><\/p>\n<p><span style=\"font-weight: 400;\">Weteran I K\/M<\/span> <span style=\"font-weight: 400;\">od 50 do 59 lat osoby urodzone w latach 1975 \u2013 1966\u00a0<\/span><\/p>\n<p><span style=\"font-weight: 400;\">Weteran II K\/M <\/span> <span style=\"font-weight: 400;\">urodzeni w roku 1965 do roku 1956<\/span><\/p>\n<p><span style=\"font-weight: 400;\">Super weteran <\/span> <span style=\"font-weight: 400;\">od 70 roku \u017cycia osoby urodzone w roku 1955 i starsze<\/span><\/p>\n<p><span style=\"font-weight: 400;\">Organizator zastrzega sobie prawo do wprowadzenia dodatkowych klasyfikacji.<\/span><\/p>\n<p>&nbsp;<\/p>\n<p><b>XI NAGRODY<\/b><\/p>\n<p><span style=\"font-weight: 400;\">Ka\u017cdy z zawodnik\u00f3w bior\u0105cych udzia\u0142 w zawodach otrzyma koszulk\u0119 i pami\u0105tkowy medal. Dla najlepszych zawodnik\u00f3w w kategoriach open, kategoriach wiekowych oraz w kategorii specjalnej \u2013 przewidziane s\u0105 nagrody pieni\u0119\u017cne:<\/span><\/p>\n<p><span style=\"font-weight: 400;\">Kategoria Open Kobiety \/ M\u0119\u017cczy\u017ani\u00a0<\/span><\/p>\n<p><span style=\"font-weight: 400;\">1 miejsce<\/span> <span style=\"font-weight: 400;\">350 z\u0142<\/span><\/p>\n<p><span style=\"font-weight: 400;\">2 miejsce <\/span> <span style=\"font-weight: 400;\">300 z\u0142<\/span><span style=\"font-weight: 400;\"><br \/>\n<\/span><span style=\"font-weight: 400;\">3 miejsce <\/span> <span style=\"font-weight: 400;\">250 z\u0142<\/span><\/p>\n<p>&nbsp;<\/p>\n<p><span style=\"font-weight: 400;\">W kategoriach wiekowych\u00a0<\/span><\/p>\n<p><span style=\"font-weight: 400;\">1 miejsce <\/span> <span style=\"font-weight: 400;\">200 z\u0142<\/span><\/p>\n<p><span style=\"font-weight: 400;\">2 miejsce <\/span> <span style=\"font-weight: 400;\">150 z\u0142<\/span><span style=\"font-weight: 400;\"><br \/>\n<\/span><span style=\"font-weight: 400;\">3 miejsce <\/span> <span style=\"font-weight: 400;\">100 z\u0142<\/span><\/p>\n<p>&nbsp;<\/p>\n<p><span style=\"font-weight: 400;\">Nagrody w kategorii open i w kategoriach wiekowych nie dubluj\u0105 si\u0119.<\/span><span style=\"font-weight: 400;\"><br \/>\n<\/span><span style=\"font-weight: 400;\">Organizator przewiduje specjalny upominek dla zwyci\u0119zcy pod warunkiem osi\u0105gni\u0119cia czasu lepszego od czasu W\u0142adys\u0142awa Hasiora na 3 km: 8 min i 46 sek.\u00a0<\/span><\/p>\n<p>&nbsp;<\/p>\n<p><b>XII UWAGI KO\u0143COWE<\/b><\/p>\n<ol>\n<li style=\"font-weight: 400;\" aria-level=\"1\"><span style=\"font-weight: 400;\">Kontakt do organizatora tel. 18 20\u00a0152 05, sloley@muzeumtatrzanskie.pl, tel. 18 20\u00a0739 66, biuro@mosir.zakopane.eu.<\/span><\/li>\n<li style=\"font-weight: 400;\" aria-level=\"1\"><span style=\"font-weight: 400;\">Nie dopuszcza si\u0119 startu zawodnik\u00f3w ze zwierz\u0119tami.<\/span><\/li>\n<li style=\"font-weight: 400;\" aria-level=\"1\"><span style=\"font-weight: 400;\">Organizator zapewnia Uczestnikom opiek\u0119 medyczn\u0105 na czas trwania zawod\u00f3w.<\/span><\/li>\n<li style=\"font-weight: 400;\" aria-level=\"1\"><span style=\"font-weight: 400;\">Zawody odb\u0119d\u0105 si\u0119 bez wzgl\u0119du na pogod\u0119.<\/span><\/li>\n<li style=\"font-weight: 400;\" aria-level=\"1\"><span style=\"font-weight: 400;\">Komisj\u0119 s\u0119dziowsk\u0105 powo\u0142uje Organizator.\u00a0<\/span><\/li>\n<li style=\"font-weight: 400;\" aria-level=\"1\"><span style=\"font-weight: 400;\">Nagrody dla zwyci\u0119zc\u00f3w mog\u0105 by\u0107 odebrane tylko w trakcie dekoracji.\u00a0<\/span><\/li>\n<li style=\"font-weight: 400;\" aria-level=\"1\"><span style=\"font-weight: 400;\">Nagrody nie b\u0119d\u0105 wydawane innym osobom ani wysy\u0142ane poczt\u0105.<\/span><\/li>\n<li style=\"font-weight: 400;\" aria-level=\"1\"><span style=\"font-weight: 400;\">Wyniki zawod\u00f3w zostan\u0105 umieszczone na stronie internetowej: <\/span><a href=\"http:\/\/www.muzeumtarzanskie.pl\"><span style=\"font-weight: 400;\">www.muzeumtarzanskie.pl<\/span><\/a><span style=\"font-weight: 400;\"> oraz <\/span><a href=\"http:\/\/www.mosir.zakopane.eu\"><span style=\"font-weight: 400;\">www.mosir.zakopane.eu<\/span><\/a><span style=\"font-weight: 400;\">.<\/span><\/li>\n<li style=\"font-weight: 400;\" aria-level=\"1\"><span style=\"font-weight: 400;\">We wszystkich sprawach nieobj\u0119tych Regulaminem decyduje Organizator Biegu, kt\u00f3remu przys\u0142uguje wi\u0105\u017c\u0105ca i ostateczna interpretacja Regulaminu.\u00a0<\/span><\/li>\n<\/ol>\n\n\t\t<\/div>\n\t<\/div>\n<\/div><\/div><\/div><\/div><div class=\"vc_row wpb_row vc_row-fluid\"><div class=\"wpb_column vc_column_container vc_col-sm-12\"><div class=\"vc_column-inner\"><div class=\"wpb_wrapper\"><\/div><\/div><\/div><\/div><\/p>\n<\/div>","protected":false},"excerpt":{"rendered":"STRONA WYDARZENIAORGANIZATORFACEBOOKTRASA VIII BIEG HASIORA \u2013 DYSTANS 3 KM REGULAMIN &nbsp; Organizator \u2013 Muzeum Tatrza\u0144skie im. Dra Tytusa Cha\u0142ubi\u0144skiego w Zakopanem Partnerzy \u2013 Miejski O\u015brodek Sportu i Rekreacji w Zakopanem\u00a0 &nbsp; I CEL ZAWOD\u00d3W Przybli\u017cenie tw\u00f3rczo\u015bci W\u0142adys\u0142awa Hasiora oraz jego kariery sportowej Promocja Muzeum Tatrza\u0144skiego Upowszechnianie biegania jako najprostszej formy ruchu Promocja aktywno\u015bci fizycznej i zdrowego stylu \u017cycia Promocja miasta Zakopane i jego historii &nbsp; II TERMIN, MIEJSCE I GODZINY STARTU Bieg odb\u0119dzie si\u0119 w dniu 12 pa\u017adziernika 2025 r. w Zakopanem. Start: godzina 9.00 ul. Przewodnik\u00f3w Tatrza\u0144skich (300 metr\u00f3w powy\u017cej biura zawod\u00f3w). &nbsp; III TRASA, DYSTANS Trasa biegu: START ul. Przewodnik\u00f3w Tatrza\u0144skich i Kar\u0142owicza w okolicach skrzy\u017cowania \u2013 bieg w d\u00f3\u0142 Przewodnik\u00f3w Tatrza\u0144skich \u2013 skr\u0119t w prawo bieg prosto ul. Droga na Bystre \u2013 skr\u0119t w lewo w Bulwary S\u0142owackiego \u2013 skr\u0119t w prawo ul. W\u0142adys\u0142awa Broniewskiego \u2013 skr\u0119t w lewo w Bulwary S\u0142owackiego \u2013 prosto w ul. Jagiello\u0144sk\u0105 \u2013 skr\u0119t w lewo przed Galeri\u0119 W\u0142adys\u0142awa Hasiora META, dystans 3 km.\u00a0 Trasa b\u0119dzie przebiega\u0142a ulicami asfaltowymi, w \u017cadnym miejscu trasa biegu nie b\u0119dzie prowadzi\u0142a chodnikami.\u00a0 &nbsp; IV LIMIT I POMIAR CZASU \u0141\u0105czna liczba Uczestnik\u00f3w ograniczona jest do 300 os\u00f3b. Limit czasu na pokonanie dystansu w biegu wynosi 60 minut. Zawodnicy, kt\u00f3rzy nie uko\u0144cz\u0105 biegu w limicie czasu, zobowi\u0105zani s\u0105 do zej\u015bcia z trasy. Punkty pomiaru czasu rozmieszczone b\u0119d\u0105 na starcie i mecie.\u00a0 &nbsp; V ZG\u0141OSZENIA Zg\u0142osze\u0144 mo\u017cna dokonywa\u0107 od dnia 24 wrze\u015bnia do 09 pa\u017adziernika drog\u0105 elektroniczn\u0105 na stronie internetowej https:\/\/sport-timing.pl\/pomiar-czasu\/wydarzenie\/viii-bieg-hasiora\/. Pakiety startowe odbiera\u0107 mo\u017cna dnia w dniu 11 pa\u017adziernika w Galerii W\u0142adys\u0142awa Hasiora przy ul. Jagiello\u0144skiej 18 b w godzinach 16.00-18.00, zgodnie z Rozdzia\u0142em VII i VIII niniejszego regulaminu. Organizator zastrzega sobie prawo zamkni\u0119cia listy startowej \/ zg\u0142osze\u0144 w momencie przekroczenia limitu ilo\u015bci zg\u0142oszonych Uczestnik\u00f3w biegu. Pierwsze\u0144stwo udzia\u0142u w biegu maj\u0105 osoby, kt\u00f3re zapisa\u0142y si\u0119 i ui\u015bci\u0142y wcze\u015bniej op\u0142at\u0119 startow\u0105.\u00a0 Za zawodnika zg\u0142oszonego uznaje si\u0119 osob\u0119, kt\u00f3ra zapisa\u0142a si\u0119 przez panel zg\u0142oszeniowy i wnios\u0142a op\u0142at\u0119 startow\u0105. &nbsp; VI UCZESTNICTWO Podpisuj\u0105c deklaracj\u0119 uczestnictwa, Uczestnik za\u015bwiadcza, \u017ce stan jego zdrowia umo\u017cliwia mu udzia\u0142 w zawodach oraz \u017ce bierze udzia\u0142 w zawodach na w\u0142asn\u0105 odpowiedzialno\u015b\u0107. Dla os\u00f3b zapisanych do bieg\u00f3w w terminie do 09 pa\u017adziernika 2025 r. organizator zobowi\u0105zuje si\u0119 zapewni\u0107 koszulki zgodnie ze zg\u0142oszonym rozmiarem. Po dniu 09 pa\u017adziernika organizator nie gwarantuje otrzymania koszulki w zg\u0142oszonym przez Uczestnika rozmiarze. Zadeklarowany rozmiar koszulki nie podlega wymianie. Osoby niepe\u0142noletnie zobowi\u0105zane s\u0105 do przedstawienia \u201eZgody do udzia\u0142u w Biegu\u201d podpisanej przez rodzica lub prawnego opiekuna. W pakiecie startowym uczestnicy otrzymuj\u0105 zwrotny numer startowy z chipem elektronicznym, agrafki do jego przypi\u0119cia i pami\u0105tkow\u0105 koszulk\u0119, a po uko\u0144czeniu biegu pami\u0105tkowy medal. Podczas biegu wszyscy zawodnicy musz\u0105 mie\u0107 numery startowe przymocowane do przedniej cz\u0119\u015bci koszulki startowej. Zas\u0142anianie numeru startowego w cz\u0119\u015bci lub w ca\u0142o\u015bci b\u0105d\u017a jego modyfikacja jest zabroniona. Zawodnicy zobowi\u0105zani s\u0105 porusza\u0107 si\u0119 praw\u0105 stron\u0105 jezdni. Przebywanie na trasie biegu bez wa\u017cnego numeru startowego jest niedozwolone. Osoby bez wa\u017cnego numeru startowego b\u0119d\u0105 usuwane z trasy przez obs\u0142ug\u0119 trasy. W szczeg\u00f3lno\u015bci zabrania si\u0119 poruszania po trasie biegu na rowerach, deskorolkach i innych urz\u0105dzeniach mechanicznych oraz ze zwierz\u0119tami. Na starcie biegu b\u0119dzie mo\u017cna odda\u0107 depozyt, kt\u00f3ry zostanie przewieziony na met\u0119. &nbsp; VII OP\u0141ATY Op\u0142ata startowa za udzia\u0142 w biegu wynosi:\u00a0 Dla zawodnik\u00f3w, kt\u00f3rzy zapisz\u0105 si\u0119 i wp\u0142ac\u0105 op\u0142at\u0119 startow\u0105 do dnia 9 pa\u017adziernika \u2013 60 z\u0142 Dla m\u0142odzie\u017cy szkolnej i student\u00f3w (na podstawie legitymacji szkolnej b\u0105d\u017a studenckiej) \u2013 50 z\u0142, op\u0142ata w biurze zawod\u00f3w jest taka sama jak dla pozosta\u0142ych uczestnik\u00f3w biegu \/pkt. VII\/1\/ Wszystkie op\u0142aty uiszczone w biurze zawod\u00f3w 11 i 12 pa\u017adziernika \u2013 80 z\u0142 Op\u0142ata raz uiszczona nie podlega zwrotowi Op\u0142at nale\u017cy dokonywa\u0107 poprzez panel zg\u0142oszeniowy Op\u0142acenie startowego oraz pobranie numeru jest r\u00f3wnoznaczne z akceptacj\u0105 niniejszego Regulaminu Istnieje mo\u017cliwo\u015b\u0107 odbioru pakiet\u00f3w przez osoby upowa\u017cnione. W takim przypadku osoba odbieraj\u0105ca powinna posiada\u0107 upowa\u017cnienie podpisane przez Uczestnika biegu. &nbsp; VIII BIURO ZAWOD\u00d3W Biuro zawod\u00f3w mie\u015bci\u0107 si\u0119 b\u0119dzie w budynku Galerii W\u0142adys\u0142awa Hasiora przy ul. Jagiello\u0144skiej 18 b w nast\u0119puj\u0105cych godzinach: w dniu 11 pa\u017adziernika, w godzinach 16.00 \u2013 18.00 w dniu 12 pa\u017adziernika, w godzinach 7.30 \u2013 8.30 w miejscu startu, po tej godzinie pakiety nie b\u0119d\u0105 wydawane. &nbsp; IX OCHRONA DANYCH OSOBOWYCH Dane osobowe uczestnik\u00f3w biegu b\u0119d\u0105 przetwarzane w celach przeprowadzenia imprez, wy\u0142onienia zwyci\u0119zcy i przyznania, wydania, odbioru i rozliczenia nagrody.\u00a0 Dane osobowe uczestnik\u00f3w biegu b\u0119d\u0105 przetwarzane zgodnie z przepisami okre\u015blonymi w Rozporz\u0105dzeniu Parlamentu Europejskiego i Rady (UE) 2016\/679 z 27 kwietnia 2016 r. w sprawie ochrony os\u00f3b fizycznych w zwi\u0105zku z przetwarzaniem danych osobowych i w sprawie swobodnego przep\u0142ywu takich danych oraz uchylenia dyrektywy 95\/46\/WE. Przetwarzanie danych, o kt\u00f3rych mowa w ust\u0119pie 1 niniejszego paragrafu, w zwi\u0105zku z udzia\u0142em w zawodach obejmuje tak\u017ce publikacj\u0119 imienia i nazwiska uczestnika wraz z rokiem urodzenia i z nazw\u0105 miejscowo\u015bci, w kt\u00f3rej zamieszkuje - w ka\u017cdy spos\u00f3b, w jaki publikowany lub rozpowszechniany b\u0119dzie projekt. Uczestnik ma prawo do:\u00a0\u017c\u0105dania od nas dost\u0119pu do swoich danych osobowych, prawo ich sprostowania swoich danych osobowych, prawo \u017c\u0105dania usuni\u0119cia lub ograniczenia przetwarzania swoich danych osobowych, prawo wniesienia sprzeciwu wobec przetwarzania swoich danych osobowych, prawo przenoszenia danych, prawo cofni\u0119cia zgody na przetwarzanie Pa\u0144stwa danych osobowych w dowolnym momencie bez wp\u0142ywu na zgodno\u015b\u0107 z prawem przetwarzania, kt\u00f3rego dokonano na podstawie zgody przed jej cofni\u0119ciem; prawo wniesienia skargi do organu nadzorczego.\u00a0 Podanie danych osobowych oraz wyra\u017cenie zgody na ich przetwarzanie jest dobrowolne, lecz ich niepodanie lub brak zgody na ich przetwarzanie uniemo\u017cliwia udzia\u0142 w zawodach. Uczestnik wyra\u017ca zgod\u0119, aby zdj\u0119cia i nagrania filmowe oraz wywiady z uczestnikiem biegu, a tak\u017ce wyniki z danymi osobowymi mog\u0142y by\u0107 wykorzystane przez pras\u0119, radio i telewizj\u0119, a tak\u017ce w celach marketingowych przez Organizatora oraz partnera MOSIR Zakopane. Przetwarzanie danych obejmuje tak\u017ce publikacj\u0119 wizerunku zawodnika, imienia i nazwiska, wraz z nazw\u0105 miejscowo\u015bci, w kt\u00f3rej zamieszkuje, jego kategori\u0119 wiekow\u0105, rok urodzenia, p\u0142e\u0107, nazw\u0119 teamu\/klubu, uzyskany podczas zawod\u00f3w wynik \u2013 w ka\u017cdy spos\u00f3b, w jaki publikowana lub rozpowszechniana b\u0119dzie taka informacja dla potrzeb organizacji zawod\u00f3w. &nbsp; X KLASYFIKACJA Zawodnicy w biegu zostan\u0105 sklasyfikowani w kategorii open kobiet i m\u0119\u017cczyzn oraz w nast\u0119puj\u0105cych kategoriach wiekowych: Junior K\/M do 16 lat osoby urodzone w roku 2009 i m\u0142odsze Senior K\/M do 39 lat osoby urodzone\u00a0w [...]","protected":false},"featured_media":44733,"template":"","tags":[],"am_event_categories":[109,36,64],"class_list":["post-44732","am_event","type-am_event","status-publish","has-post-thumbnail","hentry","am_venues-zakopane","am_event_categories-biegi","am_event_categories-biegi-masowe","am_event_categories-zapisy-on-line"],"acf":[],"aioseo_notices":[],"am_startdate":"2025-10-12 08:00:00","am_enddate":"2025-10-12 18:00:00","_links":{"self":[{"href":"https:\/\/sport-timing.pl\/pomiar-czasu\/wp-json\/wp\/v2\/am_events\/44732","targetHints":{"allow":["GET"]}}],"collection":[{"href":"https:\/\/sport-timing.pl\/pomiar-czasu\/wp-json\/wp\/v2\/am_events"}],"about":[{"href":"https:\/\/sport-timing.pl\/pomiar-czasu\/wp-json\/wp\/v2\/types\/am_event"}],"version-history":[{"count":5,"href":"https:\/\/sport-timing.pl\/pomiar-czasu\/wp-json\/wp\/v2\/am_events\/44732\/revisions"}],"predecessor-version":[{"id":44822,"href":"https:\/\/sport-timing.pl\/pomiar-czasu\/wp-json\/wp\/v2\/am_events\/44732\/revisions\/44822"}],"wp:featuredmedia":[{"embeddable":true,"href":"https:\/\/sport-timing.pl\/pomiar-czasu\/wp-json\/wp\/v2\/media\/44733"}],"wp:attachment":[{"href":"https:\/\/sport-timing.pl\/pomiar-czasu\/wp-json\/wp\/v2\/media?parent=44732"}],"wp:term":[{"taxonomy":"post_tag","embeddable":true,"href":"https:\/\/sport-timing.pl\/pomiar-czasu\/wp-json\/wp\/v2\/tags?post=44732"},{"taxonomy":"am_event_categories","embeddable":true,"href":"https:\/\/sport-timing.pl\/pomiar-czasu\/wp-json\/wp\/v2\/am_event_categories?post=44732"}],"curies":[{"name":"wp","href":"https:\/\/api.w.org\/{rel}","templated":true}]}}