




{"id":38436,"date":"2024-04-26T15:55:30","date_gmt":"2024-04-26T13:55:30","guid":{"rendered":"https:\/\/sport-timing.pl\/pomiar-czasu\/?post_type=am_event&#038;p=38436"},"modified":"2025-05-08T20:44:29","modified_gmt":"2025-05-08T18:44:29","slug":"ojcowie-na-start-nadarzyn-2025","status":"publish","type":"am_event","link":"https:\/\/sport-timing.pl\/pomiar-czasu\/wydarzenie\/ojcowie-na-start-nadarzyn-2025\/","title":{"rendered":"Ojcowie na Start! Nadarzyn 2025"},"content":{"rendered":"<div class=\"wpb-content-wrapper\"><p><div class=\"vc_row wpb_row vc_row-fluid\"><div class=\"wpb_column vc_column_container vc_col-sm-2\"><div class=\"vc_column-inner\"><div class=\"wpb_wrapper\"><\/div><\/div><\/div><div class=\"wpb_column vc_column_container vc_col-sm-8\"><div class=\"vc_column-inner\"><div class=\"wpb_wrapper\"><div class=\"vc_btn3-container vc_btn3-center vc_do_btn\" ><a class=\"vc_general vc_btn3 vc_btn3-size-lg vc_btn3-shape-square vc_btn3-style-flat vc_btn3-color-success\" href=\"https:\/\/pruszkow.ojcowienastart.pl\/\" title=\"\">Strona organizatora<\/a><\/div><div class=\"vc_empty_space\"   style=\"height: 32px\"><span class=\"vc_empty_space_inner\"><\/span><\/div><\/div><\/div><\/div><div class=\"wpb_column vc_column_container vc_col-sm-2\"><div class=\"vc_column-inner\"><div class=\"wpb_wrapper\"><\/div><\/div><\/div><\/div><div class=\"vc_row wpb_row vc_row-fluid\"><div class=\"wpb_column vc_column_container vc_col-sm-2\"><div class=\"vc_column-inner\"><div class=\"wpb_wrapper\"><\/div><\/div><\/div><div class=\"wpb_column vc_column_container vc_col-sm-8 vc_col-has-fill\"><div class=\"vc_column-inner vc_custom_1713051951234\"><div class=\"wpb_wrapper\">\n\t<div class=\"wpb_text_column wpb_content_element\" >\n\t\t<div class=\"wpb_wrapper\">\n\t\t\t<ol>\n<li>\n<ol>\n<li style=\"font-weight: 400;\" aria-level=\"1\"><b>Data i miejsce startu:\u00a0sobota 7 czerwca 2025 w Nadarzynie<\/b><\/li>\n<\/ol>\n<p><span style=\"font-weight: 400;\">Biuro zawod\u00f3w znajduje si\u0119 na Stadionie\u00a0 GOS Nadarzyn Adres: ul. \u017b\u00f3\u0142wi\u0144ska 20, 05-830 Nadarzyn<\/span><\/p>\n<p><span style=\"font-weight: 400;\">Odbi\u00f3r numer\u00f3w startowych godz: 8:00 \u2013 9:30 Start wy\u015bcigu g\u0142\u00f3wnego \u2013 godz: 10:00<\/span><\/p>\n<p><span style=\"font-weight: 400;\">Start wy\u015bcigu przedszkolak\u00f3w \u2013 godz 12:00<\/span><\/p>\n<ol start=\"2\">\n<li><b>Warunki uczestnictwa:\u00a0<\/b><\/li>\n<\/ol>\n<p><span style=\"font-weight: 400;\">Rejestracja na wy\u015bcig online do wtorku 04.06.2024 do godz. 24:00<\/span><\/p>\n<p><span style=\"font-weight: 400;\">Odbi\u00f3r numer\u00f3w w biurze zawod\u00f3w od godziny 8:00<\/span><\/p>\n<p><span style=\"font-weight: 400;\">Uiszczenie op\u0142aty 50 z\u0142 od dru\u017cyny rodzinnej.<\/span><\/p>\n<p><span style=\"font-weight: 400;\">Uwaga: limit startuj\u0105cych w poszczeg\u00f3lnych kategoriach, zgodnie z pkt. 3 poni\u017cej.<\/span><\/p>\n<ol start=\"3\">\n<li><b>Dru\u017cyna rodzinna i pomiar czasu\u00a0<\/b><\/li>\n<\/ol>\n<p><span style=\"font-weight: 400;\">Dru\u017cyna sk\u0142ada si\u0119 z co najmniej dw\u00f3ch os\u00f3b \u2013 rodzica i dziecka. Czas przejazdu liczony jest od momentu przejazdu przez lini\u0119 startu do przekroczenia na mety przez dziecko. W zale\u017cno\u015bci od roku urodzenia \u00a0dziecko (kt\u00f3re porusza si\u0119 samodzielnie nap\u0119dzanym rowerem) b\u0119dzie klasyfikowane w jednej z kategorii zale\u017cnie od roku urodzenia:<\/span><\/p>\n<p><b>UWAGA NOWA KATEGORIA OPEN\u00a0<\/b><\/p>\n<p><b>Kategoria OPEN<\/b><span style=\"font-weight: 400;\"> \u2013 przeznaczona jest dla uczestnik\u00f3w zaawansowanych, bior\u0105cych regularnie udzia\u0142 w zawodach lub je\u017cd\u017c\u0105cych w klubach sportowych.<\/span><\/p>\n<p><b>Kategorie klasyfikacji wynik\u00f3w:<\/b><\/p>\n<p><b>Wy\u015bcig Przedszkolak\u00f3w g. 12:00<\/b><\/p>\n<ul>\n<li style=\"font-weight: 400;\" aria-level=\"1\"><b>Kategoria I \u2013 2021; (trasa na bie\u017cni stadionu \u2013 1 okr\u0105\u017cenie) \u2013 LIMIT 60 os\u00f3b (dzieci)<\/b><\/li>\n<li style=\"font-weight: 400;\" aria-level=\"1\"><b>Kategoria II \u20132020; (trasa na bie\u017cni stadionu \u2013 2 okr\u0105\u017cenia) \u2013 LImit 60 os\u00f3b (dzieci)<\/b><\/li>\n<li style=\"font-weight: 400;\" aria-level=\"1\"><b>Kategoria III \u2013 2019; (trasa na bie\u017cni stadionu \u2013 3 okr\u0105\u017cenia) \u2013 Limit 60 os\u00f3b (dzieci)<\/b><\/li>\n<\/ul>\n<p><b>Wy\u015bcig G\u0141\u00d3WNY g. 10:00-11:15<\/b><\/p>\n<ul>\n<li style=\"list-style-type: none;\">\n<ul>\n<li style=\"font-weight: 400;\" aria-level=\"1\"><b>Kategoria IV \u2013 2018; LIMIT 100 os\u00f3b (rodzice i dzieci)<\/b><\/li>\n<li style=\"font-weight: 400;\" aria-level=\"1\"><b>Kategoria V \u2013 2017; LIMIT 100 os\u00f3b (rodzice i dzieci)<\/b><\/li>\n<li style=\"font-weight: 400;\" aria-level=\"1\"><b>Kategoria VI \u2013 2016; LIMIT 100 os\u00f3b (rodzice i dzieci)<\/b><\/li>\n<li style=\"font-weight: 400;\" aria-level=\"1\"><b>Kategoria VII \u2013 2015; LIMIT 100 os\u00f3b (rodzice i dzieci)<\/b><\/li>\n<li style=\"font-weight: 400;\" aria-level=\"1\"><b>Kategoria VII \u2013 2014 \u2013 2012; LIMIT 150 os\u00f3b (rodzice i dzieci)<\/b><\/li>\n<li style=\"font-weight: 400;\" aria-level=\"1\"><b>Kategoria IX \u2013 2011 \u2013 2009; \u2013 LIMIT 150 os\u00f3b (rodzice i dzieci)<\/b><\/li>\n<\/ul>\n<\/li>\n<\/ul>\n<ul>\n<li aria-level=\"1\"><b>Kategoria X \u2013 OPEN &#8211; LIMIT 50 os\u00f3b (rodzice i dzieci)<\/b><\/li>\n<\/ul>\n<p><span style=\"font-weight: 400;\">W ka\u017cdej kategorii oddzielnie klasyfikujemy ch\u0142opc\u00f3w i dziewcz\u0119ta.\u00a0Warunkiem klasyfikacji dziecka w kategoriach VI \u2013 X \u00a0jest start w zawodach rodzica, a w kategoriach I do III obecno\u015b\u0107 rodzica w czasie startu. W zale\u017cno\u015bci od ilo\u015bci zarejestrowanych os\u00f3b Organizator zastrzega sobie mo\u017cliwo\u015b\u0107\u00a0ustalenia startu sektorowego.\u00a0Zabroniony jest drafting tj. jazda dziecka bezpo\u015brednio za rodzicem, kt\u00f3ry \u201eprzecina\u201d powietrze, bior\u0105c na siebie opory aerodynamiczne (tzw. jazda na kole).<\/span><\/p>\n<p><span style=\"font-weight: 400;\">\u00a0<\/span><\/p>\n<p><span style=\"font-weight: 400;\">Klasyfikacja w kategoriach I do III odbywa si\u0119 na podstawie kolejno\u015bci uko\u0144czenia wy\u015bcigu przez dziecko. Kolejno\u015b\u0107 uko\u0144czenia wy\u015bcigu ustalana jest przez s\u0119dzi\u00f3w wyznaczonych przez organizatora. Kolegium s\u0119dzi\u00f3w ustala wyniki zawod\u00f3w tj. miejsca na kt\u00f3rych uko\u0144czyli wy\u015bcig poszczeg\u00f3lni zawodnicy. Decyzja kolegium s\u0119dzi\u00f3w jest ostateczna i nie s\u0142u\u017cy od niej protest czy odwo\u0142anie. W przypadku niemo\u017cliwo\u015bci ustalenia kolejno\u015bci uko\u0144czenia wy\u015bcigu przez danych zawodnik\u00f3w, b\u0119d\u0105 przyznawane miejsca ex- aequo.<\/span><\/p>\n<p><span style=\"font-weight: 400;\">Klasyfikacja w kategoriach IV do X odbywa si\u0119 na podstawie pomiaru czasu netto (chwila przekroczenia linii startu do przekroczenia linii mety). Pomiar czasu odbywa si\u0119 poprzez chipy umieszczone w numerach startowych. Pomiar czasu dokonywany jest przez firm\u0119 Sport Timimg Polnad. Decyzja firmy pomiarowej co do miejsca uko\u0144czenia wy\u015bcigu jest ostateczna i nie przys\u0142uguje od niej protest czy odwo\u0142anie. W przypadku niemo\u017cliwo\u015bci ustalenia kolejno\u015bci uko\u0144czenia wy\u015bcigu przez danych zawodnik\u00f3w, b\u0119d\u0105 przyznawane miejsca ex- aequo.<\/span><\/p>\n<ol start=\"4\">\n<li><b>Nagrody:\u00a0<\/b><span style=\"font-weight: 400;\">Pierwsze trzy osoby\u00a0w kategoriach wiekowych zostan\u0105 nagrodzone pucharami. Dekoracja zwyci\u0119zc\u00f3w odb\u0119dzie si\u0119 po zako\u0144czeniu startu na terenie miasteczka zawod\u00f3w.<\/span><\/li>\n<li><b> <\/b><span style=\"font-weight: 400;\">Uczestnik wype\u0142nia o\u015bwiadczenie o nast\u0119puj\u0105cej tre\u015bci: \u201eOrganizator, wszystkie osoby z nim wsp\u00f3\u0142pracuj\u0105ce, a tak\u017ce osoby zwi\u0105zane z przeprowadzeniem i organizacj\u0105 wy\u015bcigu nie ponosz\u0105 odpowiedzialno\u015bci wzgl\u0119dem uczestnik\u00f3w za szkody osobowe, rzeczowe i maj\u0105tkowe, kt\u00f3re wyst\u0105pi\u0105 przed, w trakcie lub po wy\u015bcigu. Uczestnicy startuj\u0105 na w\u0142asn\u0105 odpowiedzialno\u015b\u0107. Uczestnicy ponosz\u0105 odpowiedzialno\u015b\u0107 cywiln\u0105 i prawn\u0105 za wszystkie szkody, przez nich spowodowane. Przez akceptacj\u0119 niniejszej deklaracji uczestnicy zrzekaj\u0105 si\u0119 prawa dochodzenia prawnego lub zwrotnego od organizatora lub jego zleceniobiorc\u00f3w w razie wypadku lub szkody zwi\u0105zanej z zawodami. Przyjmuj\u0119 do wiadomo\u015bci, \u017ce w razie wypadku nie mog\u0119 wnosi\u0107 \u017cadnych roszcze\u0144 w stosunku do organizatora. Przyjmuj\u0119 do wiadomo\u015bci, \u017ce nale\u017cy przestrzega\u0107 zarz\u0105dze\u0144 s\u0142u\u017cb porz\u0105dkowych oraz warunk\u00f3w regulaminu. Zgadzam si\u0119 z warunkami uczestnictwa i zg\u0142aszam swoje uczestnictwo w w\/w zawodach. Jestem zdrowy i nie mam przeciwwskaza\u0144 medycznych do uprawiania d\u0142ugotrwa\u0142ego i intensywnego wysi\u0142ku sportowego. Zdj\u0119cia, nagrania filmowe oraz wywiady z moj\u0105 osob\u0105, a tak\u017ce wyniki z moimi danymi osobowymi mog\u0105 by\u0107 wykorzystane przez pras\u0119, radio, telewizj\u0119 oraz stron\u0119 internetow\u0105 organizatora. Swoim podpisem zapewniam, \u017ce zapozna\u0142em si\u0119 z wszystkimi warunkami regulaminu zawod\u00f3w. Podane dane s\u0105 prawdziwe, i \u017ce znane mu s\u0105 przepisy art. 233 Kodeksu Karnego o odpowiedzialno\u015bci karnej za podanie danych niezgodnych z rzeczywisto\u015bci\u0105. Ka\u017cdy uczestnik startuje na w\u0142asn\u0105 odpowiedzialno\u015b\u0107. Zawodnicy niepe\u0142noletni dopuszczeni s\u0105 do startu po pozostawieniu w biurze zawod\u00f3w pisemnej zgody rodzica lub opiekuna prawnego na start w wy\u015bcigu. Start zawodnika w zawodach jest r\u00f3wnoznaczny z wyra\u017ceniem przez niego zgody na stosowanie si\u0119 do zasad opisanych w niniejszym Regulaminie. Ka\u017cdy uczestnik cyklu i opiekun jest zobowi\u0105zany do jazdy na sprawnym rowerze w sztywnym kasku. Wyra\u017cam zgod\u0119 na start os\u00f3b niepe\u0142noletnich wymienionych w niniejszym dokumencie w zawodach Ojcowie na Start i bior\u0119 za nie odpowiedzialno\u015b\u0107. O\u015bwiadczam, \u017ce jestem ich prawnym Opiekunem. Zapozna\u0142em si\u0119 z regulaminem imprezy Ojcowie na Start w Micha\u0142owicach, przyj\u0105\u0142em go do wiadomo\u015bci i b\u0119d\u0105 si\u0119 stosowa\u0107 do zasad w nim opisanych. Zgodnie z Rozporz\u0105dzeniem Parlamentu Europejskiego i Rady (UE) 2016\/679 z dnia 27 kwietnia 2016 r. w sprawie ochrony os\u00f3b fizycznych w zwi\u0105zku z przetwarzaniem danych osobowych i w sprawie swobodnego przep\u0142ywu takich danych (RODO), informujemy, \u017ce:\u00a0<\/span><\/li>\n<\/ol>\n<p><span style=\"font-weight: 400;\">Administratorem Pani\/Pana danych osobowych jest Stowarzyszenie Rodzic\u00f3w na Fali.<\/span><\/p>\n<p><span style=\"font-weight: 400;\">Pani\/Pana dane osobowe b\u0119d\u0105 przetwarzane w celu rejestracji w wy\u015bcigu rowerowym Ojcowie na Start oraz\u00a0 klasyfikacji zawodnik\u00f3w.<\/span><\/p>\n<p><span style=\"font-weight: 400;\">Podstaw\u0105 prawn\u0105 przetwarzania jest Pa\u0144stwa zgoda na przetwarzanie danych osobowych.<\/span><\/p>\n<p><span style=\"font-weight: 400;\">Pani\/Pana dane osobowe b\u0119d\u0105 przechowywane przez okres 6 miesi\u0119cy od dnia zako\u0144czenia zawod\u00f3w.<\/span><\/p>\n<p><span style=\"font-weight: 400;\">Ma Pani\/Pan prawo dost\u0119pu do swoich danych osobowych, prawo do ich sprostowania, usuni\u0119cia, ograniczenia przetwarzania, prawo do sprzeciwu oraz prawo do przenoszenia danych.<\/span><\/p>\n<p><span style=\"font-weight: 400;\">Mo\u017ce Pani\/Pan w dowolnym momencie wycofa\u0107 swoj\u0105 zgod\u0119 na przetwarzanie danych osobowych.<\/span><\/p>\n<p><span style=\"font-weight: 400;\">Pani\/Pan ma prawo wniesienia skargi do organu nadzorczego, kt\u00f3rym jest Prezes Urz\u0119du Ochrony Danych Osobowych. 6.\u00a0Informacje ko\u0144cowe:\u00a0Ka\u017cdy uczestnik wy\u015bcigu musi porusza\u0107 si\u0119 na samodzielnie nap\u0119dzanym rowerze przez ca\u0142\u0105 d\u0142ugo\u015b\u0107 trasy. Za niepe\u0142noletnich uczestnik\u00f3w zawod\u00f3w oraz za wszystkie szkody przez nich wyrz\u0105dzone odpowiadaj\u0105 rodzice lub prawni opiekunowie. Wszystkie kwestie sporne i nie uj\u0119te w regulaminie rozstrzyga organizator.<\/span><\/p>\n<ol start=\"6\">\n<li><b><\/b><span style=\"font-weight: 400;\"> Informacje ko\u0144cowe: Ka\u017cdy uczestnik wy\u015bcigu musi porusza\u0107 si\u0119 na samodzielnie nap\u0119dzanym rowerze przez ca\u0142\u0105 d\u0142ugo\u015b\u0107 trasy. Za niepe\u0142noletnich uczestnik\u00f3w zawod\u00f3w oraz za wszystkie szkody przez nich wyrz\u0105dzone odpowiadaj\u0105 rodzice lub prawni opiekunowie. Wszystkie kwestie sporne i nie uj\u0119te w regulaminie rozstrzyga organizator. Wy\u015bcig organizowany jest pro-bono, tzn. op\u0142ata wpisowa pokrywa tylko koszty organizacji i obs\u0142ugi wy\u015bcigu. Organizatorzy wy\u015bcigu s\u0105 wolontariuszami i organizuj\u0105 wy\u015bcig bez pobierania jakichkolwiek wynagrodze\u0144. Wy\u015bcig jest zabaw\u0105 i nie ma charakteru wy\u0142\u0105cznie rywalizacji sportowej.<\/span><\/li>\n<\/ol>\n<\/li>\n<\/ol>\n\n\t\t<\/div>\n\t<\/div>\n<\/div><\/div><\/div><div class=\"wpb_column vc_column_container vc_col-sm-2\"><div class=\"vc_column-inner\"><div class=\"wpb_wrapper\"><\/div><\/div><\/div><\/div><\/p>\n<\/div>","protected":false},"excerpt":{"rendered":"Strona organizatora Data i miejsce startu:\u00a0sobota 7 czerwca 2025 w Nadarzynie Biuro zawod\u00f3w znajduje si\u0119 na Stadionie\u00a0 GOS Nadarzyn Adres: ul. \u017b\u00f3\u0142wi\u0144ska 20, 05-830 Nadarzyn Odbi\u00f3r numer\u00f3w startowych godz: 8:00 \u2013 9:30 Start wy\u015bcigu g\u0142\u00f3wnego \u2013 godz: 10:00 Start wy\u015bcigu przedszkolak\u00f3w \u2013 godz 12:00 Warunki uczestnictwa:\u00a0 Rejestracja na wy\u015bcig online do wtorku 04.06.2024 do godz. 24:00 Odbi\u00f3r numer\u00f3w w biurze zawod\u00f3w od godziny 8:00 Uiszczenie op\u0142aty 50 z\u0142 od dru\u017cyny rodzinnej. Uwaga: limit startuj\u0105cych w poszczeg\u00f3lnych kategoriach, zgodnie z pkt. 3 poni\u017cej. Dru\u017cyna rodzinna i pomiar czasu\u00a0 Dru\u017cyna sk\u0142ada si\u0119 z co najmniej dw\u00f3ch os\u00f3b \u2013 rodzica i dziecka. Czas przejazdu liczony jest od momentu przejazdu przez lini\u0119 startu do przekroczenia na mety przez dziecko. W zale\u017cno\u015bci od roku urodzenia \u00a0dziecko (kt\u00f3re porusza si\u0119 samodzielnie nap\u0119dzanym rowerem) b\u0119dzie klasyfikowane w jednej z kategorii zale\u017cnie od roku urodzenia: UWAGA NOWA KATEGORIA OPEN\u00a0 Kategoria OPEN \u2013 przeznaczona jest dla uczestnik\u00f3w zaawansowanych, bior\u0105cych regularnie udzia\u0142 w zawodach lub je\u017cd\u017c\u0105cych w klubach sportowych. Kategorie klasyfikacji wynik\u00f3w: Wy\u015bcig Przedszkolak\u00f3w g. 12:00 Kategoria I \u2013 2021; (trasa na bie\u017cni stadionu \u2013 1 okr\u0105\u017cenie) \u2013 LIMIT 60 os\u00f3b (dzieci) Kategoria II \u20132020; (trasa na bie\u017cni stadionu \u2013 2 okr\u0105\u017cenia) \u2013 LImit 60 os\u00f3b (dzieci) Kategoria III \u2013 2019; (trasa na bie\u017cni stadionu \u2013 3 okr\u0105\u017cenia) \u2013 Limit 60 os\u00f3b (dzieci) Wy\u015bcig G\u0141\u00d3WNY g. 10:00-11:15 Kategoria IV \u2013 2018; LIMIT 100 os\u00f3b (rodzice i dzieci) Kategoria V \u2013 2017; LIMIT 100 os\u00f3b (rodzice i dzieci) Kategoria VI \u2013 2016; LIMIT 100 os\u00f3b (rodzice i dzieci) Kategoria VII \u2013 2015; LIMIT 100 os\u00f3b (rodzice i dzieci) Kategoria VII \u2013 2014 \u2013 2012; LIMIT 150 os\u00f3b (rodzice i dzieci) Kategoria IX \u2013 2011 \u2013 2009; \u2013 LIMIT 150 os\u00f3b (rodzice i dzieci) Kategoria X \u2013 OPEN - LIMIT 50 os\u00f3b (rodzice i dzieci) W ka\u017cdej kategorii oddzielnie klasyfikujemy ch\u0142opc\u00f3w i dziewcz\u0119ta.\u00a0Warunkiem klasyfikacji dziecka w kategoriach VI \u2013 X \u00a0jest start w zawodach rodzica, a w kategoriach I do III obecno\u015b\u0107 rodzica w czasie startu. W zale\u017cno\u015bci od ilo\u015bci zarejestrowanych os\u00f3b Organizator zastrzega sobie mo\u017cliwo\u015b\u0107\u00a0ustalenia startu sektorowego.\u00a0Zabroniony jest drafting tj. jazda dziecka bezpo\u015brednio za rodzicem, kt\u00f3ry \u201eprzecina\u201d powietrze, bior\u0105c na siebie opory aerodynamiczne (tzw. jazda na kole). \u00a0 Klasyfikacja w kategoriach I do III odbywa si\u0119 na podstawie kolejno\u015bci uko\u0144czenia wy\u015bcigu przez dziecko. Kolejno\u015b\u0107 uko\u0144czenia wy\u015bcigu ustalana jest przez s\u0119dzi\u00f3w wyznaczonych przez organizatora. Kolegium s\u0119dzi\u00f3w ustala wyniki zawod\u00f3w tj. miejsca na kt\u00f3rych uko\u0144czyli wy\u015bcig poszczeg\u00f3lni zawodnicy. Decyzja kolegium s\u0119dzi\u00f3w jest ostateczna i nie s\u0142u\u017cy od niej protest czy odwo\u0142anie. W przypadku niemo\u017cliwo\u015bci ustalenia kolejno\u015bci uko\u0144czenia wy\u015bcigu przez danych zawodnik\u00f3w, b\u0119d\u0105 przyznawane miejsca ex- aequo. Klasyfikacja w kategoriach IV do X odbywa si\u0119 na podstawie pomiaru czasu netto (chwila przekroczenia linii startu do przekroczenia linii mety). Pomiar czasu odbywa si\u0119 poprzez chipy umieszczone w numerach startowych. Pomiar czasu dokonywany jest przez firm\u0119 Sport Timimg Polnad. Decyzja firmy pomiarowej co do miejsca uko\u0144czenia wy\u015bcigu jest ostateczna i nie przys\u0142uguje od niej protest czy odwo\u0142anie. W przypadku niemo\u017cliwo\u015bci ustalenia kolejno\u015bci uko\u0144czenia wy\u015bcigu przez danych zawodnik\u00f3w, b\u0119d\u0105 przyznawane miejsca ex- aequo. Nagrody:\u00a0Pierwsze trzy osoby\u00a0w kategoriach wiekowych zostan\u0105 nagrodzone pucharami. Dekoracja zwyci\u0119zc\u00f3w odb\u0119dzie si\u0119 po zako\u0144czeniu startu na terenie miasteczka zawod\u00f3w. Uczestnik wype\u0142nia o\u015bwiadczenie o nast\u0119puj\u0105cej tre\u015bci: \u201eOrganizator, wszystkie osoby z nim wsp\u00f3\u0142pracuj\u0105ce, a tak\u017ce osoby zwi\u0105zane z przeprowadzeniem i organizacj\u0105 wy\u015bcigu nie ponosz\u0105 odpowiedzialno\u015bci wzgl\u0119dem uczestnik\u00f3w za szkody osobowe, rzeczowe i maj\u0105tkowe, kt\u00f3re wyst\u0105pi\u0105 przed, w trakcie lub po wy\u015bcigu. Uczestnicy startuj\u0105 na w\u0142asn\u0105 odpowiedzialno\u015b\u0107. Uczestnicy ponosz\u0105 odpowiedzialno\u015b\u0107 cywiln\u0105 i prawn\u0105 za wszystkie szkody, przez nich spowodowane. Przez akceptacj\u0119 niniejszej deklaracji uczestnicy zrzekaj\u0105 si\u0119 prawa dochodzenia prawnego lub zwrotnego od organizatora lub jego zleceniobiorc\u00f3w w razie wypadku lub szkody zwi\u0105zanej z zawodami. Przyjmuj\u0119 do wiadomo\u015bci, \u017ce w razie wypadku nie mog\u0119 wnosi\u0107 \u017cadnych roszcze\u0144 w stosunku do organizatora. Przyjmuj\u0119 do wiadomo\u015bci, \u017ce nale\u017cy przestrzega\u0107 zarz\u0105dze\u0144 s\u0142u\u017cb porz\u0105dkowych oraz warunk\u00f3w regulaminu. Zgadzam si\u0119 z warunkami uczestnictwa i zg\u0142aszam swoje uczestnictwo w w\/w zawodach. Jestem zdrowy i nie mam przeciwwskaza\u0144 medycznych do uprawiania d\u0142ugotrwa\u0142ego i intensywnego wysi\u0142ku sportowego. Zdj\u0119cia, nagrania filmowe oraz wywiady z moj\u0105 osob\u0105, a tak\u017ce wyniki z moimi danymi osobowymi mog\u0105 by\u0107 wykorzystane przez pras\u0119, radio, telewizj\u0119 oraz stron\u0119 internetow\u0105 organizatora. Swoim podpisem zapewniam, \u017ce zapozna\u0142em si\u0119 z wszystkimi warunkami regulaminu zawod\u00f3w. Podane dane s\u0105 prawdziwe, i \u017ce znane mu s\u0105 przepisy art. 233 Kodeksu Karnego o odpowiedzialno\u015bci karnej za podanie danych niezgodnych z rzeczywisto\u015bci\u0105. Ka\u017cdy uczestnik startuje na w\u0142asn\u0105 odpowiedzialno\u015b\u0107. Zawodnicy niepe\u0142noletni dopuszczeni s\u0105 do startu po pozostawieniu w biurze zawod\u00f3w pisemnej zgody rodzica lub opiekuna prawnego na start w wy\u015bcigu. Start zawodnika w zawodach jest r\u00f3wnoznaczny z wyra\u017ceniem przez niego zgody na stosowanie si\u0119 do zasad opisanych w niniejszym Regulaminie. Ka\u017cdy uczestnik cyklu i opiekun jest zobowi\u0105zany do jazdy na sprawnym rowerze w sztywnym kasku. Wyra\u017cam zgod\u0119 na start os\u00f3b niepe\u0142noletnich wymienionych w niniejszym dokumencie w zawodach Ojcowie na Start i bior\u0119 za nie odpowiedzialno\u015b\u0107. O\u015bwiadczam, \u017ce jestem ich prawnym Opiekunem. Zapozna\u0142em si\u0119 z regulaminem imprezy Ojcowie na Start w Micha\u0142owicach, przyj\u0105\u0142em go do wiadomo\u015bci i b\u0119d\u0105 si\u0119 stosowa\u0107 do zasad w nim opisanych. Zgodnie z Rozporz\u0105dzeniem Parlamentu Europejskiego i Rady (UE) 2016\/679 z dnia 27 kwietnia 2016 r. w sprawie ochrony os\u00f3b fizycznych w zwi\u0105zku z przetwarzaniem danych osobowych i w sprawie swobodnego przep\u0142ywu takich danych (RODO), informujemy, \u017ce:\u00a0 Administratorem Pani\/Pana danych osobowych jest Stowarzyszenie Rodzic\u00f3w na Fali. Pani\/Pana dane osobowe b\u0119d\u0105 przetwarzane w celu rejestracji w wy\u015bcigu rowerowym Ojcowie na Start oraz\u00a0 klasyfikacji zawodnik\u00f3w. Podstaw\u0105 prawn\u0105 przetwarzania jest Pa\u0144stwa zgoda na przetwarzanie danych osobowych. Pani\/Pana dane osobowe b\u0119d\u0105 przechowywane przez okres 6 miesi\u0119cy od dnia zako\u0144czenia zawod\u00f3w. Ma Pani\/Pan prawo dost\u0119pu do swoich danych osobowych, prawo do ich sprostowania, usuni\u0119cia, ograniczenia przetwarzania, prawo do sprzeciwu oraz prawo do przenoszenia danych. Mo\u017ce Pani\/Pan w dowolnym momencie wycofa\u0107 swoj\u0105 zgod\u0119 na przetwarzanie danych osobowych. Pani\/Pan ma prawo wniesienia skargi do organu nadzorczego, kt\u00f3rym jest Prezes Urz\u0119du Ochrony Danych Osobowych. 6.\u00a0Informacje ko\u0144cowe:\u00a0Ka\u017cdy uczestnik wy\u015bcigu musi porusza\u0107 si\u0119 na samodzielnie nap\u0119dzanym rowerze przez ca\u0142\u0105 d\u0142ugo\u015b\u0107 trasy. Za niepe\u0142noletnich uczestnik\u00f3w zawod\u00f3w oraz za wszystkie szkody przez nich wyrz\u0105dzone odpowiadaj\u0105 rodzice lub prawni opiekunowie. Wszystkie kwestie sporne i nie uj\u0119te w regulaminie rozstrzyga organizator. Informacje ko\u0144cowe: [...]","protected":false},"featured_media":28779,"template":"","tags":[],"am_event_categories":[105,73,64],"class_list":["post-38436","am_event","type-am_event","status-publish","has-post-thumbnail","hentry","am_venues-nadarzyn","am_event_categories-kolarstwo","am_event_categories-mtb","am_event_categories-zapisy-on-line"],"acf":[],"aioseo_notices":[],"am_startdate":"2025-06-07 10:00:00","am_enddate":"2025-06-07 10:00:00","_links":{"self":[{"href":"https:\/\/sport-timing.pl\/pomiar-czasu\/wp-json\/wp\/v2\/am_events\/38436","targetHints":{"allow":["GET"]}}],"collection":[{"href":"https:\/\/sport-timing.pl\/pomiar-czasu\/wp-json\/wp\/v2\/am_events"}],"about":[{"href":"https:\/\/sport-timing.pl\/pomiar-czasu\/wp-json\/wp\/v2\/types\/am_event"}],"version-history":[{"count":6,"href":"https:\/\/sport-timing.pl\/pomiar-czasu\/wp-json\/wp\/v2\/am_events\/38436\/revisions"}],"predecessor-version":[{"id":44036,"href":"https:\/\/sport-timing.pl\/pomiar-czasu\/wp-json\/wp\/v2\/am_events\/38436\/revisions\/44036"}],"wp:featuredmedia":[{"embeddable":true,"href":"https:\/\/sport-timing.pl\/pomiar-czasu\/wp-json\/wp\/v2\/media\/28779"}],"wp:attachment":[{"href":"https:\/\/sport-timing.pl\/pomiar-czasu\/wp-json\/wp\/v2\/media?parent=38436"}],"wp:term":[{"taxonomy":"post_tag","embeddable":true,"href":"https:\/\/sport-timing.pl\/pomiar-czasu\/wp-json\/wp\/v2\/tags?post=38436"},{"taxonomy":"am_event_categories","embeddable":true,"href":"https:\/\/sport-timing.pl\/pomiar-czasu\/wp-json\/wp\/v2\/am_event_categories?post=38436"}],"curies":[{"name":"wp","href":"https:\/\/api.w.org\/{rel}","templated":true}]}}