




{"id":38403,"date":"2024-04-14T01:23:42","date_gmt":"2024-04-13T23:23:42","guid":{"rendered":"https:\/\/sport-timing.pl\/pomiar-czasu\/?post_type=am_event&#038;p=38403"},"modified":"2024-04-17T19:39:30","modified_gmt":"2024-04-17T17:39:30","slug":"ojcowie-na-start-2024","status":"publish","type":"am_event","link":"https:\/\/sport-timing.pl\/pomiar-czasu\/wydarzenie\/ojcowie-na-start-2024\/","title":{"rendered":"Ojcowie na Start! 2024"},"content":{"rendered":"<div class=\"wpb-content-wrapper\"><p><div class=\"vc_row wpb_row vc_row-fluid event-info-tfb\"><div class=\"wpb_column vc_column_container vc_col-sm-3\"><div class=\"vc_column-inner\"><div class=\"wpb_wrapper\"><\/div><\/div><\/div><div class=\"wpb_column vc_column_container vc_col-sm-3\"><div class=\"vc_column-inner\"><div class=\"wpb_wrapper\"><div id=\"ts-info-notice-panel-7532301\" class=\"ts-info-notice-panel-main   \" style=\"margin-top: 0px; margin-bottom: 0px;\"><div class=\"ts-info-panel-wrapper ts-info-panel-success\" style=\" \"><div class=\"ts-info-panel-field\"><div class=\"ts-info-panel-info-icon\" style=\"width: 50px; height: 50px;\"><i class=\"ts-awesome-user-plus \" style=\"font-size: 50px; line-height: 50px; height: 50px; \"><\/i><\/div><div class=\"ts-info-panel-info-spacer\" style=\"width: 15px;\"><\/div><div class=\"ts-info-panel-info-desc\"><div class=\"ts-info-panel-info-title\" style=\" \">Wy\u015bcig g\u0142\u00f3wny<\/div><div class=\"ts-info-panel-info-main\" style=\"\"><p>Roczniki <strong>2008 &#8211; 2016<\/strong><\/p>\n<\/div><\/div><\/div><\/div><\/div><div class=\"vc_btn3-container vc_btn3-center vc_do_btn\" ><a class=\"vc_general vc_btn3 vc_btn3-size-lg vc_btn3-shape-rounded vc_btn3-style-3d vc_btn3-block vc_btn3-icon-left vc_btn3-color-success\" href=\"https:\/\/sport-timing.pl\/pomiar-czasu\/zapisy-online\/ojcowie-na-start-2024\/\" title=\"\"><i class=\"vc_btn3-icon fas fa-sign-in-alt\"><\/i> ZAPISZ SI\u0118<\/a><\/div><div class=\"vc_btn3-container vc_btn3-center vc_do_btn\" ><a class=\"vc_general vc_btn3 vc_btn3-size-md vc_btn3-shape-rounded vc_btn3-style-3d vc_btn3-block vc_btn3-icon-left vc_btn3-color-blue\" href=\"https:\/\/sport-timing.pl\/pomiar-czasu\/zapisy-online\/ojcowie-na-start-2024\/lista-zgloszonych-2\/\" title=\"\"><i class=\"vc_btn3-icon fas fa-tasks\"><\/i> ZG\u0141OSZENI UCZESTNICY<\/a><\/div><div class=\"vc_empty_space\"   style=\"height: 32px\"><span class=\"vc_empty_space_inner\"><\/span><\/div><\/div><\/div><\/div><div class=\"wpb_column vc_column_container vc_col-sm-3\"><div class=\"vc_column-inner\"><div class=\"wpb_wrapper\"><div id=\"ts-info-notice-panel-6677165\" class=\"ts-info-notice-panel-main   \" style=\"margin-top: 0px; margin-bottom: 0px;\"><div class=\"ts-info-panel-wrapper ts-info-panel-info\" style=\" \"><div class=\"ts-info-panel-field\"><div class=\"ts-info-panel-info-icon\" style=\"width: 50px; height: 50px;\"><i class=\"ts-awesome-user-plus \" style=\"font-size: 50px; line-height: 50px; height: 50px; \"><\/i><\/div><div class=\"ts-info-panel-info-spacer\" style=\"width: 15px;\"><\/div><div class=\"ts-info-panel-info-desc\"><div class=\"ts-info-panel-info-title\" style=\" \">Wy\u015bcig mini<\/div><div class=\"ts-info-panel-info-main\" style=\"\"><p>Roczniki<strong> 2017 &#8211; 2020<\/strong><\/p>\n<\/div><\/div><\/div><\/div><\/div><div class=\"vc_btn3-container vc_btn3-center vc_do_btn\" ><a class=\"vc_general vc_btn3 vc_btn3-size-lg vc_btn3-shape-rounded vc_btn3-style-3d vc_btn3-block vc_btn3-icon-left vc_btn3-color-success\" href=\"https:\/\/sport-timing.pl\/pomiar-czasu\/zapisy-online\/ojcowie-na-start-2024-wyscig-mini\/\" title=\"Ojcowie na Start! 2024 \u2013 Wy\u015bcig MINI\"><i class=\"vc_btn3-icon fas fa-sign-in-alt\"><\/i> ZAPISZ SI\u0118<\/a><\/div><div class=\"vc_btn3-container vc_btn3-center vc_do_btn\" ><a class=\"vc_general vc_btn3 vc_btn3-size-md vc_btn3-shape-rounded vc_btn3-style-3d vc_btn3-block vc_btn3-icon-left vc_btn3-color-blue\" href=\"https:\/\/sport-timing.pl\/pomiar-czasu\/zapisy-online\/ojcowie-na-start-2024-wyscig-mini\/lista-zgloszonych\/\" title=\"\"><i class=\"vc_btn3-icon fas fa-tasks\"><\/i> ZG\u0141OSZENI UCZESTNICY<\/a><\/div><div class=\"vc_empty_space\"   style=\"height: 32px\"><span class=\"vc_empty_space_inner\"><\/span><\/div><\/div><\/div><\/div><div class=\"wpb_column vc_column_container vc_col-sm-3\"><div class=\"vc_column-inner\"><div class=\"wpb_wrapper\"><\/div><\/div><\/div><\/div><div class=\"vc_row wpb_row vc_row-fluid\"><div class=\"wpb_column vc_column_container vc_col-sm-2\"><div class=\"vc_column-inner\"><div class=\"wpb_wrapper\"><\/div><\/div><\/div><div class=\"wpb_column vc_column_container vc_col-sm-8\"><div class=\"vc_column-inner\"><div class=\"wpb_wrapper\"><div class=\"vc_btn3-container vc_btn3-center vc_do_btn\" ><a class=\"vc_general vc_btn3 vc_btn3-size-lg vc_btn3-shape-square vc_btn3-style-flat vc_btn3-color-success\" href=\"http:\/\/warszawa.ojcowienastart.pl\/\" title=\"\">Strona organizatora<\/a><\/div><div class=\"vc_empty_space\"   style=\"height: 32px\"><span class=\"vc_empty_space_inner\"><\/span><\/div><\/div><\/div><\/div><div class=\"wpb_column vc_column_container vc_col-sm-2\"><div class=\"vc_column-inner\"><div class=\"wpb_wrapper\"><\/div><\/div><\/div><\/div><div class=\"vc_row wpb_row vc_row-fluid\"><div class=\"wpb_column vc_column_container vc_col-sm-2\"><div class=\"vc_column-inner\"><div class=\"wpb_wrapper\"><\/div><\/div><\/div><div class=\"wpb_column vc_column_container vc_col-sm-8 vc_col-has-fill\"><div class=\"vc_column-inner vc_custom_1713051951234\"><div class=\"wpb_wrapper\">\n\t<div class=\"wpb_text_column wpb_content_element\" >\n\t\t<div class=\"wpb_wrapper\">\n\t\t\t<h1>Regulamin<\/h1>\n<ol>\n<li><strong> Data i miejsce startu: 25 maja 2024<\/strong><br \/>\nBiuro zawod\u00f3w znajduje si\u0119 na terenie Szko\u0142y Podstawowej 138.<br \/>\nOdbi\u00f3r numer\u00f3w startowych w godz. 8.00-9.45<\/li>\n<li><strong>Warunki uczestnictwa:<\/strong><br \/>\nWype\u0142nienie karty rejestracyjnej na stronie\u00a0<a href=\"http:\/\/www.warszawa.ojcowienastart.pl\/\">www.warszawa.ojcowienastart.pl<\/a><br \/>\nOdbi\u00f3r numer\u00f3w w biurze zawod\u00f3w od godziny 8:00<br \/>\nRejestracja na wy\u015bcig online do wtorku 21.05.2024 do godz. 24:00<br \/>\nZAPISY prowadzone s\u0105 oddzielnie na Wy\u015bcig G\u0141\u00d3WNY i oddzielnie na Wy\u015bcig MINI.<br \/>\n<em>Uwaga: limit startuj\u0105cych &#8211; numery w biurze zawod\u00f3w dost\u0119pne o ile nie zosta\u0142 wyczerpany limit numer\u00f3w w rejestracji elektronicznej.<\/em><\/li>\n<li><strong>Dru\u017cyna rodzinna i pomiar czasu<\/strong><br \/>\nDru\u017cyna sk\u0142ada si\u0119 z co najmniej dw\u00f3ch os\u00f3b \u2013 rodzica i dziecka. W wy\u015bcigu mog\u0105 uczestniczy\u0107 Mama i Tata, ale warunkiem klasyfikacji dziecka jest start i uko\u0144czenie wy\u015bcigu r\u00f3wnie\u017c przez tat\u0119! Czas przejazdu liczony jest od momentu startu wy\u015bcigu do zg\u0142oszenia si\u0119 na mecie dziecka. W zale\u017cno\u015bci od roku urodzenia dziecko (kt\u00f3ry porusza si\u0119 samodzielnie nap\u0119dzanym rowerem) b\u0119dzie klasyfikowane w jednej z kategorii zale\u017cnie od roku urodzenia.<br \/>\nKategorie klasyfikacji wynik\u00f3w:<\/li>\n<\/ol>\n<p><strong>Wy\u015bcig MINI g. 11.15-12:00<\/strong><br \/>\n\u2022 Kategoria I \u2013 2019 i 2020; (kr\u00f3tsza trasa)<br \/>\n\u2022 Kategoria II \u2013 2018; (kr\u00f3tsza trasa)<br \/>\n\u2022 Kategoria III &#8211; 2017; (kr\u00f3tsza trasa)<\/p>\n<p><strong>Wy\u015bcig G\u0141\u00d3WNY g. 10:00-11:15<\/strong><br \/>\n\u2022 Kategoria IV \u2013 2016;<br \/>\n\u2022 Kategoria V &#8211; 2015;<br \/>\n\u2022 Kategoria VI \u2013 2014;<br \/>\n\u2022 Kategoria VII &#8211; 2013;<br \/>\n\u2022 Kategoria VII \u2013 2012 &#8211; 2011;<br \/>\n\u2022 Kategoria IX \u2013 20010 &#8211; 2008;<\/p>\n<p>W ka\u017cdej kategorii oddzielnie klasyfikujemy ch\u0142opc\u00f3w i dziewcz\u0119ta.<br \/>\nCzas ka\u017cdego dziecka jest liczony i klasyfikowany indywidualnie. Liczy si\u0119 czas przejazdu ca\u0142ej trasy. Warunkiem klasyfikacji jest start Taty w wy\u015bcigu. Czas osoby doros\u0142ej jest mierzony, ale nie ma wp\u0142ywu na miejsce kt\u00f3re zajmie dziecko.<br \/>\nDru\u017cyna rodzinna (rodzice + dzieci) startuje razem wg. wybranej podczas zapisu godziny startu. W przypadku rejestracji na wy\u015bcig G\u0141\u00d3NY oraz MINI rodzice mog\u0105 wzi\u0105\u0107 udzia\u0142 w obydwu.<br \/>\nDzieci mog\u0105 wystartowa\u0107 wy\u0142\u0105cznie w wy\u015bcigu wg. kategorii wiekowej:<br \/>\nWy\u015bcig MINI \u2013 dzieci z rocznik\u00f3w 2016 &#8211; 2019<br \/>\nWy\u015bcig G\u0141\u00d3WNY \u2013 dzieci z rocznik\u00f3w 2007 &#8211; 2015<\/p>\n<table width=\"429\">\n<tbody>\n<tr>\n<td width=\"68\"><strong>Godzina startu<\/strong><\/td>\n<td width=\"149\"><strong>Wy\u015bcig dla dzieci z rocznika<\/strong><\/td>\n<td width=\"212\"><strong>Limit miejsc<\/strong><\/td>\n<\/tr>\n<tr>\n<td width=\"68\">10:00<\/td>\n<td width=\"149\">2007 &#8211; 2015<\/td>\n<td width=\"212\">90 uczestnik\u00f3w (rodzice + dzieci)<\/td>\n<\/tr>\n<tr>\n<td width=\"68\">10:15<\/td>\n<td width=\"149\">2007 &#8211; 2015<\/td>\n<td width=\"212\">90 uczestnik\u00f3w (rodzice + dzieci)<\/td>\n<\/tr>\n<tr>\n<td width=\"68\">10:30<\/td>\n<td width=\"149\">2007 &#8211; 2015<\/td>\n<td width=\"212\">90 uczestnik\u00f3w (rodzice + dzieci)<\/td>\n<\/tr>\n<tr>\n<td width=\"68\">10:45<\/td>\n<td width=\"149\">2007 &#8211; 2015<\/td>\n<td width=\"212\">90 uczestnik\u00f3w (rodzice + dzieci)<\/td>\n<\/tr>\n<tr>\n<td width=\"68\">11:00<\/td>\n<td width=\"149\">2007 &#8211; 2015<\/td>\n<td width=\"212\">90 uczestnik\u00f3w (rodzice + dzieci)<\/td>\n<\/tr>\n<tr>\n<td width=\"68\">11:15<\/td>\n<td width=\"149\">2016 &#8211; 2019<\/td>\n<td width=\"212\">90 uczestnik\u00f3w (rodzice + dzieci)<\/td>\n<\/tr>\n<tr>\n<td width=\"68\">11:30<\/td>\n<td width=\"149\">2016 &#8211; 2019<\/td>\n<td width=\"212\">90 uczestnik\u00f3w (rodzice + dzieci)<\/td>\n<\/tr>\n<tr>\n<td width=\"68\">11:45<\/td>\n<td width=\"149\">2016 &#8211; 2019<\/td>\n<td width=\"212\">90 uczestnik\u00f3w (rodzice + dzieci)<\/td>\n<\/tr>\n<tr>\n<td width=\"68\">12:00<\/td>\n<td width=\"149\">2016 &#8211; 2019<\/td>\n<td width=\"212\">90 uczestnik\u00f3w (rodzice + dzieci)<\/td>\n<\/tr>\n<\/tbody>\n<\/table>\n<ol start=\"4\">\n<li><strong> Nagrody:<\/strong><br \/>\nPierwsze trzy osoby w kategoriach wiekowych zostan\u0105 nagrodzone pucharami. Wszyscy uczestnicy otrzymuj\u0105 pami\u0105tkowe medale i dyplomy.<br \/>\nDekoracja zwyci\u0119zc\u00f3w oraz odbi\u00f3r nagr\u00f3d odb\u0119dzie si\u0119 po zako\u0144czeniu wy\u015bcigu na terenie Szko\u0142y \u201e\u017bagle\u201d ul. Po\u017caryskiego 28.<\/li>\n<li><strong>Podczas rejestracji Uczestnik wype\u0142nia o\u015bwiadczenie o nast\u0119puj\u0105cej tre\u015bci:<\/strong><br \/>\n\u201eOrganizator, wszystkie osoby z nim wsp\u00f3\u0142pracuj\u0105ce, a tak\u017ce osoby zwi\u0105zane z przeprowadzeniem i organizacj\u0105 wy\u015bcigu nie ponosz\u0105 odpowiedzialno\u015bci wzgl\u0119dem uczestnik\u00f3w za szkody osobowe, rzeczowe i maj\u0105tkowe, kt\u00f3re wyst\u0105pi\u0105 przed, w trakcie lub po wy\u015bcigu. Uczestnicy startuj\u0105 na w\u0142asn\u0105 odpowiedzialno\u015b\u0107. Uczestnicy ponosz\u0105 odpowiedzialno\u015b\u0107 cywiln\u0105 i prawn\u0105 za wszystkie szkody, przez nich spowodowane. Przez akceptacj\u0119 niniejszej deklaracji uczestnicy zrzekaj\u0105 si\u0119 prawa dochodzenia prawnego lub zwrotnego od organizatora lub jego zleceniobiorc\u00f3w w razie wypadku lub szkody zwi\u0105zanej z zawodami. Przyjmuj\u0119 do wiadomo\u015bci, \u017ce w razie wypadku nie mog\u0119 wnosi\u0107 \u017cadnych roszcze\u0144 w stosunku do organizatora. Przyjmuj\u0119 do wiadomo\u015bci, \u017ce nale\u017cy przestrzega\u0107 zarz\u0105dze\u0144 s\u0142u\u017cb porz\u0105dkowych oraz warunk\u00f3w regulaminu. Zgadzam si\u0119 z warunkami uczestnictwa i zg\u0142aszam swoje uczestnictwo w w\/w zawodach. Jestem zdrowy i nie mam przeciwwskaza\u0144 medycznych do uprawiania d\u0142ugotrwa\u0142ego i intensywnego wysi\u0142ku sportowego. Zdj\u0119cia, nagrania filmowe oraz wywiady z moj\u0105 osob\u0105, a tak\u017ce wyniki z moimi danymi osobowymi mog\u0105 by\u0107 wykorzystane przez pras\u0119, radio, telewizj\u0119 oraz stron\u0119 internetow\u0105 organizatora. Swoim podpisem zapewniam, \u017ce zapozna\u0142em si\u0119 z wszystkimi warunkami regulaminu zawod\u00f3w. Wyra\u017cam zgod\u0119 na przetwarzanie moich danych osobowych przez Stowarzyszenie Wspierania Edukacji i Rodziny STERNIK z siedzib\u0105 w Warszawie zgodnie z ustaw\u0105 z dnia 29 sierpnia 1997 r. o ochronie danych osobowych (Dz. U. Nr 133, poz.883). Podane dane s\u0105 prawdziwe, i \u017ce znane mu s\u0105 przepisy art. 233 Kodeksu Karnego o odpowiedzialno\u015bci karnej za podanie danych niezgodnych z rzeczywisto\u015bci\u0105.<br \/>\nStart zawodnika w zawodach jest r\u00f3wnoznaczny z wyra\u017ceniem przez niego zgody na stosowanie si\u0119 do zasad opisanych w niniejszym Regulaminie oraz \u015bwiadomo\u015bci swojego stanu zdrowia.<br \/>\nKa\u017cdy uczestnik cyklu i opiekun jest zobowi\u0105zany do jazdy na sprawnym rowerze w sztywnym kasku.<br \/>\nWyra\u017cam zgod\u0119 na start os\u00f3b niepe\u0142noletnich wymienionych w niniejszym dokumencie w zawodach Ojcowie na Start i bior\u0119 za nie odpowiedzialno\u015b\u0107. O\u015bwiadczam, \u017ce jestem ich prawnym Opiekunem.<br \/>\nZapozna\u0142em si\u0119 z regulaminem imprezy Ojcowie na Start w Mi\u0119dzylesiu, przyj\u0105\u0142em go do wiadomo\u015bci i b\u0119d\u0105 si\u0119 stosowa\u0107 do zasad w nim opisanych. &#8220;<\/li>\n<li><strong>Informacje ko\u0144cowe:<\/strong><br \/>\nKa\u017cdy uczestnik wy\u015bcigu musi porusza\u0107 si\u0119 na samodzielnie nap\u0119dzanym rowerze przez ca\u0142\u0105 d\u0142ugo\u015b\u0107 trasy. Wszystkie dzieci musz\u0105 obowi\u0105zkowo jecha\u0107 <strong>w kasku.<\/strong><br \/>\nZa niepe\u0142noletnich uczestnik\u00f3w zawod\u00f3w oraz za wszystkie szkody przez nich wyrz\u0105dzone odpowiadaj\u0105 rodzice lub prawni opiekunowie.<br \/>\nWszystkie kwestie sporne i nie uj\u0119te w regulaminie rozstrzyga organizator.<\/li>\n<li><strong>Op\u0142aty:<\/strong><br \/>\nUdzia\u0142 w wy\u015bcigu jest bezp\u0142atny.<\/li>\n<\/ol>\n\n\t\t<\/div>\n\t<\/div>\n<\/div><\/div><\/div><div class=\"wpb_column vc_column_container vc_col-sm-2\"><div class=\"vc_column-inner\"><div class=\"wpb_wrapper\"><\/div><\/div><\/div><\/div><\/p>\n<\/div>","protected":false},"excerpt":{"rendered":"Wy\u015bcig g\u0142\u00f3wnyRoczniki 2008 - 2016 ZAPISZ SI\u0118 ZG\u0141OSZENI UCZESTNICYWy\u015bcig miniRoczniki 2017 - 2020 ZAPISZ SI\u0118 ZG\u0141OSZENI UCZESTNICYStrona organizatora Regulamin Data i miejsce startu: 25 maja 2024 Biuro zawod\u00f3w znajduje si\u0119 na terenie Szko\u0142y Podstawowej 138. Odbi\u00f3r numer\u00f3w startowych w godz. 8.00-9.45 Warunki uczestnictwa: Wype\u0142nienie karty rejestracyjnej na stronie\u00a0www.warszawa.ojcowienastart.pl Odbi\u00f3r numer\u00f3w w biurze zawod\u00f3w od godziny 8:00 Rejestracja na wy\u015bcig online do wtorku 21.05.2024 do godz. 24:00 ZAPISY prowadzone s\u0105 oddzielnie na Wy\u015bcig G\u0141\u00d3WNY i oddzielnie na Wy\u015bcig MINI. Uwaga: limit startuj\u0105cych - numery w biurze zawod\u00f3w dost\u0119pne o ile nie zosta\u0142 wyczerpany limit numer\u00f3w w rejestracji elektronicznej. Dru\u017cyna rodzinna i pomiar czasu Dru\u017cyna sk\u0142ada si\u0119 z co najmniej dw\u00f3ch os\u00f3b \u2013 rodzica i dziecka. W wy\u015bcigu mog\u0105 uczestniczy\u0107 Mama i Tata, ale warunkiem klasyfikacji dziecka jest start i uko\u0144czenie wy\u015bcigu r\u00f3wnie\u017c przez tat\u0119! Czas przejazdu liczony jest od momentu startu wy\u015bcigu do zg\u0142oszenia si\u0119 na mecie dziecka. W zale\u017cno\u015bci od roku urodzenia dziecko (kt\u00f3ry porusza si\u0119 samodzielnie nap\u0119dzanym rowerem) b\u0119dzie klasyfikowane w jednej z kategorii zale\u017cnie od roku urodzenia. Kategorie klasyfikacji wynik\u00f3w: Wy\u015bcig MINI g. 11.15-12:00 \u2022 Kategoria I \u2013 2019 i 2020; (kr\u00f3tsza trasa) \u2022 Kategoria II \u2013 2018; (kr\u00f3tsza trasa) \u2022 Kategoria III - 2017; (kr\u00f3tsza trasa) Wy\u015bcig G\u0141\u00d3WNY g. 10:00-11:15 \u2022 Kategoria IV \u2013 2016; \u2022 Kategoria V - 2015; \u2022 Kategoria VI \u2013 2014; \u2022 Kategoria VII - 2013; \u2022 Kategoria VII \u2013 2012 - 2011; \u2022 Kategoria IX \u2013 20010 - 2008; W ka\u017cdej kategorii oddzielnie klasyfikujemy ch\u0142opc\u00f3w i dziewcz\u0119ta. Czas ka\u017cdego dziecka jest liczony i klasyfikowany indywidualnie. Liczy si\u0119 czas przejazdu ca\u0142ej trasy. Warunkiem klasyfikacji jest start Taty w wy\u015bcigu. Czas osoby doros\u0142ej jest mierzony, ale nie ma wp\u0142ywu na miejsce kt\u00f3re zajmie dziecko. Dru\u017cyna rodzinna (rodzice + dzieci) startuje razem wg. wybranej podczas zapisu godziny startu. W przypadku rejestracji na wy\u015bcig G\u0141\u00d3NY oraz MINI rodzice mog\u0105 wzi\u0105\u0107 udzia\u0142 w obydwu. Dzieci mog\u0105 wystartowa\u0107 wy\u0142\u0105cznie w wy\u015bcigu wg. kategorii wiekowej: Wy\u015bcig MINI \u2013 dzieci z rocznik\u00f3w 2016 - 2019 Wy\u015bcig G\u0141\u00d3WNY \u2013 dzieci z rocznik\u00f3w 2007 - 2015 Godzina startu Wy\u015bcig dla dzieci z rocznika Limit miejsc 10:00 2007 - 2015 90 uczestnik\u00f3w (rodzice + dzieci) 10:15 2007 - 2015 90 uczestnik\u00f3w (rodzice + dzieci) 10:30 2007 - 2015 90 uczestnik\u00f3w (rodzice + dzieci) 10:45 2007 - 2015 90 uczestnik\u00f3w (rodzice + dzieci) 11:00 2007 - 2015 90 uczestnik\u00f3w (rodzice + dzieci) 11:15 2016 - 2019 90 uczestnik\u00f3w (rodzice + dzieci) 11:30 2016 - 2019 90 uczestnik\u00f3w (rodzice + dzieci) 11:45 2016 - 2019 90 uczestnik\u00f3w (rodzice + dzieci) 12:00 2016 - 2019 90 uczestnik\u00f3w (rodzice + dzieci) Nagrody: Pierwsze trzy osoby w kategoriach wiekowych zostan\u0105 nagrodzone pucharami. Wszyscy uczestnicy otrzymuj\u0105 pami\u0105tkowe medale i dyplomy. Dekoracja zwyci\u0119zc\u00f3w oraz odbi\u00f3r nagr\u00f3d odb\u0119dzie si\u0119 po zako\u0144czeniu wy\u015bcigu na terenie Szko\u0142y \u201e\u017bagle\u201d ul. Po\u017caryskiego 28. Podczas rejestracji Uczestnik wype\u0142nia o\u015bwiadczenie o nast\u0119puj\u0105cej tre\u015bci: \u201eOrganizator, wszystkie osoby z nim wsp\u00f3\u0142pracuj\u0105ce, a tak\u017ce osoby zwi\u0105zane z przeprowadzeniem i organizacj\u0105 wy\u015bcigu nie ponosz\u0105 odpowiedzialno\u015bci wzgl\u0119dem uczestnik\u00f3w za szkody osobowe, rzeczowe i maj\u0105tkowe, kt\u00f3re wyst\u0105pi\u0105 przed, w trakcie lub po wy\u015bcigu. Uczestnicy startuj\u0105 na w\u0142asn\u0105 odpowiedzialno\u015b\u0107. Uczestnicy ponosz\u0105 odpowiedzialno\u015b\u0107 cywiln\u0105 i prawn\u0105 za wszystkie szkody, przez nich spowodowane. Przez akceptacj\u0119 niniejszej deklaracji uczestnicy zrzekaj\u0105 si\u0119 prawa dochodzenia prawnego lub zwrotnego od organizatora lub jego zleceniobiorc\u00f3w w razie wypadku lub szkody zwi\u0105zanej z zawodami. Przyjmuj\u0119 do wiadomo\u015bci, \u017ce w razie wypadku nie mog\u0119 wnosi\u0107 \u017cadnych roszcze\u0144 w stosunku do organizatora. Przyjmuj\u0119 do wiadomo\u015bci, \u017ce nale\u017cy przestrzega\u0107 zarz\u0105dze\u0144 s\u0142u\u017cb porz\u0105dkowych oraz warunk\u00f3w regulaminu. Zgadzam si\u0119 z warunkami uczestnictwa i zg\u0142aszam swoje uczestnictwo w w\/w zawodach. Jestem zdrowy i nie mam przeciwwskaza\u0144 medycznych do uprawiania d\u0142ugotrwa\u0142ego i intensywnego wysi\u0142ku sportowego. Zdj\u0119cia, nagrania filmowe oraz wywiady z moj\u0105 osob\u0105, a tak\u017ce wyniki z moimi danymi osobowymi mog\u0105 by\u0107 wykorzystane przez pras\u0119, radio, telewizj\u0119 oraz stron\u0119 internetow\u0105 organizatora. Swoim podpisem zapewniam, \u017ce zapozna\u0142em si\u0119 z wszystkimi warunkami regulaminu zawod\u00f3w. Wyra\u017cam zgod\u0119 na przetwarzanie moich danych osobowych przez Stowarzyszenie Wspierania Edukacji i Rodziny STERNIK z siedzib\u0105 w Warszawie zgodnie z ustaw\u0105 z dnia 29 sierpnia 1997 r. o ochronie danych osobowych (Dz. U. Nr 133, poz.883). Podane dane s\u0105 prawdziwe, i \u017ce znane mu s\u0105 przepisy art. 233 Kodeksu Karnego o odpowiedzialno\u015bci karnej za podanie danych niezgodnych z rzeczywisto\u015bci\u0105. Start zawodnika w zawodach jest r\u00f3wnoznaczny z wyra\u017ceniem przez niego zgody na stosowanie si\u0119 do zasad opisanych w niniejszym Regulaminie oraz \u015bwiadomo\u015bci swojego stanu zdrowia. Ka\u017cdy uczestnik cyklu i opiekun jest zobowi\u0105zany do jazdy na sprawnym rowerze w sztywnym kasku. Wyra\u017cam zgod\u0119 na start os\u00f3b niepe\u0142noletnich wymienionych w niniejszym dokumencie w zawodach Ojcowie na Start i bior\u0119 za nie odpowiedzialno\u015b\u0107. O\u015bwiadczam, \u017ce jestem ich prawnym Opiekunem. Zapozna\u0142em si\u0119 z regulaminem imprezy Ojcowie na Start w Mi\u0119dzylesiu, przyj\u0105\u0142em go do wiadomo\u015bci i b\u0119d\u0105 si\u0119 stosowa\u0107 do zasad w nim opisanych. \" Informacje ko\u0144cowe: Ka\u017cdy uczestnik wy\u015bcigu musi porusza\u0107 si\u0119 na samodzielnie nap\u0119dzanym rowerze przez ca\u0142\u0105 d\u0142ugo\u015b\u0107 trasy. Wszystkie dzieci musz\u0105 obowi\u0105zkowo jecha\u0107 w kasku. Za niepe\u0142noletnich uczestnik\u00f3w zawod\u00f3w oraz za wszystkie szkody przez nich wyrz\u0105dzone odpowiadaj\u0105 rodzice lub prawni opiekunowie. Wszystkie kwestie sporne i nie uj\u0119te w regulaminie rozstrzyga organizator. Op\u0142aty: Udzia\u0142 w wy\u015bcigu jest bezp\u0142atny.","protected":false},"featured_media":28779,"template":"","tags":[],"am_event_categories":[105,73,64],"class_list":["post-38403","am_event","type-am_event","status-publish","has-post-thumbnail","hentry","am_venues-miedzylesie","am_event_categories-kolarstwo","am_event_categories-mtb","am_event_categories-zapisy-on-line"],"acf":[],"aioseo_notices":[],"am_startdate":"2024-05-25 10:00:00","am_enddate":"2024-05-25 10:00:00","_links":{"self":[{"href":"https:\/\/sport-timing.pl\/pomiar-czasu\/wp-json\/wp\/v2\/am_events\/38403","targetHints":{"allow":["GET"]}}],"collection":[{"href":"https:\/\/sport-timing.pl\/pomiar-czasu\/wp-json\/wp\/v2\/am_events"}],"about":[{"href":"https:\/\/sport-timing.pl\/pomiar-czasu\/wp-json\/wp\/v2\/types\/am_event"}],"version-history":[{"count":1,"href":"https:\/\/sport-timing.pl\/pomiar-czasu\/wp-json\/wp\/v2\/am_events\/38403\/revisions"}],"predecessor-version":[{"id":38404,"href":"https:\/\/sport-timing.pl\/pomiar-czasu\/wp-json\/wp\/v2\/am_events\/38403\/revisions\/38404"}],"wp:featuredmedia":[{"embeddable":true,"href":"https:\/\/sport-timing.pl\/pomiar-czasu\/wp-json\/wp\/v2\/media\/28779"}],"wp:attachment":[{"href":"https:\/\/sport-timing.pl\/pomiar-czasu\/wp-json\/wp\/v2\/media?parent=38403"}],"wp:term":[{"taxonomy":"post_tag","embeddable":true,"href":"https:\/\/sport-timing.pl\/pomiar-czasu\/wp-json\/wp\/v2\/tags?post=38403"},{"taxonomy":"am_event_categories","embeddable":true,"href":"https:\/\/sport-timing.pl\/pomiar-czasu\/wp-json\/wp\/v2\/am_event_categories?post=38403"}],"curies":[{"name":"wp","href":"https:\/\/api.w.org\/{rel}","templated":true}]}}