




{"id":37257,"date":"2023-09-15T13:04:19","date_gmt":"2023-09-15T11:04:19","guid":{"rendered":"https:\/\/sport-timing.pl\/pomiar-czasu\/?post_type=am_event&#038;p=37257"},"modified":"2023-09-15T13:07:34","modified_gmt":"2023-09-15T11:07:34","slug":"xxvii-jazz-camping-kalatowki","status":"publish","type":"am_event","link":"https:\/\/sport-timing.pl\/pomiar-czasu\/wydarzenie\/xxvii-jazz-camping-kalatowki\/","title":{"rendered":"XXVII Jazz Camping Kalat\u00f3wki"},"content":{"rendered":"<div class=\"wpb-content-wrapper\"><p><div class=\"vc_row wpb_row vc_row-fluid event-header\"><div class=\"wpb_column vc_column_container vc_col-sm-12\"><div class=\"vc_column-inner\"><div class=\"wpb_wrapper\">\n\t<div class=\"wpb_text_column wpb_content_element\" >\n\t\t<div class=\"wpb_wrapper\">\n\t\t\t<h3>XXVII Jazz Camping Kalat\u00f3wki<\/h3>\n<p class=\"v1MsoNormal\"><b>Od 25 wrze\u015bnia topowi muzycy jazzowi przenios\u0105 si\u0119 na tydzie\u0144 do Hotelu G\u00f3rskiego Kalat\u00f3wki, gdzie odb\u0119dzie si\u0119 XXVII edycja Jazz Camping Kalat\u00f3wki. W programie codzienne jam sessions, wsp\u00f3lne granie z kapel\u0105 g\u00f3rsk\u0105 oraz koncert pami\u0119ci Zbigniewa Namys\u0142owskiego \u201eW to mi graj&#8221;.\u00a0<\/b><\/p>\n<p>Fanom jazzu oraz Zbigniewa Namys\u0142owskiego nie trzeba przedstawia\u0107 legendarnego wydarzenia muzycznego, odbywaj\u0105cego si\u0119 od 1959 roku na Kalat\u00f3wkach. XXVII edycja Jazz Camping Kalat\u00f3wki odb\u0119dzie si\u0119 w dniach 25 wrze\u015bnia \u2013 30 wrze\u015bnia. To drugi rok, kiedy dyrektorami artystycznymi wydarzenia s\u0105 dzieci saksofonisty jazzowego \u2013 Mary Rumi i Jacek Namys\u0142owski.<\/p>\n<p><strong>Program wydarzenia:<\/strong><\/p>\n<ul>\n<li>Poniedzia\u0142ek (25 wrze\u015bnia) \u2013 <b>Inauguracyjne jam session<\/b>, godz. 20:00<\/li>\n<li>Wtorek (26 wrze\u015bnia) \u2013 <b>Jazz i G\u00f3rale<\/b>, godz. 20:00<\/li>\n<li>\u015aroda (27 wrze\u015bnia) \u2013 <b>Jam session<\/b>, godz. 20:00<\/li>\n<li>Czwartek (28 wrze\u015bnia) \u2013 <b>\u201eW to mi graj&#8221; koncert pami\u0119ci Zbigniewa Namys\u0142owskiego<\/b>, godz. 20:00<\/li>\n<li>Pi\u0105tek (29 wrze\u015bnia) \u2013 <b>Jam session<\/b>, godz. 20:00<\/li>\n<li>Sobota (30 wrze\u015bnia) \u2013 <b>Koncert fina\u0142owy<\/b>, godz. 20:00<\/li>\n<\/ul>\n<p>Organizatorem XXVII edycji Jazz Camping Kalat\u00f3wki jest Stowarzyszenie Kalat\u00f3wki Art Wydarzenie jest obj\u0119te Honorowym Patronatem Burmistrza Miasta Zakopane.<\/p>\n<p><strong>CENA\/INFORMACJE<\/strong><\/p>\n<p>Informacje na temat imprezy: \u00a0608 326 030.<\/p>\n<p class=\"v1MsoNormal\">Wej\u015bci\u00f3wka poniedzia\u0142ek\/wtorek\/\u015broda\/czwartek\/pi\u0105tek \u2013\u00a0<b>50 z\u0142\/1 wej\u015bcie<\/b><\/p>\n<p class=\"v1MsoNormal\">Limit-\u00a0<b>100 sztuk\/dzie\u0144<\/b><\/p>\n<p class=\"v1MsoNormal\">Zamkni\u0119cie sprzeda\u017cy-\u00a0<b>ka\u017cdego dnia o\u00a0 18:30<\/b><\/p>\n<p class=\"v1MsoNormal\">Bilet wst\u0119pu na koncert fina\u0142owy- sobota, 30.09 godz. 20:00 &#8211; <b>cena 150 z\u0142\/bilet<\/b><\/p>\n<p><strong>Link do strony wydarzenia: <\/strong><strong><a href=\"https:\/\/kalatowki.pl\/imprezy.html\">https:\/\/kalatowki.pl\/imprezy.html<\/a><\/strong><\/p>\n<p><strong>Link Facebook: <\/strong><strong><a href=\"https:\/\/www.facebook.com\/kalatowki\">https:\/\/www.facebook.com\/kalatowki<\/a><\/strong><\/p>\n<p><strong>Link Instagram: <\/strong><strong><a href=\"https:\/\/www.instagram.com\/kalatowki\/\">@kalatowki<\/a><\/strong><\/p>\n<p>&nbsp;<\/p>\n<p class=\"v1MsoNormal\"><strong>Dodatkowe informacje<\/strong><\/p>\n<p class=\"v1MsoNormal\">Organizator Stowarzyszenie Kalat\u00f3wki Art, Hotel G\u00f3rski Kalat\u00f3wki<\/p>\n<p class=\"v1MsoNormal\">Patronat Burmistrza Miasta Zakopane<\/p>\n<p class=\"v1MsoNormal\">Partnerzy: Jacek Namys\u0142owski i Mary Rumi<\/p>\n<p class=\"v1MsoNormal\">Wsp\u00f3\u0142praca redakcyjna- RMF Classic<\/p>\n<p class=\"v1MsoNormal\">Patronat Medialny-\u00a0 Jazz Forum, Tygodnik Podhala\u0144ski, Radio Alex, Watra.pl, Ma\u0142opolskaOnline.pl, Podhale24.pl, Zakoplan.pl, Jazz Kultura, Jazz Press, Radio Jazz.FM, Jazz Television<\/p>\n\n\t\t<\/div>\n\t<\/div>\n<\/div><\/div><\/div><\/div><\/p>\n<\/div>","protected":false},"excerpt":{"rendered":"XXVII Jazz Camping Kalat\u00f3wki Od 25 wrze\u015bnia topowi muzycy jazzowi przenios\u0105 si\u0119 na tydzie\u0144 do Hotelu G\u00f3rskiego Kalat\u00f3wki, gdzie odb\u0119dzie si\u0119 XXVII edycja Jazz Camping Kalat\u00f3wki. W programie codzienne jam sessions, wsp\u00f3lne granie z kapel\u0105 g\u00f3rsk\u0105 oraz koncert pami\u0119ci Zbigniewa Namys\u0142owskiego \u201eW to mi graj\".\u00a0 Fanom jazzu oraz Zbigniewa Namys\u0142owskiego nie trzeba przedstawia\u0107 legendarnego wydarzenia muzycznego, odbywaj\u0105cego si\u0119 od 1959 roku na Kalat\u00f3wkach. XXVII edycja Jazz Camping Kalat\u00f3wki odb\u0119dzie si\u0119 w dniach 25 wrze\u015bnia \u2013 30 wrze\u015bnia. To drugi rok, kiedy dyrektorami artystycznymi wydarzenia s\u0105 dzieci saksofonisty jazzowego \u2013 Mary Rumi i Jacek Namys\u0142owski. Program wydarzenia: Poniedzia\u0142ek (25 wrze\u015bnia) \u2013 Inauguracyjne jam session, godz. 20:00 Wtorek (26 wrze\u015bnia) \u2013 Jazz i G\u00f3rale, godz. 20:00 \u015aroda (27 wrze\u015bnia) \u2013 Jam session, godz. 20:00 Czwartek (28 wrze\u015bnia) \u2013 \u201eW to mi graj\" koncert pami\u0119ci Zbigniewa Namys\u0142owskiego, godz. 20:00 Pi\u0105tek (29 wrze\u015bnia) \u2013 Jam session, godz. 20:00 Sobota (30 wrze\u015bnia) \u2013 Koncert fina\u0142owy, godz. 20:00 Organizatorem XXVII edycji Jazz Camping Kalat\u00f3wki jest Stowarzyszenie Kalat\u00f3wki Art Wydarzenie jest obj\u0119te Honorowym Patronatem Burmistrza Miasta Zakopane. CENA\/INFORMACJE Informacje na temat imprezy: \u00a0608 326 030. Wej\u015bci\u00f3wka poniedzia\u0142ek\/wtorek\/\u015broda\/czwartek\/pi\u0105tek \u2013\u00a050 z\u0142\/1 wej\u015bcie Limit-\u00a0100 sztuk\/dzie\u0144 Zamkni\u0119cie sprzeda\u017cy-\u00a0ka\u017cdego dnia o\u00a0 18:30 Bilet wst\u0119pu na koncert fina\u0142owy- sobota, 30.09 godz. 20:00 - cena 150 z\u0142\/bilet Link do strony wydarzenia: https:\/\/kalatowki.pl\/imprezy.html Link Facebook: https:\/\/www.facebook.com\/kalatowki Link Instagram: @kalatowki &nbsp; Dodatkowe informacje Organizator Stowarzyszenie Kalat\u00f3wki Art, Hotel G\u00f3rski Kalat\u00f3wki Patronat Burmistrza Miasta Zakopane Partnerzy: Jacek Namys\u0142owski i Mary Rumi Wsp\u00f3\u0142praca redakcyjna- RMF Classic Patronat Medialny-\u00a0 Jazz Forum, Tygodnik Podhala\u0144ski, Radio Alex, Watra.pl, Ma\u0142opolskaOnline.pl, Podhale24.pl, Zakoplan.pl, Jazz Kultura, Jazz Press, Radio Jazz.FM, Jazz Television","protected":false},"featured_media":0,"template":"","tags":[],"am_event_categories":[189,64],"class_list":["post-37257","am_event","type-am_event","status-publish","hentry","am_venues-hotel-gorski-kalatowki","am_event_categories-koncerty","am_event_categories-zapisy-on-line"],"acf":[],"aioseo_notices":[],"am_startdate":"2023-09-25 18:00:00","am_enddate":"2023-09-30 18:00:00","_links":{"self":[{"href":"https:\/\/sport-timing.pl\/pomiar-czasu\/wp-json\/wp\/v2\/am_events\/37257","targetHints":{"allow":["GET"]}}],"collection":[{"href":"https:\/\/sport-timing.pl\/pomiar-czasu\/wp-json\/wp\/v2\/am_events"}],"about":[{"href":"https:\/\/sport-timing.pl\/pomiar-czasu\/wp-json\/wp\/v2\/types\/am_event"}],"version-history":[{"count":1,"href":"https:\/\/sport-timing.pl\/pomiar-czasu\/wp-json\/wp\/v2\/am_events\/37257\/revisions"}],"predecessor-version":[{"id":37258,"href":"https:\/\/sport-timing.pl\/pomiar-czasu\/wp-json\/wp\/v2\/am_events\/37257\/revisions\/37258"}],"wp:attachment":[{"href":"https:\/\/sport-timing.pl\/pomiar-czasu\/wp-json\/wp\/v2\/media?parent=37257"}],"wp:term":[{"taxonomy":"post_tag","embeddable":true,"href":"https:\/\/sport-timing.pl\/pomiar-czasu\/wp-json\/wp\/v2\/tags?post=37257"},{"taxonomy":"am_event_categories","embeddable":true,"href":"https:\/\/sport-timing.pl\/pomiar-czasu\/wp-json\/wp\/v2\/am_event_categories?post=37257"}],"curies":[{"name":"wp","href":"https:\/\/api.w.org\/{rel}","templated":true}]}}