




{"id":36791,"date":"2023-06-18T12:07:10","date_gmt":"2023-06-18T10:07:10","guid":{"rendered":"https:\/\/sport-timing.pl\/pomiar-czasu\/?post_type=am_event&#038;p=36791"},"modified":"2023-07-08T21:44:30","modified_gmt":"2023-07-08T19:44:30","slug":"malopolska-hanbike-cup","status":"publish","type":"am_event","link":"https:\/\/sport-timing.pl\/pomiar-czasu\/wydarzenie\/malopolska-hanbike-cup\/","title":{"rendered":"Ma\u0142opolska Hanbike Cup"},"content":{"rendered":"<div class=\"wpb-content-wrapper\"><p><div class=\"vc_row wpb_row vc_row-fluid\"><div class=\"wpb_column vc_column_container vc_col-sm-12\"><div class=\"vc_column-inner\"><div class=\"wpb_wrapper\">\n\t<div class=\"wpb_raw_code wpb_raw_js\" >\n\t\t<div class=\"wpb_wrapper\">\n\t\t\t<script type=\"text\/javascript\"> \n$( \".weather-box\" ).insertAfter( $( \".event-card\" ) );\n\n <\/script>\n\t\t<\/div>\n\t<\/div>\n<\/div><\/div><\/div><\/div><div class=\"vc_row wpb_row vc_row-fluid\"><div class=\"wpb_column vc_column_container vc_col-sm-3\"><div class=\"vc_column-inner\"><div class=\"wpb_wrapper\"><div class=\"vc_btn3-container vc_btn3-left vc_do_btn\" ><a class=\"vc_general vc_btn3 vc_btn3-size-md vc_btn3-shape-rounded vc_btn3-style-classic vc_btn3-color-danger\" href=\"https:\/\/sport-timing.pl\/pomiar-czasu\/content\/uploads\/2023\/06\/Zal.01.-Program-imprezy-04-1.pdf\" title=\"\" target=\"_blank\">Za\u0142.01. Program imprezy 04<\/a><\/div><div class=\"vc_btn3-container vc_btn3-left vc_do_btn\" ><a class=\"vc_general vc_btn3 vc_btn3-size-md vc_btn3-shape-rounded vc_btn3-style-classic vc_btn3-color-danger\" href=\"https:\/\/sport-timing.pl\/pomiar-czasu\/content\/uploads\/2023\/06\/Zal.03.-Regulamin-02.pdf\" title=\"\" target=\"_blank\">Za\u0142.03. Regulamin 02<\/a><\/div><\/div><\/div><\/div><div class=\"regulamin wpb_column vc_column_container vc_col-sm-6\"><div class=\"vc_column-inner\"><div class=\"wpb_wrapper\">\n\t<div class=\"wpb_text_column wpb_content_element\" >\n\t\t<div class=\"wpb_wrapper\">\n\t\t\t<p><strong>Za\u0142. 3. REGULAMIN<\/strong><\/p>\n<p><strong>Ma\u0142opolska Hanbike Cup<\/strong><\/p>\n<p><strong>07-09.07.2023 r.<\/strong><\/p>\n<p>1.\u00a0\u00a0\u00a0\u00a0\u00a0\u00a0\u00a0\u00a0\u00a0 CEL ZAWOD\u00d3W<\/p>\n<p>1.1.\u00a0\u00a0\u00a0\u00a0\u00a0 Popularyzacja parakolarstwa szosowego, uprawiania sportu wyczynowego, propagowanie kultury fizycznej i zdrowego stylu \u017cycia w\u015br\u00f3d os\u00f3b z\u00a0niepe\u0142nosprawno\u015bciami.<\/p>\n<p>2.\u00a0\u00a0\u00a0\u00a0\u00a0\u00a0\u00a0\u00a0\u00a0 ORGANIZATOR<\/p>\n<p>2.1.\u00a0\u00a0\u00a0\u00a0\u00a0 Organizatorem zawod\u00f3w jest:<\/p>\n<ul>\n<li>Stowarzyszenie Veloaktiv, Kazimierza Cha\u0142upnika 12F \/ 2, 31-464 Krak\u00f3w.<\/li>\n<\/ul>\n<p>2.2.\u00a0\u00a0\u00a0\u00a0\u00a0 Dyrektorem wy\u015bcigu jest Marcin Piekie\u0142ek.<\/p>\n<p>3.\u00a0\u00a0\u00a0\u00a0\u00a0\u00a0\u00a0\u00a0\u00a0 TERMIN I MIEJSCE REALIZACJI ZAWOD\u00d3W:<\/p>\n<p>3.1.\u00a0\u00a0\u00a0\u00a0\u00a0 Termin zawod\u00f3w: 07 \u201309.07.2023 r.<\/p>\n<p>3.2.\u00a0\u00a0\u00a0\u00a0\u00a0 Miejsce zawod\u00f3w: R\u0105czna, gmina Liszki, wojew\u00f3dztwo ma\u0142opolskie.<\/p>\n<p>3.3.\u00a0\u00a0\u00a0\u00a0\u00a0 Zakwaterowanie:<\/p>\n<ul>\n<li>Hotel Fero Express, ul. Boles\u0142awa \u015amia\u0142ego 60, 30-398 Krak\u00f3w, tel. +48 23900900.<\/li>\n<\/ul>\n<p>3.4.\u00a0\u00a0\u00a0\u00a0\u00a0 Biuro zawod\u00f3w w dniu 07.07.2023 r.: Hotel Fero Express.<\/p>\n<p>3.5.\u00a0\u00a0\u00a0\u00a0\u00a0 Biuro zawod\u00f3w w dniu 08-09.07.2023 r.: miejsce startu \u2013 R\u0105czna, gmina Liszki.<\/p>\n<p>4.\u00a0\u00a0\u00a0\u00a0\u00a0\u00a0\u00a0\u00a0\u00a0 UCZESTNICY<\/p>\n<p>4.1.\u00a0\u00a0\u00a0\u00a0\u00a0 Prawo startu w zawodach maja\u0328 osoby niepe\u0142nosprawne z aktualnym orzeczeniem o\u00a0niepe\u0142nosprawno\u015bci.<\/p>\n<p>4.2.\u00a0\u00a0\u00a0\u00a0\u00a0 Dopuszcza si\u0119 do startu zawodnik\u00f3w ze schorzeniami narz\u0105du ruchu.<\/p>\n<p>4.3.\u00a0\u00a0\u00a0\u00a0\u00a0 Zawodnicy powinni posiada\u0107\u0301 wa\u017cne badania lekarsko \u2013 sportowe dopuszczaj\u0105ce do\u00a0startu w zawodach.<\/p>\n<p>5.\u00a0\u00a0\u00a0\u00a0\u00a0\u00a0\u00a0\u00a0\u00a0 ZG\u0141OSZENIA<\/p>\n<p>5.1.\u00a0\u00a0\u00a0\u00a0\u00a0 Zg\u0142oszenia zawodnik\u00f3w oraz os\u00f3b towarzysz\u0105cych (pobyt os\u00f3b towarzysz\u0105cych na koszt zawodnika) nale\u017cy dokonywa\u0107 na stronie internetowej: <a href=\"https:\/\/sport-timing.pl\/\">https:\/\/sport-timing.pl\/<\/a> do dnia 01.07.2023 r.<\/p>\n<p>5.2.\u00a0\u00a0\u00a0\u00a0\u00a0 Zg\u0142oszenia przyjmowane b\u0119d\u0105\u0328 na podstawie poprawnie uzupe\u0142nionego formularza zg\u0142oszeniowego, zg\u0142oszenia niekompletne nie b\u0119d\u0105\u0328 brane pod uwag\u0119.<\/p>\n<p>5.3.\u00a0\u00a0\u00a0\u00a0\u00a0 W zg\u0142oszeniu nale\u017cy bezwzgl\u0119dnie zaznaczy\u0107\u0301, \u017ce uczestnik zawod\u00f3w porusza si\u0119\u00a0na\u00a0w\u00f3zku inwalidzkim.<\/p>\n<p>5.4.\u00a0\u00a0\u00a0\u00a0\u00a0 Liczba miejsc do startu w zawodach jest ograniczona, decyduje kolejno\u015b\u0107\u0301 zg\u0142osze\u0144 (max 80 os\u00f3b).<\/p>\n<p>5.5.\u00a0\u00a0\u00a0\u00a0\u00a0 Osoby towarzysz\u0105ce oraz zawodnicy, kt\u00f3rzy zostan\u0105\u0328 zg\u0142oszeni, a nie zjawi\u0105 si\u0119\u00a0na\u00a0zawodach bez uprzedzenia do dnia 01.07.2023 r. mog\u0105\u0328 zosta\u0107 obci\u0105\u017ceni kosztami, jakie ponosi organizator zwi\u0105zanymi z nieobecno\u015bci\u0105\u0328 w\/w os\u00f3b. W\u00a0przypadkach po 01.07.2023 r. sprawy b\u0119d\u0105\u0328 rozpatrywane indywidualnie. Za\u00a0nieobecno\u015b\u0107\u0301 zawodnika b\u0119dzie odpowiada\u0142a osoba wysy\u0142aj\u0105ca zg\u0142oszenie\/klub\/zawodnik.<\/p>\n<p>5.6.\u00a0\u00a0\u00a0\u00a0\u00a0 Przy odbiorze pakietu startowego nale\u017cy przedstawi\u0107 aktualne orzeczenie o\u00a0niepe\u0142nosprawno\u015bci.<\/p>\n<p>6.\u00a0\u00a0\u00a0\u00a0\u00a0\u00a0\u00a0\u00a0\u00a0 KLASYFIKACJA<\/p>\n<p>6.1.\u00a0\u00a0\u00a0\u00a0\u00a0 Obowi\u0105zuje klasyfikacja startowa UCI i IPC.<\/p>\n<p>7.\u00a0\u00a0\u00a0\u00a0\u00a0\u00a0\u00a0\u00a0\u00a0 PRZEPISY<\/p>\n<p>7.1.\u00a0\u00a0\u00a0\u00a0\u00a0 Wy\u015bcigi w parakolarstwie szosowym rozgrywane b\u0119d\u0105\u0328 zgodnie z przepisami PZKol. \/ UCI oraz niniejszym Regulaminem.<\/p>\n<p>7.2.\u00a0\u00a0\u00a0\u00a0\u00a0 Zwyci\u0119zc\u0105 ka\u017cdego z wy\u015bcig\u00f3w w poszczeg\u00f3lnych konkurencjach i kategoriach zostanie zawodnik, kt\u00f3ry pokona dystans w najkr\u00f3tszym czasie.<\/p>\n<p>7.3.\u00a0\u00a0\u00a0\u00a0\u00a0 Zawody zostan\u0105\u0328 przeprowadzone w jednej grupie z podzia\u0142em na kobiety i m\u0119\u017cczyzn:<\/p>\n<p>a)\u00a0\u00a0\u00a0\u00a0 je\u017cd\u017c\u0105cy na rowerach klasycznych (C1 \u2013 C5) i rowerach trzyko\u0142owoych (T1 \u2013 T2);<\/p>\n<p>b)\u00a0\u00a0\u00a0\u00a0 je\u017cd\u017c\u0105cy na tandemach (MB, WB);<\/p>\n<p>c)\u00a0\u00a0\u00a0\u00a0 je\u017cd\u017c\u0105cy na siedz\u0105co \u2013 rowery r\u0119czne \u2013 handbike (H1 \u2013 H5).<\/p>\n<p>Uwaga:<\/p>\n<ul>\n<li>oznaczenie grup m\u0119\u017cczyzn: MC1 \u2013 MC5, MH1 \u2013 MH5, MB;<\/li>\n<li>oznaczenie grup kobiet: WC1 \u2013 WC5 i WH1 \u2013 WH5.<\/li>\n<\/ul>\n<p>7.4.\u00a0\u00a0\u00a0\u00a0\u00a0 Konkurencje:<\/p>\n<ol start=\"8\">\n<li>jazda indywidualna na czas (08.07.2023 r.);<\/li>\n<li>wy\u015bcig ze startu wsp\u00f3lnego (09.07.2023 r.).<\/li>\n<\/ol>\n<p>7.5.\u00a0\u00a0\u00a0\u00a0\u00a0 Do przeprowadzenia w danej grupie startowej zawod\u00f3w konieczna jest obecno\u015b\u0107\u0301, co\u00a0najmniej 5 zawodnik\u00f3w \/ zawodniczek. W przypadku mniejszej liczby zg\u0142osze\u0144 w\u00a0danej grupie startowej, zastosowane zostanie \u0142\u0105czenie grup do wy\u017cszych. W\u00a0szczeg\u00f3lnych przypadkach decyduje Dyrektor Wy\u015bcigu podczas odprawy technicznej.<\/p>\n<p>7.6.\u00a0\u00a0\u00a0\u00a0\u00a0 Zawodnicy, kt\u00f3rzy b\u0119d\u0105 mieli strat\u0119 do pierwszego zawodnika w swojej kategorii 2 okr\u0105\u017cenia b\u0119d\u0105 \u015bcigani z trasy.<\/p>\n<p>7.7.\u00a0\u00a0\u00a0\u00a0\u00a0 Zawodnicy obowi\u0105zkowo w zawodach musza\u0328 stosowa\u0107 kaski rowerowe.<\/p>\n<p>7.8.\u00a0\u00a0\u00a0\u00a0\u00a0 Uczestnicy zobowi\u0105zani s\u0105\u0328 do przestrzegania zasad okre\u015blonych w regulaminie zawod\u00f3w, poruszania si\u0119 prawa\u0328 po\u0142owa\u0328 jezdni lub prawym pasem ruchu, wykonywania manewr\u00f3w z zachowaniem szczeg\u00f3lnej ostro\u017cno\u015bci, umo\u017cliwiaj\u0105c swobodny przejazd pozosta\u0142ym zawodnikom poruszaj\u0105cym si\u0119 z wi\u0119ksza\u0328 pr\u0119dko\u015bci\u0105\u0328.<\/p>\n<p>7.9.\u00a0\u00a0\u00a0\u00a0\u00a0 Zawodnicy z grupy H w trakcie treningu rozgrzewaj\u0105cego oraz ogl\u0105dania trasy zobowi\u0105zani s\u0105\u0328 do przemieszczania si\u0119 z chor\u0105giewka\u0328.<\/p>\n<p>7.10.\u00a0\u00a0 Uczestnicy wy\u015bcigu posiadaj\u0105\u0328 pierwsze\u0144stwo przejazdu w miejscach nadzorowanych i\u00a0kierowanych przez Policj\u0119, w pozosta\u0142ych miejscach przejazd odbywa\u0142 si\u0119 b\u0119dzie w\u00a0oparciu o przepisy Ustawy z dnia 20 czerwca 1997 roku Prawo o ruchu drogowym (tekst jednolity DZ. U. nr 58 z 2003 roku poz. 515 z p\u00f3z\u0301n. zmianami).<\/p>\n<p>7.11.\u00a0\u00a0 Organizator zapewnia ubezpieczenie NW zawodnik\u00f3w i jest ubezpieczony od Odpowiedzialno\u015bci Cywilnej. Sprz\u0119t sportowy musi by\u0107\u0301 ubezpieczony we w\u0142asnym zakresie.<\/p>\n<p>7.12.\u00a0\u00a0 Komisj\u0119 s\u0119dziowsk\u0105 powo\u0142uje organizator imprezy.<\/p>\n<p>7.13.\u00a0\u00a0 Ka\u017cdy zawodnik bierze udzia\u0142 w wy\u015bcigu na w\u0142asn\u0105 odpowiedzialno\u015b\u0107 i zobowi\u0105zany jest do przestrzegania regulaminu wy\u015bcigu.<\/p>\n<p>7.14.\u00a0\u00a0 Organizator nie ponosi odpowiedzialno\u015bci za spowodowane z winy uczestnika wypadki oraz zagubione podczas imprezy rzeczy.<\/p>\n<p>7.15.\u00a0\u00a0 Zawodnicy s\u0105 bezwzgl\u0119dnie zobowi\u0105zani do:<\/p>\n<ul>\n<li>przestrzegania zapis\u00f3w niniejszego regulaminu, przepis\u00f3w PZKol oraz przepis\u00f3w antydopingowych POLADA;<\/li>\n<li>podporz\u0105dkowania si\u0119 zaleceniom s\u0142u\u017cb porz\u0105dkowych i organizator\u00f3w wy\u015bcigu;<\/li>\n<li>podporz\u0105dkowania si\u0119 normom bezpiecze\u0144stwa obowi\u0105zuj\u0105cym podczas imprez sportowo \u2013 rekreacyjnych.<\/li>\n<\/ul>\n<p>7.16.\u00a0\u00a0 W sprawach nie obj\u0119tych regulaminem decyduj\u0105 wsp\u00f3lnie: Organizator i S\u0119dzia G\u0142\u00f3wny.<\/p>\n<p>7.17.\u00a0\u00a0 Zawody s\u0105 jedn\u0105 z trzech imprez z cyklu Pucharu Polski. Punktacja dla cyklu Pucharu Polski stanowi osobny regulamin.<\/p>\n<p>8.\u00a0\u00a0\u00a0\u00a0\u00a0\u00a0\u00a0\u00a0\u00a0 WARUNKI UCZESTNICTWA Z UWAGI NA STAN ZAGRO\u017bENIA EPIDEMICZNEGO<\/p>\n<p>8.1.\u00a0\u00a0\u00a0\u00a0\u00a0 Uczestnik Ma\u0142opolskiego Wy\u015bcigu Parakolarskiego zobowi\u0105zany jest do przestrzegania zapis\u00f3w ustawy z dnia 31.03.2020. poz. 568 z p\u00f3\u017aniejszymi zmianami dotycz\u0105cej zapobiegania rozprzestrzeniania si\u0119 Covid-19.<\/p>\n<p>8.2.\u00a0\u00a0\u00a0\u00a0\u00a0 Zabrania si\u0119 udzia\u0142u w Wy\u015bcigu osobie chorej na Covid -19 lub wykazuj\u0105cej symptomy zaka\u017cenia wirusem SARS-CoV-2, takie jak: gor\u0105czka, kaszel, duszno\u015bci, b\u00f3le mi\u0119\u015bni, b\u00f3l gard\u0142a i katar, biegunka i b\u00f3l brzucha, wymioty, pogorszenie smaku i\/lub w\u0119chu.<\/p>\n<p>8.3.\u00a0\u00a0\u00a0\u00a0\u00a0 Uczestnik Wy\u015bcigu przyjmuje do wiadomo\u015bci, \u017ce uczestnictwo w imprezie masowej wi\u0105\u017ce si\u0119 z ryzykiem zachorowania na Covid -19 i zwalnia Organizatora ze wszelkiej odpowiedzialno\u015bci z tego tytu\u0142u.<\/p>\n<p>8.4.\u00a0\u00a0\u00a0\u00a0\u00a0 Uczestnik Wy\u015bcigu zobowi\u0105zany jest do zakrywania ust i nosa do czasu startu oraz do zachowania dystansu 1,5 metr\u00f3w (poza czasem wy\u015bcigu) od innego uczestnika zawod\u00f3w z wy\u0142\u0105czeniem rodzin i os\u00f3b pozostaj\u0105cych we wsp\u00f3lnym po\u017cyciu.<\/p>\n<p>8.5.\u00a0\u00a0\u00a0\u00a0\u00a0 Organizator przygotuje specjalne punkty, gdzie b\u0119dzie mo\u017cna dezynfekowa\u0107 d\u0142onie. Zaleca si\u0119 wykonanie dezynfekcji d\u0142oni po przyj\u015bciu na teren wydarzenia oraz przed odbiorem pakietu startowego i pojawieniem si\u0119 na linii startu, a tak\u017ce wtedy, gdy Zawodnik uwa\u017ca, \u017ce jest to konieczne.<\/p>\n<p>9.\u00a0\u00a0\u00a0\u00a0\u00a0\u00a0\u00a0\u00a0\u00a0 KONKURENCJE<\/p>\n<p>Trasa obu wy\u015bcig\u00f3w wy\u015bcigu odb\u0119dzie si\u0119 na p\u0119tli o d\u0142ugo\u015bci ok. 7,0 km (przewy\u017cszenie ok. 70 m).<\/p>\n<p>9.1.\u00a0\u00a0\u00a0\u00a0\u00a0 Wy\u015bcig ze startu wsp\u00f3lnego odb\u0119dzie si\u0119 na nast\u0119puj\u0105cych dystansach dla kategorii:<\/p>\n<ul>\n<li>WH1 \u2013 WH2 na dystansie 3\u00d77 km=21 km;<\/li>\n<li>MH1 \u2013 MH2 na dystansie 3\u00d77 km=21 km;<\/li>\n<li>WH3 \u2013 WH5 na dystansie 4\u00d77 km=28 km;<\/li>\n<li>MH3 \u2013 MH5 na dystansie 7\u00d77 km=49 km;<\/li>\n<li>MB \u2013 WB na dystansie 7\u00d77 km=49 km;<\/li>\n<li>WC1 \u2013 WC5 na dystansie 4\u00d77 km=28 km;<\/li>\n<li>MC1 \u2013 MC2 na dystansie 3\u00d77 km=21 km;<\/li>\n<li>T1 \u2013 T2 na dystansie 3\u00d77 km=21 km;<\/li>\n<li>MC3 \u2013 MC5 na dystansie 7\u00d77 km=49 km.<\/li>\n<\/ul>\n<p>Liczba okr\u0105\u017ce\u0144 w danej grupie mo\u017ce ulec zmianie na odprawie technicznej.<\/p>\n<p>9.2.\u00a0\u00a0\u00a0\u00a0\u00a0 Indywidualna jazda na czas na dystansie 7 km dla wszystkich kategorii.<\/p>\n<p>Start zawodnik\u00f3w odbywa\u0107 b\u0119dzie si\u0119 w odst\u0119pie 1 min.<\/p>\n<p>Kolejno\u015b\u0107 startu:<\/p>\n<ul>\n<li>MB;<\/li>\n<li>WB;<\/li>\n<li>MC5 \u2013 MC1;<\/li>\n<li>MH5 \u2013 MH1,<\/li>\n<li>WH5 \u2013 WH1;<\/li>\n<li>WC5 \u2013 WC1;<\/li>\n<li>T1 \u2013 T2.<\/li>\n<\/ul>\n<p>10.\u00a0\u00a0\u00a0\u00a0\u00a0 NAGRODY<\/p>\n<p>10.1.\u00a0\u00a0 W klasyfikacji indywidualnej za pierwsze trzy miejsca przewidziane s\u0105 statuetki okoliczno\u015bciowe.<\/p>\n<p>11.\u00a0\u00a0\u00a0\u00a0\u00a0 ZASADY FINANSOWANIA<\/p>\n<p>11.1.\u00a0\u00a0 Koszty zwi\u0105zane z organizacja\u0328 i przeprowadzeniem Ma\u0142opolskiego Wy\u015bcigu Parakolarskiego pokrywa organizator ze \u015brodk\u00f3w Pa\u0144stwowego Funduszu Rehabilitacji Os\u00f3b Niepe\u0142nosprawnych.<\/p>\n<p>11.2.\u00a0\u00a0 Organizator zapewnia zakwaterowanie i wy\u017cywienie zawodnikom z aktualnym orzeczeniem o niepe\u0142nosprawno\u015bci.<\/p>\n<p>11.3.\u00a0\u00a0 Istnieje mo\u017cliwo\u015b\u0107 zakwaterowania i wy\u017cywienia dla trener\u00f3w, opiekun\u00f3w za dop\u0142ata\u0328 w wysoko\u015bci 250 PLN za dob\u0119, p\u0142atne w biurze zawod\u00f3w. Hotel wystawia rachunek.<\/p>\n<p>12.\u00a0\u00a0\u00a0\u00a0\u00a0 POSTANOWIENIA KON\u0301COWE<\/p>\n<p>12.1.\u00a0\u00a0 Za bezpiecze\u0144stwo podczas zawod\u00f3w odpowiedzialne s\u0105\u0328 osoby zabezpieczaj\u0105ce tras\u0119: Policja, Stra\u017c Po\u017carna, Pogotowie Ratunkowe, lekarz oraz kierownicy, trenerzy ekip oraz wolontariusze.<\/p>\n<p>12.2.\u00a0\u00a0 Na odprawie technicznej zostanie przedstawiony szczeg\u00f3\u0142owy program zawod\u00f3w.<\/p>\n<p>12.3.\u00a0\u00a0 W przypadku startu Wy\u015bcigu zawodnik\u00f3w, kt\u00f3rzy nie uko\u0144czyli 18 lat obowi\u0105zywa\u0107\u0301 b\u0119dzie aktualne badanie lekarskie oraz zgoda rodzic\u00f3w lub opiekun\u00f3w.<\/p>\n<p>12.4.\u00a0\u00a0 Przy sk\u0142adaniu protestu obowi\u0105zuje kaucja w wysoko\u015bci 500 z\u0142, protest sk\u0142ada\u0107\u0301 mo\u017cna do 15 minut po zako\u0144czeni udanego przejazdu.<\/p>\n<p>12.5.\u00a0\u00a0 Zawodnik wy\u015bcigu wyra\u017ca zgod\u0119 na publiczne og\u0142oszenie wynik\u00f3w imprezy (wy\u015bcigu) oraz na publiczne podanie jego danych osobowych w postaci imienia i nazwiska.<\/p>\n<p>12.6.\u00a0\u00a0 Zawodnik wyra\u017ca zgod\u0119 na rozpowszechnianie (w kontek\u015bcie udzia\u0142u w wy\u015bcigu) oraz korzystanie w celach informacyjnych, promocyjnych, marketingowych i reklamowych, z jego d\u00f3br osobistych (w szczeg\u00f3lno\u015bci imienia, nazwiska, wizerunku, g\u0142osu) przez Organizatora, jego sponsor\u00f3w oraz inne podmioty, kt\u00f3rym Organizator powierzy promowanie i reklamowanie imprezy.<\/p>\n<p>12.7.\u00a0\u00a0 Zawodnicy i zawodniczki wyra\u017caj\u0105\u0328 zgod\u0119 na przetwarzanie ich danych osobowych przez Biuro Organizatora zgodnie z ustawa\u0328 z dnia 10 maja 2018 r. o ochronie danych osobowych (Dz. U. 2018 poz. 1000).<\/p>\n<p>12.8.\u00a0\u00a0 Udzia\u0142 w zawodach oznacza akceptacj\u0119 na udzielanie i udost\u0119pnianie wizerunku oraz przetwarzanie danych osobowych przez:<\/p>\n<ul>\n<li>Stowarzyszenie Veloaktiv, Kazimierza Cha\u0142upnika 12F \/ 2, 31-464 Krak\u00f3w.<\/li>\n<\/ul>\n<p>oraz podmioty powi\u0105zane wsp\u00f3\u0142praca\u0328 przy organizacji Wy\u015bcigu.<\/p>\n<p>12.9.\u00a0\u00a0 Zg\u0142oszenie do zawod\u00f3w oznacza zapoznanie si\u0119 z regulaminem oraz jego akceptacj\u0119.<\/p>\n<p>12.10.\u00a0\u00a0\u00a0 Administratorem Pa\u0144stwa danych osobowych jest<\/p>\n<ul>\n<li>Stowarzyszenie Veloaktiv, Kazimierza Cha\u0142upnika 12F \/ 2, 31-464 Krak\u00f3w.<\/li>\n<\/ul>\n\n\t\t<\/div>\n\t<\/div>\n<\/div><\/div><\/div><div class=\"wpb_column vc_column_container vc_col-sm-3\"><div class=\"vc_column-inner\"><div class=\"wpb_wrapper\"><\/div><\/div><\/div><\/div><\/p>\n<\/div>","protected":false},"excerpt":{"rendered":"Za\u0142.01. Program imprezy 04Za\u0142.03. Regulamin 02 Za\u0142. 3. REGULAMIN Ma\u0142opolska Hanbike Cup 07-09.07.2023 r. 1.\u00a0\u00a0\u00a0\u00a0\u00a0\u00a0\u00a0\u00a0\u00a0 CEL ZAWOD\u00d3W 1.1.\u00a0\u00a0\u00a0\u00a0\u00a0 Popularyzacja parakolarstwa szosowego, uprawiania sportu wyczynowego, propagowanie kultury fizycznej i zdrowego stylu \u017cycia w\u015br\u00f3d os\u00f3b z\u00a0niepe\u0142nosprawno\u015bciami. 2.\u00a0\u00a0\u00a0\u00a0\u00a0\u00a0\u00a0\u00a0\u00a0 ORGANIZATOR 2.1.\u00a0\u00a0\u00a0\u00a0\u00a0 Organizatorem zawod\u00f3w jest: Stowarzyszenie Veloaktiv, Kazimierza Cha\u0142upnika 12F \/ 2, 31-464 Krak\u00f3w. 2.2.\u00a0\u00a0\u00a0\u00a0\u00a0 Dyrektorem wy\u015bcigu jest Marcin Piekie\u0142ek. 3.\u00a0\u00a0\u00a0\u00a0\u00a0\u00a0\u00a0\u00a0\u00a0 TERMIN I MIEJSCE REALIZACJI ZAWOD\u00d3W: 3.1.\u00a0\u00a0\u00a0\u00a0\u00a0 Termin zawod\u00f3w: 07 \u201309.07.2023 r. 3.2.\u00a0\u00a0\u00a0\u00a0\u00a0 Miejsce zawod\u00f3w: R\u0105czna, gmina Liszki, wojew\u00f3dztwo ma\u0142opolskie. 3.3.\u00a0\u00a0\u00a0\u00a0\u00a0 Zakwaterowanie: Hotel Fero Express, ul. Boles\u0142awa \u015amia\u0142ego 60, 30-398 Krak\u00f3w, tel. +48 23900900. 3.4.\u00a0\u00a0\u00a0\u00a0\u00a0 Biuro zawod\u00f3w w dniu 07.07.2023 r.: Hotel Fero Express. 3.5.\u00a0\u00a0\u00a0\u00a0\u00a0 Biuro zawod\u00f3w w dniu 08-09.07.2023 r.: miejsce startu \u2013 R\u0105czna, gmina Liszki. 4.\u00a0\u00a0\u00a0\u00a0\u00a0\u00a0\u00a0\u00a0\u00a0 UCZESTNICY 4.1.\u00a0\u00a0\u00a0\u00a0\u00a0 Prawo startu w zawodach maja\u0328 osoby niepe\u0142nosprawne z aktualnym orzeczeniem o\u00a0niepe\u0142nosprawno\u015bci. 4.2.\u00a0\u00a0\u00a0\u00a0\u00a0 Dopuszcza si\u0119 do startu zawodnik\u00f3w ze schorzeniami narz\u0105du ruchu. 4.3.\u00a0\u00a0\u00a0\u00a0\u00a0 Zawodnicy powinni posiada\u0107\u0301 wa\u017cne badania lekarsko \u2013 sportowe dopuszczaj\u0105ce do\u00a0startu w zawodach. 5.\u00a0\u00a0\u00a0\u00a0\u00a0\u00a0\u00a0\u00a0\u00a0 ZG\u0141OSZENIA 5.1.\u00a0\u00a0\u00a0\u00a0\u00a0 Zg\u0142oszenia zawodnik\u00f3w oraz os\u00f3b towarzysz\u0105cych (pobyt os\u00f3b towarzysz\u0105cych na koszt zawodnika) nale\u017cy dokonywa\u0107 na stronie internetowej: https:\/\/sport-timing.pl\/ do dnia 01.07.2023 r. 5.2.\u00a0\u00a0\u00a0\u00a0\u00a0 Zg\u0142oszenia przyjmowane b\u0119d\u0105\u0328 na podstawie poprawnie uzupe\u0142nionego formularza zg\u0142oszeniowego, zg\u0142oszenia niekompletne nie b\u0119d\u0105\u0328 brane pod uwag\u0119. 5.3.\u00a0\u00a0\u00a0\u00a0\u00a0 W zg\u0142oszeniu nale\u017cy bezwzgl\u0119dnie zaznaczy\u0107\u0301, \u017ce uczestnik zawod\u00f3w porusza si\u0119\u00a0na\u00a0w\u00f3zku inwalidzkim. 5.4.\u00a0\u00a0\u00a0\u00a0\u00a0 Liczba miejsc do startu w zawodach jest ograniczona, decyduje kolejno\u015b\u0107\u0301 zg\u0142osze\u0144 (max 80 os\u00f3b). 5.5.\u00a0\u00a0\u00a0\u00a0\u00a0 Osoby towarzysz\u0105ce oraz zawodnicy, kt\u00f3rzy zostan\u0105\u0328 zg\u0142oszeni, a nie zjawi\u0105 si\u0119\u00a0na\u00a0zawodach bez uprzedzenia do dnia 01.07.2023 r. mog\u0105\u0328 zosta\u0107 obci\u0105\u017ceni kosztami, jakie ponosi organizator zwi\u0105zanymi z nieobecno\u015bci\u0105\u0328 w\/w os\u00f3b. W\u00a0przypadkach po 01.07.2023 r. sprawy b\u0119d\u0105\u0328 rozpatrywane indywidualnie. Za\u00a0nieobecno\u015b\u0107\u0301 zawodnika b\u0119dzie odpowiada\u0142a osoba wysy\u0142aj\u0105ca zg\u0142oszenie\/klub\/zawodnik. 5.6.\u00a0\u00a0\u00a0\u00a0\u00a0 Przy odbiorze pakietu startowego nale\u017cy przedstawi\u0107 aktualne orzeczenie o\u00a0niepe\u0142nosprawno\u015bci. 6.\u00a0\u00a0\u00a0\u00a0\u00a0\u00a0\u00a0\u00a0\u00a0 KLASYFIKACJA 6.1.\u00a0\u00a0\u00a0\u00a0\u00a0 Obowi\u0105zuje klasyfikacja startowa UCI i IPC. 7.\u00a0\u00a0\u00a0\u00a0\u00a0\u00a0\u00a0\u00a0\u00a0 PRZEPISY 7.1.\u00a0\u00a0\u00a0\u00a0\u00a0 Wy\u015bcigi w parakolarstwie szosowym rozgrywane b\u0119d\u0105\u0328 zgodnie z przepisami PZKol. \/ UCI oraz niniejszym Regulaminem. 7.2.\u00a0\u00a0\u00a0\u00a0\u00a0 Zwyci\u0119zc\u0105 ka\u017cdego z wy\u015bcig\u00f3w w poszczeg\u00f3lnych konkurencjach i kategoriach zostanie zawodnik, kt\u00f3ry pokona dystans w najkr\u00f3tszym czasie. 7.3.\u00a0\u00a0\u00a0\u00a0\u00a0 Zawody zostan\u0105\u0328 przeprowadzone w jednej grupie z podzia\u0142em na kobiety i m\u0119\u017cczyzn: a)\u00a0\u00a0\u00a0\u00a0 je\u017cd\u017c\u0105cy na rowerach klasycznych (C1 \u2013 C5) i rowerach trzyko\u0142owoych (T1 \u2013 T2); b)\u00a0\u00a0\u00a0\u00a0 je\u017cd\u017c\u0105cy na tandemach (MB, WB); c)\u00a0\u00a0\u00a0\u00a0 je\u017cd\u017c\u0105cy na siedz\u0105co \u2013 rowery r\u0119czne \u2013 handbike (H1 \u2013 H5). Uwaga: oznaczenie grup m\u0119\u017cczyzn: MC1 \u2013 MC5, MH1 \u2013 MH5, MB; oznaczenie grup kobiet: WC1 \u2013 WC5 i WH1 \u2013 WH5. 7.4.\u00a0\u00a0\u00a0\u00a0\u00a0 Konkurencje: jazda indywidualna na czas (08.07.2023 r.); wy\u015bcig ze startu wsp\u00f3lnego (09.07.2023 r.). 7.5.\u00a0\u00a0\u00a0\u00a0\u00a0 Do przeprowadzenia w danej grupie startowej zawod\u00f3w konieczna jest obecno\u015b\u0107\u0301, co\u00a0najmniej 5 zawodnik\u00f3w \/ zawodniczek. W przypadku mniejszej liczby zg\u0142osze\u0144 w\u00a0danej grupie startowej, zastosowane zostanie \u0142\u0105czenie grup do wy\u017cszych. W\u00a0szczeg\u00f3lnych przypadkach decyduje Dyrektor Wy\u015bcigu podczas odprawy technicznej. 7.6.\u00a0\u00a0\u00a0\u00a0\u00a0 Zawodnicy, kt\u00f3rzy b\u0119d\u0105 mieli strat\u0119 do pierwszego zawodnika w swojej kategorii 2 okr\u0105\u017cenia b\u0119d\u0105 \u015bcigani z trasy. 7.7.\u00a0\u00a0\u00a0\u00a0\u00a0 Zawodnicy obowi\u0105zkowo w zawodach musza\u0328 stosowa\u0107 kaski rowerowe. 7.8.\u00a0\u00a0\u00a0\u00a0\u00a0 Uczestnicy zobowi\u0105zani s\u0105\u0328 do przestrzegania zasad okre\u015blonych w regulaminie zawod\u00f3w, poruszania si\u0119 prawa\u0328 po\u0142owa\u0328 jezdni lub prawym pasem ruchu, wykonywania manewr\u00f3w z zachowaniem szczeg\u00f3lnej ostro\u017cno\u015bci, umo\u017cliwiaj\u0105c swobodny przejazd pozosta\u0142ym zawodnikom poruszaj\u0105cym si\u0119 z wi\u0119ksza\u0328 pr\u0119dko\u015bci\u0105\u0328. 7.9.\u00a0\u00a0\u00a0\u00a0\u00a0 Zawodnicy z grupy H w trakcie treningu rozgrzewaj\u0105cego oraz ogl\u0105dania trasy zobowi\u0105zani s\u0105\u0328 do przemieszczania si\u0119 z chor\u0105giewka\u0328. 7.10.\u00a0\u00a0 Uczestnicy wy\u015bcigu posiadaj\u0105\u0328 pierwsze\u0144stwo przejazdu w miejscach nadzorowanych i\u00a0kierowanych przez Policj\u0119, w pozosta\u0142ych miejscach przejazd odbywa\u0142 si\u0119 b\u0119dzie w\u00a0oparciu o przepisy Ustawy z dnia 20 czerwca 1997 roku Prawo o ruchu drogowym (tekst jednolity DZ. U. nr 58 z 2003 roku poz. 515 z p\u00f3z\u0301n. zmianami). 7.11.\u00a0\u00a0 Organizator zapewnia ubezpieczenie NW zawodnik\u00f3w i jest ubezpieczony od Odpowiedzialno\u015bci Cywilnej. Sprz\u0119t sportowy musi by\u0107\u0301 ubezpieczony we w\u0142asnym zakresie. 7.12.\u00a0\u00a0 Komisj\u0119 s\u0119dziowsk\u0105 powo\u0142uje organizator imprezy. 7.13.\u00a0\u00a0 Ka\u017cdy zawodnik bierze udzia\u0142 w wy\u015bcigu na w\u0142asn\u0105 odpowiedzialno\u015b\u0107 i zobowi\u0105zany jest do przestrzegania regulaminu wy\u015bcigu. 7.14.\u00a0\u00a0 Organizator nie ponosi odpowiedzialno\u015bci za spowodowane z winy uczestnika wypadki oraz zagubione podczas imprezy rzeczy. 7.15.\u00a0\u00a0 Zawodnicy s\u0105 bezwzgl\u0119dnie zobowi\u0105zani do: przestrzegania zapis\u00f3w niniejszego regulaminu, przepis\u00f3w PZKol oraz przepis\u00f3w antydopingowych POLADA; podporz\u0105dkowania si\u0119 zaleceniom s\u0142u\u017cb porz\u0105dkowych i organizator\u00f3w wy\u015bcigu; podporz\u0105dkowania si\u0119 normom bezpiecze\u0144stwa obowi\u0105zuj\u0105cym podczas imprez sportowo \u2013 rekreacyjnych. 7.16.\u00a0\u00a0 W sprawach nie obj\u0119tych regulaminem decyduj\u0105 wsp\u00f3lnie: Organizator i S\u0119dzia G\u0142\u00f3wny. 7.17.\u00a0\u00a0 Zawody s\u0105 jedn\u0105 z trzech imprez z cyklu Pucharu Polski. Punktacja dla cyklu Pucharu Polski stanowi osobny regulamin. 8.\u00a0\u00a0\u00a0\u00a0\u00a0\u00a0\u00a0\u00a0\u00a0 WARUNKI UCZESTNICTWA Z UWAGI NA STAN ZAGRO\u017bENIA EPIDEMICZNEGO 8.1.\u00a0\u00a0\u00a0\u00a0\u00a0 Uczestnik Ma\u0142opolskiego Wy\u015bcigu Parakolarskiego zobowi\u0105zany jest do przestrzegania zapis\u00f3w ustawy z dnia 31.03.2020. poz. 568 z p\u00f3\u017aniejszymi zmianami dotycz\u0105cej zapobiegania rozprzestrzeniania si\u0119 Covid-19. 8.2.\u00a0\u00a0\u00a0\u00a0\u00a0 Zabrania si\u0119 udzia\u0142u w Wy\u015bcigu osobie chorej na Covid -19 lub wykazuj\u0105cej symptomy zaka\u017cenia wirusem SARS-CoV-2, takie jak: gor\u0105czka, kaszel, duszno\u015bci, b\u00f3le mi\u0119\u015bni, b\u00f3l gard\u0142a i katar, biegunka i b\u00f3l brzucha, wymioty, pogorszenie smaku i\/lub w\u0119chu. 8.3.\u00a0\u00a0\u00a0\u00a0\u00a0 Uczestnik Wy\u015bcigu przyjmuje do wiadomo\u015bci, \u017ce uczestnictwo w imprezie masowej wi\u0105\u017ce si\u0119 z ryzykiem zachorowania na Covid -19 i zwalnia Organizatora ze wszelkiej odpowiedzialno\u015bci z tego tytu\u0142u. 8.4.\u00a0\u00a0\u00a0\u00a0\u00a0 Uczestnik Wy\u015bcigu zobowi\u0105zany jest do zakrywania ust i nosa do czasu startu oraz do zachowania dystansu 1,5 metr\u00f3w (poza czasem wy\u015bcigu) od innego uczestnika zawod\u00f3w z wy\u0142\u0105czeniem rodzin i os\u00f3b pozostaj\u0105cych we wsp\u00f3lnym po\u017cyciu. 8.5.\u00a0\u00a0\u00a0\u00a0\u00a0 Organizator przygotuje specjalne punkty, gdzie b\u0119dzie mo\u017cna dezynfekowa\u0107 d\u0142onie. Zaleca si\u0119 wykonanie dezynfekcji d\u0142oni po przyj\u015bciu na teren wydarzenia oraz przed odbiorem pakietu startowego i pojawieniem si\u0119 na linii startu, a tak\u017ce wtedy, gdy Zawodnik uwa\u017ca, \u017ce jest to konieczne. 9.\u00a0\u00a0\u00a0\u00a0\u00a0\u00a0\u00a0\u00a0\u00a0 KONKURENCJE Trasa obu wy\u015bcig\u00f3w wy\u015bcigu odb\u0119dzie si\u0119 na p\u0119tli o d\u0142ugo\u015bci ok. 7,0 km (przewy\u017cszenie ok. 70 m). 9.1.\u00a0\u00a0\u00a0\u00a0\u00a0 Wy\u015bcig ze startu wsp\u00f3lnego odb\u0119dzie si\u0119 na nast\u0119puj\u0105cych dystansach dla kategorii: WH1 \u2013 WH2 na dystansie 3\u00d77 km=21 km; MH1 \u2013 MH2 na dystansie 3\u00d77 km=21 km; WH3 \u2013 WH5 na dystansie 4\u00d77 km=28 km; MH3 \u2013 MH5 na dystansie 7\u00d77 km=49 km; MB \u2013 WB na dystansie 7\u00d77 km=49 km; WC1 \u2013 WC5 na dystansie 4\u00d77 km=28 km; MC1 \u2013 MC2 na dystansie 3\u00d77 km=21 km; T1 \u2013 T2 na dystansie 3\u00d77 km=21 km; MC3 \u2013 MC5 na dystansie 7\u00d77 km=49 km. Liczba okr\u0105\u017ce\u0144 w danej grupie mo\u017ce ulec zmianie na odprawie technicznej. 9.2.\u00a0\u00a0\u00a0\u00a0\u00a0 Indywidualna jazda na czas na dystansie 7 km dla wszystkich kategorii. Start zawodnik\u00f3w odbywa\u0107 b\u0119dzie si\u0119 w odst\u0119pie 1 min. Kolejno\u015b\u0107 startu: MB; [...]","protected":false},"featured_media":0,"template":"","tags":[],"am_event_categories":[144,64],"class_list":["post-36791","am_event","type-am_event","status-publish","hentry","am_venues-raczna","am_event_categories-rower","am_event_categories-zapisy-on-line"],"acf":[],"aioseo_notices":[],"am_startdate":"2023-07-07 09:00:00","am_enddate":"2023-07-09 09:00:00","_links":{"self":[{"href":"https:\/\/sport-timing.pl\/pomiar-czasu\/wp-json\/wp\/v2\/am_events\/36791","targetHints":{"allow":["GET"]}}],"collection":[{"href":"https:\/\/sport-timing.pl\/pomiar-czasu\/wp-json\/wp\/v2\/am_events"}],"about":[{"href":"https:\/\/sport-timing.pl\/pomiar-czasu\/wp-json\/wp\/v2\/types\/am_event"}],"version-history":[{"count":1,"href":"https:\/\/sport-timing.pl\/pomiar-czasu\/wp-json\/wp\/v2\/am_events\/36791\/revisions"}],"predecessor-version":[{"id":36795,"href":"https:\/\/sport-timing.pl\/pomiar-czasu\/wp-json\/wp\/v2\/am_events\/36791\/revisions\/36795"}],"wp:attachment":[{"href":"https:\/\/sport-timing.pl\/pomiar-czasu\/wp-json\/wp\/v2\/media?parent=36791"}],"wp:term":[{"taxonomy":"post_tag","embeddable":true,"href":"https:\/\/sport-timing.pl\/pomiar-czasu\/wp-json\/wp\/v2\/tags?post=36791"},{"taxonomy":"am_event_categories","embeddable":true,"href":"https:\/\/sport-timing.pl\/pomiar-czasu\/wp-json\/wp\/v2\/am_event_categories?post=36791"}],"curies":[{"name":"wp","href":"https:\/\/api.w.org\/{rel}","templated":true}]}}