




{"id":36707,"date":"2023-05-23T21:47:57","date_gmt":"2023-05-23T19:47:57","guid":{"rendered":"https:\/\/sport-timing.pl\/pomiar-czasu\/?post_type=am_event&#038;p=36707"},"modified":"2023-09-15T12:25:40","modified_gmt":"2023-09-15T10:25:40","slug":"iv-bieg-sulkowicki","status":"publish","type":"am_event","link":"https:\/\/sport-timing.pl\/pomiar-czasu\/wydarzenie\/iv-bieg-sulkowicki\/","title":{"rendered":"IV Bieg Su\u0142kowicki"},"content":{"rendered":"<div class=\"wpb-content-wrapper\"><p><div class=\"vc_row wpb_row vc_row-fluid event-info\"><div class=\"wpb_column vc_column_container vc_col-sm-6\"><div class=\"vc_column-inner\"><div class=\"wpb_wrapper\"><div class=\"vc_btn3-container vc_btn3-inline vc_do_btn\" ><a class=\"vc_general vc_btn3 vc_btn3-size-md vc_btn3-shape-rounded vc_btn3-style-3d vc_btn3-color-success\" href=\"http:\/\/biegsulkowicki.pl\/\" title=\"\" target=\"_blank\">STRONA WYDARZENIA<\/a><\/div><div class=\"vc_btn3-container vc_btn3-inline vc_do_btn\" ><a class=\"vc_general vc_btn3 vc_btn3-size-md vc_btn3-shape-rounded vc_btn3-style-3d vc_btn3-color-warning\" href=\"http:\/\/biegsulkowicki.pl\/kontakt\/\" title=\"\" target=\"_blank\">ORGANIZATOR<\/a><\/div><div class=\"vc_btn3-container vc_btn3-inline vc_do_btn\" ><a class=\"vc_general vc_btn3 vc_btn3-size-md vc_btn3-shape-rounded vc_btn3-style-3d vc_btn3-color-primary\" href=\"https:\/\/www.facebook.com\/BiegSulkowicki\/\" title=\"\" target=\"_blank\">FACEBOOK<\/a><\/div><\/div><\/div><\/div><div class=\"wpb_column vc_column_container vc_col-sm-6\"><div class=\"vc_column-inner\"><div class=\"wpb_wrapper\"><\/div><\/div><\/div><\/div><div class=\"vc_row wpb_row vc_row-fluid event-header\"><div class=\"wpb_column vc_column_container vc_col-sm-12\"><div class=\"vc_column-inner\"><div class=\"wpb_wrapper\"><\/div><\/div><\/div><\/div><div class=\"vc_row wpb_row vc_row-fluid regulamin vc_custom_1448119716553 vc_row-has-fill\"><div class=\"wpb_column vc_column_container vc_col-sm-12\"><div class=\"vc_column-inner\"><div class=\"wpb_wrapper\">\n\t<div class=\"wpb_text_column wpb_content_element\" >\n\t\t<div class=\"wpb_wrapper\">\n\t\t\t<p><b>IV Bieg Su\u0142kowicki 2022 na dystansie 5 km <\/b><b><br \/>\n<\/b><b>oraz marsz Nordic Walking na dystansie 5 km<\/b><b><br \/>\n<\/b><b>w dniu 16 wrze\u015bnia 2023 r.<\/b><\/p>\n<p>&nbsp;<\/p>\n<p><b>REGULAMIN<\/b><\/p>\n<p>&nbsp;<\/p>\n<ol>\n<li><b> Organizator<\/b><\/li>\n<li><span style=\"font-weight: 400;\"> FIZJOTERAPIA Kamil Pitala, ul. Wyzwolenia 51, 32-440 Su\u0142kowice, NIP: 6811977766, REGON: 120\u00a0984265- wpisana do Centralnej Ewidencji i Informacji o Dzia\u0142alno\u015bci Gospodarczej.\u00a0<\/span><\/li>\n<li><b> Wsp\u00f3\u0142organizatorzy<\/b><\/li>\n<\/ol>\n<p><span style=\"font-weight: 400;\">1.Burmistrz Gminy Su\u0142kowice \u2013 Urz\u0105d Miejski w Su\u0142kowicach, Rynek 1, 32-440 Su\u0142kowice, NIP:\u00a0 681 20 53\u00a0828, REGON: 000 530\u00a0241.<\/span><\/p>\n<ol start=\"2\">\n<li><span style=\"font-weight: 400;\"> Stowarzyszenie Pomagamy Ludziom Kreujemy Przysz\u0142o\u015b\u0107 KP_PL, ul. Szkolna 32, 32-440 Su\u0142kowice, KRS: 0000654008, NIP: 6812065547, REGON: 366\u00a0131\u00a0810.<\/span><\/li>\n<\/ol>\n<p><b>III. Program Imprezy<\/b><\/p>\n<ol>\n<li><span style=\"font-weight: 400;\"> W ramach imprezy przewiduje si\u0119 rywalizacj\u0119 biegow\u0105 na dystansie ok. 5 km dla os\u00f3b powy\u017cej 15 roku \u017cycia, oraz marsz nordic walking na dystansie ok. 5 km. Po imprezie g\u0142\u00f3wnej piknik oraz biegi dla dzieci.\u00a0<\/span><\/li>\n<li><b>Biuro zawod\u00f3w znajduje si\u0119 w Szkole Podstawowej nr 2 im. Stefana Kardyna\u0142a Wyszy\u0144skiego w Su\u0142kowicach (ul. Sportowa 51).<\/b><\/li>\n<\/ol>\n<p><b>Godziny otwarcia biura zawod\u00f3w w dniu biegu 7:30 \u2013 10:30.<\/b><\/p>\n<p><b>Godziny otwarcia biura zawod\u00f3w dla bieg\u00f3w dla dzieci 7:30 \u2013 11:30.<\/b><\/p>\n<ol start=\"3\">\n<li><span style=\"font-weight: 400;\"> Bieg oraz marsz nordic walking odb\u0119dzie si\u0119 w dniu 16.09.2023 r. w Su\u0142kowicach.\u00a0<\/span><\/li>\n<\/ol>\n<p><span style=\"font-weight: 400;\">Godzina startu: bieg oraz marszu 11:00\u00a0<\/span><\/p>\n<p><span style=\"font-weight: 400;\">3.1. Start i meta biegu oraz marszu znajduj\u0105 si\u0119 na boisku sportowym przy Szkole Podstawowej nr 2\u00a0w\u00a0Su\u0142kowicach, ul. Sportowa 51.<\/span><\/p>\n<ol start=\"4\">\n<li><span style=\"font-weight: 400;\"> Ceremonia dekoracji zwyci\u0119zc\u00f3w odb\u0119dzie si\u0119 o godzinie 12:30.<\/span><\/li>\n<li><span style=\"font-weight: 400;\"> Po biegu oraz marszu od godz. 13:00 piknik.<\/span><\/li>\n<li><b> Trasa biegu oraz nordic walking\u00a0<\/b><\/li>\n<li><span style=\"font-weight: 400;\"> Trasa biegu oraz marszu b\u0119dzie oznakowana i zabezpieczona przez s\u0142u\u017cby porz\u0105dkowe.<\/span><\/li>\n<li><span style=\"font-weight: 400;\"> Uczestnicy biegu oraz marszu maj\u0105 obowi\u0105zek respektowa\u0107 polecenia s\u0142u\u017cb zabezpieczaj\u0105cych tras\u0119.<\/span><\/li>\n<li><span style=\"font-weight: 400;\"> Mapa trasy biegu oraz marszu dost\u0119pna jest na stronie internetowej <\/span><a href=\"http:\/\/www.biegsulkowicki.pl\"><span style=\"font-weight: 400;\">www.biegsulkowicki.pl<\/span><\/a><span style=\"font-weight: 400;\"> w zak\u0142adce ,,trasa\u201d.\u00a0\u00a0<\/span><\/li>\n<li><b> Uczestnictwo<\/b><\/li>\n<li><span style=\"font-weight: 400;\"> Limit uczestnik\u00f3w biegu 200 os\u00f3b.<\/span><\/li>\n<\/ol>\n<p><span style=\"font-weight: 400;\">1.1 Limit uczestnik\u00f3w marszu 60 os\u00f3b.\u00a0<\/span><\/p>\n<ol start=\"2\">\n<li><span style=\"font-weight: 400;\"> Warunkiem uczestnictwa jest dokonanie rejestracji i uiszczenie op\u0142aty startowej.<\/span><\/li>\n<li><b>Rejestracji mo\u017cna dokona\u0107 na stronie internetowej<\/b><b> sport-timing.pl<\/b><b>.<\/b><\/li>\n<\/ol>\n<p><span style=\"font-weight: 400;\">3.1. Zg\u0142oszenia przyjmowane s\u0105 do dnia 14.09.2023 roku. Po tym terminie na bieg b\u0119dzie mo\u017cna zapisa\u0107 si\u0119 w dniu imprezy w biurze zawod\u00f3w.\u00a0<\/span><\/p>\n<p><span style=\"font-weight: 400;\">3.2. Potwierdzeniem przyj\u0119cia zg\u0142oszenia i dokonania op\u0142aty jest nadanie numeru startowego.<\/span><\/p>\n<ol start=\"4\">\n<li><span style=\"font-weight: 400;\"> Dokonanie rejestracji i op\u0142aty startowej jest r\u00f3wnoznaczne z o\u015bwiadczeniem, \u017ce start <\/span><span style=\"font-weight: 400;\"><br \/>\n<\/span><span style=\"font-weight: 400;\">w zawodach odbywa si\u0119 na w\u0142asn\u0105 odpowiedzialno\u015b\u0107 zawodnika.<\/span><\/li>\n<li><span style=\"font-weight: 400;\"> Ka\u017cdy zawodnik przed startem musi zg\u0142osi\u0107 si\u0119 do biura zawod\u00f3w, aby odebra\u0107 pakiet startowy wraz z chipem i numerem startowym oraz aby dokona\u0107 swojej weryfikacji poprzez okazanie dokumentu to\u017csamo\u015bci.\u00a0<\/span><\/li>\n<li><span style=\"font-weight: 400;\"> Zg\u0142oszenie udzia\u0142u w zawodach traktowane jest jako przyj\u0119cie warunk\u00f3w regulaminu <\/span><span style=\"font-weight: 400;\"><br \/>\n<\/span><span style=\"font-weight: 400;\">oraz wyra\u017cenie zgody na przetwarzanie danych osobowych oraz wizerunku do cel\u00f3w przeprowadzania zawod\u00f3w oraz na zamieszczenie danych osobowych i wizerunku <\/span><span style=\"font-weight: 400;\"><br \/>\n<\/span><span style=\"font-weight: 400;\">w przekazach internetowych, telewizyjnych i radiowych.<\/span><\/li>\n<li><span style=\"font-weight: 400;\"> W biegu oraz marszu mog\u0105 startowa\u0107 osoby, kt\u00f3re uko\u0144czy\u0142y 15 rok \u017cycia. Osoba niepe\u0142noletnia zobowi\u0105zana jest przedstawi\u0107 zgod\u0119 do udzia\u0142u w zawodach podpisan\u0105 przez rodzica lub prawnego opiekuna podczas odbioru pakietu startowego. Formularz zgody na udzia\u0142 w biegu\/marszu osoby niepe\u0142noletniej dost\u0119pny jest na stronie <\/span><a href=\"http:\/\/www.biegsulkowicki.pl\"><span style=\"font-weight: 400;\">www.biegsulkowicki.pl<\/span><\/a><span style=\"font-weight: 400;\">. 7.1. Akceptowane b\u0119d\u0105 tylko zgody wydrukowane ze strony internetowej biegu i tylko te zgody b\u0119d\u0105 respektowane w biurze zawod\u00f3w.\u00a0<\/span><\/li>\n<li><span style=\"font-weight: 400;\"> Organizator zaleca uczestnikom wykonanie profilaktycznych bada\u0144 lekarskich mog\u0105cych potwierdzi\u0107 brak przeciwwskaza\u0144 do udzia\u0142u w biegu.<\/span><\/li>\n<li><span style=\"font-weight: 400;\"> Uczestnik startuje wy\u0142\u0105cznie na swoj\u0105 odpowiedzialno\u015b\u0107 i ponosi zwi\u0105zane z tym ryzyko. O\u015bwiadczenie dotycz\u0105ce startu na w\u0142asn\u0105 odpowiedzialno\u015b\u0107 b\u0119dzie podpisywane w Biurze Zawod\u00f3w w trakcie odbioru pakietu startowego.<\/span><\/li>\n<li><span style=\"font-weight: 400;\"> Organizator nie zapewnia ubezpieczenia zawodnik\u00f3w od nieszcz\u0119\u015bliwych wypadk\u00f3w na trasie. Zalecane jest ubezpieczenie od nieszcz\u0119\u015bliwych wypadk\u00f3w we w\u0142asnym zakresie.<\/span><\/li>\n<li><b> Organizator na czas zawod\u00f3w zapewnia bezp\u0142atny depozyt w biurze zawod\u00f3w.<\/b><\/li>\n<li><b> Op\u0142ata startowa dla uczestnik\u00f3w powy\u017cej 15 roku \u017cycia.<\/b><\/li>\n<li><span style=\"font-weight: 400;\"> Op\u0142ata startowa biegu wynosi 60 z\u0142 (w dniu zawod\u00f3w 80 z\u0142)<\/span><\/li>\n<\/ol>\n<p><span style=\"font-weight: 400;\">1.1. Op\u0142ata startowa marszu 60 z\u0142 (w dniu zawod\u00f3w 80 z\u0142)<\/span><\/p>\n<ol start=\"2\">\n<li><span style=\"font-weight: 400;\"> Raz dokonana op\u0142ata startowa nie podlega zwrotowi.<\/span><\/li>\n<li><span style=\"font-weight: 400;\"> O terminie wp\u0142at decyduje data wp\u0142ywu \u015brodk\u00f3w na rachunek Organizatora.<\/span><\/li>\n<li><span style=\"font-weight: 400;\"> Rejestracja bez dokonania op\u0142aty startowej nie zapewnia przyznania numeru startowego.<\/span><\/li>\n<li><span style=\"font-weight: 400;\"> Op\u0142aty startowej nie mo\u017cna przenie\u015b\u0107 na innego zawodnika.<\/span><\/li>\n<\/ol>\n<p><b>VII. Pakiet startowy<\/b><\/p>\n<ol>\n<li style=\"font-weight: 400;\" aria-level=\"1\"><span style=\"font-weight: 400;\">W pakiecie startowym uczestnicy otrzymaj\u0105: numer startowy, chip do pomiaru czasu, pami\u0105tkow\u0105 koszulk\u0119, gad\u017cety IV Biegu Su\u0142kowickiego oraz wod\u0119.<\/span><\/li>\n<li style=\"font-weight: 400;\" aria-level=\"1\"><span style=\"font-weight: 400;\">Organizator dopuszcza odbi\u00f3r numeru i pakietu startowego przez osoby trzecie, po przekazaniu w biurze zawod\u00f3w pisemnego upowa\u017cnienia uczestnika. Upowa\u017cnienie mo\u017cna pobra\u0107 ze strony internetowej biegu i tylko takie upowa\u017cnienia b\u0119d\u0105 respektowane w biurze zawod\u00f3w.<\/span><\/li>\n<\/ol>\n<p><b>VIII. Pomiar i limit czasu<\/b><\/p>\n<ol>\n<li><span style=\"font-weight: 400;\"> Limit czasu na pokonanie trasy wynosi 50 minut.<\/span><\/li>\n<li><span style=\"font-weight: 400;\"> Pomiar czasu biegu oraz marszu prowadzony b\u0119dzie z wykorzystaniem systemu elektronicznego przez firm\u0119 <\/span><b>SPORT-TIMING<\/b><span style=\"font-weight: 400;\">.\u00a0<\/span><\/li>\n<li><span style=\"font-weight: 400;\"> Oficjalnym czasem zawod\u00f3w jest czas netto (jest to rzeczywisty czas pokonania dystansu, od przekroczenia linii startu do mini\u0119cia linii mety).<\/span><\/li>\n<li><span style=\"font-weight: 400;\"> Wszyscy zawodnicy podczas biegu i marszu zobowi\u0105zani s\u0105 posiada\u0107 numer startowy <\/span><span style=\"font-weight: 400;\"><br \/>\n<\/span><span style=\"font-weight: 400;\">w widocznym miejscu.<\/span><\/li>\n<li><span style=\"font-weight: 400;\"> Podczas biegu wszyscy zawodnicy musz\u0105 posiada\u0107 zwrotny chip do pomiaru czasu.<\/span><\/li>\n<li><span style=\"font-weight: 400;\"> Pozostanie na trasie po up\u0142ywie limitu czasu przenosi na uczestnik\u00f3w odpowiedzialno\u015b\u0107 zgodn\u0105 z\u00a0obowi\u0105zuj\u0105cymi przepisami prawa o ruchu drogowym i kodeksu cywilnego.<\/span><\/li>\n<li><b> Klasyfikacje i nagrody<\/b><\/li>\n<li><span style=\"font-weight: 400;\"> Klasyfikacje biegu b\u0119d\u0105 prowadzone w nast\u0119puj\u0105cych kategoriach:<\/span><\/li>\n<\/ol>\n<ul>\n<li style=\"font-weight: 400;\" aria-level=\"1\"><span style=\"font-weight: 400;\">Kategoria generalna K i\u00a0 M:<\/span><\/li>\n<\/ul>\n<p><span style=\"font-weight: 400;\">&#8211; Open K<\/span><span style=\"font-weight: 400;\"><br \/>\n<\/span><span style=\"font-weight: 400;\">&#8211; Open M<\/span><\/p>\n<ul>\n<li style=\"font-weight: 400;\" aria-level=\"1\"><span style=\"font-weight: 400;\">Kategoria wiekowa K i M:<\/span><\/li>\n<\/ul>\n<p><span style=\"font-weight: 400;\">&#8211; K 15 \u2013 29 lat<\/span><span style=\"font-weight: 400;\"><br \/>\n<\/span><span style=\"font-weight: 400;\">&#8211; K 30 \u2013 39 lat<\/span><\/p>\n<p><span style=\"font-weight: 400;\">&#8211; K 40 \u2013 49 lat<\/span><span style=\"font-weight: 400;\"><br \/>\n<\/span><span style=\"font-weight: 400;\">&#8211; K 50\u00a0 lat i powy\u017cej<\/span><\/p>\n<p><span style=\"font-weight: 400;\">&#8211; M 15 \u2013 29 lat<\/span><span style=\"font-weight: 400;\"><br \/>\n<\/span><span style=\"font-weight: 400;\">&#8211; M 30 \u2013 39 lat<\/span><\/p>\n<p><span style=\"font-weight: 400;\">&#8211; M 40 \u2013 49 lat <\/span><span style=\"font-weight: 400;\"><br \/>\n<\/span><span style=\"font-weight: 400;\">&#8211; M 50 i powy\u017cej<\/span><\/p>\n<ul>\n<li style=\"font-weight: 400;\" aria-level=\"1\"><span style=\"font-weight: 400;\">Kategoria specjalna K i M:<\/span><span style=\"font-weight: 400;\"><br \/>\n<\/span><span style=\"font-weight: 400;\">&#8211; Najszybsza mieszkanka gminy Su\u0142kowice<\/span><span style=\"font-weight: 400;\"><br \/>\n<\/span><span style=\"font-weight: 400;\">&#8211; Najszybszy mieszkaniec gminy Su\u0142kowice\u00a0<\/span><\/li>\n<\/ul>\n<p><span style=\"font-weight: 400;\">Uwaga: Zwyci\u0119zcy kategorii open oraz kategorii wiekowych nie mog\u0105 si\u0119 dublowa\u0107. Natomiast kategorie open oraz kategorie wiekowe mog\u0105 si\u0119 dublowa\u0107 z kategoriami specjalnymi.<\/span><\/p>\n<ol>\n<li style=\"font-weight: 400;\" aria-level=\"1\"><span style=\"font-weight: 400;\">Klasyfikacje marszu b\u0119d\u0105 prowadzone w nast\u0119puj\u0105cych kategoriach:<\/span><\/li>\n<\/ol>\n<p><span style=\"font-weight: 400;\">&#8211; Kategoria open K<\/span><span style=\"font-weight: 400;\"><br \/>\n<\/span><span style=\"font-weight: 400;\">&#8211; Kategoria open M\u00a0<\/span><\/p>\n<ol start=\"3\">\n<li><span style=\"font-weight: 400;\"> Nagrody:<\/span><\/li>\n<\/ol>\n<p><span style=\"font-weight: 400;\">&#8211; za pierwsze trzy miejsca w ka\u017cdej kategorii biegowej &#8211; pami\u0105tkowe puchary oraz nagrody od sponsor\u00f3w,<\/span><span style=\"font-weight: 400;\"><br \/>\n<\/span><span style=\"font-weight: 400;\">&#8211; wszyscy zawodnicy, kt\u00f3rzy uko\u0144cz\u0105 bieg otrzymaj\u0105 pami\u0105tkowe medale,<\/span><span style=\"font-weight: 400;\"><br \/>\n<\/span><span style=\"font-weight: 400;\">&#8211; dla wszystkich zawodnik\u00f3w, kt\u00f3rzy uko\u0144cz\u0105 marsz \u2013 pami\u0105tkowe medale oraz nagrody od sponsor\u00f3w.<\/span><\/p>\n<ol>\n<li><b> Przetwarzania danych osobowych<\/b><\/li>\n<li><span style=\"font-weight: 400;\"> Administratorami danych osobowych jest organizator: FIZJOTERAPIA Kamil Pitala, <\/span><span style=\"font-weight: 400;\"><br \/>\n<\/span><span style=\"font-weight: 400;\">ul. Wyzwolenia 51, 32-440 Su\u0142kowice, NIP:\u00a0 6811977766, REGON: 120984265, tel. 12 273 20 29, email: info@fizjomedicus.pl oraz wsp\u00f3\u0142organizator: Urz\u0105d Miejski w Su\u0142kowicach, reprezentowany przez Burmistrza Gminy Su\u0142kowice, adres: Rynek 1, 32-440 Su\u0142kowice, NIP:\u00a0 681 20 53\u00a0828, REGON: 000 530\u00a0241, tel. 12 273 20 75, email:<\/span><a href=\"mailto:sulkowice@sulkowice.pl\"><span style=\"font-weight: 400;\">sulkowice@sulkowice.pl<\/span><\/a><span style=\"font-weight: 400;\">.\u00a0<\/span><\/li>\n<li><span style=\"font-weight: 400;\"> Dane osobowe przetwarzane s\u0105 w celu:\u00a0<\/span><\/li>\n<\/ol>\n<ol>\n<li style=\"font-weight: 400;\" aria-level=\"1\"><span style=\"font-weight: 400;\">rejestracji uczestnika,<\/span><\/li>\n<li style=\"font-weight: 400;\" aria-level=\"1\"><span style=\"font-weight: 400;\">przypisania do odpowiedniej kategorii,<\/span><\/li>\n<li style=\"font-weight: 400;\" aria-level=\"1\"><span style=\"font-weight: 400;\">wy\u0142onienia i prezentacji uczestnik\u00f3w i zwyci\u0119zc\u00f3w, w tym w szczeg\u00f3lno\u015bci poprzez og\u0142oszenie ich danych osobowych publicznie to jest w stosunku do nieoznaczonej grupy odbiorc\u00f3w przez spikera na mecie biegu oraz w internecie, prasie i\u00a0innych.<\/span><\/li>\n<\/ol>\n<ol start=\"3\">\n<li><span style=\"font-weight: 400;\"> Z uwagi na publikacj\u0119 danych w materia\u0142ach prasowych \u2013 w tym gazetach lokalnych, <\/span><span style=\"font-weight: 400;\"><br \/>\n<\/span><span style=\"font-weight: 400;\">na stronach internetowych, portalach spo\u0142eczno\u015bciowych i innych publikacjach \u2013 dane b\u0119d\u0105 przetwarzane bezterminowo. Ewentualne wycofanie zgody nie wp\u0142ywa na zgodno\u015b\u0107 <\/span><span style=\"font-weight: 400;\"><br \/>\n<\/span><span style=\"font-weight: 400;\">z prawem wcze\u015bniejszego przetwarzania, w szczeg\u00f3lno\u015bci wykorzystania\u00a0 danych <\/span><span style=\"font-weight: 400;\"><br \/>\n<\/span><span style=\"font-weight: 400;\">w materia\u0142ach prasowych i publikacjach.<\/span><\/li>\n<li><span style=\"font-weight: 400;\"> Odbiorcami danych osobowych b\u0119d\u0105 osoby czytaj\u0105ce gazety lokalne, strony, portale spo\u0142eczno\u015bciowe itp. Dane\u00a0 b\u0119d\u0105 przekazywane wydawnictwom prasowym wsp\u00f3\u0142pracuj\u0105cym z\u00a0organizatorami oraz do podmiot\u00f3w uprawnionych na podstawie przepis\u00f3w prawa \u2013 w tym instytucji zobowi\u0105zanych do ich gromadzenia \u2013 bibliotek narodowych, archiwum narodowego itp.<\/span><\/li>\n<li><span style=\"font-weight: 400;\"> Osoba, kt\u00f3rej dane s\u0105 przetwarzane ma prawo do \u017c\u0105dania od administratora dost\u0119pu do danych osobowych, prawo do ich sprostowania, usuni\u0119cia lub ograniczenia przetwarzania, prawo do wniesienia sprzeciwu wobec przetwarzania, prawo do przenoszenia danych, prawo do cofni\u0119cia zgody w dowolnym momencie. Prawo to mo\u017ce podlega\u0107 ograniczeniu na podstawie przepis\u00f3w.<\/span><\/li>\n<li><span style=\"font-weight: 400;\"> Osoba, kt\u00f3rej dane s\u0105 przetwarzane ma prawo wniesienia skargi do organu nadzorczego \u2013 Prezesa Urz\u0119du Ochrony Danych Osobowych.<\/span><\/li>\n<li><span style=\"font-weight: 400;\"> Administrator nie przewiduje przetwarzania danych w spos\u00f3b zautomatyzowany, w tym profilowania.<\/span><\/li>\n<li><span style=\"font-weight: 400;\"> Administrator nie przewiduje bezpo\u015bredniego przekazywania danych do pa\u0144stwa trzeciego. Z uwagi jednak na to, \u017ce dane te b\u0119d\u0105 publikowane w Internecie b\u0119d\u0105 dost\u0119pne dla wszystkich jego u\u017cytkownik\u00f3w.<\/span><\/li>\n<li><b> Postanowienia ko\u0144cowe<\/b><\/li>\n<li><span style=\"font-weight: 400;\"> Uczestnik\u00f3w biegu oraz marszu obowi\u0105zuje niniejszy Regulamin.<\/span><\/li>\n<li><span style=\"font-weight: 400;\"> Uczestnicy maj\u0105 obowi\u0105zek przestrzegania porz\u0105dku publicznego, polece\u0144 s\u0142u\u017cb porz\u0105dkowych oraz poszanowania pozosta\u0142ych uczestnik\u00f3w biegu.<\/span><\/li>\n<li><span style=\"font-weight: 400;\"> Organizator ma prawo usun\u0105\u0107 z trasy biegu oraz terenu imprezy osoby, kt\u00f3re w jakikolwiek spos\u00f3b zak\u0142\u00f3caj\u0105 porz\u0105dek publiczny, przebieg zawod\u00f3w lub zachowaj\u0105 si\u0119 niezgodnie <\/span><span style=\"font-weight: 400;\"><br \/>\n<\/span><span style=\"font-weight: 400;\">z regulaminem.<\/span><\/li>\n<li><span style=\"font-weight: 400;\"> Nierespektowanie regulaminu mo\u017ce by\u0107 powodem dyskwalifikacji zawodnika.<\/span><\/li>\n<li><span style=\"font-weight: 400;\"> Koszty op\u0142aty startowej, koszty dojazd\u00f3w oraz innych \u015bwiadcze\u0144 pokrywaj\u0105 uczestnicy imprezy lub organizacje deleguj\u0105ce.<\/span><\/li>\n<li><span style=\"font-weight: 400;\"> Organizator zapewnia uczestnikom opiek\u0119 medyczn\u0105 w czasie trwania biegu i marszu, na trasie i mecie.<\/span><\/li>\n<li><span style=\"font-weight: 400;\"> Uczestnicy biegu oraz marszu zrzekaj\u0105 si\u0119 wszelkich roszcze\u0144, jakie mog\u0105 im przys\u0142ugiwa\u0107 wzgl\u0119dem organizatora w zwi\u0105zku z biegiem, z wyj\u0105tkiem roszcze\u0144 z tytu\u0142u szkody wyrz\u0105dzonej z winy umy\u015blnej lub innych przypadk\u00f3w, w kt\u00f3rych odpowiedzialno\u015b\u0107 nie mo\u017ce zosta\u0107 wy\u0142\u0105czona zgodnie z\u00a0powszechnie obowi\u0105zuj\u0105cymi przepisami.<\/span><\/li>\n<li><span style=\"font-weight: 400;\"> Przekazanie swojego numeru startowego innej osobie spowoduje dyskwalifikacj\u0119 zawodnika, poniewa\u017c prawo do uczestnictwa w biegu\/marszu nie podlega przeniesieniu na osoby trzecie ani wymianie na pieni\u0105dze.<\/span><\/li>\n<li><span style=\"font-weight: 400;\"> Organizator nie odpowiada za rzeczy pozostawione bez opieki w trakcie trwania imprezy.<\/span><\/li>\n<li><span style=\"font-weight: 400;\"> Organizator w najszerszym zakresie dopuszczonym przez obowi\u0105zuj\u0105ce przepisy prawa zwolniony jest z wszelkiej odpowiedzialno\u015bci za ewentualne szkody wyrz\u0105dzone przez uczestnik\u00f3w w wyniku udzia\u0142u w biegu\/marszu oraz zwolniony jest z obowi\u0105zku naprawienia takich szk\u00f3d.<\/span><\/li>\n<li><span style=\"font-weight: 400;\"> Organizator nie ponosi odpowiedzialno\u015bci za odwo\u0142anie imprezy z przyczyn od niego niezale\u017cnych i niemo\u017cliwych do przewidzenia.<\/span><\/li>\n<li><span style=\"font-weight: 400;\"> Wi\u0105\u017c\u0105ca i ostateczna interpretacja niniejszego Regulaminu przys\u0142uguje wy\u0142\u0105cznie organizatorowi.<\/span><\/li>\n<\/ol>\n\n\t\t<\/div>\n\t<\/div>\n<\/div><\/div><\/div><\/div><div class=\"vc_row wpb_row vc_row-fluid\"><div class=\"wpb_column vc_column_container vc_col-sm-12\"><div class=\"vc_column-inner\"><div class=\"wpb_wrapper\"><\/div><\/div><\/div><\/div><\/p>\n<\/div>","protected":false},"excerpt":{"rendered":"STRONA WYDARZENIAORGANIZATORFACEBOOK IV Bieg Su\u0142kowicki 2022 na dystansie 5 km oraz marsz Nordic Walking na dystansie 5 km w dniu 16 wrze\u015bnia 2023 r. &nbsp; REGULAMIN &nbsp; Organizator FIZJOTERAPIA Kamil Pitala, ul. Wyzwolenia 51, 32-440 Su\u0142kowice, NIP: 6811977766, REGON: 120\u00a0984265- wpisana do Centralnej Ewidencji i Informacji o Dzia\u0142alno\u015bci Gospodarczej.\u00a0 Wsp\u00f3\u0142organizatorzy 1.Burmistrz Gminy Su\u0142kowice \u2013 Urz\u0105d Miejski w Su\u0142kowicach, Rynek 1, 32-440 Su\u0142kowice, NIP:\u00a0 681 20 53\u00a0828, REGON: 000 530\u00a0241. Stowarzyszenie Pomagamy Ludziom Kreujemy Przysz\u0142o\u015b\u0107 KP_PL, ul. Szkolna 32, 32-440 Su\u0142kowice, KRS: 0000654008, NIP: 6812065547, REGON: 366\u00a0131\u00a0810. III. Program Imprezy W ramach imprezy przewiduje si\u0119 rywalizacj\u0119 biegow\u0105 na dystansie ok. 5 km dla os\u00f3b powy\u017cej 15 roku \u017cycia, oraz marsz nordic walking na dystansie ok. 5 km. Po imprezie g\u0142\u00f3wnej piknik oraz biegi dla dzieci.\u00a0 Biuro zawod\u00f3w znajduje si\u0119 w Szkole Podstawowej nr 2 im. Stefana Kardyna\u0142a Wyszy\u0144skiego w Su\u0142kowicach (ul. Sportowa 51). Godziny otwarcia biura zawod\u00f3w w dniu biegu 7:30 \u2013 10:30. Godziny otwarcia biura zawod\u00f3w dla bieg\u00f3w dla dzieci 7:30 \u2013 11:30. Bieg oraz marsz nordic walking odb\u0119dzie si\u0119 w dniu 16.09.2023 r. w Su\u0142kowicach.\u00a0 Godzina startu: bieg oraz marszu 11:00\u00a0 3.1. Start i meta biegu oraz marszu znajduj\u0105 si\u0119 na boisku sportowym przy Szkole Podstawowej nr 2\u00a0w\u00a0Su\u0142kowicach, ul. Sportowa 51. Ceremonia dekoracji zwyci\u0119zc\u00f3w odb\u0119dzie si\u0119 o godzinie 12:30. Po biegu oraz marszu od godz. 13:00 piknik. Trasa biegu oraz nordic walking\u00a0 Trasa biegu oraz marszu b\u0119dzie oznakowana i zabezpieczona przez s\u0142u\u017cby porz\u0105dkowe. Uczestnicy biegu oraz marszu maj\u0105 obowi\u0105zek respektowa\u0107 polecenia s\u0142u\u017cb zabezpieczaj\u0105cych tras\u0119. Mapa trasy biegu oraz marszu dost\u0119pna jest na stronie internetowej www.biegsulkowicki.pl w zak\u0142adce ,,trasa\u201d.\u00a0\u00a0 Uczestnictwo Limit uczestnik\u00f3w biegu 200 os\u00f3b. 1.1 Limit uczestnik\u00f3w marszu 60 os\u00f3b.\u00a0 Warunkiem uczestnictwa jest dokonanie rejestracji i uiszczenie op\u0142aty startowej. Rejestracji mo\u017cna dokona\u0107 na stronie internetowej sport-timing.pl. 3.1. Zg\u0142oszenia przyjmowane s\u0105 do dnia 14.09.2023 roku. Po tym terminie na bieg b\u0119dzie mo\u017cna zapisa\u0107 si\u0119 w dniu imprezy w biurze zawod\u00f3w.\u00a0 3.2. Potwierdzeniem przyj\u0119cia zg\u0142oszenia i dokonania op\u0142aty jest nadanie numeru startowego. Dokonanie rejestracji i op\u0142aty startowej jest r\u00f3wnoznaczne z o\u015bwiadczeniem, \u017ce start w zawodach odbywa si\u0119 na w\u0142asn\u0105 odpowiedzialno\u015b\u0107 zawodnika. Ka\u017cdy zawodnik przed startem musi zg\u0142osi\u0107 si\u0119 do biura zawod\u00f3w, aby odebra\u0107 pakiet startowy wraz z chipem i numerem startowym oraz aby dokona\u0107 swojej weryfikacji poprzez okazanie dokumentu to\u017csamo\u015bci.\u00a0 Zg\u0142oszenie udzia\u0142u w zawodach traktowane jest jako przyj\u0119cie warunk\u00f3w regulaminu oraz wyra\u017cenie zgody na przetwarzanie danych osobowych oraz wizerunku do cel\u00f3w przeprowadzania zawod\u00f3w oraz na zamieszczenie danych osobowych i wizerunku w przekazach internetowych, telewizyjnych i radiowych. W biegu oraz marszu mog\u0105 startowa\u0107 osoby, kt\u00f3re uko\u0144czy\u0142y 15 rok \u017cycia. Osoba niepe\u0142noletnia zobowi\u0105zana jest przedstawi\u0107 zgod\u0119 do udzia\u0142u w zawodach podpisan\u0105 przez rodzica lub prawnego opiekuna podczas odbioru pakietu startowego. Formularz zgody na udzia\u0142 w biegu\/marszu osoby niepe\u0142noletniej dost\u0119pny jest na stronie www.biegsulkowicki.pl. 7.1. Akceptowane b\u0119d\u0105 tylko zgody wydrukowane ze strony internetowej biegu i tylko te zgody b\u0119d\u0105 respektowane w biurze zawod\u00f3w.\u00a0 Organizator zaleca uczestnikom wykonanie profilaktycznych bada\u0144 lekarskich mog\u0105cych potwierdzi\u0107 brak przeciwwskaza\u0144 do udzia\u0142u w biegu. Uczestnik startuje wy\u0142\u0105cznie na swoj\u0105 odpowiedzialno\u015b\u0107 i ponosi zwi\u0105zane z tym ryzyko. O\u015bwiadczenie dotycz\u0105ce startu na w\u0142asn\u0105 odpowiedzialno\u015b\u0107 b\u0119dzie podpisywane w Biurze Zawod\u00f3w w trakcie odbioru pakietu startowego. Organizator nie zapewnia ubezpieczenia zawodnik\u00f3w od nieszcz\u0119\u015bliwych wypadk\u00f3w na trasie. Zalecane jest ubezpieczenie od nieszcz\u0119\u015bliwych wypadk\u00f3w we w\u0142asnym zakresie. Organizator na czas zawod\u00f3w zapewnia bezp\u0142atny depozyt w biurze zawod\u00f3w. Op\u0142ata startowa dla uczestnik\u00f3w powy\u017cej 15 roku \u017cycia. Op\u0142ata startowa biegu wynosi 60 z\u0142 (w dniu zawod\u00f3w 80 z\u0142) 1.1. Op\u0142ata startowa marszu 60 z\u0142 (w dniu zawod\u00f3w 80 z\u0142) Raz dokonana op\u0142ata startowa nie podlega zwrotowi. O terminie wp\u0142at decyduje data wp\u0142ywu \u015brodk\u00f3w na rachunek Organizatora. Rejestracja bez dokonania op\u0142aty startowej nie zapewnia przyznania numeru startowego. Op\u0142aty startowej nie mo\u017cna przenie\u015b\u0107 na innego zawodnika. VII. Pakiet startowy W pakiecie startowym uczestnicy otrzymaj\u0105: numer startowy, chip do pomiaru czasu, pami\u0105tkow\u0105 koszulk\u0119, gad\u017cety IV Biegu Su\u0142kowickiego oraz wod\u0119. Organizator dopuszcza odbi\u00f3r numeru i pakietu startowego przez osoby trzecie, po przekazaniu w biurze zawod\u00f3w pisemnego upowa\u017cnienia uczestnika. Upowa\u017cnienie mo\u017cna pobra\u0107 ze strony internetowej biegu i tylko takie upowa\u017cnienia b\u0119d\u0105 respektowane w biurze zawod\u00f3w. VIII. Pomiar i limit czasu Limit czasu na pokonanie trasy wynosi 50 minut. Pomiar czasu biegu oraz marszu prowadzony b\u0119dzie z wykorzystaniem systemu elektronicznego przez firm\u0119 SPORT-TIMING.\u00a0 Oficjalnym czasem zawod\u00f3w jest czas netto (jest to rzeczywisty czas pokonania dystansu, od przekroczenia linii startu do mini\u0119cia linii mety). Wszyscy zawodnicy podczas biegu i marszu zobowi\u0105zani s\u0105 posiada\u0107 numer startowy w widocznym miejscu. Podczas biegu wszyscy zawodnicy musz\u0105 posiada\u0107 zwrotny chip do pomiaru czasu. Pozostanie na trasie po up\u0142ywie limitu czasu przenosi na uczestnik\u00f3w odpowiedzialno\u015b\u0107 zgodn\u0105 z\u00a0obowi\u0105zuj\u0105cymi przepisami prawa o ruchu drogowym i kodeksu cywilnego. Klasyfikacje i nagrody Klasyfikacje biegu b\u0119d\u0105 prowadzone w nast\u0119puj\u0105cych kategoriach: Kategoria generalna K i\u00a0 M: - Open K - Open M Kategoria wiekowa K i M: - K 15 \u2013 29 lat - K 30 \u2013 39 lat - K 40 \u2013 49 lat - K 50\u00a0 lat i powy\u017cej - M 15 \u2013 29 lat - M 30 \u2013 39 lat - M 40 \u2013 49 lat - M 50 i powy\u017cej Kategoria specjalna K i M: - Najszybsza mieszkanka gminy Su\u0142kowice - Najszybszy mieszkaniec gminy Su\u0142kowice\u00a0 Uwaga: Zwyci\u0119zcy kategorii open oraz kategorii wiekowych nie mog\u0105 si\u0119 dublowa\u0107. Natomiast kategorie open oraz kategorie wiekowe mog\u0105 si\u0119 dublowa\u0107 z kategoriami specjalnymi. Klasyfikacje marszu b\u0119d\u0105 prowadzone w nast\u0119puj\u0105cych kategoriach: - Kategoria open K - Kategoria open M\u00a0 Nagrody: - za pierwsze trzy miejsca w ka\u017cdej kategorii biegowej - pami\u0105tkowe puchary oraz nagrody od sponsor\u00f3w, - wszyscy zawodnicy, kt\u00f3rzy uko\u0144cz\u0105 bieg otrzymaj\u0105 pami\u0105tkowe medale, - dla wszystkich zawodnik\u00f3w, kt\u00f3rzy uko\u0144cz\u0105 marsz \u2013 pami\u0105tkowe medale oraz nagrody od sponsor\u00f3w. Przetwarzania danych osobowych Administratorami danych osobowych jest organizator: FIZJOTERAPIA Kamil Pitala, ul. Wyzwolenia 51, 32-440 Su\u0142kowice, NIP:\u00a0 6811977766, REGON: 120984265, tel. 12 273 20 29, email: info@fizjomedicus.pl oraz wsp\u00f3\u0142organizator: Urz\u0105d Miejski w Su\u0142kowicach, reprezentowany przez Burmistrza Gminy Su\u0142kowice, adres: Rynek 1, 32-440 Su\u0142kowice, NIP:\u00a0 681 20 53\u00a0828, REGON: 000 530\u00a0241, tel. 12 273 20 75, email:sulkowice@sulkowice.pl.\u00a0 Dane osobowe przetwarzane s\u0105 w celu:\u00a0 rejestracji uczestnika, przypisania do odpowiedniej kategorii, wy\u0142onienia i prezentacji uczestnik\u00f3w i zwyci\u0119zc\u00f3w, w tym w szczeg\u00f3lno\u015bci poprzez [...]","protected":false},"featured_media":36708,"template":"","tags":[],"am_event_categories":[109,36,134,64],"class_list":["post-36707","am_event","type-am_event","status-publish","has-post-thumbnail","hentry","am_venues-sulkowice","am_event_categories-biegi","am_event_categories-biegi-masowe","am_event_categories-nordic-walking","am_event_categories-zapisy-on-line"],"acf":[],"aioseo_notices":[],"am_startdate":"2023-09-16 11:00:00","am_enddate":"2023-09-16 11:00:00","_links":{"self":[{"href":"https:\/\/sport-timing.pl\/pomiar-czasu\/wp-json\/wp\/v2\/am_events\/36707","targetHints":{"allow":["GET"]}}],"collection":[{"href":"https:\/\/sport-timing.pl\/pomiar-czasu\/wp-json\/wp\/v2\/am_events"}],"about":[{"href":"https:\/\/sport-timing.pl\/pomiar-czasu\/wp-json\/wp\/v2\/types\/am_event"}],"version-history":[{"count":1,"href":"https:\/\/sport-timing.pl\/pomiar-czasu\/wp-json\/wp\/v2\/am_events\/36707\/revisions"}],"predecessor-version":[{"id":36710,"href":"https:\/\/sport-timing.pl\/pomiar-czasu\/wp-json\/wp\/v2\/am_events\/36707\/revisions\/36710"}],"wp:featuredmedia":[{"embeddable":true,"href":"https:\/\/sport-timing.pl\/pomiar-czasu\/wp-json\/wp\/v2\/media\/36708"}],"wp:attachment":[{"href":"https:\/\/sport-timing.pl\/pomiar-czasu\/wp-json\/wp\/v2\/media?parent=36707"}],"wp:term":[{"taxonomy":"post_tag","embeddable":true,"href":"https:\/\/sport-timing.pl\/pomiar-czasu\/wp-json\/wp\/v2\/tags?post=36707"},{"taxonomy":"am_event_categories","embeddable":true,"href":"https:\/\/sport-timing.pl\/pomiar-czasu\/wp-json\/wp\/v2\/am_event_categories?post=36707"}],"curies":[{"name":"wp","href":"https:\/\/api.w.org\/{rel}","templated":true}]}}