




{"id":35828,"date":"2022-11-27T10:18:55","date_gmt":"2022-11-27T09:18:55","guid":{"rendered":"https:\/\/sport-timing.pl\/pomiar-czasu\/?post_type=am_event&#038;p=35828"},"modified":"2022-11-28T12:03:53","modified_gmt":"2022-11-28T11:03:53","slug":"ix-zakopianski-sylwestrowy-bieg-marsz-nordic-walking","status":"publish","type":"am_event","link":"https:\/\/sport-timing.pl\/pomiar-czasu\/wydarzenie\/ix-zakopianski-sylwestrowy-bieg-marsz-nordic-walking\/","title":{"rendered":"IX Zakopia\u0144ski Sylwestrowy Bieg \/ Marsz Nordic Walking"},"content":{"rendered":"<div class=\"wpb-content-wrapper\"><p><div class=\"vc_row wpb_row vc_row-fluid\"><div class=\"wpb_column vc_column_container vc_col-sm-3\"><div class=\"vc_column-inner\"><div class=\"wpb_wrapper\"><\/div><\/div><\/div><div class=\"wpb_column vc_column_container vc_col-sm-6\"><div class=\"vc_column-inner\"><div class=\"wpb_wrapper\"><\/div><\/div><\/div><div class=\"wpb_column vc_column_container vc_col-sm-3\"><div class=\"vc_column-inner\"><div class=\"wpb_wrapper\"><\/div><\/div><\/div><\/div><div class=\"vc_row wpb_row vc_row-fluid regulamin vc_custom_1448119716553 vc_row-has-fill\"><div class=\"wpb_column vc_column_container vc_col-sm-12\"><div class=\"vc_column-inner\"><div class=\"wpb_wrapper\">\n\t<div class=\"wpb_text_column wpb_content_element\" >\n\t\t<div class=\"wpb_wrapper\">\n\t\t\t<p><b>IX Zakopia\u0144ski Sylwestrowy Bieg \/ Marsz Nordic Walking &#8211; 31.12.2022r.\u00a0<\/b><\/p>\n<p><b>\u00a0\u00a0Ostatni bieg <\/b><b>cyklu VIII Zakopia\u0144skiej Ligi Biegowej 2022<\/b><\/p>\n<p>&nbsp;<\/p>\n<p><b>REGULAMIN<\/b><\/p>\n<p>&nbsp;<\/p>\n<p><b>Organizator Biegu: Miejski O\u015brodek Sportu i Rekreacji w Zakopanem<\/b><\/p>\n<p><b>Partner Biegu: Willa \u201eSwoboda\u201d<\/b><\/p>\n<p>&nbsp;<\/p>\n<p><b>CEL ZAWOD\u00d3W:<\/b><\/p>\n<ul>\n<li style=\"font-weight: 400;\" aria-level=\"1\"><span style=\"font-weight: 400;\">Promowanie aktywno\u015bci fizycznej i zachowa\u0144 prozdrowotnych w\u015br\u00f3d mieszka\u0144c\u00f3w Zakopanego, Powiatu Tatrza\u0144skiego i turyst\u00f3w odwiedzaj\u0105cych nasze miasto.<\/span><\/li>\n<li style=\"font-weight: 400;\" aria-level=\"1\"><span style=\"font-weight: 400;\">Promowanie atrakcyjnych miejsc na terenie miasta Zakopane i Powiatu Tatrza\u0144skiego.<\/span><\/li>\n<li style=\"font-weight: 400;\" aria-level=\"1\"><span style=\"font-weight: 400;\">Wzbogacenie oferty sportowo \u2013 rekreacyjnej miasta i powiatu.<\/span><\/li>\n<li style=\"font-weight: 400;\" aria-level=\"1\"><span style=\"font-weight: 400;\">Dopisanie do \u201ebiegowego CV\u201d kolejnych bieg\u00f3w w Zakopanem.<\/span><\/li>\n<li style=\"font-weight: 400;\" aria-level=\"1\"><span style=\"font-weight: 400;\">Zdobycie punkt\u00f3w do klasyfikacji VIII Zakopia\u0144skiej Ligi Biegowej 2022<\/span><\/li>\n<\/ul>\n<p>&nbsp;<\/p>\n<p><b>TERMIN I MIEJSCE ZAWOD\u00d3W:<\/b><\/p>\n<p><span style=\"font-weight: 400;\">31 grudnia 2022 r. (sobota) \u2013 start godzina 09.00<\/span><\/p>\n<p><span style=\"font-weight: 400;\">START \/ META obok Willi \u201eSwoboda \u201d Zakopane, ul. Podhala\u0144ska 70<\/span><\/p>\n<p>&nbsp;<\/p>\n<p><b>BIURO ZAWOD\u00d3W \/ PARKING<\/b><span style=\"font-weight: 400;\">:\u00a0<\/span><\/p>\n<p><span style=\"font-weight: 400;\">Willa \u201eSwoboda \u201d Zakopane, ul. Podhala\u0144ska 70\u00a0<\/span><\/p>\n<p>&nbsp;<\/p>\n<p><b>TRASA:\u00a0\u00a0\u00a0\u00a0\u00a0\u00a0\u00a0\u00a0\u00a0\u00a0\u00a0\u00a0\u00a0\u00a0\u00a0\u00a0\u00a0\u00a0\u00a0\u00a0\u00a0\u00a0\u00a0\u00a0\u00a0\u00a0\u00a0\u00a0\u00a0\u00a0\u00a0\u00a0\u00a0\u00a0\u00a0\u00a0\u00a0\u00a0\u00a0\u00a0\u00a0\u00a0\u00a0\u00a0\u00a0\u00a0\u00a0\u00a0\u00a0\u00a0\u00a0\u00a0\u00a0\u00a0\u00a0\u00a0\u00a0\u00a0\u00a0\u00a0\u00a0\u00a0\u00a0\u00a0\u00a0\u00a0\u00a0\u00a0\u00a0\u00a0\u00a0\u00a0\u00a0\u00a0\u00a0\u00a0\u00a0\u00a0\u00a0\u00a0\u00a0\u00a0\u00a0\u00a0\u00a0\u00a0\u00a0\u00a0\u00a0\u00a0\u00a0\u00a0\u00a0\u00a0\u00a0\u00a0\u00a0\u00a0\u00a0\u00a0\u00a0\u00a0\u00a0\u00a0\u00a0\u00a0\u00a0\u00a0\u00a0\u00a0\u00a0\u00a0\u00a0\u00a0\u00a0\u00a0\u00a0\u00a0\u00a0\u00a0\u00a0\u00a0\u00a0\u00a0\u00a0\u00a0\u00a0\u00a0\u00a0\u00a0\u00a0\u00a0\u00a0\u00a0\u00a0\u00a0\u00a0\u00a0\u00a0<\/b><\/p>\n<p><span style=\"font-weight: 400;\">Bieg\/marsz zostanie rozegrany na trasie terenowej o d\u0142ugo\u015bci 5 km.<\/span><\/p>\n<p>&nbsp;<\/p>\n<p><b>UCZESTNICTWO:<\/b><span style=\"font-weight: 400;\">\u00a0<\/span><\/p>\n<ol>\n<li><span style=\"font-weight: 400;\"> Zg\u0142osze\u0144 mo\u017cna dokonywa\u0107 od dnia 28 listopada do 29 grudnia b\u0105d\u017a do wyczerpania liczby wolnych miejsc, drog\u0105 elektroniczn\u0105 na stronie internetowej <\/span><a href=\"http:\/\/www.mosir.zakopane.eu\"><span style=\"font-weight: 400;\">www.mosir.zakopane.eu<\/span><\/a> <span style=\"font-weight: 400;\">lub w biurze zawod\u00f3w dnia 31 grudnia.<\/span><span style=\"font-weight: 400;\"><br \/>\n<\/span><span style=\"font-weight: 400;\">2. Warunkiem udzia\u0142u w biegu jest podpisanie o\u015bwiadczenia o udziale w biegu na w\u0142asn\u0105 odpowiedzialno\u015b\u0107.<\/span><\/li>\n<\/ol>\n<p><b>Za osoby niepe\u0142noletnie o\u015bwiadczenie podpisuje rodzic lub opiekun prawny<\/b><span style=\"font-weight: 400;\">.<\/span><\/p>\n<ol start=\"3\">\n<li><span style=\"font-weight: 400;\"> Zawodnik musi okaza\u0107 w biurze zawod\u00f3w dokument celem weryfikacji danych osobowych.<\/span><\/li>\n<li><span style=\"font-weight: 400;\"> Wszyscy zawodnicy musz\u0105 przestrzega\u0107 regulaminu zawod\u00f3w.<\/span><\/li>\n<li><span style=\"font-weight: 400;\"> Udzia\u0142 w zawodach jest bezp\u0142atny.<\/span><\/li>\n<li><span style=\"font-weight: 400;\"> Organizator wprowadza ograniczenie startuj\u0105cych do 150 os\u00f3b.<\/span><\/li>\n<\/ol>\n<p>&nbsp;<\/p>\n<p><b>KLASYFIKACJE:<\/b><\/p>\n<p><span style=\"font-weight: 400;\">W kategoriach open kobiet i m\u0119\u017cczyzn oraz w kategoriach wiekowych:<\/span><\/p>\n<p><span style=\"font-weight: 400;\">Junior \u2013 K\/M &#8211; urodzeni w roku 2006 i m\u0142odsi<\/span><\/p>\n<p><span style=\"font-weight: 400;\">Senior \u2013 K\/M &#8211; urodzeni w latach 1983-2005<\/span><\/p>\n<p><span style=\"font-weight: 400;\">Masters &#8211; K\/M urodzeni w latach 1973-1982<\/span><\/p>\n<p><span style=\"font-weight: 400;\">Weteran I K\/M urodzeni w latach 1963-1972\u00a0<\/span><\/p>\n<p><span style=\"font-weight: 400;\">Weteran II K urodzone w roku 1962 i starsze<\/span><\/p>\n<p><span style=\"font-weight: 400;\">Weteran II M urodzeni w latach 1953-1962<\/span><\/p>\n<p><span style=\"font-weight: 400;\">Super Weteran urodzeni w roku 1952 i starsi<\/span><\/p>\n<p>&nbsp;<\/p>\n<p><span style=\"font-weight: 400;\">Marsz Nordic walking \u2013 kategoria open K\/M<\/span><\/p>\n<p>&nbsp;<\/p>\n<p><b>NAGRODY:<\/b><\/p>\n<p><span style=\"font-weight: 400;\">Zawodnicy na mecie otrzymaj\u0105 pami\u0105tkowy medal biegu.<\/span><\/p>\n<p><span style=\"font-weight: 400;\">W kategoriach wiekowych organizator nie przewiduje \u017cadnych nagr\u00f3d.<\/span><\/p>\n<p>&nbsp;<\/p>\n<p><b>PROGRAM ZAWOD\u00d3W:<\/b><\/p>\n<p><b>07:30 \u2013 08.45 \u00a0<\/b><span style=\"font-weight: 400;\">&#8211;\u00a0 wydawanie numer\u00f3w startowych\u00a0<\/span><\/p>\n<p><b>09.00 <\/b><span style=\"font-weight: 400;\">&#8211;\u00a0 start biegu<\/span><\/p>\n<p><b>11.00 \u2013 <\/b><span style=\"font-weight: 400;\">zako\u0144czenie zawod\u00f3w<\/span><\/p>\n<p>&nbsp;<\/p>\n<p><b>OCHRONA DANYCH OSOBOWYCH<\/b><span style=\"font-weight: 400;\"><br \/>\n<\/span><span style=\"font-weight: 400;\">Dane osobowe uczestnik\u00f3w zawod\u00f3w b\u0119d\u0105 przetwarzane w celach niezb\u0119dnych do przeprowadzenia imprezy. Dane osobowe uczestnik\u00f3w biegu b\u0119d\u0105 przetwarzane zgodnie z przepisami okre\u015blonymi w <\/span><span style=\"font-weight: 400;\">Rozporz\u0105dzeniem Parlamentu Europejskiego i Rady (UE) 2016\/679 z 27 kwietnia 2016 r. w sprawie ochrony os\u00f3b fizycznych w zwi\u0105zku z przetwarzaniem danych osobowych i w sprawie swobodnego przep\u0142ywu takich danych oraz uchylenia dyrektywy 95\/46\/WE. <\/span><span style=\"font-weight: 400;\">\u00a0<\/span><\/p>\n<p><span style=\"font-weight: 400;\">Przetwarzanie danych, o kt\u00f3rych mowa w ust\u0119pie 1 niniejszego paragrafu, w zwi\u0105zku z udzia\u0142em w zawodach obejmuje tak\u017ce publikacj\u0119 imienia i nazwiska uczestnika wraz z rokiem urodzenia i z nazw\u0105 miejscowo\u015bci, w kt\u00f3rej zamieszkuje &#8211; w ka\u017cdy spos\u00f3b, w jaki publikowany lub rozpowszechniany b\u0119dzie projekt.<\/span><span style=\"font-weight: 400;\"><br \/>\n<\/span><span style=\"font-weight: 400;\">Uczestnik ma prawo do: <\/span><span style=\"font-weight: 400;\">\u017c\u0105dania od nas dost\u0119pu do swoich danych osobowych, prawo ich sprostowania swoich\u00a0 danych osobowych, prawo \u017c\u0105dania usuni\u0119cia lub ograniczenia przetwarzania swoich danych osobowych, prawo wniesienia sprzeciwu wobec przetwarzania swoich danych osobowych, prawo przenoszenia danych, prawo cofni\u0119cia zgody na przetwarzanie Pa\u0144stwa danych osobowych w dowolnym momencie bez wp\u0142ywu na zgodno\u015b\u0107 z prawem przetwarzania, kt\u00f3rego dokonano na podstawie zgody przed jej cofni\u0119ciem; prawo wniesienia skargi do organu nadzorczego<\/span><span style=\"font-weight: 400;\">.<\/span><span style=\"font-weight: 400;\"><br \/>\n<\/span><span style=\"font-weight: 400;\">Podanie danych osobowych oraz wyra\u017cenie zgody na ich przetwarzanie jest dobrowolne, lecz ich niepodanie lub brak zgody na ich przetwarzanie uniemo\u017cliwia udzia\u0142 w zawodach.<\/span><b>\u00a0\u00a0<\/b><\/p>\n<p><b>Zawodnik poprzez dokonanie zg\u0142oszenia o\u015bwiadcza, \u017ce zosta\u0142 poinformowany przez organizatora o zagro\u017ceniach dla zdrowia i \u017cycia wynikaj\u0105cych z udzia\u0142u w zawodach, jest tego \u015bwiadom, godzi si\u0119 na nie oraz \u017ce bierze udzia\u0142 w zawodach na w\u0142asn\u0105 odpowiedzialno\u015b\u0107.<\/b><\/p>\n<p>&nbsp;<\/p>\n<p>&nbsp;<\/p>\n<p><b>UWAGI KO\u0143COWE<\/b><\/p>\n<ol>\n<li><span style=\"font-weight: 400;\"> Zawody odb\u0119d\u0105 si\u0119 bez wzgl\u0119du na pogod\u0119.<\/span><\/li>\n<li><span style=\"font-weight: 400;\"> Organizator nie ubezpiecza zawodnik\u00f3w na czas trwania zawod\u00f3w.<\/span><\/li>\n<li><span style=\"font-weight: 400;\"> Organizator zastrzega sobie prawo zmian i interpretacji regulaminu.<\/span><\/li>\n<li><span style=\"font-weight: 400;\"> Zawodnicy bior\u0105 udzia\u0142 w zawodach na w\u0142asn\u0105 odpowiedzialno\u015b\u0107. Osoby niepe\u0142noletnie bior\u0105 udzia\u0142 w zawodach na odpowiedzialno\u015b\u0107 rodzic\u00f3w lub opiekun\u00f3w prawnych.<\/span><\/li>\n<li><span style=\"font-weight: 400;\">Bieg jest zaliczany do punktacji VIII Zakopia\u0144skiej Ligi Biegowej: wyniki z biegu \u2013 wg rankingu, marsz nordic walking \u2013 punkty za udzia\u0142 (11 pkt.).<\/span><\/li>\n<li><span style=\"font-weight: 400;\"> Osoby udzielaj\u0105ce szczeg\u00f3\u0142owych informacji na temat biegu: \u00a0 \u00a0 \u00a0 \u00a0 \u00a0 \u00a0 \u00a0 \u00a0 \u00a0 \u00a0 \u00a0 \u00a0 \u00a0 \u00a0 \u00a0 \u00a0 \u00a0 \u00a0 \u00a0 \u00a0 \u00a0 \u00a0 \u00a0 \u00a0 \u00a0 \u00a0 \u00a0 \u00a0 \u00a0 \u00a0 \u00a0 \u00a0 \u00a0 \u00a0 \u00a0 \u00a0 \u00a0 \u00a0 Leszek Behounek \u2013 517589080, Wies\u0142aw Watras &#8211; 608326315<\/span><\/li>\n<\/ol>\n\n\t\t<\/div>\n\t<\/div>\n<\/div><\/div><\/div><\/div><div class=\"vc_row wpb_row vc_row-fluid\"><div class=\"wpb_column vc_column_container vc_col-sm-12\"><div class=\"vc_column-inner\"><div class=\"wpb_wrapper\">\n\t<div class=\"wpb_raw_code wpb_raw_js\" >\n\t\t<div class=\"wpb_wrapper\">\n\t\t\t<script type=\"text\/javascript\"> \n$( \".weather-box\" ).insertAfter( $( \".event-card\" ) );\n\n <\/script>\n\t\t<\/div>\n\t<\/div>\n<\/div><\/div><\/div><\/div><\/p>\n<\/div>","protected":false},"excerpt":{"rendered":"IX Zakopia\u0144ski Sylwestrowy Bieg \/ Marsz Nordic Walking - 31.12.2022r.\u00a0 \u00a0\u00a0Ostatni bieg cyklu VIII Zakopia\u0144skiej Ligi Biegowej 2022 &nbsp; REGULAMIN &nbsp; Organizator Biegu: Miejski O\u015brodek Sportu i Rekreacji w Zakopanem Partner Biegu: Willa \u201eSwoboda\u201d &nbsp; CEL ZAWOD\u00d3W: Promowanie aktywno\u015bci fizycznej i zachowa\u0144 prozdrowotnych w\u015br\u00f3d mieszka\u0144c\u00f3w Zakopanego, Powiatu Tatrza\u0144skiego i turyst\u00f3w odwiedzaj\u0105cych nasze miasto. Promowanie atrakcyjnych miejsc na terenie miasta Zakopane i Powiatu Tatrza\u0144skiego. Wzbogacenie oferty sportowo \u2013 rekreacyjnej miasta i powiatu. Dopisanie do \u201ebiegowego CV\u201d kolejnych bieg\u00f3w w Zakopanem. Zdobycie punkt\u00f3w do klasyfikacji VIII Zakopia\u0144skiej Ligi Biegowej 2022 &nbsp; TERMIN I MIEJSCE ZAWOD\u00d3W: 31 grudnia 2022 r. (sobota) \u2013 start godzina 09.00 START \/ META obok Willi \u201eSwoboda \u201d Zakopane, ul. Podhala\u0144ska 70 &nbsp; BIURO ZAWOD\u00d3W \/ PARKING:\u00a0 Willa \u201eSwoboda \u201d Zakopane, ul. Podhala\u0144ska 70\u00a0 &nbsp; TRASA:\u00a0\u00a0\u00a0\u00a0\u00a0\u00a0\u00a0\u00a0\u00a0\u00a0\u00a0\u00a0\u00a0\u00a0\u00a0\u00a0\u00a0\u00a0\u00a0\u00a0\u00a0\u00a0\u00a0\u00a0\u00a0\u00a0\u00a0\u00a0\u00a0\u00a0\u00a0\u00a0\u00a0\u00a0\u00a0\u00a0\u00a0\u00a0\u00a0\u00a0\u00a0\u00a0\u00a0\u00a0\u00a0\u00a0\u00a0\u00a0\u00a0\u00a0\u00a0\u00a0\u00a0\u00a0\u00a0\u00a0\u00a0\u00a0\u00a0\u00a0\u00a0\u00a0\u00a0\u00a0\u00a0\u00a0\u00a0\u00a0\u00a0\u00a0\u00a0\u00a0\u00a0\u00a0\u00a0\u00a0\u00a0\u00a0\u00a0\u00a0\u00a0\u00a0\u00a0\u00a0\u00a0\u00a0\u00a0\u00a0\u00a0\u00a0\u00a0\u00a0\u00a0\u00a0\u00a0\u00a0\u00a0\u00a0\u00a0\u00a0\u00a0\u00a0\u00a0\u00a0\u00a0\u00a0\u00a0\u00a0\u00a0\u00a0\u00a0\u00a0\u00a0\u00a0\u00a0\u00a0\u00a0\u00a0\u00a0\u00a0\u00a0\u00a0\u00a0\u00a0\u00a0\u00a0\u00a0\u00a0\u00a0\u00a0\u00a0\u00a0\u00a0\u00a0\u00a0\u00a0\u00a0\u00a0\u00a0 Bieg\/marsz zostanie rozegrany na trasie terenowej o d\u0142ugo\u015bci 5 km. &nbsp; UCZESTNICTWO:\u00a0 Zg\u0142osze\u0144 mo\u017cna dokonywa\u0107 od dnia 28 listopada do 29 grudnia b\u0105d\u017a do wyczerpania liczby wolnych miejsc, drog\u0105 elektroniczn\u0105 na stronie internetowej www.mosir.zakopane.eu lub w biurze zawod\u00f3w dnia 31 grudnia. 2. Warunkiem udzia\u0142u w biegu jest podpisanie o\u015bwiadczenia o udziale w biegu na w\u0142asn\u0105 odpowiedzialno\u015b\u0107. Za osoby niepe\u0142noletnie o\u015bwiadczenie podpisuje rodzic lub opiekun prawny. Zawodnik musi okaza\u0107 w biurze zawod\u00f3w dokument celem weryfikacji danych osobowych. Wszyscy zawodnicy musz\u0105 przestrzega\u0107 regulaminu zawod\u00f3w. Udzia\u0142 w zawodach jest bezp\u0142atny. Organizator wprowadza ograniczenie startuj\u0105cych do 150 os\u00f3b. &nbsp; KLASYFIKACJE: W kategoriach open kobiet i m\u0119\u017cczyzn oraz w kategoriach wiekowych: Junior \u2013 K\/M - urodzeni w roku 2006 i m\u0142odsi Senior \u2013 K\/M - urodzeni w latach 1983-2005 Masters - K\/M urodzeni w latach 1973-1982 Weteran I K\/M urodzeni w latach 1963-1972\u00a0 Weteran II K urodzone w roku 1962 i starsze Weteran II M urodzeni w latach 1953-1962 Super Weteran urodzeni w roku 1952 i starsi &nbsp; Marsz Nordic walking \u2013 kategoria open K\/M &nbsp; NAGRODY: Zawodnicy na mecie otrzymaj\u0105 pami\u0105tkowy medal biegu. W kategoriach wiekowych organizator nie przewiduje \u017cadnych nagr\u00f3d. &nbsp; PROGRAM ZAWOD\u00d3W: 07:30 \u2013 08.45 \u00a0-\u00a0 wydawanie numer\u00f3w startowych\u00a0 09.00 -\u00a0 start biegu 11.00 \u2013 zako\u0144czenie zawod\u00f3w &nbsp; OCHRONA DANYCH OSOBOWYCH Dane osobowe uczestnik\u00f3w zawod\u00f3w b\u0119d\u0105 przetwarzane w celach niezb\u0119dnych do przeprowadzenia imprezy. Dane osobowe uczestnik\u00f3w biegu b\u0119d\u0105 przetwarzane zgodnie z przepisami okre\u015blonymi w Rozporz\u0105dzeniem Parlamentu Europejskiego i Rady (UE) 2016\/679 z 27 kwietnia 2016 r. w sprawie ochrony os\u00f3b fizycznych w zwi\u0105zku z przetwarzaniem danych osobowych i w sprawie swobodnego przep\u0142ywu takich danych oraz uchylenia dyrektywy 95\/46\/WE. \u00a0 Przetwarzanie danych, o kt\u00f3rych mowa w ust\u0119pie 1 niniejszego paragrafu, w zwi\u0105zku z udzia\u0142em w zawodach obejmuje tak\u017ce publikacj\u0119 imienia i nazwiska uczestnika wraz z rokiem urodzenia i z nazw\u0105 miejscowo\u015bci, w kt\u00f3rej zamieszkuje - w ka\u017cdy spos\u00f3b, w jaki publikowany lub rozpowszechniany b\u0119dzie projekt. Uczestnik ma prawo do: \u017c\u0105dania od nas dost\u0119pu do swoich danych osobowych, prawo ich sprostowania swoich\u00a0 danych osobowych, prawo \u017c\u0105dania usuni\u0119cia lub ograniczenia przetwarzania swoich danych osobowych, prawo wniesienia sprzeciwu wobec przetwarzania swoich danych osobowych, prawo przenoszenia danych, prawo cofni\u0119cia zgody na przetwarzanie Pa\u0144stwa danych osobowych w dowolnym momencie bez wp\u0142ywu na zgodno\u015b\u0107 z prawem przetwarzania, kt\u00f3rego dokonano na podstawie zgody przed jej cofni\u0119ciem; prawo wniesienia skargi do organu nadzorczego. Podanie danych osobowych oraz wyra\u017cenie zgody na ich przetwarzanie jest dobrowolne, lecz ich niepodanie lub brak zgody na ich przetwarzanie uniemo\u017cliwia udzia\u0142 w zawodach.\u00a0\u00a0 Zawodnik poprzez dokonanie zg\u0142oszenia o\u015bwiadcza, \u017ce zosta\u0142 poinformowany przez organizatora o zagro\u017ceniach dla zdrowia i \u017cycia wynikaj\u0105cych z udzia\u0142u w zawodach, jest tego \u015bwiadom, godzi si\u0119 na nie oraz \u017ce bierze udzia\u0142 w zawodach na w\u0142asn\u0105 odpowiedzialno\u015b\u0107. &nbsp; &nbsp; UWAGI KO\u0143COWE Zawody odb\u0119d\u0105 si\u0119 bez wzgl\u0119du na pogod\u0119. Organizator nie ubezpiecza zawodnik\u00f3w na czas trwania zawod\u00f3w. Organizator zastrzega sobie prawo zmian i interpretacji regulaminu. Zawodnicy bior\u0105 udzia\u0142 w zawodach na w\u0142asn\u0105 odpowiedzialno\u015b\u0107. Osoby niepe\u0142noletnie bior\u0105 udzia\u0142 w zawodach na odpowiedzialno\u015b\u0107 rodzic\u00f3w lub opiekun\u00f3w prawnych. Bieg jest zaliczany do punktacji VIII Zakopia\u0144skiej Ligi Biegowej: wyniki z biegu \u2013 wg rankingu, marsz nordic walking \u2013 punkty za udzia\u0142 (11 pkt.). Osoby udzielaj\u0105ce szczeg\u00f3\u0142owych informacji na temat biegu: \u00a0 \u00a0 \u00a0 \u00a0 \u00a0 \u00a0 \u00a0 \u00a0 \u00a0 \u00a0 \u00a0 \u00a0 \u00a0 \u00a0 \u00a0 \u00a0 \u00a0 \u00a0 \u00a0 \u00a0 \u00a0 \u00a0 \u00a0 \u00a0 \u00a0 \u00a0 \u00a0 \u00a0 \u00a0 \u00a0 \u00a0 \u00a0 \u00a0 \u00a0 \u00a0 \u00a0 \u00a0 \u00a0 Leszek Behounek \u2013 517589080, Wies\u0142aw Watras - 608326315","protected":false},"featured_media":0,"template":"","tags":[],"am_event_categories":[36,134,64],"class_list":["post-35828","am_event","type-am_event","status-publish","hentry","am_venues-zakopane","am_event_categories-biegi-masowe","am_event_categories-nordic-walking","am_event_categories-zapisy-on-line"],"acf":[],"aioseo_notices":[],"am_startdate":"2022-12-31 10:00:00","am_enddate":"2022-12-31 10:00:00","_links":{"self":[{"href":"https:\/\/sport-timing.pl\/pomiar-czasu\/wp-json\/wp\/v2\/am_events\/35828","targetHints":{"allow":["GET"]}}],"collection":[{"href":"https:\/\/sport-timing.pl\/pomiar-czasu\/wp-json\/wp\/v2\/am_events"}],"about":[{"href":"https:\/\/sport-timing.pl\/pomiar-czasu\/wp-json\/wp\/v2\/types\/am_event"}],"version-history":[{"count":1,"href":"https:\/\/sport-timing.pl\/pomiar-czasu\/wp-json\/wp\/v2\/am_events\/35828\/revisions"}],"predecessor-version":[{"id":35829,"href":"https:\/\/sport-timing.pl\/pomiar-czasu\/wp-json\/wp\/v2\/am_events\/35828\/revisions\/35829"}],"wp:attachment":[{"href":"https:\/\/sport-timing.pl\/pomiar-czasu\/wp-json\/wp\/v2\/media?parent=35828"}],"wp:term":[{"taxonomy":"post_tag","embeddable":true,"href":"https:\/\/sport-timing.pl\/pomiar-czasu\/wp-json\/wp\/v2\/tags?post=35828"},{"taxonomy":"am_event_categories","embeddable":true,"href":"https:\/\/sport-timing.pl\/pomiar-czasu\/wp-json\/wp\/v2\/am_event_categories?post=35828"}],"curies":[{"name":"wp","href":"https:\/\/api.w.org\/{rel}","templated":true}]}}