




{"id":35260,"date":"2022-04-25T19:13:31","date_gmt":"2022-04-25T17:13:31","guid":{"rendered":"https:\/\/sport-timing.pl\/pomiar-czasu\/?post_type=am_event&#038;p=35260"},"modified":"2022-06-03T17:54:50","modified_gmt":"2022-06-03T15:54:50","slug":"i-bieg-papieski","status":"publish","type":"am_event","link":"https:\/\/sport-timing.pl\/pomiar-czasu\/wydarzenie\/i-bieg-papieski\/","title":{"rendered":"I Bieg Papieski"},"content":{"rendered":"<div class=\"wpb-content-wrapper\"><p><div class=\"vc_row wpb_row vc_row-fluid\"><div class=\"wpb_column vc_column_container vc_col-sm-3\"><div class=\"vc_column-inner\"><div class=\"wpb_wrapper\"><\/div><\/div><\/div><div class=\"wpb_column vc_column_container vc_col-sm-6\"><div class=\"vc_column-inner\"><div class=\"wpb_wrapper\">\n\t<div  class=\"wpb_single_image wpb_content_element vc_align_center wpb_content_element\">\n\t\t\n\t\t<figure class=\"wpb_wrapper vc_figure\">\n\t\t\t<a class=\"\" data-lightbox=\"lightbox[rel-35260-1124866720]\" href=\"https:\/\/sport-timing.pl\/pomiar-czasu\/content\/uploads\/2022\/04\/1bieg_papieski-731x1024.jpg\" target=\"_self\" class=\"vc_single_image-wrapper   vc_box_border_grey\"><img width=\"1080\" height=\"1512\" src=\"https:\/\/sport-timing.pl\/pomiar-czasu\/content\/uploads\/2022\/04\/1bieg_papieski.jpg\" class=\"vc_single_image-img attachment-full\" alt=\"\" title=\"Web\" srcset=\"https:\/\/sport-timing.pl\/pomiar-czasu\/content\/uploads\/2022\/04\/1bieg_papieski.jpg 1080w, https:\/\/sport-timing.pl\/pomiar-czasu\/content\/uploads\/2022\/04\/1bieg_papieski-214x300.jpg 214w, https:\/\/sport-timing.pl\/pomiar-czasu\/content\/uploads\/2022\/04\/1bieg_papieski-731x1024.jpg 731w, https:\/\/sport-timing.pl\/pomiar-czasu\/content\/uploads\/2022\/04\/1bieg_papieski-768x1075.jpg 768w\" sizes=\"(max-width: 1080px) 100vw, 1080px\" \/><\/a>\n\t\t<\/figure>\n\t<\/div>\n<\/div><\/div><\/div><div class=\"wpb_column vc_column_container vc_col-sm-3\"><div class=\"vc_column-inner\"><div class=\"wpb_wrapper\"><\/div><\/div><\/div><\/div><div class=\"vc_row wpb_row vc_row-fluid\"><div class=\"wpb_column vc_column_container vc_col-sm-12\"><div class=\"vc_column-inner\"><div class=\"wpb_wrapper\">\n\t<div class=\"wpb_raw_code wpb_raw_js\" >\n\t\t<div class=\"wpb_wrapper\">\n\t\t\t<script type=\"text\/javascript\"> \n$( \".weather-box\" ).insertAfter( $( \".event-card\" ) );\n\n <\/script>\n\t\t<\/div>\n\t<\/div>\n<\/div><\/div><\/div><\/div><div class=\"vc_row wpb_row vc_row-fluid\"><div class=\"wpb_column vc_column_container vc_col-sm-3\"><div class=\"vc_column-inner\"><div class=\"wpb_wrapper\"><\/div><\/div><\/div><div class=\"regulamin wpb_column vc_column_container vc_col-sm-6\"><div class=\"vc_column-inner\"><div class=\"wpb_wrapper\">\n\t<div class=\"wpb_text_column wpb_content_element\" >\n\t\t<div class=\"wpb_wrapper\">\n\t\t\t<p><strong>\u00a0I Bieg Papieski<\/strong><\/p>\n<p><strong>Jubileusz 25-lecia wizyty Jana Paw\u0142a II w Zakopanem<\/strong><\/p>\n<p><strong>Zakopane 4 czerwca 2022 roku<\/strong><\/p>\n<p>REGULAMIN<\/p>\n<p>Patronat honorowy \u2013 Starosta Powiatu Tatrza\u0144skiego<\/p>\n<p>Patronat honorowy \u2013 Burmistrz Miasta Zakopane\u00a0\u00a0\u00a0\u00a0\u00a0\u00a0\u00a0\u00a0\u00a0\u00a0\u00a0\u00a0\u00a0\u00a0\u00a0\u00a0\u00a0\u00a0\u00a0\u00a0\u00a0\u00a0\u00a0\u00a0\u00a0\u00a0\u00a0\u00a0\u00a0\u00a0\u00a0\u00a0\u00a0\u00a0\u00a0\u00a0\u00a0\u00a0\u00a0\u00a0\u00a0\u00a0\u00a0\u00a0\u00a0\u00a0\u00a0\u00a0\u00a0\u00a0\u00a0\u00a0\u00a0\u00a0\u00a0\u00a0\u00a0\u00a0\u00a0\u00a0\u00a0\u00a0\u00a0\u00a0\u00a0\u00a0\u00a0\u00a0\u00a0\u00a0\u00a0\u00a0\u00a0\u00a0\u00a0\u00a0\u00a0\u00a0\u00a0\u00a0\u00a0\u00a0\u00a0\u00a0\u00a0\u00a0\u00a0\u00a0\u00a0\u00a0 Organizator \u2013 Miejski O\u015brodek Sportu i Rekreacji w Zakopanem<\/p>\n<p>Patronat medialny \u2013 Tygodnik Podhala\u0144ski<\/p>\n<p>&nbsp;<\/p>\n<ol>\n<li><strong><u> CEL ZAWOD\u00d3W<\/u><\/strong>: 1. Obchody jubileuszu &#8211; 25. rocznicy wizyty Jana Paw\u0142a II w Zakopanem.\u00a0\u00a0\u00a0\u00a0\u00a0\u00a0\u00a0\u00a0\u00a0\u00a0\u00a0\u00a0\u00a0\u00a0\u00a0\u00a0\u00a0\u00a0\u00a0\u00a0\u00a0\u00a0\u00a0\u00a0\u00a0\u00a0\u00a0\u00a0\u00a0\u00a0\u00a0\u00a0\u00a0\u00a0\u00a0\u00a0\u00a0\u00a0\u00a0\u00a0\u00a0 2. Pokazanie na terenie miasta miejsc zwi\u0105zanych z Janem Paw\u0142em II.\u00a0\u00a0\u00a0\u00a0\u00a0\u00a0\u00a0\u00a0\u00a0\u00a0\u00a0\u00a0\u00a0\u00a0\u00a0\u00a0\u00a0\u00a0\u00a0\u00a0\u00a0\u00a0\u00a0\u00a0\u00a0\u00a0\u00a0\u00a0\u00a0\u00a0\u00a0\u00a0\u00a0\u00a0\u00a0\u00a0\u00a0\u00a0\u00a0\u00a0\u00a0\u00a0\u00a0\u00a0\u00a0\u00a0\u00a0\u00a0\u00a0\u00a0\u00a0\u00a0\u00a0\u00a0\u00a0\u00a0\u00a0\u00a0\u00a0\u00a0\u00a0\u00a0\u00a0\u00a0\u00a0\u00a0\u00a0\u00a0\u00a0\u00a0\u00a0\u00a0\u00a0\u00a0\u00a0\u00a0\u00a0\u00a0\u00a0\u00a0\u00a0\u00a0\u00a0\u00a0\u00a0\u00a0\u00a0\u00a0\u00a0\u00a0\u00a0\u00a0\u00a0\u00a0\u00a0\u00a0\u00a0\u00a0\u00a0\u00a0\u00a0\u00a0\u00a0\u00a0\u00a0\u00a0\u00a0\u00a0\u00a0\u00a0\u00a0\u00a0\u00a0\u00a0\u00a0\u00a0\u00a0\u00a0\u00a0\u00a0\u00a0\u00a0\u00a0\u00a0\u00a0\u00a0\u00a0\u00a0\u00a0\u00a0\u00a0\u00a0\u00a0\u00a0\u00a0\u00a0\u00a0\u00a0\u00a0\u00a0\u00a0\u00a0\u00a0 \u00a0\u00a0\u00a0\u00a0\u00a0\u00a0\u00a0\u00a0\u00a0\u00a0\u00a0\u00a0\u00a0\u00a0\u00a0\u00a0\u00a0\u00a0\u00a0\u00a0\u00a0\u00a0\u00a0\u00a0\u00a0\u00a0\u00a0\u00a0\u00a0\u00a0\u00a0\u00a0\u00a0\u00a0\u00a0\u00a0\u00a0\u00a0\u00a0\u00a0\u00a0\u00a0\u00a0\u00a0\u00a0\u00a0\u00a0\u00a0\u00a0\u00a0\u00a0\u00a0\u00a0\u00a0\u00a0\u00a0\u00a0\u00a0\u00a0\u00a0\u00a0\u00a0\u00a0\u00a0\u00a0\u00a0\u00a0\u00a0\u00a0\u00a0\u00a0\u00a0\u00a0\u00a0\u00a0\u00a0\u00a0\u00a0\u00a0\u00a0\u00a0\u00a0\u00a0\u00a0\u00a0\u00a0\u00a0\u00a0\u00a0\u00a0\u00a0\u00a0\u00a0\u00a0\u00a0\u00a0\u00a0\u00a0\u00a0\u00a0\u00a0\u00a0\u00a0\u00a0\u00a0\u00a0\u00a0\u00a0\u00a0\u00a0\u00a0\u00a0\u00a0\u00a0\u00a0\u00a0\u00a0\u00a0\u00a0\u00a0\u00a0\u00a0\u00a0\u00a0\u00a0\u00a0\u00a0\u00a0\u00a0\u00a0\u00a0\u00a0\u00a0\u00a0\u00a0\u00a0\u00a0\u00a0\u00a0\u00a0\u00a0\u00a0\u00a0\u00a0\u00a0\u00a0\u00a0\u00a0\u00a0\u00a03. Upowszechnianie biegania jako najprostszej formy ruchu.<br \/>\n4. Promocja aktywno\u015bci fizycznej i zdrowego stylu \u017cycia.<br \/>\n5. Promocja miasta Zakopane.<\/li>\n<li><strong><u> TERMIN, MIEJSCE I GODZINY STARTU<\/u><\/strong>:<br \/>\n1. Bieg odb\u0119dzie si\u0119 w dniu 4 czerwca 2022 r. w Zakopanem.<br \/>\n2. Start biegu pod Wielk\u0105 Krokwi\u0105 o godzinie 10.00<\/li>\n<\/ol>\n<p><strong><u>III . TRASA, DYSTANS<\/u><\/strong>:<br \/>\n<strong><u>Start: <\/u><\/strong>Pawilon pod Wielk\u0105 Krokwi\u0105 (obok tablicy upami\u0119tniaj\u0105cej wizyt\u0119 Jana Paw\u0142a II w Zakopanem) \u2013 Droga do skoczni \u2013 trasy terenowo \u2013 asfaltowe COS Zakopane \u2013 Aleja \u00a0Przewodnik\u00f3w Tatrza\u0144skich (chodnik) \u2013Dom Rekolekcyjny Konferencji Episkopatu Polski &#8220;Ksi\u0119\u017c\u00f3wka&#8221; obok pomnika Ojca \u015awi\u0119tego Jana Paw\u0142a II \u2013 <strong><u>Meta<\/u><\/strong><\/p>\n<p>Dystans biegu oko\u0142o 3 km (dok\u0142adny dystans biegu zostanie podany w terminie p\u00f3\u017aniejszym)<\/p>\n<ol>\n<li><strong><u> ZG\u0141OSZENIA<\/u><\/strong><br \/>\n1. Zg\u0142osze\u0144 mo\u017cna dokonywa\u0107 do dnia 27 maja 2022 drog\u0105 elektroniczn\u0105 na stronie internetowej <a href=\"http:\/\/www.mosir.zakopane.eu\">www.mosir.zakopane.eu<\/a>. Za zg\u0142oszonego uwa\u017ca si\u0119 zawodnika, kt\u00f3ry zapisa\u0142 si\u0119 do biegu i wni\u00f3s\u0142 op\u0142at\u0119 startow\u0105.<br \/>\n2. Pakiety startowe odbiera\u0107 mo\u017cna w dniu 4 czerwca w godzinach pracy biura zawod\u00f3w, zgodnie z rozdzia\u0142em VII niniejszego regulaminu.<\/li>\n<li><strong><u> UCZESTNICTWO<\/u><\/strong><br \/>\n1. Wszyscy zawodnicy odbieraj\u0105cy numer startowy s\u0105 zobowi\u0105zani do z\u0142o\u017cenia deklaracji uczestnictwa w biurze zawod\u00f3w. 2. Podpisuj\u0105c deklaracj\u0119 uczestnictwa Uczestnik za\u015bwiadcza, \u017ce stan jego zdrowia umo\u017cliwia mu udzia\u0142 w zawodach oraz, \u017ce bierze udzia\u0142 w zawodach na w\u0142asn\u0105 odpowiedzialno\u015b\u0107.\u00a0\u00a0\u00a0\u00a0\u00a0\u00a0\u00a0\u00a0\u00a0\u00a0\u00a0\u00a0\u00a0\u00a0\u00a0\u00a0\u00a0\u00a0\u00a0\u00a0\u00a0\u00a0\u00a0\u00a0\u00a0\u00a0\u00a0\u00a0\u00a0\u00a0\u00a0\u00a0\u00a0\u00a0\u00a0\u00a0\u00a0\u00a0\u00a0\u00a0\u00a0\u00a0\u00a0\u00a0\u00a0\u00a0\u00a0\u00a0\u00a0\u00a0\u00a0\u00a0\u00a0\u00a0\u00a0\u00a0\u00a0\u00a0\u00a0\u00a0\u00a0\u00a0\u00a0\u00a0\u00a0\u00a0\u00a0\u00a0\u00a0 \u00a0\u00a0\u00a0\u00a0\u00a0\u00a0\u00a0\u00a0\u00a0\u00a0\u00a0\u00a0\u00a0\u00a0\u00a0\u00a0\u00a0\u00a0\u00a0\u00a0\u00a0\u00a0\u00a0\u00a0\u00a0\u00a0\u00a0\u00a0\u00a0\u00a0\u00a0\u00a0\u00a0\u00a0\u00a0\u00a0\u00a0\u00a0\u00a0\u00a0\u00a0\u00a0\u00a0\u00a0\u00a0\u00a0\u00a0\u00a0\u00a0<strong><u>3. Za osoby niepe\u0142noletnie o\u015bwiadczenie podpisuj\u0105 rodzice lub opiekunowie prawni<\/u><\/strong>.\u00a0\u00a0\u00a0\u00a0\u00a0\u00a0\u00a0\u00a0\u00a0\u00a0\u00a0\u00a0\u00a0\u00a0\u00a0\u00a0\u00a0\u00a0\u00a0\u00a0\u00a0\u00a0\u00a0\u00a0\u00a0\u00a0\u00a0\u00a0\u00a0\u00a0\u00a0\u00a0\u00a0\u00a0\u00a0\u00a0\u00a0\u00a0\u00a0\u00a0\u00a0\u00a0\u00a0\u00a0\u00a0\u00a0\u00a0\u00a0\u00a0\u00a0\u00a0\u00a0\u00a0\u00a0\u00a0\u00a0\u00a0\u00a0\u00a0\u00a0\u00a0\u00a0\u00a0\u00a0\u00a0\u00a0\u00a0\u00a0\u00a0\u00a0 4. Zawodnicy kt\u00f3rzy otrzymali od organizatora okoliczno\u015bciow\u0105 koszulk\u0119 biegu s\u0105 zobowi\u0105zani w niej wystartowa\u0107.<br \/>\n5. Podczas biegu wszyscy zawodnicy musz\u0105 mie\u0107 numery startowe przymocowane do przedniej cz\u0119\u015bci koszulki startowej. \u00a0\u00a0\u00a0\u00a0\u00a0\u00a0\u00a0\u00a0\u00a0\u00a0\u00a0\u00a0\u00a0\u00a0\u00a0\u00a0\u00a0\u00a0\u00a0\u00a0\u00a0\u00a0\u00a0\u00a0\u00a0\u00a0\u00a0\u00a0\u00a0\u00a0\u00a0\u00a0\u00a0\u00a0\u00a0\u00a0\u00a0\u00a0\u00a0\u00a0\u00a0\u00a0\u00a0\u00a0\u00a0\u00a0\u00a0\u00a0\u00a0\u00a0\u00a0\u00a0\u00a0\u00a0\u00a0\u00a0\u00a0\u00a0\u00a0\u00a0\u00a0\u00a0\u00a0\u00a0\u00a0\u00a0\u00a0\u00a0\u00a0\u00a0\u00a0\u00a0\u00a0\u00a0\u00a0\u00a0\u00a0\u00a0\u00a0\u00a0\u00a0\u00a0\u00a0\u00a0\u00a0\u00a0\u00a0\u00a0\u00a0\u00a0\u00a0\u00a0\u00a0\u00a0\u00a0\u00a0\u00a0\u00a0\u00a0\u00a0\u00a0\u00a0\u00a0\u00a0\u00a0\u00a0\u00a0\u00a0\u00a0\u00a0\u00a0\u00a0\u00a0\u00a0\u00a0\u00a0\u00a0\u00a0\u00a0\u00a0\u00a0\u00a0\u00a0\u00a0\u00a0\u00a0\u00a0\u00a0\u00a0<strong><u>6. Ilo\u015b\u0107 zawodnik\u00f3w mog\u0105cych wzi\u0105\u0107 udzia\u0142 w biegu wynosi 200<\/u><\/strong>.<\/li>\n<li><strong><u> OP\u0141ATY<\/u><\/strong><br \/>\nOp\u0142ata startowa za udzia\u0142 w biegu wynosi: \u00a0\u00a0\u00a0\u00a0osoby doros\u0142e \u2013 25 z\u0142 <u>(w biurze zawod\u00f3w w dniu startu &#8211; 40 z\u0142)<\/u>\u00a0\u00a0\u00a0\u00a0\u00a0\u00a0\u00a0\u00a0\u00a0\u00a0\u00a0\u00a0\u00a0\u00a0\u00a0\u00a0\u00a0\u00a0\u00a0\u00a0\u00a0\u00a0\u00a0\u00a0\u00a0\u00a0\u00a0\u00a0\u00a0\u00a0\u00a0\u00a0\u00a0\u00a0\u00a0\u00a0\u00a0\u00a0\u00a0\u00a0\u00a0\u00a0\u00a0\u00a0\u00a0\u00a0\u00a0\u00a0\u00a0\u00a0\u00a0\u00a0\u00a0\u00a0\u00a0\u00a0\u00a0\u00a0\u00a0\u00a0\u00a0\u00a0\u00a0\u00a0\u00a0\u00a0\u00a0\u00a0\u00a0\u00a0\u00a0\u00a0\u00a0\u00a0\u00a0\u00a0\u00a0\u00a0\u00a0\u00a0 uczniowie szk\u00f3\u0142 powiatu tatrza\u0144skiego oraz osoby urodzone w roku 1955 i starsze op\u0142ata startowa \u2013 10 z\u0142. <u>(w biurze zawod\u00f3w w dniu startu &#8211; 20 z\u0142)<\/u>\u00a0\u00a0\u00a0\u00a0\u00a0\u00a0\u00a0\u00a0\u00a0\u00a0\u00a0\u00a0\u00a0\u00a0\u00a0\u00a0\u00a0\u00a0\u00a0\u00a0\u00a0\u00a0 \u00a0\u00a0\u00a0\u00a0\u00a0\u00a0\u00a0\u00a0\u00a0\u00a0\u00a0\u00a0\u00a0\u00a0\u00a0\u00a0\u00a0\u00a0\u00a0\u00a0\u00a0\u00a0\u00a0\u00a0\u00a0\u00a0\u00a0 \u00a0\u00a0\u00a0\u00a0\u00a0\u00a0\u00a0\u00a0\u00a0\u00a0\u00a0\u00a0\u00a0\u00a0\u00a0\u00a0\u00a0\u00a0\u00a0\u00a0\u00a0\u00a0\u00a0\u00a0\u00a0\u00a0\u00a0\u00a0\u00a0\u00a0\u00a0\u00a0\u00a0\u00a0\u00a0\u00a0\u00a0\u00a0\u00a0\u00a0\u00a0\u00a0\u00a0\u00a0\u00a0\u00a0\u00a0\u00a0\u00a0\u00a0\u00a0\u00a0\u00a0\u00a0\u00a0\u00a0\u00a0\u00a0\u00a0\u00a0\u00a0\u00a0\u00a0\u00a0\u00a0\u00a0\u00a0\u00a0\u00a0\u00a0\u00a0\u00a0\u00a0\u00a0\u00a0\u00a0\u00a0\u00a0\u00a0\u00a0\u00a0\u00a0\u00a0\u00a0\u00a0\u00a0\u00a0\u00a0\u00a0\u00a0\u00a0\u00a0\u00a0\u00a0\u00a0\u00a0\u00a0\u00a0\u00a0\u00a0\u00a0\u00a0\u00a0\u00a0\u00a0\u00a0\u00a0\u00a0\u00a0\u00a0\u00a0\u00a0\u00a0\u00a0\u00a0\u00a0\u00a0\u00a0\u00a0\u00a0\u00a0\u00a0\u00a0\u00a0\u00a0\u00a0\u00a0\u00a0\u00a0\u00a0\u00a0Odbi\u00f3r w\/w pakiet\u00f3w mo\u017cliwy b\u0119dzie po okazaniu w biurze zawod\u00f3w wa\u017cnej legitymacji szkolnej lub dowodu osobistego.<\/li>\n<\/ol>\n<p>Wniesie op\u0142aty startowej oraz pobranie numeru wi\u0105\u017ce si\u0119 z akceptacj\u0105 niniejszego Regulaminu.<\/p>\n<p>&nbsp;<\/p>\n<p><strong><u>VII. \u015aWIADCZENIA ORGANIZATORA <\/u><\/strong><\/p>\n<p>Organizator zapewnia: atrakcyjn\u0105 (trudn\u0105) tras\u0119 asfaltowo \u2013 terenow\u0105, rezerwacj\u0119 miejsca w biegu, koszulk\u0119, medal, materia\u0142y promocyjne, zabezpieczenie medyczne zawod\u00f3w, pocz\u0119stunek na mecie biegu.<\/p>\n<p>&nbsp;<\/p>\n<p><strong><u>VIII. BIURO ZAWOD\u00d3W<\/u><\/strong><br \/>\n1. Biuro zawod\u00f3w mie\u015bci\u0107 si\u0119 b\u0119dzie obok pawilonu Wielkiej Krokwi, Zakopane, ul. Bronis\u0142awa Czecha 1, czynne b\u0119dzie w dniu 4 czerwca w godzinach 7.30 \u2013 9.45<\/p>\n<p>&nbsp;<\/p>\n<ol>\n<li><strong><u> OCHRONA DANYCH OSOBOWYCH<\/u><\/strong><\/li>\n<li>Dane osobowe uczestnik\u00f3w biegu b\u0119d\u0105 przetwarzane w celach przeprowadzenia biegu oraz klasyfikacji zawodnik\u00f3w.<\/li>\n<li>Dane osobowe uczestnik\u00f3w biegu b\u0119d\u0105 przetwarzane zgodnie z przepisami okre\u015blonymi w Rozporz\u0105dzeniem Parlamentu Europejskiego i Rady (UE) 2016\/679 z 27 kwietnia 2016 r. w sprawie ochrony os\u00f3b fizycznych w zwi\u0105zku z przetwarzaniem danych osobowych i w sprawie swobodnego przep\u0142ywu takich danych oraz uchylenia dyrektywy 95\/46\/WE.<\/li>\n<li>Przetwarzanie danych, o kt\u00f3rych mowa w ust\u0119pie 1 niniejszego paragrafu, w zwi\u0105zku z udzia\u0142em w zawodach obejmuje tak\u017ce publikacj\u0119 imienia i nazwiska uczestnika wraz z rokiem urodzenia i z nazw\u0105 miejscowo\u015bci, w kt\u00f3rej zamieszkuje &#8211; w ka\u017cdy spos\u00f3b, w jaki publikowany lub rozpowszechniany b\u0119dzie projekt.<\/li>\n<li>Uczestnik ma prawo do: \u017c\u0105dania dost\u0119pu do swoich danych osobowych, prawo ich sprostowania swoich danych osobowych, prawo \u017c\u0105dania usuni\u0119cia lub ograniczenia przetwarzania swoich danych osobowych, prawo wniesienia sprzeciwu wobec przetwarzania swoich danych osobowych, prawo przenoszenia danych, prawo cofni\u0119cia zgody na przetwarzanie danych osobowych w dowolnym momencie bez wp\u0142ywu na zgodno\u015b\u0107 z prawem przetwarzania, kt\u00f3rego dokonano na podstawie zgody przed jej cofni\u0119ciem; prawo wniesienia skargi do organu nadzorczego.<\/li>\n<li>Podanie danych osobowych oraz wyra\u017cenie zgody na ich przetwarzanie jest dobrowolne, lecz ich niepodanie lub brak zgody na ich przetwarzanie uniemo\u017cliwia udzia\u0142 w zawodach.<\/li>\n<li><strong><u> KLASYFIKACJA<\/u><\/strong><u> <\/u><\/li>\n<\/ol>\n<p>Zawodnicy zostan\u0105 sklasyfikowani w nast\u0119puj\u0105cych kategoriach wiekowych:<\/p>\n<p>Junior K\/M \u2013 urodzeni w roku 2006 i m\u0142odsi<\/p>\n<p>Senior K\/M \u2013 urodzeni w latach 1983 &#8211; 2005<\/p>\n<p>Masters K\/M \u2013 urodzeni w latach 1973 \u2013 1982<\/p>\n<p>Weteran 1 K\/M \u2013 urodzeni w latach 1963 \u2013 1972<\/p>\n<p>Weteran 2 K \u2013 urodzone w roku 1962 i starsze<\/p>\n<p>Weteran 2 M \u2013 urodzeni w latach 1953 \u2013 1962<\/p>\n<p>Super Weteran M \u2013 urodzeni w roku 1952 i starsi\u00a0\u00a0\u00a0\u00a0\u00a0\u00a0\u00a0\u00a0\u00a0\u00a0\u00a0\u00a0\u00a0\u00a0\u00a0 <strong><u>\u00a0\u00a0\u00a0\u00a0\u00a0\u00a0\u00a0\u00a0\u00a0\u00a0\u00a0\u00a0\u00a0\u00a0\u00a0\u00a0\u00a0\u00a0\u00a0\u00a0\u00a0\u00a0\u00a0\u00a0\u00a0\u00a0\u00a0\u00a0\u00a0\u00a0\u00a0\u00a0\u00a0\u00a0\u00a0\u00a0\u00a0\u00a0\u00a0\u00a0\u00a0\u00a0\u00a0\u00a0\u00a0\u00a0\u00a0\u00a0\u00a0\u00a0\u00a0\u00a0\u00a0\u00a0\u00a0\u00a0\u00a0\u00a0\u00a0\u00a0\u00a0\u00a0\u00a0\u00a0\u00a0\u00a0\u00a0\u00a0\u00a0\u00a0\u00a0\u00a0\u00a0\u00a0\u00a0\u00a0\u00a0\u00a0\u00a0\u00a0\u00a0\u00a0\u00a0\u00a0\u00a0\u00a0\u00a0\u00a0\u00a0\u00a0\u00a0\u00a0\u00a0\u00a0\u00a0\u00a0\u00a0\u00a0\u00a0\u00a0\u00a0\u00a0\u00a0\u00a0\u00a0\u00a0\u00a0\u00a0\u00a0\u00a0\u00a0\u00a0\u00a0\u00a0\u00a0\u00a0\u00a0\u00a0\u00a0\u00a0\u00a0\u00a0\u00a0\u00a0\u00a0\u00a0\u00a0\u00a0\u00a0\u00a0\u00a0\u00a0\u00a0\u00a0\u00a0\u00a0\u00a0\u00a0\u00a0\u00a0\u00a0\u00a0\u00a0\u00a0\u00a0\u00a0\u00a0\u00a0\u00a0\u00a0\u00a0\u00a0\u00a0\u00a0\u00a0\u00a0\u00a0\u00a0<\/u><\/strong><\/p>\n<p><strong><u>\u00a0\u00a0\u00a0\u00a0\u00a0\u00a0\u00a0\u00a0\u00a0\u00a0\u00a0\u00a0\u00a0\u00a0\u00a0\u00a0\u00a0\u00a0\u00a0\u00a0\u00a0\u00a0\u00a0\u00a0\u00a0\u00a0\u00a0\u00a0\u00a0\u00a0\u00a0\u00a0\u00a0\u00a0\u00a0\u00a0\u00a0\u00a0\u00a0\u00a0\u00a0\u00a0\u00a0\u00a0\u00a0\u00a0\u00a0\u00a0\u00a0\u00a0\u00a0\u00a0\u00a0\u00a0\u00a0\u00a0\u00a0\u00a0\u00a0\u00a0\u00a0\u00a0\u00a0\u00a0\u00a0\u00a0\u00a0\u00a0\u00a0\u00a0\u00a0\u00a0\u00a0\u00a0\u00a0\u00a0\u00a0\u00a0\u00a0\u00a0\u00a0\u00a0\u00a0\u00a0\u00a0\u00a0\u00a0\u00a0\u00a0\u00a0\u00a0\u00a0\u00a0\u00a0\u00a0\u00a0\u00a0\u00a0\u00a0\u00a0\u00a0\u00a0\u00a0\u00a0\u00a0\u00a0\u00a0\u00a0\u00a0\u00a0\u00a0\u00a0\u00a0\u00a0\u00a0\u00a0\u00a0\u00a0\u00a0\u00a0\u00a0\u00a0\u00a0\u00a0\u00a0\u00a0\u00a0\u00a0\u00a0\u00a0\u00a0\u00a0\u00a0 \u00a0\u00a0\u00a0\u00a0\u00a0\u00a0\u00a0\u00a0\u00a0\u00a0\u00a0\u00a0\u00a0\u00a0\u00a0\u00a0\u00a0\u00a0\u00a0\u00a0<\/u><\/strong><\/p>\n<ol>\n<li><strong><u> \u00a0NAGRODY<\/u><\/strong>: \u00a0\u00a0\u00a0\u00a0\u00a0\u00a0\u00a0\u00a0\u00a0\u00a0\u00a0\u00a0\u00a0\u00a0\u00a0\u00a0\u00a0Zawodnicy na mecie otrzymuj\u0105 pami\u0105tkowy medal biegu.\u00a0 \u00a0\u00a0\u00a0\u00a0\u00a0\u00a0\u00a0\u00a0\u00a0\u00a0\u00a0\u00a0\u00a0\u00a0\u00a0\u00a0\u00a0\u00a0\u00a0\u00a0\u00a0\u00a0\u00a0\u00a0\u00a0\u00a0\u00a0\u00a0\u00a0\u00a0\u00a0\u00a0\u00a0\u00a0\u00a0\u00a0\u00a0\u00a0\u00a0\u00a0\u00a0\u00a0\u00a0\u00a0\u00a0\u00a0\u00a0\u00a0\u00a0\u00a0\u00a0\u00a0\u00a0\u00a0\u00a0\u00a0\u00a0\u00a0\u00a0\u00a0\u00a0\u00a0\u00a0\u00a0\u00a0\u00a0\u00a0\u00a0\u00a0\u00a0\u00a0\u00a0\u00a0\u00a0\u00a0\u00a0Po zako\u0144czonym biegu Organizator planuje przeprowadzenie konkursu z nagrodami.<\/li>\n<\/ol>\n<p>&nbsp;<\/p>\n<p><strong><u>XII. UWAGI KO\u0143COWE <\/u><\/strong><\/p>\n<ol>\n<li>Zawodnik poprzez zg\u0142oszenie do udzia\u0142u w Biegu potwierdza, i\u017c startuje w biegu na w\u0142asn\u0105 odpowiedzialno\u015b\u0107 oraz ponosi zwi\u0105zane z tym ryzyko, przyjmuj\u0105c do wiadomo\u015bci, \u017ce udzia\u0142 w biegu wi\u0105\u017ce si\u0119 z wysi\u0142kiem fizycznym i poci\u0105ga za sob\u0105 naturalne ryzyko i zagro\u017cenie wypadkami, mo\u017cliwo\u015b\u0107 odniesienia obra\u017ce\u0144 cia\u0142a i uraz\u00f3w fizycznych (w tym \u015bmierci), a tak\u017ce szk\u00f3d i strat o charakterze maj\u0105tkowym.<\/li>\n<li>Wys\u0142anie zg\u0142oszenia oraz uiszczenie op\u0142aty startowej oznacza, \u017ce zawodnik oceni\u0142 charakter, zakres i stopie\u0144 ryzyka wi\u0105\u017c\u0105cego si\u0119 z uczestnictwem w biegu, przyj\u0105\u0142 je do wiadomo\u015bci i dobrowolnie zdecydowa\u0142 si\u0119 podj\u0105\u0107 to ryzyko, startuj\u0105c w nim na w\u0142asn\u0105 odpowiedzialno\u015b\u0107.<br \/>\n3<strong>. <\/strong>Zawody odb\u0119d\u0105 si\u0119 bez wzgl\u0119du na pogod\u0119\u00a0\u00a0\u00a0\u00a0\u00a0\u00a0\u00a0\u00a0\u00a0\u00a0\u00a0\u00a0\u00a0\u00a0\u00a0\u00a0\u00a0\u00a0\u00a0\u00a0\u00a0\u00a0\u00a0\u00a0\u00a0\u00a0\u00a0\u00a0\u00a0\u00a0\u00a0\u00a0\u00a0\u00a0\u00a0\u00a0\u00a0\u00a0\u00a0\u00a0\u00a0\u00a0\u00a0\u00a0\u00a0\u00a0\u00a0\u00a0\u00a0\u00a0\u00a0\u00a0\u00a0\u00a0\u00a0\u00a0\u00a0\u00a0\u00a0\u00a0\u00a0\u00a0\u00a0\u00a0\u00a0\u00a0\u00a0\u00a0\u00a0\u00a0\u00a0\u00a0\u00a0\u00a0\u00a0\u00a0\u00a0\u00a0\u00a0\u00a0\u00a0\u00a0\u00a0\u00a0\u00a0\u00a0\u00a0\u00a0\u00a0\u00a0\u00a0\u00a0\u00a0\u00a0\u00a0\u00a0\u00a0\u00a0\u00a0\u00a0\u00a0\u00a0\u00a0\u00a0\u00a0\u00a0\u00a0\u00a0\u00a0\u00a0\u00a0\u00a0\u00a0 4. Koszty zwi\u0105zane z organizacj\u0105 zawod\u00f3w pokrywa MOSiR Zakopane.<strong>\u00a0\u00a0\u00a0\u00a0\u00a0\u00a0\u00a0\u00a0\u00a0\u00a0\u00a0\u00a0\u00a0\u00a0\u00a0\u00a0\u00a0\u00a0\u00a0\u00a0\u00a0\u00a0\u00a0\u00a0\u00a0\u00a0\u00a0\u00a0\u00a0\u00a0\u00a0\u00a0\u00a0\u00a0\u00a0\u00a0\u00a0\u00a0\u00a0\u00a0\u00a0\u00a0\u00a0\u00a0\u00a0\u00a0\u00a0\u00a0\u00a0\u00a0\u00a0\u00a0\u00a0\u00a0\u00a0\u00a0\u00a0\u00a0\u00a0\u00a0\u00a0\u00a0\u00a0\u00a0\u00a0\u00a0 <\/strong><\/li>\n<li>We wszystkich sprawach nieuj\u0119tych Regulaminem decyduje Organizator Biegu, kt\u00f3remu przys\u0142uguje wi\u0105\u017c\u0105ca i ostateczna interpretacja Regulaminu.<\/li>\n<li>Kontakt do organizatora tel. 182066971, 182073966, 517589080, e-mail: <a href=\"mailto:stadion@mosir.zakopane.eu\">stadion@mosir.zakopane.eu<\/a><\/li>\n<li>Bieg jest zaliczany do punktacji VIII Zakopia\u0144skiej Ligi Biegowej 2022 \u2013 ka\u017cdy sklasyfikowany zawodnik otrzyma punkty wg rankingu kategorii open K\/ open M.<\/li>\n<\/ol>\n<p>&nbsp;<\/p>\n\n\t\t<\/div>\n\t<\/div>\n<\/div><\/div><\/div><div class=\"wpb_column vc_column_container vc_col-sm-3\"><div class=\"vc_column-inner\"><div class=\"wpb_wrapper\"><\/div><\/div><\/div><\/div><\/p>\n<\/div>","protected":false},"excerpt":{"rendered":"\u00a0I Bieg Papieski Jubileusz 25-lecia wizyty Jana Paw\u0142a II w Zakopanem Zakopane 4 czerwca 2022 roku REGULAMIN Patronat honorowy \u2013 Starosta Powiatu Tatrza\u0144skiego Patronat honorowy \u2013 Burmistrz Miasta Zakopane\u00a0\u00a0\u00a0\u00a0\u00a0\u00a0\u00a0\u00a0\u00a0\u00a0\u00a0\u00a0\u00a0\u00a0\u00a0\u00a0\u00a0\u00a0\u00a0\u00a0\u00a0\u00a0\u00a0\u00a0\u00a0\u00a0\u00a0\u00a0\u00a0\u00a0\u00a0\u00a0\u00a0\u00a0\u00a0\u00a0\u00a0\u00a0\u00a0\u00a0\u00a0\u00a0\u00a0\u00a0\u00a0\u00a0\u00a0\u00a0\u00a0\u00a0\u00a0\u00a0\u00a0\u00a0\u00a0\u00a0\u00a0\u00a0\u00a0\u00a0\u00a0\u00a0\u00a0\u00a0\u00a0\u00a0\u00a0\u00a0\u00a0\u00a0\u00a0\u00a0\u00a0\u00a0\u00a0\u00a0\u00a0\u00a0\u00a0\u00a0\u00a0\u00a0\u00a0\u00a0\u00a0\u00a0\u00a0\u00a0\u00a0\u00a0 Organizator \u2013 Miejski O\u015brodek Sportu i Rekreacji w Zakopanem Patronat medialny \u2013 Tygodnik Podhala\u0144ski &nbsp; CEL ZAWOD\u00d3W: 1. Obchody jubileuszu - 25. rocznicy wizyty Jana Paw\u0142a II w Zakopanem.\u00a0\u00a0\u00a0\u00a0\u00a0\u00a0\u00a0\u00a0\u00a0\u00a0\u00a0\u00a0\u00a0\u00a0\u00a0\u00a0\u00a0\u00a0\u00a0\u00a0\u00a0\u00a0\u00a0\u00a0\u00a0\u00a0\u00a0\u00a0\u00a0\u00a0\u00a0\u00a0\u00a0\u00a0\u00a0\u00a0\u00a0\u00a0\u00a0\u00a0\u00a0 2. Pokazanie na terenie miasta miejsc zwi\u0105zanych z Janem Paw\u0142em II.\u00a0\u00a0\u00a0\u00a0\u00a0\u00a0\u00a0\u00a0\u00a0\u00a0\u00a0\u00a0\u00a0\u00a0\u00a0\u00a0\u00a0\u00a0\u00a0\u00a0\u00a0\u00a0\u00a0\u00a0\u00a0\u00a0\u00a0\u00a0\u00a0\u00a0\u00a0\u00a0\u00a0\u00a0\u00a0\u00a0\u00a0\u00a0\u00a0\u00a0\u00a0\u00a0\u00a0\u00a0\u00a0\u00a0\u00a0\u00a0\u00a0\u00a0\u00a0\u00a0\u00a0\u00a0\u00a0\u00a0\u00a0\u00a0\u00a0\u00a0\u00a0\u00a0\u00a0\u00a0\u00a0\u00a0\u00a0\u00a0\u00a0\u00a0\u00a0\u00a0\u00a0\u00a0\u00a0\u00a0\u00a0\u00a0\u00a0\u00a0\u00a0\u00a0\u00a0\u00a0\u00a0\u00a0\u00a0\u00a0\u00a0\u00a0\u00a0\u00a0\u00a0\u00a0\u00a0\u00a0\u00a0\u00a0\u00a0\u00a0\u00a0\u00a0\u00a0\u00a0\u00a0\u00a0\u00a0\u00a0\u00a0\u00a0\u00a0\u00a0\u00a0\u00a0\u00a0\u00a0\u00a0\u00a0\u00a0\u00a0\u00a0\u00a0\u00a0\u00a0\u00a0\u00a0\u00a0\u00a0\u00a0\u00a0\u00a0\u00a0\u00a0\u00a0\u00a0\u00a0\u00a0\u00a0\u00a0\u00a0\u00a0\u00a0\u00a0 \u00a0\u00a0\u00a0\u00a0\u00a0\u00a0\u00a0\u00a0\u00a0\u00a0\u00a0\u00a0\u00a0\u00a0\u00a0\u00a0\u00a0\u00a0\u00a0\u00a0\u00a0\u00a0\u00a0\u00a0\u00a0\u00a0\u00a0\u00a0\u00a0\u00a0\u00a0\u00a0\u00a0\u00a0\u00a0\u00a0\u00a0\u00a0\u00a0\u00a0\u00a0\u00a0\u00a0\u00a0\u00a0\u00a0\u00a0\u00a0\u00a0\u00a0\u00a0\u00a0\u00a0\u00a0\u00a0\u00a0\u00a0\u00a0\u00a0\u00a0\u00a0\u00a0\u00a0\u00a0\u00a0\u00a0\u00a0\u00a0\u00a0\u00a0\u00a0\u00a0\u00a0\u00a0\u00a0\u00a0\u00a0\u00a0\u00a0\u00a0\u00a0\u00a0\u00a0\u00a0\u00a0\u00a0\u00a0\u00a0\u00a0\u00a0\u00a0\u00a0\u00a0\u00a0\u00a0\u00a0\u00a0\u00a0\u00a0\u00a0\u00a0\u00a0\u00a0\u00a0\u00a0\u00a0\u00a0\u00a0\u00a0\u00a0\u00a0\u00a0\u00a0\u00a0\u00a0\u00a0\u00a0\u00a0\u00a0\u00a0\u00a0\u00a0\u00a0\u00a0\u00a0\u00a0\u00a0\u00a0\u00a0\u00a0\u00a0\u00a0\u00a0\u00a0\u00a0\u00a0\u00a0\u00a0\u00a0\u00a0\u00a0\u00a0\u00a0\u00a0\u00a0\u00a0\u00a0\u00a0\u00a0\u00a03. Upowszechnianie biegania jako najprostszej formy ruchu. 4. Promocja aktywno\u015bci fizycznej i zdrowego stylu \u017cycia. 5. Promocja miasta Zakopane. TERMIN, MIEJSCE I GODZINY STARTU: 1. Bieg odb\u0119dzie si\u0119 w dniu 4 czerwca 2022 r. w Zakopanem. 2. Start biegu pod Wielk\u0105 Krokwi\u0105 o godzinie 10.00 III . TRASA, DYSTANS: Start: Pawilon pod Wielk\u0105 Krokwi\u0105 (obok tablicy upami\u0119tniaj\u0105cej wizyt\u0119 Jana Paw\u0142a II w Zakopanem) \u2013 Droga do skoczni \u2013 trasy terenowo \u2013 asfaltowe COS Zakopane \u2013 Aleja \u00a0Przewodnik\u00f3w Tatrza\u0144skich (chodnik) \u2013Dom Rekolekcyjny Konferencji Episkopatu Polski \"Ksi\u0119\u017c\u00f3wka\" obok pomnika Ojca \u015awi\u0119tego Jana Paw\u0142a II \u2013 Meta Dystans biegu oko\u0142o 3 km (dok\u0142adny dystans biegu zostanie podany w terminie p\u00f3\u017aniejszym) ZG\u0141OSZENIA 1. Zg\u0142osze\u0144 mo\u017cna dokonywa\u0107 do dnia 27 maja 2022 drog\u0105 elektroniczn\u0105 na stronie internetowej www.mosir.zakopane.eu. Za zg\u0142oszonego uwa\u017ca si\u0119 zawodnika, kt\u00f3ry zapisa\u0142 si\u0119 do biegu i wni\u00f3s\u0142 op\u0142at\u0119 startow\u0105. 2. Pakiety startowe odbiera\u0107 mo\u017cna w dniu 4 czerwca w godzinach pracy biura zawod\u00f3w, zgodnie z rozdzia\u0142em VII niniejszego regulaminu. UCZESTNICTWO 1. Wszyscy zawodnicy odbieraj\u0105cy numer startowy s\u0105 zobowi\u0105zani do z\u0142o\u017cenia deklaracji uczestnictwa w biurze zawod\u00f3w. 2. Podpisuj\u0105c deklaracj\u0119 uczestnictwa Uczestnik za\u015bwiadcza, \u017ce stan jego zdrowia umo\u017cliwia mu udzia\u0142 w zawodach oraz, \u017ce bierze udzia\u0142 w zawodach na w\u0142asn\u0105 odpowiedzialno\u015b\u0107.\u00a0\u00a0\u00a0\u00a0\u00a0\u00a0\u00a0\u00a0\u00a0\u00a0\u00a0\u00a0\u00a0\u00a0\u00a0\u00a0\u00a0\u00a0\u00a0\u00a0\u00a0\u00a0\u00a0\u00a0\u00a0\u00a0\u00a0\u00a0\u00a0\u00a0\u00a0\u00a0\u00a0\u00a0\u00a0\u00a0\u00a0\u00a0\u00a0\u00a0\u00a0\u00a0\u00a0\u00a0\u00a0\u00a0\u00a0\u00a0\u00a0\u00a0\u00a0\u00a0\u00a0\u00a0\u00a0\u00a0\u00a0\u00a0\u00a0\u00a0\u00a0\u00a0\u00a0\u00a0\u00a0\u00a0\u00a0\u00a0\u00a0 \u00a0\u00a0\u00a0\u00a0\u00a0\u00a0\u00a0\u00a0\u00a0\u00a0\u00a0\u00a0\u00a0\u00a0\u00a0\u00a0\u00a0\u00a0\u00a0\u00a0\u00a0\u00a0\u00a0\u00a0\u00a0\u00a0\u00a0\u00a0\u00a0\u00a0\u00a0\u00a0\u00a0\u00a0\u00a0\u00a0\u00a0\u00a0\u00a0\u00a0\u00a0\u00a0\u00a0\u00a0\u00a0\u00a0\u00a0\u00a0\u00a03. Za osoby niepe\u0142noletnie o\u015bwiadczenie podpisuj\u0105 rodzice lub opiekunowie prawni.\u00a0\u00a0\u00a0\u00a0\u00a0\u00a0\u00a0\u00a0\u00a0\u00a0\u00a0\u00a0\u00a0\u00a0\u00a0\u00a0\u00a0\u00a0\u00a0\u00a0\u00a0\u00a0\u00a0\u00a0\u00a0\u00a0\u00a0\u00a0\u00a0\u00a0\u00a0\u00a0\u00a0\u00a0\u00a0\u00a0\u00a0\u00a0\u00a0\u00a0\u00a0\u00a0\u00a0\u00a0\u00a0\u00a0\u00a0\u00a0\u00a0\u00a0\u00a0\u00a0\u00a0\u00a0\u00a0\u00a0\u00a0\u00a0\u00a0\u00a0\u00a0\u00a0\u00a0\u00a0\u00a0\u00a0\u00a0\u00a0\u00a0\u00a0 4. Zawodnicy kt\u00f3rzy otrzymali od organizatora okoliczno\u015bciow\u0105 koszulk\u0119 biegu s\u0105 zobowi\u0105zani w niej wystartowa\u0107. 5. Podczas biegu wszyscy zawodnicy musz\u0105 mie\u0107 numery startowe przymocowane do przedniej cz\u0119\u015bci koszulki startowej. \u00a0\u00a0\u00a0\u00a0\u00a0\u00a0\u00a0\u00a0\u00a0\u00a0\u00a0\u00a0\u00a0\u00a0\u00a0\u00a0\u00a0\u00a0\u00a0\u00a0\u00a0\u00a0\u00a0\u00a0\u00a0\u00a0\u00a0\u00a0\u00a0\u00a0\u00a0\u00a0\u00a0\u00a0\u00a0\u00a0\u00a0\u00a0\u00a0\u00a0\u00a0\u00a0\u00a0\u00a0\u00a0\u00a0\u00a0\u00a0\u00a0\u00a0\u00a0\u00a0\u00a0\u00a0\u00a0\u00a0\u00a0\u00a0\u00a0\u00a0\u00a0\u00a0\u00a0\u00a0\u00a0\u00a0\u00a0\u00a0\u00a0\u00a0\u00a0\u00a0\u00a0\u00a0\u00a0\u00a0\u00a0\u00a0\u00a0\u00a0\u00a0\u00a0\u00a0\u00a0\u00a0\u00a0\u00a0\u00a0\u00a0\u00a0\u00a0\u00a0\u00a0\u00a0\u00a0\u00a0\u00a0\u00a0\u00a0\u00a0\u00a0\u00a0\u00a0\u00a0\u00a0\u00a0\u00a0\u00a0\u00a0\u00a0\u00a0\u00a0\u00a0\u00a0\u00a0\u00a0\u00a0\u00a0\u00a0\u00a0\u00a0\u00a0\u00a0\u00a0\u00a0\u00a0\u00a0\u00a0\u00a06. Ilo\u015b\u0107 zawodnik\u00f3w mog\u0105cych wzi\u0105\u0107 udzia\u0142 w biegu wynosi 200. OP\u0141ATY Op\u0142ata startowa za udzia\u0142 w biegu wynosi: \u00a0\u00a0\u00a0\u00a0osoby doros\u0142e \u2013 25 z\u0142 (w biurze zawod\u00f3w w dniu startu - 40 z\u0142)\u00a0\u00a0\u00a0\u00a0\u00a0\u00a0\u00a0\u00a0\u00a0\u00a0\u00a0\u00a0\u00a0\u00a0\u00a0\u00a0\u00a0\u00a0\u00a0\u00a0\u00a0\u00a0\u00a0\u00a0\u00a0\u00a0\u00a0\u00a0\u00a0\u00a0\u00a0\u00a0\u00a0\u00a0\u00a0\u00a0\u00a0\u00a0\u00a0\u00a0\u00a0\u00a0\u00a0\u00a0\u00a0\u00a0\u00a0\u00a0\u00a0\u00a0\u00a0\u00a0\u00a0\u00a0\u00a0\u00a0\u00a0\u00a0\u00a0\u00a0\u00a0\u00a0\u00a0\u00a0\u00a0\u00a0\u00a0\u00a0\u00a0\u00a0\u00a0\u00a0\u00a0\u00a0\u00a0\u00a0\u00a0\u00a0\u00a0\u00a0 uczniowie szk\u00f3\u0142 powiatu tatrza\u0144skiego oraz osoby urodzone w roku 1955 i starsze op\u0142ata startowa \u2013 10 z\u0142. (w biurze zawod\u00f3w w dniu startu - 20 z\u0142)\u00a0\u00a0\u00a0\u00a0\u00a0\u00a0\u00a0\u00a0\u00a0\u00a0\u00a0\u00a0\u00a0\u00a0\u00a0\u00a0\u00a0\u00a0\u00a0\u00a0\u00a0\u00a0 \u00a0\u00a0\u00a0\u00a0\u00a0\u00a0\u00a0\u00a0\u00a0\u00a0\u00a0\u00a0\u00a0\u00a0\u00a0\u00a0\u00a0\u00a0\u00a0\u00a0\u00a0\u00a0\u00a0\u00a0\u00a0\u00a0\u00a0 \u00a0\u00a0\u00a0\u00a0\u00a0\u00a0\u00a0\u00a0\u00a0\u00a0\u00a0\u00a0\u00a0\u00a0\u00a0\u00a0\u00a0\u00a0\u00a0\u00a0\u00a0\u00a0\u00a0\u00a0\u00a0\u00a0\u00a0\u00a0\u00a0\u00a0\u00a0\u00a0\u00a0\u00a0\u00a0\u00a0\u00a0\u00a0\u00a0\u00a0\u00a0\u00a0\u00a0\u00a0\u00a0\u00a0\u00a0\u00a0\u00a0\u00a0\u00a0\u00a0\u00a0\u00a0\u00a0\u00a0\u00a0\u00a0\u00a0\u00a0\u00a0\u00a0\u00a0\u00a0\u00a0\u00a0\u00a0\u00a0\u00a0\u00a0\u00a0\u00a0\u00a0\u00a0\u00a0\u00a0\u00a0\u00a0\u00a0\u00a0\u00a0\u00a0\u00a0\u00a0\u00a0\u00a0\u00a0\u00a0\u00a0\u00a0\u00a0\u00a0\u00a0\u00a0\u00a0\u00a0\u00a0\u00a0\u00a0\u00a0\u00a0\u00a0\u00a0\u00a0\u00a0\u00a0\u00a0\u00a0\u00a0\u00a0\u00a0\u00a0\u00a0\u00a0\u00a0\u00a0\u00a0\u00a0\u00a0\u00a0\u00a0\u00a0\u00a0\u00a0\u00a0\u00a0\u00a0\u00a0\u00a0\u00a0\u00a0Odbi\u00f3r w\/w pakiet\u00f3w mo\u017cliwy b\u0119dzie po okazaniu w biurze zawod\u00f3w wa\u017cnej legitymacji szkolnej lub dowodu osobistego. Wniesie op\u0142aty startowej oraz pobranie numeru wi\u0105\u017ce si\u0119 z akceptacj\u0105 niniejszego Regulaminu. &nbsp; VII. \u015aWIADCZENIA ORGANIZATORA Organizator zapewnia: atrakcyjn\u0105 (trudn\u0105) tras\u0119 asfaltowo \u2013 terenow\u0105, rezerwacj\u0119 miejsca w biegu, koszulk\u0119, medal, materia\u0142y promocyjne, zabezpieczenie medyczne zawod\u00f3w, pocz\u0119stunek na mecie biegu. &nbsp; VIII. BIURO ZAWOD\u00d3W 1. Biuro zawod\u00f3w mie\u015bci\u0107 si\u0119 b\u0119dzie obok pawilonu Wielkiej Krokwi, Zakopane, ul. Bronis\u0142awa Czecha 1, czynne b\u0119dzie w dniu 4 czerwca w godzinach 7.30 \u2013 9.45 &nbsp; OCHRONA DANYCH OSOBOWYCH Dane osobowe uczestnik\u00f3w biegu b\u0119d\u0105 przetwarzane w celach przeprowadzenia biegu oraz klasyfikacji zawodnik\u00f3w. Dane osobowe uczestnik\u00f3w biegu b\u0119d\u0105 przetwarzane zgodnie z przepisami okre\u015blonymi w Rozporz\u0105dzeniem Parlamentu Europejskiego i Rady (UE) 2016\/679 z 27 kwietnia 2016 r. w sprawie ochrony os\u00f3b fizycznych w zwi\u0105zku z przetwarzaniem danych osobowych i w sprawie swobodnego przep\u0142ywu takich danych oraz uchylenia dyrektywy 95\/46\/WE. Przetwarzanie danych, o kt\u00f3rych mowa w ust\u0119pie 1 niniejszego paragrafu, w zwi\u0105zku z udzia\u0142em w zawodach obejmuje tak\u017ce publikacj\u0119 imienia i nazwiska uczestnika wraz z rokiem urodzenia i z nazw\u0105 miejscowo\u015bci, w kt\u00f3rej zamieszkuje - w ka\u017cdy spos\u00f3b, w jaki publikowany lub rozpowszechniany b\u0119dzie projekt. Uczestnik ma prawo do: \u017c\u0105dania dost\u0119pu do swoich danych osobowych, prawo ich sprostowania swoich danych osobowych, prawo \u017c\u0105dania usuni\u0119cia lub ograniczenia przetwarzania swoich danych osobowych, prawo wniesienia sprzeciwu wobec przetwarzania swoich danych osobowych, prawo przenoszenia danych, prawo cofni\u0119cia zgody na przetwarzanie danych osobowych w dowolnym momencie bez wp\u0142ywu na zgodno\u015b\u0107 z prawem przetwarzania, kt\u00f3rego dokonano na podstawie zgody przed jej cofni\u0119ciem; prawo wniesienia skargi do organu nadzorczego. Podanie danych osobowych oraz wyra\u017cenie zgody na ich przetwarzanie jest dobrowolne, lecz ich niepodanie lub brak zgody na ich przetwarzanie uniemo\u017cliwia udzia\u0142 w zawodach. KLASYFIKACJA Zawodnicy zostan\u0105 sklasyfikowani w nast\u0119puj\u0105cych kategoriach wiekowych: Junior K\/M \u2013 urodzeni w roku 2006 i m\u0142odsi Senior K\/M \u2013 urodzeni w latach 1983 - 2005 Masters K\/M \u2013 urodzeni w latach 1973 \u2013 1982 Weteran 1 K\/M \u2013 urodzeni w latach 1963 \u2013 1972 Weteran 2 K \u2013 urodzone w roku 1962 i starsze Weteran 2 M \u2013 urodzeni w latach 1953 \u2013 1962 Super Weteran M \u2013 urodzeni w roku 1952 i starsi\u00a0\u00a0\u00a0\u00a0\u00a0\u00a0\u00a0\u00a0\u00a0\u00a0\u00a0\u00a0\u00a0\u00a0\u00a0 \u00a0\u00a0\u00a0\u00a0\u00a0\u00a0\u00a0\u00a0\u00a0\u00a0\u00a0\u00a0\u00a0\u00a0\u00a0\u00a0\u00a0\u00a0\u00a0\u00a0\u00a0\u00a0\u00a0\u00a0\u00a0\u00a0\u00a0\u00a0\u00a0\u00a0\u00a0\u00a0\u00a0\u00a0\u00a0\u00a0\u00a0\u00a0\u00a0\u00a0\u00a0\u00a0\u00a0\u00a0\u00a0\u00a0\u00a0\u00a0\u00a0\u00a0\u00a0\u00a0\u00a0\u00a0\u00a0\u00a0\u00a0\u00a0\u00a0\u00a0\u00a0\u00a0\u00a0\u00a0\u00a0\u00a0\u00a0\u00a0\u00a0\u00a0\u00a0\u00a0\u00a0\u00a0\u00a0\u00a0\u00a0\u00a0\u00a0\u00a0\u00a0\u00a0\u00a0\u00a0\u00a0\u00a0\u00a0\u00a0\u00a0\u00a0\u00a0\u00a0\u00a0\u00a0\u00a0\u00a0\u00a0\u00a0\u00a0\u00a0\u00a0\u00a0\u00a0\u00a0\u00a0\u00a0\u00a0\u00a0\u00a0\u00a0\u00a0\u00a0\u00a0\u00a0\u00a0\u00a0\u00a0\u00a0\u00a0\u00a0\u00a0\u00a0\u00a0\u00a0\u00a0\u00a0\u00a0\u00a0\u00a0\u00a0\u00a0\u00a0\u00a0\u00a0\u00a0\u00a0\u00a0\u00a0\u00a0\u00a0\u00a0\u00a0\u00a0\u00a0\u00a0\u00a0\u00a0\u00a0\u00a0\u00a0\u00a0\u00a0\u00a0\u00a0\u00a0\u00a0\u00a0\u00a0 \u00a0\u00a0\u00a0\u00a0\u00a0\u00a0\u00a0\u00a0\u00a0\u00a0\u00a0\u00a0\u00a0\u00a0\u00a0\u00a0\u00a0\u00a0\u00a0\u00a0\u00a0\u00a0\u00a0\u00a0\u00a0\u00a0\u00a0\u00a0\u00a0\u00a0\u00a0\u00a0\u00a0\u00a0\u00a0\u00a0\u00a0\u00a0\u00a0\u00a0\u00a0\u00a0\u00a0\u00a0\u00a0\u00a0\u00a0\u00a0\u00a0\u00a0\u00a0\u00a0\u00a0\u00a0\u00a0\u00a0\u00a0\u00a0\u00a0\u00a0\u00a0\u00a0\u00a0\u00a0\u00a0\u00a0\u00a0\u00a0\u00a0\u00a0\u00a0\u00a0\u00a0\u00a0\u00a0\u00a0\u00a0\u00a0\u00a0\u00a0\u00a0\u00a0\u00a0\u00a0\u00a0\u00a0\u00a0\u00a0\u00a0\u00a0\u00a0\u00a0\u00a0\u00a0\u00a0\u00a0\u00a0\u00a0\u00a0\u00a0\u00a0\u00a0\u00a0\u00a0\u00a0\u00a0\u00a0\u00a0\u00a0\u00a0\u00a0\u00a0\u00a0\u00a0\u00a0\u00a0\u00a0\u00a0\u00a0\u00a0\u00a0\u00a0\u00a0\u00a0\u00a0\u00a0\u00a0\u00a0\u00a0\u00a0\u00a0\u00a0\u00a0 \u00a0\u00a0\u00a0\u00a0\u00a0\u00a0\u00a0\u00a0\u00a0\u00a0\u00a0\u00a0\u00a0\u00a0\u00a0\u00a0\u00a0\u00a0\u00a0\u00a0 \u00a0NAGRODY: \u00a0\u00a0\u00a0\u00a0\u00a0\u00a0\u00a0\u00a0\u00a0\u00a0\u00a0\u00a0\u00a0\u00a0\u00a0\u00a0\u00a0Zawodnicy na mecie otrzymuj\u0105 pami\u0105tkowy medal biegu.\u00a0 \u00a0\u00a0\u00a0\u00a0\u00a0\u00a0\u00a0\u00a0\u00a0\u00a0\u00a0\u00a0\u00a0\u00a0\u00a0\u00a0\u00a0\u00a0\u00a0\u00a0\u00a0\u00a0\u00a0\u00a0\u00a0\u00a0\u00a0\u00a0\u00a0\u00a0\u00a0\u00a0\u00a0\u00a0\u00a0\u00a0\u00a0\u00a0\u00a0\u00a0\u00a0\u00a0\u00a0\u00a0\u00a0\u00a0\u00a0\u00a0\u00a0\u00a0\u00a0\u00a0\u00a0\u00a0\u00a0\u00a0\u00a0\u00a0\u00a0\u00a0\u00a0\u00a0\u00a0\u00a0\u00a0\u00a0\u00a0\u00a0\u00a0\u00a0\u00a0\u00a0\u00a0\u00a0\u00a0\u00a0Po zako\u0144czonym biegu Organizator planuje przeprowadzenie konkursu z nagrodami. &nbsp; XII. UWAGI KO\u0143COWE Zawodnik poprzez zg\u0142oszenie do udzia\u0142u w Biegu potwierdza, i\u017c startuje w biegu na w\u0142asn\u0105 odpowiedzialno\u015b\u0107 oraz ponosi zwi\u0105zane z tym ryzyko, przyjmuj\u0105c do wiadomo\u015bci, \u017ce udzia\u0142 w biegu wi\u0105\u017ce si\u0119 z wysi\u0142kiem fizycznym i poci\u0105ga za sob\u0105 naturalne ryzyko i zagro\u017cenie wypadkami, mo\u017cliwo\u015b\u0107 odniesienia obra\u017ce\u0144 cia\u0142a i uraz\u00f3w fizycznych (w tym \u015bmierci), a tak\u017ce szk\u00f3d i strat o charakterze maj\u0105tkowym. Wys\u0142anie zg\u0142oszenia oraz uiszczenie op\u0142aty startowej oznacza, \u017ce zawodnik oceni\u0142 charakter, zakres i stopie\u0144 ryzyka wi\u0105\u017c\u0105cego si\u0119 z uczestnictwem w biegu, przyj\u0105\u0142 je do wiadomo\u015bci i dobrowolnie zdecydowa\u0142 si\u0119 podj\u0105\u0107 to ryzyko, startuj\u0105c w nim na w\u0142asn\u0105 odpowiedzialno\u015b\u0107. 3. Zawody odb\u0119d\u0105 si\u0119 bez wzgl\u0119du na pogod\u0119\u00a0\u00a0\u00a0\u00a0\u00a0\u00a0\u00a0\u00a0\u00a0\u00a0\u00a0\u00a0\u00a0\u00a0\u00a0\u00a0\u00a0\u00a0\u00a0\u00a0\u00a0\u00a0\u00a0\u00a0\u00a0\u00a0\u00a0\u00a0\u00a0\u00a0\u00a0\u00a0\u00a0\u00a0\u00a0\u00a0\u00a0\u00a0\u00a0\u00a0\u00a0\u00a0\u00a0\u00a0\u00a0\u00a0\u00a0\u00a0\u00a0\u00a0\u00a0\u00a0\u00a0\u00a0\u00a0\u00a0\u00a0\u00a0\u00a0\u00a0\u00a0\u00a0\u00a0\u00a0\u00a0\u00a0\u00a0\u00a0\u00a0\u00a0\u00a0\u00a0\u00a0\u00a0\u00a0\u00a0\u00a0\u00a0\u00a0\u00a0\u00a0\u00a0\u00a0\u00a0\u00a0\u00a0\u00a0\u00a0\u00a0\u00a0\u00a0\u00a0\u00a0\u00a0\u00a0\u00a0\u00a0\u00a0\u00a0\u00a0\u00a0\u00a0\u00a0\u00a0\u00a0\u00a0\u00a0\u00a0\u00a0\u00a0\u00a0\u00a0\u00a0 4. Koszty zwi\u0105zane z organizacj\u0105 zawod\u00f3w pokrywa MOSiR Zakopane.\u00a0\u00a0\u00a0\u00a0\u00a0\u00a0\u00a0\u00a0\u00a0\u00a0\u00a0\u00a0\u00a0\u00a0\u00a0\u00a0\u00a0\u00a0\u00a0\u00a0\u00a0\u00a0\u00a0\u00a0\u00a0\u00a0\u00a0\u00a0\u00a0\u00a0\u00a0\u00a0\u00a0\u00a0\u00a0\u00a0\u00a0\u00a0\u00a0\u00a0\u00a0\u00a0\u00a0\u00a0\u00a0\u00a0\u00a0\u00a0\u00a0\u00a0\u00a0\u00a0\u00a0\u00a0\u00a0\u00a0\u00a0\u00a0\u00a0\u00a0\u00a0\u00a0\u00a0\u00a0\u00a0\u00a0 We wszystkich sprawach nieuj\u0119tych Regulaminem decyduje Organizator Biegu, kt\u00f3remu przys\u0142uguje wi\u0105\u017c\u0105ca i ostateczna interpretacja Regulaminu. Kontakt do organizatora tel. 182066971, 182073966, 517589080, e-mail: stadion@mosir.zakopane.eu Bieg jest zaliczany do punktacji VIII Zakopia\u0144skiej Ligi Biegowej 2022 \u2013 ka\u017cdy sklasyfikowany zawodnik otrzyma punkty wg rankingu kategorii open K\/ open M. &nbsp;","protected":false},"featured_media":35261,"template":"","tags":[],"am_event_categories":[109,144,64],"class_list":["post-35260","am_event","type-am_event","status-publish","has-post-thumbnail","hentry","am_venues-zakopane","am_event_categories-biegi","am_event_categories-rower","am_event_categories-zapisy-on-line"],"acf":[],"aioseo_notices":[],"am_startdate":"2022-06-04 10:00:00","am_enddate":"2022-06-04 10:00:00","_links":{"self":[{"href":"https:\/\/sport-timing.pl\/pomiar-czasu\/wp-json\/wp\/v2\/am_events\/35260","targetHints":{"allow":["GET"]}}],"collection":[{"href":"https:\/\/sport-timing.pl\/pomiar-czasu\/wp-json\/wp\/v2\/am_events"}],"about":[{"href":"https:\/\/sport-timing.pl\/pomiar-czasu\/wp-json\/wp\/v2\/types\/am_event"}],"version-history":[{"count":0,"href":"https:\/\/sport-timing.pl\/pomiar-czasu\/wp-json\/wp\/v2\/am_events\/35260\/revisions"}],"wp:featuredmedia":[{"embeddable":true,"href":"https:\/\/sport-timing.pl\/pomiar-czasu\/wp-json\/wp\/v2\/media\/35261"}],"wp:attachment":[{"href":"https:\/\/sport-timing.pl\/pomiar-czasu\/wp-json\/wp\/v2\/media?parent=35260"}],"wp:term":[{"taxonomy":"post_tag","embeddable":true,"href":"https:\/\/sport-timing.pl\/pomiar-czasu\/wp-json\/wp\/v2\/tags?post=35260"},{"taxonomy":"am_event_categories","embeddable":true,"href":"https:\/\/sport-timing.pl\/pomiar-czasu\/wp-json\/wp\/v2\/am_event_categories?post=35260"}],"curies":[{"name":"wp","href":"https:\/\/api.w.org\/{rel}","templated":true}]}}