




{"id":33914,"date":"2021-12-08T17:54:35","date_gmt":"2021-12-08T15:54:35","guid":{"rendered":"https:\/\/sport-timing.pl\/pomiar-czasu\/?post_type=am_event&#038;p=33914"},"modified":"2022-01-01T17:43:00","modified_gmt":"2022-01-01T15:43:00","slug":"viii-zakopianski-noworoczny-bieg-marsz-nordic-walking","status":"publish","type":"am_event","link":"https:\/\/sport-timing.pl\/pomiar-czasu\/wydarzenie\/viii-zakopianski-noworoczny-bieg-marsz-nordic-walking\/","title":{"rendered":"VIII Zakopia\u0144ski Noworoczny Bieg \/ Marsz Nordic Walking"},"content":{"rendered":"<div class=\"wpb-content-wrapper\"><p><div class=\"vc_row wpb_row vc_row-fluid\"><div class=\"wpb_column vc_column_container vc_col-sm-3\"><div class=\"vc_column-inner\"><div class=\"wpb_wrapper\"><\/div><\/div><\/div><div class=\"wpb_column vc_column_container vc_col-sm-6\"><div class=\"vc_column-inner\"><div class=\"wpb_wrapper\">\n\t<div  class=\"wpb_single_image wpb_content_element vc_align_left wpb_content_element\">\n\t\t\n\t\t<figure class=\"wpb_wrapper vc_figure\">\n\t\t\t<div class=\"vc_single_image-wrapper   vc_box_border_grey\"><img width=\"1080\" height=\"1512\" src=\"https:\/\/sport-timing.pl\/pomiar-czasu\/content\/uploads\/2021\/12\/bieg-noworoczny.jpg\" class=\"vc_single_image-img attachment-full\" alt=\"\" title=\"plakat OK\" srcset=\"https:\/\/sport-timing.pl\/pomiar-czasu\/content\/uploads\/2021\/12\/bieg-noworoczny.jpg 1080w, https:\/\/sport-timing.pl\/pomiar-czasu\/content\/uploads\/2021\/12\/bieg-noworoczny-214x300.jpg 214w, https:\/\/sport-timing.pl\/pomiar-czasu\/content\/uploads\/2021\/12\/bieg-noworoczny-731x1024.jpg 731w, https:\/\/sport-timing.pl\/pomiar-czasu\/content\/uploads\/2021\/12\/bieg-noworoczny-768x1075.jpg 768w\" sizes=\"(max-width: 1080px) 100vw, 1080px\" \/><\/div>\n\t\t<\/figure>\n\t<\/div>\n<\/div><\/div><\/div><div class=\"wpb_column vc_column_container vc_col-sm-3\"><div class=\"vc_column-inner\"><div class=\"wpb_wrapper\"><\/div><\/div><\/div><\/div><div class=\"vc_row wpb_row vc_row-fluid regulamin vc_custom_1448119716553 vc_row-has-fill\"><div class=\"wpb_column vc_column_container vc_col-sm-12\"><div class=\"vc_column-inner\"><div class=\"wpb_wrapper\">\n\t<div class=\"wpb_text_column wpb_content_element\" >\n\t\t<div class=\"wpb_wrapper\">\n\t\t\t<p><strong>VIII Zakopia\u0144ski Noworoczny Bieg \/ Marsz Nordic Walking &#8211; 01.01.2022 r. <\/strong><\/p>\n<p><strong>\u00a0dystans 5 km \u2013 trasa terenowa<\/strong><\/p>\n<p><strong>Pierwszy bieg cyklu VIII Zakopia\u0144skiej Ligi Biegowej 2022<\/strong><\/p>\n<p><strong>\u00a0<\/strong><\/p>\n<p><strong>REGULAMIN<\/strong><\/p>\n<p><strong>Organizator Biegu :\u00a0\u00a0 Miejski O\u015brodek Sportu i Rekreacji w Zakopanem<\/strong><\/p>\n<p><strong>Partner Biegu : Willa \u201eSwoboda\u201d<\/strong><\/p>\n<p><strong>\u00a0<\/strong><\/p>\n<p><strong>TERMIN I MIEJSCE ZAWOD\u00d3W:<\/strong><\/p>\n<p>31 grudnia 2021 r. (pi\u0105tek) \u2013 Bieg Sylwestrowy \u2013 start godzina 10.00<\/p>\n<p>01 stycznia 2022 r. (sobota) \u2013 Bieg Noworoczny \u2013 start godzina 10.00<\/p>\n<p>START \/ META obok Willi \u201eSwoboda \u201d Zakopane, ul. Podhala\u0144ska 70<\/p>\n<p>&nbsp;<\/p>\n<p><strong>BIURO ZAWOD\u00d3W \/ PARKING<\/strong>:<\/p>\n<p>Willa \u201eSwoboda \u201d Zakopane, ul. Podhala\u0144ska 70<\/p>\n<p><strong>\u00a0<\/strong><\/p>\n<p><strong>CEL ZAWOD\u00d3W:<\/strong><\/p>\n<ul>\n<li>Promowanie aktywno\u015bci fizycznej i zachowa\u0144 prozdrowotnych w\u015br\u00f3d mieszka\u0144c\u00f3w Zakopanego, Powiatu Tatrza\u0144skiego i turyst\u00f3w odwiedzaj\u0105cych nasze miasto.<\/li>\n<li>Promowanie atrakcyjnych miejsc na terenie miasta Zakopane i Powiatu Tatrza\u0144skiego.<\/li>\n<li>Wzbogacenie oferty sportowo \u2013 rekreacyjnej miasta i powiatu.<\/li>\n<li>Dopisanie do \u201ebiegowego CV\u201d kolejnych bieg\u00f3w w Zakopanem.<\/li>\n<li>Zdobycie punkt\u00f3w do klasyfikacji Zakopia\u0144skiej Ligi Biegowej 2021 i 2022<\/li>\n<\/ul>\n<p><strong>\u00a0<\/strong><\/p>\n<p><strong>TRASA:\u00a0\u00a0\u00a0\u00a0\u00a0\u00a0\u00a0\u00a0\u00a0\u00a0\u00a0\u00a0\u00a0\u00a0\u00a0\u00a0\u00a0\u00a0\u00a0\u00a0\u00a0\u00a0\u00a0\u00a0\u00a0\u00a0\u00a0\u00a0\u00a0\u00a0\u00a0\u00a0\u00a0\u00a0\u00a0\u00a0\u00a0\u00a0\u00a0\u00a0\u00a0\u00a0\u00a0\u00a0\u00a0\u00a0\u00a0\u00a0\u00a0\u00a0\u00a0\u00a0\u00a0\u00a0\u00a0\u00a0\u00a0\u00a0\u00a0\u00a0\u00a0\u00a0\u00a0\u00a0\u00a0\u00a0\u00a0\u00a0\u00a0\u00a0\u00a0\u00a0\u00a0\u00a0\u00a0\u00a0\u00a0\u00a0\u00a0\u00a0\u00a0\u00a0\u00a0\u00a0\u00a0\u00a0\u00a0\u00a0\u00a0\u00a0\u00a0\u00a0\u00a0\u00a0\u00a0\u00a0\u00a0\u00a0\u00a0\u00a0\u00a0\u00a0\u00a0\u00a0\u00a0\u00a0\u00a0\u00a0\u00a0\u00a0\u00a0\u00a0\u00a0\u00a0\u00a0\u00a0\u00a0\u00a0\u00a0\u00a0\u00a0\u00a0\u00a0\u00a0\u00a0\u00a0\u00a0\u00a0\u00a0\u00a0\u00a0\u00a0\u00a0\u00a0\u00a0\u00a0\u00a0\u00a0 <\/strong><\/p>\n<p>Bieg zostanie rozegrany na trasie terenowej o d\u0142ugo\u015bci 5 km przygotowanej pod narciarsk\u0105 tras\u0119 biegow\u0105\u00a0 \u201eHomolacka Droga\u201d wytyczonej przez Gmin\u0119 Miasto Zakopane.<\/p>\n<p><strong>\u00a0<\/strong><\/p>\n<p><strong>UCZESTNICTWO \/ ZG\u0141OSZENIA<\/strong><\/p>\n<ol>\n<li>Zg\u0142osze\u0144 mo\u017cna dokonywa\u0107 do dnia 29 grudnia 2021 drog\u0105 elektroniczn\u0105 na stronie internetowej www.mosir.zakopane.eu. lub dnia 31 grudnia \/ 1 stycznia w biurze zawod\u00f3w.<\/li>\n<li>Warunkiem udzia\u0142u w biegu jest podpisanie o\u015bwiadczenia o udziale w biegu na w\u0142asn\u0105 odpowiedzialno\u015b\u0107.<\/li>\n<\/ol>\n<p><strong><u>Za osoby niepe\u0142noletnie o\u015bwiadczenie podpisuje rodzic lub opiekun prawny<\/u><\/strong>.<\/p>\n<ol start=\"3\">\n<li>Zawodnik musi okaza\u0107 w biurze zawod\u00f3w dokument celem weryfikacji danych osobowych.<\/li>\n<li>Wszyscy zawodnicy musz\u0105 przestrzega\u0107 regulaminu zawod\u00f3w.<\/li>\n<li>Udzia\u0142 w zawodach jest bezp\u0142atny.<\/li>\n<\/ol>\n<p>&nbsp;<\/p>\n<p><strong>OCHRONA DANYCH OSOBOWYCH<\/strong><\/p>\n<ol>\n<li>Dane osobowe uczestnik\u00f3w biegu b\u0119d\u0105 przetwarzane w celach przeprowadzenia bieg\u00f3w oraz klasyfikacji zawodnik\u00f3w.<\/li>\n<li>Dane osobowe uczestnik\u00f3w bieg\u00f3w b\u0119d\u0105 przetwarzane zgodnie z przepisami okre\u015blonymi w Rozporz\u0105dzeniem Parlamentu Europejskiego i Rady (UE) 2016\/679 z 27 kwietnia 2016 r. w sprawie ochrony os\u00f3b fizycznych w zwi\u0105zku z przetwarzaniem danych osobowych i w sprawie swobodnego przep\u0142ywu takich danych oraz uchylenia dyrektywy 95\/46\/WE.<\/li>\n<li>Przetwarzanie danych, o kt\u00f3rych mowa w ust\u0119pie 1 niniejszego paragrafu, w zwi\u0105zku z udzia\u0142em w zawodach obejmuje tak\u017ce publikacj\u0119 imienia i nazwiska uczestnika wraz z rokiem urodzenia i z nazw\u0105 miejscowo\u015bci, w kt\u00f3rej zamieszkuje &#8211; w ka\u017cdy spos\u00f3b, w jaki publikowany lub rozpowszechniany b\u0119dzie projekt.<\/li>\n<li>Uczestnik ma prawo do: \u017c\u0105dania dost\u0119pu do swoich danych osobowych, prawo ich sprostowania swoich danych osobowych, prawo \u017c\u0105dania usuni\u0119cia lub ograniczenia przetwarzania swoich danych osobowych, prawo wniesienia sprzeciwu wobec przetwarzania swoich danych osobowych, prawo przenoszenia danych, prawo cofni\u0119cia zgody na przetwarzanie danych osobowych w dowolnym momencie bez wp\u0142ywu na zgodno\u015b\u0107 z prawem przetwarzania, kt\u00f3rego dokonano na podstawie zgody przed jej cofni\u0119ciem; prawo wniesienia skargi do organu nadzorczego.<\/li>\n<li>Podanie danych osobowych oraz wyra\u017cenie zgody na ich przetwarzanie jest dobrowolne, lecz ich niepodanie lub brak zgody na ich przetwarzanie uniemo\u017cliwia udzia\u0142 w zawodach<\/li>\n<\/ol>\n<p><strong>\u00a0<\/strong><\/p>\n<p><strong>KLASYFIKACJE:<\/strong><\/p>\n<p>Zawodnicy startuj\u0105cy w <strong><u>Biegu Sylwestrowym<\/u><\/strong> zostan\u0105 sklasyfikowani w kategorii open kobiet i m\u0119\u017cczyzn oraz w nast\u0119puj\u0105cych kategoriach wiekowych<\/p>\n<p>Junior M\u0142odszy K\/M\u00a0\u00a0\u00a0\u00a0\u00a0\u00a0\u00a0\u00a0\u00a0\u00a0\u00a0\u00a0\u00a0\u00a0\u00a0\u00a0\u00a0\u00a0 do 13 lat\u00a0\u00a0\u00a0\u00a0\u00a0\u00a0\u00a0\u00a0\u00a0\u00a0\u00a0\u00a0\u00a0\u00a0\u00a0\u00a0\u00a0 osoby urodzone w roku 2008 i m\u0142odsze<\/p>\n<p>Junior K\/M\u00a0\u00a0\u00a0\u00a0\u00a0\u00a0\u00a0\u00a0\u00a0\u00a0\u00a0\u00a0\u00a0\u00a0\u00a0\u00a0\u00a0\u00a0\u00a0\u00a0\u00a0\u00a0\u00a0 od 14 do 18 lat\u00a0\u00a0\u00a0\u00a0\u00a0\u00a0\u00a0\u00a0\u00a0\u00a0\u00a0\u00a0\u00a0\u00a0\u00a0\u00a0\u00a0 osoby urodzone w latach 2007 &#8211; 2003\u00a0\u00a0\u00a0\u00a0\u00a0\u00a0\u00a0\u00a0\u00a0\u00a0\u00a0\u00a0\u00a0\u00a0\u00a0\u00a0\u00a0\u00a0\u00a0\u00a0\u00a0\u00a0\u00a0\u00a0\u00a0\u00a0\u00a0\u00a0\u00a0\u00a0\u00a0\u00a0\u00a0\u00a0\u00a0\u00a0\u00a0\u00a0\u00a0\u00a0\u00a0\u00a0\u00a0\u00a0\u00a0\u00a0\u00a0\u00a0\u00a0\u00a0\u00a0\u00a0\u00a0\u00a0\u00a0\u00a0\u00a0\u00a0\u00a0\u00a0\u00a0\u00a0\u00a0\u00a0\u00a0\u00a0\u00a0\u00a0\u00a0\u00a0\u00a0\u00a0\u00a0\u00a0\u00a0\u00a0\u00a0\u00a0\u00a0\u00a0\u00a0\u00a0\u00a0\u00a0\u00a0\u00a0\u00a0\u00a0\u00a0\u00a0\u00a0\u00a0\u00a0\u00a0\u00a0\u00a0\u00a0\u00a0\u00a0\u00a0\u00a0\u00a0\u00a0\u00a0\u00a0 Senior\u00a0\u00a0\u00a0 K\/M\u00a0\u00a0\u00a0\u00a0\u00a0\u00a0\u00a0\u00a0\u00a0\u00a0\u00a0\u00a0\u00a0\u00a0\u00a0\u00a0\u00a0\u00a0\u00a0\u00a0 od 19 do 39 lat\u00a0\u00a0\u00a0\u00a0\u00a0\u00a0\u00a0\u00a0\u00a0\u00a0\u00a0\u00a0\u00a0\u00a0\u00a0\u00a0\u00a0 osoby urodzone w latach 2002 &#8211;\u00a0 1982\u00a0\u00a0\u00a0\u00a0\u00a0\u00a0\u00a0\u00a0\u00a0\u00a0\u00a0\u00a0\u00a0\u00a0\u00a0\u00a0\u00a0\u00a0\u00a0\u00a0\u00a0\u00a0\u00a0\u00a0\u00a0\u00a0\u00a0\u00a0\u00a0\u00a0 Masters \u00a0K\/M\u00a0\u00a0\u00a0\u00a0\u00a0\u00a0\u00a0\u00a0\u00a0\u00a0\u00a0\u00a0\u00a0\u00a0\u00a0\u00a0\u00a0\u00a0\u00a0 od 40 do 49 lat\u00a0\u00a0\u00a0\u00a0\u00a0\u00a0\u00a0\u00a0\u00a0\u00a0\u00a0\u00a0\u00a0\u00a0\u00a0\u00a0\u00a0 osoby urodzone w latach 1981 \u2013 1972\u00a0\u00a0\u00a0\u00a0\u00a0\u00a0\u00a0\u00a0\u00a0\u00a0\u00a0\u00a0\u00a0\u00a0\u00a0\u00a0\u00a0\u00a0\u00a0\u00a0\u00a0\u00a0\u00a0\u00a0\u00a0\u00a0\u00a0 Weteran I K\/M\u00a0\u00a0\u00a0\u00a0\u00a0\u00a0\u00a0\u00a0\u00a0\u00a0\u00a0\u00a0\u00a0\u00a0\u00a0\u00a0\u00a0 od 50 do 59 lat\u00a0\u00a0\u00a0\u00a0\u00a0\u00a0\u00a0\u00a0\u00a0\u00a0\u00a0\u00a0\u00a0\u00a0\u00a0\u00a0\u00a0 osoby urodzone w latach 1971 \u2013 1962\u00a0\u00a0\u00a0\u00a0\u00a0\u00a0\u00a0\u00a0\u00a0\u00a0\u00a0\u00a0\u00a0\u00a0\u00a0\u00a0\u00a0\u00a0\u00a0\u00a0\u00a0\u00a0\u00a0\u00a0\u00a0\u00a0\u00a0 Weteran II K\/M\u00a0\u00a0\u00a0\u00a0\u00a0\u00a0\u00a0\u00a0\u00a0\u00a0\u00a0\u00a0\u00a0\u00a0\u00a0\u00a0 od 60 do 69 lat\u00a0\u00a0\u00a0\u00a0\u00a0\u00a0\u00a0\u00a0\u00a0\u00a0\u00a0\u00a0\u00a0\u00a0\u00a0\u00a0\u00a0 osoby urodzone w latach 1961 &#8211; 1952\u00a0\u00a0\u00a0\u00a0\u00a0\u00a0\u00a0\u00a0\u00a0\u00a0\u00a0\u00a0\u00a0\u00a0\u00a0\u00a0\u00a0\u00a0\u00a0\u00a0\u00a0\u00a0\u00a0\u00a0\u00a0\u00a0 Super Weteran K\/M\u00a0\u00a0\u00a0\u00a0\u00a0\u00a0\u00a0\u00a0\u00a0\u00a0\u00a0\u00a0\u00a0\u00a0 70 lat i starsze\u00a0\u00a0\u00a0\u00a0\u00a0\u00a0\u00a0\u00a0\u00a0\u00a0\u00a0\u00a0\u00a0 osoby urodzone w roku\u00a0\u00a0\u00a0 1951 i starsze<\/p>\n<p>Nordic walking \u2013 kategoria open K\/M<\/p>\n<p>&nbsp;<\/p>\n<p>Zawodnicy startuj\u0105cy w <strong><u>Biegu Noworocznym<\/u><\/strong> zostan\u0105 sklasyfikowani w kategorii open kobiet i m\u0119\u017cczyzn oraz w nast\u0119puj\u0105cych kategoriach wiekowych<\/p>\n<p>Junior M\u0142odszy K\/M\u00a0\u00a0\u00a0\u00a0\u00a0\u00a0\u00a0\u00a0\u00a0\u00a0\u00a0\u00a0\u00a0\u00a0\u00a0\u00a0\u00a0\u00a0 do 13 lat\u00a0\u00a0\u00a0\u00a0\u00a0\u00a0\u00a0\u00a0\u00a0\u00a0\u00a0\u00a0\u00a0\u00a0\u00a0\u00a0\u00a0 osoby urodzone w roku 2009 i m\u0142odsze<\/p>\n<p>Junior K\/M\u00a0\u00a0 \u00a0\u00a0\u00a0\u00a0\u00a0\u00a0\u00a0\u00a0\u00a0\u00a0\u00a0\u00a0\u00a0\u00a0\u00a0\u00a0\u00a0\u00a0\u00a0\u00a0\u00a0od 14 do 18 lat\u00a0\u00a0\u00a0\u00a0\u00a0\u00a0\u00a0\u00a0\u00a0\u00a0\u00a0\u00a0\u00a0 \u00a0\u00a0\u00a0\u00a0osoby urodzone w latach 2008 &#8211; 2004\u00a0\u00a0\u00a0\u00a0\u00a0\u00a0\u00a0\u00a0\u00a0\u00a0\u00a0\u00a0\u00a0\u00a0\u00a0\u00a0\u00a0\u00a0\u00a0\u00a0\u00a0\u00a0\u00a0\u00a0\u00a0\u00a0\u00a0\u00a0\u00a0\u00a0\u00a0\u00a0\u00a0\u00a0\u00a0\u00a0\u00a0\u00a0\u00a0\u00a0\u00a0\u00a0\u00a0\u00a0\u00a0\u00a0\u00a0\u00a0\u00a0\u00a0\u00a0\u00a0\u00a0\u00a0\u00a0\u00a0\u00a0\u00a0\u00a0\u00a0\u00a0\u00a0\u00a0\u00a0\u00a0\u00a0\u00a0\u00a0\u00a0\u00a0\u00a0\u00a0\u00a0\u00a0\u00a0\u00a0\u00a0\u00a0\u00a0\u00a0\u00a0\u00a0\u00a0\u00a0\u00a0\u00a0\u00a0\u00a0\u00a0\u00a0\u00a0\u00a0\u00a0\u00a0\u00a0\u00a0\u00a0\u00a0\u00a0\u00a0\u00a0\u00a0\u00a0\u00a0\u00a0 Senior\u00a0\u00a0\u00a0 K\/M\u00a0\u00a0\u00a0\u00a0\u00a0\u00a0\u00a0\u00a0\u00a0\u00a0\u00a0\u00a0\u00a0\u00a0\u00a0\u00a0\u00a0\u00a0\u00a0\u00a0 od 19 do 39 lat\u00a0\u00a0\u00a0\u00a0\u00a0\u00a0\u00a0\u00a0\u00a0\u00a0\u00a0 \u00a0\u00a0\u00a0\u00a0\u00a0\u00a0osoby urodzone w latach 2003 &#8211;\u00a0 1983\u00a0\u00a0\u00a0\u00a0\u00a0\u00a0\u00a0\u00a0\u00a0\u00a0\u00a0\u00a0\u00a0\u00a0\u00a0\u00a0\u00a0\u00a0\u00a0\u00a0\u00a0\u00a0\u00a0\u00a0\u00a0\u00a0\u00a0\u00a0\u00a0\u00a0 Masters\u00a0 K\/M\u00a0\u00a0\u00a0\u00a0\u00a0\u00a0\u00a0\u00a0\u00a0\u00a0\u00a0\u00a0\u00a0\u00a0\u00a0\u00a0\u00a0\u00a0\u00a0 od 40 do 49 lat\u00a0\u00a0\u00a0\u00a0\u00a0\u00a0\u00a0\u00a0\u00a0\u00a0\u00a0\u00a0\u00a0 \u00a0\u00a0\u00a0\u00a0osoby urodzone w latach 1982 \u2013 1973\u00a0\u00a0\u00a0\u00a0\u00a0\u00a0\u00a0\u00a0\u00a0\u00a0\u00a0\u00a0\u00a0\u00a0\u00a0\u00a0\u00a0\u00a0\u00a0\u00a0\u00a0\u00a0\u00a0\u00a0\u00a0\u00a0\u00a0 Weteran I K\/M\u00a0\u00a0\u00a0\u00a0\u00a0\u00a0\u00a0\u00a0\u00a0\u00a0\u00a0\u00a0\u00a0\u00a0\u00a0\u00a0\u00a0 od 50 do 59 lat\u00a0\u00a0\u00a0\u00a0\u00a0\u00a0\u00a0\u00a0 \u00a0\u00a0\u00a0\u00a0\u00a0\u00a0\u00a0\u00a0\u00a0osoby urodzone w latach 1972 \u2013 1963\u00a0\u00a0\u00a0\u00a0\u00a0\u00a0\u00a0\u00a0\u00a0\u00a0\u00a0\u00a0\u00a0\u00a0\u00a0\u00a0\u00a0\u00a0\u00a0\u00a0\u00a0\u00a0\u00a0\u00a0\u00a0\u00a0\u00a0 Weteran II K\/M\u00a0\u00a0\u00a0\u00a0\u00a0\u00a0\u00a0\u00a0\u00a0\u00a0\u00a0\u00a0\u00a0\u00a0\u00a0\u00a0 od 60 do 69 lat\u00a0\u00a0\u00a0\u00a0\u00a0\u00a0\u00a0\u00a0\u00a0\u00a0\u00a0\u00a0\u00a0 \u00a0\u00a0\u00a0\u00a0osoby urodzone w latach 1962 &#8211; 1953\u00a0\u00a0\u00a0\u00a0\u00a0\u00a0\u00a0\u00a0\u00a0\u00a0\u00a0\u00a0\u00a0\u00a0\u00a0\u00a0\u00a0\u00a0\u00a0\u00a0\u00a0\u00a0\u00a0\u00a0\u00a0\u00a0 Super Weteran K\/M\u00a0\u00a0\u00a0\u00a0\u00a0\u00a0\u00a0\u00a0\u00a0\u00a0\u00a0\u00a0\u00a0\u00a0 70 lat i starsze\u00a0\u00a0\u00a0\u00a0\u00a0\u00a0\u00a0\u00a0\u00a0 \u00a0\u00a0\u00a0\u00a0osoby urodzone w roku\u00a0\u00a0\u00a0 1952 i starsze<\/p>\n<p>Nordic walking \u2013 kategoria open K\/M<\/p>\n<p>&nbsp;<\/p>\n<p><strong>NAGRODY:<\/strong><\/p>\n<p>Organizator przewiduje drobne upominki dla najlepszych zawodnik\u00f3w w kategorii Open i w kategoriach wiekowych<\/p>\n<p>&nbsp;<\/p>\n<p><strong>PROGRAM ZAWOD\u00d3W \u2013 BIEG SYLWESTROWY 31.12.2021r.<\/strong><\/p>\n<p>8.45 \u2013 9.45 \u00a0&#8211;\u00a0 wydawanie numer\u00f3w\u00a0\u00a0 startowych<\/p>\n<p>10.00 &#8211;\u00a0 start biegu<\/p>\n<p>11.00 \u2013 zako\u0144czenie zawod\u00f3w<\/p>\n<p>&nbsp;<\/p>\n<p><strong>PROGRAM ZAWOD\u00d3W \u2013 BIEG NOWOROCZNY\u00a0 01.01.2022r.<\/strong><\/p>\n<p>8.45 \u2013 9.45\u00a0 &#8211;\u00a0 wydawanie numer\u00f3w startowych<\/p>\n<p>10.00 &#8211;\u00a0 start biegu<\/p>\n<p>11.00 \u2013 zako\u0144czenie zawod\u00f3w<\/p>\n<p>&nbsp;<\/p>\n<p><strong>VIII.\u00a0 UWAGI KO\u0143COWE<\/strong><\/p>\n<ol>\n<li><strong> Zawodnik poprzez zg\u0142oszenie do udzia\u0142u w Biegu potwierdza, i\u017c startuje w biegu na w\u0142asn\u0105 odpowiedzialno\u015b\u0107 oraz ponosi zwi\u0105zane z tym ryzyko, przyjmuj\u0105c do wiadomo\u015bci, \u017ce udzia\u0142 w biegu wi\u0105\u017ce si\u0119 z wysi\u0142kiem fizycznym i poci\u0105ga za sob\u0105 naturalne ryzyko i zagro\u017cenie wypadkami, mo\u017cliwo\u015b\u0107 odniesienia obra\u017ce\u0144 cia\u0142a i uraz\u00f3w fizycznych (w tym \u015bmierci), a tak\u017ce szk\u00f3d i strat o charakterze maj\u0105tkowym. <\/strong><\/li>\n<li><strong> Podpisanie zg\u0142oszenia oznacza, \u017ce zawodnik oceni\u0142 charakter, zakres i stopie\u0144 ryzyka wi\u0105\u017c\u0105cego si\u0119 z uczestnictwem w biegu i dobrowolnie zdecydowa\u0142 si\u0119 podj\u0105\u0107 to ryzyko, startuj\u0105c w nim na w\u0142asn\u0105 odpowiedzialno\u015b\u0107. <\/strong><\/li>\n<\/ol>\n<p><strong>Osoby niepe\u0142noletnie bior\u0105 udzia\u0142 w zawodach na odpowiedzialno\u015b\u0107 rodzic\u00f3w lub opiekun\u00f3w prawnych.\u00a0\u00a0\u00a0\u00a0\u00a0\u00a0\u00a0\u00a0\u00a0\u00a0\u00a0\u00a0\u00a0\u00a0\u00a0\u00a0\u00a0\u00a0\u00a0\u00a0\u00a0\u00a0\u00a0\u00a0\u00a0\u00a0\u00a0\u00a0\u00a0\u00a0\u00a0\u00a0\u00a0\u00a0\u00a0\u00a0\u00a0\u00a0\u00a0\u00a0\u00a0\u00a0\u00a0\u00a0\u00a0\u00a0\u00a0\u00a0\u00a0\u00a0\u00a0\u00a0\u00a0\u00a0\u00a0\u00a0\u00a0\u00a0\u00a0\u00a0\u00a0\u00a0\u00a0\u00a0\u00a0\u00a0\u00a0\u00a0\u00a0\u00a0\u00a0\u00a0\u00a0\u00a0\u00a0\u00a0\u00a0 <\/strong><\/p>\n<ol start=\"3\">\n<li>Zawody odb\u0119d\u0105 si\u0119 bez wzgl\u0119du na pogod\u0119.<\/li>\n<li>Organizator nie ubezpiecza zawodnik\u00f3w na czas trwania zawod\u00f3w.<\/li>\n<li>Organizator zastrzega sobie prawo zmian i interpretacji regulaminu.<\/li>\n<li>Osoby udzielaj\u0105ce szczeg\u00f3\u0142owych informacji na temat biegu: Leszek Behounek \u2013 517589080, Agata Wojtecka &#8211; 511453505<\/li>\n<\/ol>\n<p>&nbsp;<\/p>\n<p><strong>Organizator mo\u017ce zmieni\u0107 zapisy regulaminu dostosowuj\u0105c je do wytycznych zwi\u0105zanych ze stanem epidemii.<\/strong><\/p>\n\n\t\t<\/div>\n\t<\/div>\n<\/div><\/div><\/div><\/div><div class=\"vc_row wpb_row vc_row-fluid\"><div class=\"wpb_column vc_column_container vc_col-sm-12\"><div class=\"vc_column-inner\"><div class=\"wpb_wrapper\">\n\t<div class=\"wpb_raw_code wpb_raw_js\" >\n\t\t<div class=\"wpb_wrapper\">\n\t\t\t<script type=\"text\/javascript\"> \n$( \".weather-box\" ).insertAfter( $( \".event-card\" ) );\n\n <\/script>\n\t\t<\/div>\n\t<\/div>\n<\/div><\/div><\/div><\/div><\/p>\n<\/div>","protected":false},"excerpt":{"rendered":"VIII Zakopia\u0144ski Noworoczny Bieg \/ Marsz Nordic Walking - 01.01.2022 r. \u00a0dystans 5 km \u2013 trasa terenowa Pierwszy bieg cyklu VIII Zakopia\u0144skiej Ligi Biegowej 2022 \u00a0 REGULAMIN Organizator Biegu :\u00a0\u00a0 Miejski O\u015brodek Sportu i Rekreacji w Zakopanem Partner Biegu : Willa \u201eSwoboda\u201d \u00a0 TERMIN I MIEJSCE ZAWOD\u00d3W: 31 grudnia 2021 r. (pi\u0105tek) \u2013 Bieg Sylwestrowy \u2013 start godzina 10.00 01 stycznia 2022 r. (sobota) \u2013 Bieg Noworoczny \u2013 start godzina 10.00 START \/ META obok Willi \u201eSwoboda \u201d Zakopane, ul. Podhala\u0144ska 70 &nbsp; BIURO ZAWOD\u00d3W \/ PARKING: Willa \u201eSwoboda \u201d Zakopane, ul. Podhala\u0144ska 70 \u00a0 CEL ZAWOD\u00d3W: Promowanie aktywno\u015bci fizycznej i zachowa\u0144 prozdrowotnych w\u015br\u00f3d mieszka\u0144c\u00f3w Zakopanego, Powiatu Tatrza\u0144skiego i turyst\u00f3w odwiedzaj\u0105cych nasze miasto. Promowanie atrakcyjnych miejsc na terenie miasta Zakopane i Powiatu Tatrza\u0144skiego. Wzbogacenie oferty sportowo \u2013 rekreacyjnej miasta i powiatu. Dopisanie do \u201ebiegowego CV\u201d kolejnych bieg\u00f3w w Zakopanem. Zdobycie punkt\u00f3w do klasyfikacji Zakopia\u0144skiej Ligi Biegowej 2021 i 2022 \u00a0 TRASA:\u00a0\u00a0\u00a0\u00a0\u00a0\u00a0\u00a0\u00a0\u00a0\u00a0\u00a0\u00a0\u00a0\u00a0\u00a0\u00a0\u00a0\u00a0\u00a0\u00a0\u00a0\u00a0\u00a0\u00a0\u00a0\u00a0\u00a0\u00a0\u00a0\u00a0\u00a0\u00a0\u00a0\u00a0\u00a0\u00a0\u00a0\u00a0\u00a0\u00a0\u00a0\u00a0\u00a0\u00a0\u00a0\u00a0\u00a0\u00a0\u00a0\u00a0\u00a0\u00a0\u00a0\u00a0\u00a0\u00a0\u00a0\u00a0\u00a0\u00a0\u00a0\u00a0\u00a0\u00a0\u00a0\u00a0\u00a0\u00a0\u00a0\u00a0\u00a0\u00a0\u00a0\u00a0\u00a0\u00a0\u00a0\u00a0\u00a0\u00a0\u00a0\u00a0\u00a0\u00a0\u00a0\u00a0\u00a0\u00a0\u00a0\u00a0\u00a0\u00a0\u00a0\u00a0\u00a0\u00a0\u00a0\u00a0\u00a0\u00a0\u00a0\u00a0\u00a0\u00a0\u00a0\u00a0\u00a0\u00a0\u00a0\u00a0\u00a0\u00a0\u00a0\u00a0\u00a0\u00a0\u00a0\u00a0\u00a0\u00a0\u00a0\u00a0\u00a0\u00a0\u00a0\u00a0\u00a0\u00a0\u00a0\u00a0\u00a0\u00a0\u00a0\u00a0\u00a0\u00a0\u00a0\u00a0 Bieg zostanie rozegrany na trasie terenowej o d\u0142ugo\u015bci 5 km przygotowanej pod narciarsk\u0105 tras\u0119 biegow\u0105\u00a0 \u201eHomolacka Droga\u201d wytyczonej przez Gmin\u0119 Miasto Zakopane. \u00a0 UCZESTNICTWO \/ ZG\u0141OSZENIA Zg\u0142osze\u0144 mo\u017cna dokonywa\u0107 do dnia 29 grudnia 2021 drog\u0105 elektroniczn\u0105 na stronie internetowej www.mosir.zakopane.eu. lub dnia 31 grudnia \/ 1 stycznia w biurze zawod\u00f3w. Warunkiem udzia\u0142u w biegu jest podpisanie o\u015bwiadczenia o udziale w biegu na w\u0142asn\u0105 odpowiedzialno\u015b\u0107. Za osoby niepe\u0142noletnie o\u015bwiadczenie podpisuje rodzic lub opiekun prawny. Zawodnik musi okaza\u0107 w biurze zawod\u00f3w dokument celem weryfikacji danych osobowych. Wszyscy zawodnicy musz\u0105 przestrzega\u0107 regulaminu zawod\u00f3w. Udzia\u0142 w zawodach jest bezp\u0142atny. &nbsp; OCHRONA DANYCH OSOBOWYCH Dane osobowe uczestnik\u00f3w biegu b\u0119d\u0105 przetwarzane w celach przeprowadzenia bieg\u00f3w oraz klasyfikacji zawodnik\u00f3w. Dane osobowe uczestnik\u00f3w bieg\u00f3w b\u0119d\u0105 przetwarzane zgodnie z przepisami okre\u015blonymi w Rozporz\u0105dzeniem Parlamentu Europejskiego i Rady (UE) 2016\/679 z 27 kwietnia 2016 r. w sprawie ochrony os\u00f3b fizycznych w zwi\u0105zku z przetwarzaniem danych osobowych i w sprawie swobodnego przep\u0142ywu takich danych oraz uchylenia dyrektywy 95\/46\/WE. Przetwarzanie danych, o kt\u00f3rych mowa w ust\u0119pie 1 niniejszego paragrafu, w zwi\u0105zku z udzia\u0142em w zawodach obejmuje tak\u017ce publikacj\u0119 imienia i nazwiska uczestnika wraz z rokiem urodzenia i z nazw\u0105 miejscowo\u015bci, w kt\u00f3rej zamieszkuje - w ka\u017cdy spos\u00f3b, w jaki publikowany lub rozpowszechniany b\u0119dzie projekt. Uczestnik ma prawo do: \u017c\u0105dania dost\u0119pu do swoich danych osobowych, prawo ich sprostowania swoich danych osobowych, prawo \u017c\u0105dania usuni\u0119cia lub ograniczenia przetwarzania swoich danych osobowych, prawo wniesienia sprzeciwu wobec przetwarzania swoich danych osobowych, prawo przenoszenia danych, prawo cofni\u0119cia zgody na przetwarzanie danych osobowych w dowolnym momencie bez wp\u0142ywu na zgodno\u015b\u0107 z prawem przetwarzania, kt\u00f3rego dokonano na podstawie zgody przed jej cofni\u0119ciem; prawo wniesienia skargi do organu nadzorczego. Podanie danych osobowych oraz wyra\u017cenie zgody na ich przetwarzanie jest dobrowolne, lecz ich niepodanie lub brak zgody na ich przetwarzanie uniemo\u017cliwia udzia\u0142 w zawodach \u00a0 KLASYFIKACJE: Zawodnicy startuj\u0105cy w Biegu Sylwestrowym zostan\u0105 sklasyfikowani w kategorii open kobiet i m\u0119\u017cczyzn oraz w nast\u0119puj\u0105cych kategoriach wiekowych Junior M\u0142odszy K\/M\u00a0\u00a0\u00a0\u00a0\u00a0\u00a0\u00a0\u00a0\u00a0\u00a0\u00a0\u00a0\u00a0\u00a0\u00a0\u00a0\u00a0\u00a0 do 13 lat\u00a0\u00a0\u00a0\u00a0\u00a0\u00a0\u00a0\u00a0\u00a0\u00a0\u00a0\u00a0\u00a0\u00a0\u00a0\u00a0\u00a0 osoby urodzone w roku 2008 i m\u0142odsze Junior K\/M\u00a0\u00a0\u00a0\u00a0\u00a0\u00a0\u00a0\u00a0\u00a0\u00a0\u00a0\u00a0\u00a0\u00a0\u00a0\u00a0\u00a0\u00a0\u00a0\u00a0\u00a0\u00a0\u00a0 od 14 do 18 lat\u00a0\u00a0\u00a0\u00a0\u00a0\u00a0\u00a0\u00a0\u00a0\u00a0\u00a0\u00a0\u00a0\u00a0\u00a0\u00a0\u00a0 osoby urodzone w latach 2007 - 2003\u00a0\u00a0\u00a0\u00a0\u00a0\u00a0\u00a0\u00a0\u00a0\u00a0\u00a0\u00a0\u00a0\u00a0\u00a0\u00a0\u00a0\u00a0\u00a0\u00a0\u00a0\u00a0\u00a0\u00a0\u00a0\u00a0\u00a0\u00a0\u00a0\u00a0\u00a0\u00a0\u00a0\u00a0\u00a0\u00a0\u00a0\u00a0\u00a0\u00a0\u00a0\u00a0\u00a0\u00a0\u00a0\u00a0\u00a0\u00a0\u00a0\u00a0\u00a0\u00a0\u00a0\u00a0\u00a0\u00a0\u00a0\u00a0\u00a0\u00a0\u00a0\u00a0\u00a0\u00a0\u00a0\u00a0\u00a0\u00a0\u00a0\u00a0\u00a0\u00a0\u00a0\u00a0\u00a0\u00a0\u00a0\u00a0\u00a0\u00a0\u00a0\u00a0\u00a0\u00a0\u00a0\u00a0\u00a0\u00a0\u00a0\u00a0\u00a0\u00a0\u00a0\u00a0\u00a0\u00a0\u00a0\u00a0\u00a0\u00a0\u00a0\u00a0\u00a0\u00a0\u00a0 Senior\u00a0\u00a0\u00a0 K\/M\u00a0\u00a0\u00a0\u00a0\u00a0\u00a0\u00a0\u00a0\u00a0\u00a0\u00a0\u00a0\u00a0\u00a0\u00a0\u00a0\u00a0\u00a0\u00a0\u00a0 od 19 do 39 lat\u00a0\u00a0\u00a0\u00a0\u00a0\u00a0\u00a0\u00a0\u00a0\u00a0\u00a0\u00a0\u00a0\u00a0\u00a0\u00a0\u00a0 osoby urodzone w latach 2002 -\u00a0 1982\u00a0\u00a0\u00a0\u00a0\u00a0\u00a0\u00a0\u00a0\u00a0\u00a0\u00a0\u00a0\u00a0\u00a0\u00a0\u00a0\u00a0\u00a0\u00a0\u00a0\u00a0\u00a0\u00a0\u00a0\u00a0\u00a0\u00a0\u00a0\u00a0\u00a0 Masters \u00a0K\/M\u00a0\u00a0\u00a0\u00a0\u00a0\u00a0\u00a0\u00a0\u00a0\u00a0\u00a0\u00a0\u00a0\u00a0\u00a0\u00a0\u00a0\u00a0\u00a0 od 40 do 49 lat\u00a0\u00a0\u00a0\u00a0\u00a0\u00a0\u00a0\u00a0\u00a0\u00a0\u00a0\u00a0\u00a0\u00a0\u00a0\u00a0\u00a0 osoby urodzone w latach 1981 \u2013 1972\u00a0\u00a0\u00a0\u00a0\u00a0\u00a0\u00a0\u00a0\u00a0\u00a0\u00a0\u00a0\u00a0\u00a0\u00a0\u00a0\u00a0\u00a0\u00a0\u00a0\u00a0\u00a0\u00a0\u00a0\u00a0\u00a0\u00a0 Weteran I K\/M\u00a0\u00a0\u00a0\u00a0\u00a0\u00a0\u00a0\u00a0\u00a0\u00a0\u00a0\u00a0\u00a0\u00a0\u00a0\u00a0\u00a0 od 50 do 59 lat\u00a0\u00a0\u00a0\u00a0\u00a0\u00a0\u00a0\u00a0\u00a0\u00a0\u00a0\u00a0\u00a0\u00a0\u00a0\u00a0\u00a0 osoby urodzone w latach 1971 \u2013 1962\u00a0\u00a0\u00a0\u00a0\u00a0\u00a0\u00a0\u00a0\u00a0\u00a0\u00a0\u00a0\u00a0\u00a0\u00a0\u00a0\u00a0\u00a0\u00a0\u00a0\u00a0\u00a0\u00a0\u00a0\u00a0\u00a0\u00a0 Weteran II K\/M\u00a0\u00a0\u00a0\u00a0\u00a0\u00a0\u00a0\u00a0\u00a0\u00a0\u00a0\u00a0\u00a0\u00a0\u00a0\u00a0 od 60 do 69 lat\u00a0\u00a0\u00a0\u00a0\u00a0\u00a0\u00a0\u00a0\u00a0\u00a0\u00a0\u00a0\u00a0\u00a0\u00a0\u00a0\u00a0 osoby urodzone w latach 1961 - 1952\u00a0\u00a0\u00a0\u00a0\u00a0\u00a0\u00a0\u00a0\u00a0\u00a0\u00a0\u00a0\u00a0\u00a0\u00a0\u00a0\u00a0\u00a0\u00a0\u00a0\u00a0\u00a0\u00a0\u00a0\u00a0\u00a0 Super Weteran K\/M\u00a0\u00a0\u00a0\u00a0\u00a0\u00a0\u00a0\u00a0\u00a0\u00a0\u00a0\u00a0\u00a0\u00a0 70 lat i starsze\u00a0\u00a0\u00a0\u00a0\u00a0\u00a0\u00a0\u00a0\u00a0\u00a0\u00a0\u00a0\u00a0 osoby urodzone w roku\u00a0\u00a0\u00a0 1951 i starsze Nordic walking \u2013 kategoria open K\/M &nbsp; Zawodnicy startuj\u0105cy w Biegu Noworocznym zostan\u0105 sklasyfikowani w kategorii open kobiet i m\u0119\u017cczyzn oraz w nast\u0119puj\u0105cych kategoriach wiekowych Junior M\u0142odszy K\/M\u00a0\u00a0\u00a0\u00a0\u00a0\u00a0\u00a0\u00a0\u00a0\u00a0\u00a0\u00a0\u00a0\u00a0\u00a0\u00a0\u00a0\u00a0 do 13 lat\u00a0\u00a0\u00a0\u00a0\u00a0\u00a0\u00a0\u00a0\u00a0\u00a0\u00a0\u00a0\u00a0\u00a0\u00a0\u00a0\u00a0 osoby urodzone w roku 2009 i m\u0142odsze Junior K\/M\u00a0\u00a0 \u00a0\u00a0\u00a0\u00a0\u00a0\u00a0\u00a0\u00a0\u00a0\u00a0\u00a0\u00a0\u00a0\u00a0\u00a0\u00a0\u00a0\u00a0\u00a0\u00a0\u00a0od 14 do 18 lat\u00a0\u00a0\u00a0\u00a0\u00a0\u00a0\u00a0\u00a0\u00a0\u00a0\u00a0\u00a0\u00a0 \u00a0\u00a0\u00a0\u00a0osoby urodzone w latach 2008 - 2004\u00a0\u00a0\u00a0\u00a0\u00a0\u00a0\u00a0\u00a0\u00a0\u00a0\u00a0\u00a0\u00a0\u00a0\u00a0\u00a0\u00a0\u00a0\u00a0\u00a0\u00a0\u00a0\u00a0\u00a0\u00a0\u00a0\u00a0\u00a0\u00a0\u00a0\u00a0\u00a0\u00a0\u00a0\u00a0\u00a0\u00a0\u00a0\u00a0\u00a0\u00a0\u00a0\u00a0\u00a0\u00a0\u00a0\u00a0\u00a0\u00a0\u00a0\u00a0\u00a0\u00a0\u00a0\u00a0\u00a0\u00a0\u00a0\u00a0\u00a0\u00a0\u00a0\u00a0\u00a0\u00a0\u00a0\u00a0\u00a0\u00a0\u00a0\u00a0\u00a0\u00a0\u00a0\u00a0\u00a0\u00a0\u00a0\u00a0\u00a0\u00a0\u00a0\u00a0\u00a0\u00a0\u00a0\u00a0\u00a0\u00a0\u00a0\u00a0\u00a0\u00a0\u00a0\u00a0\u00a0\u00a0\u00a0\u00a0\u00a0\u00a0\u00a0\u00a0\u00a0\u00a0 Senior\u00a0\u00a0\u00a0 K\/M\u00a0\u00a0\u00a0\u00a0\u00a0\u00a0\u00a0\u00a0\u00a0\u00a0\u00a0\u00a0\u00a0\u00a0\u00a0\u00a0\u00a0\u00a0\u00a0\u00a0 od 19 do 39 lat\u00a0\u00a0\u00a0\u00a0\u00a0\u00a0\u00a0\u00a0\u00a0\u00a0\u00a0 \u00a0\u00a0\u00a0\u00a0\u00a0\u00a0osoby urodzone w latach 2003 -\u00a0 1983\u00a0\u00a0\u00a0\u00a0\u00a0\u00a0\u00a0\u00a0\u00a0\u00a0\u00a0\u00a0\u00a0\u00a0\u00a0\u00a0\u00a0\u00a0\u00a0\u00a0\u00a0\u00a0\u00a0\u00a0\u00a0\u00a0\u00a0\u00a0\u00a0\u00a0 Masters\u00a0 K\/M\u00a0\u00a0\u00a0\u00a0\u00a0\u00a0\u00a0\u00a0\u00a0\u00a0\u00a0\u00a0\u00a0\u00a0\u00a0\u00a0\u00a0\u00a0\u00a0 od 40 do 49 lat\u00a0\u00a0\u00a0\u00a0\u00a0\u00a0\u00a0\u00a0\u00a0\u00a0\u00a0\u00a0\u00a0 \u00a0\u00a0\u00a0\u00a0osoby urodzone w latach 1982 \u2013 1973\u00a0\u00a0\u00a0\u00a0\u00a0\u00a0\u00a0\u00a0\u00a0\u00a0\u00a0\u00a0\u00a0\u00a0\u00a0\u00a0\u00a0\u00a0\u00a0\u00a0\u00a0\u00a0\u00a0\u00a0\u00a0\u00a0\u00a0 Weteran I K\/M\u00a0\u00a0\u00a0\u00a0\u00a0\u00a0\u00a0\u00a0\u00a0\u00a0\u00a0\u00a0\u00a0\u00a0\u00a0\u00a0\u00a0 od 50 do 59 lat\u00a0\u00a0\u00a0\u00a0\u00a0\u00a0\u00a0\u00a0 \u00a0\u00a0\u00a0\u00a0\u00a0\u00a0\u00a0\u00a0\u00a0osoby urodzone w latach 1972 \u2013 1963\u00a0\u00a0\u00a0\u00a0\u00a0\u00a0\u00a0\u00a0\u00a0\u00a0\u00a0\u00a0\u00a0\u00a0\u00a0\u00a0\u00a0\u00a0\u00a0\u00a0\u00a0\u00a0\u00a0\u00a0\u00a0\u00a0\u00a0 Weteran II K\/M\u00a0\u00a0\u00a0\u00a0\u00a0\u00a0\u00a0\u00a0\u00a0\u00a0\u00a0\u00a0\u00a0\u00a0\u00a0\u00a0 od 60 do 69 lat\u00a0\u00a0\u00a0\u00a0\u00a0\u00a0\u00a0\u00a0\u00a0\u00a0\u00a0\u00a0\u00a0 \u00a0\u00a0\u00a0\u00a0osoby urodzone w latach 1962 - 1953\u00a0\u00a0\u00a0\u00a0\u00a0\u00a0\u00a0\u00a0\u00a0\u00a0\u00a0\u00a0\u00a0\u00a0\u00a0\u00a0\u00a0\u00a0\u00a0\u00a0\u00a0\u00a0\u00a0\u00a0\u00a0\u00a0 Super Weteran K\/M\u00a0\u00a0\u00a0\u00a0\u00a0\u00a0\u00a0\u00a0\u00a0\u00a0\u00a0\u00a0\u00a0\u00a0 70 lat i starsze\u00a0\u00a0\u00a0\u00a0\u00a0\u00a0\u00a0\u00a0\u00a0 \u00a0\u00a0\u00a0\u00a0osoby urodzone w roku\u00a0\u00a0\u00a0 1952 i starsze Nordic walking \u2013 kategoria open K\/M &nbsp; NAGRODY: Organizator przewiduje drobne upominki dla najlepszych zawodnik\u00f3w w kategorii Open i w kategoriach wiekowych &nbsp; PROGRAM ZAWOD\u00d3W \u2013 BIEG SYLWESTROWY 31.12.2021r. 8.45 \u2013 9.45 \u00a0-\u00a0 wydawanie numer\u00f3w\u00a0\u00a0 startowych 10.00 -\u00a0 start biegu 11.00 \u2013 zako\u0144czenie zawod\u00f3w &nbsp; PROGRAM ZAWOD\u00d3W \u2013 BIEG NOWOROCZNY\u00a0 01.01.2022r. 8.45 \u2013 9.45\u00a0 -\u00a0 wydawanie numer\u00f3w startowych 10.00 -\u00a0 start biegu 11.00 \u2013 zako\u0144czenie zawod\u00f3w &nbsp; VIII.\u00a0 UWAGI KO\u0143COWE Zawodnik poprzez zg\u0142oszenie do udzia\u0142u w Biegu potwierdza, i\u017c startuje w biegu na w\u0142asn\u0105 odpowiedzialno\u015b\u0107 oraz ponosi zwi\u0105zane z tym ryzyko, przyjmuj\u0105c do wiadomo\u015bci, \u017ce udzia\u0142 w biegu wi\u0105\u017ce si\u0119 z wysi\u0142kiem fizycznym i poci\u0105ga za sob\u0105 naturalne ryzyko i zagro\u017cenie wypadkami, mo\u017cliwo\u015b\u0107 odniesienia obra\u017ce\u0144 cia\u0142a i uraz\u00f3w fizycznych (w tym \u015bmierci), a tak\u017ce szk\u00f3d i strat o charakterze maj\u0105tkowym. Podpisanie zg\u0142oszenia oznacza, \u017ce zawodnik oceni\u0142 charakter, zakres i stopie\u0144 ryzyka wi\u0105\u017c\u0105cego si\u0119 z uczestnictwem w biegu i dobrowolnie zdecydowa\u0142 si\u0119 podj\u0105\u0107 to ryzyko, startuj\u0105c w nim na w\u0142asn\u0105 odpowiedzialno\u015b\u0107. Osoby niepe\u0142noletnie bior\u0105 udzia\u0142 w zawodach na odpowiedzialno\u015b\u0107 rodzic\u00f3w lub opiekun\u00f3w prawnych.\u00a0\u00a0\u00a0\u00a0\u00a0\u00a0\u00a0\u00a0\u00a0\u00a0\u00a0\u00a0\u00a0\u00a0\u00a0\u00a0\u00a0\u00a0\u00a0\u00a0\u00a0\u00a0\u00a0\u00a0\u00a0\u00a0\u00a0\u00a0\u00a0\u00a0\u00a0\u00a0\u00a0\u00a0\u00a0\u00a0\u00a0\u00a0\u00a0\u00a0\u00a0\u00a0\u00a0\u00a0\u00a0\u00a0\u00a0\u00a0\u00a0\u00a0\u00a0\u00a0\u00a0\u00a0\u00a0\u00a0\u00a0\u00a0\u00a0\u00a0\u00a0\u00a0\u00a0\u00a0\u00a0\u00a0\u00a0\u00a0\u00a0\u00a0\u00a0\u00a0\u00a0\u00a0\u00a0\u00a0\u00a0 Zawody odb\u0119d\u0105 si\u0119 bez wzgl\u0119du na pogod\u0119. Organizator nie ubezpiecza zawodnik\u00f3w na czas trwania zawod\u00f3w. Organizator zastrzega sobie prawo zmian i interpretacji regulaminu. Osoby udzielaj\u0105ce szczeg\u00f3\u0142owych informacji na temat biegu: Leszek Behounek \u2013 517589080, Agata Wojtecka - 511453505 &nbsp; Organizator mo\u017ce zmieni\u0107 zapisy regulaminu dostosowuj\u0105c je do wytycznych zwi\u0105zanych ze stanem epidemii.","protected":false},"featured_media":0,"template":"","tags":[],"am_event_categories":[36,134,64],"class_list":["post-33914","am_event","type-am_event","status-publish","hentry","am_venues-zakopane","am_event_categories-biegi-masowe","am_event_categories-nordic-walking","am_event_categories-zapisy-on-line"],"acf":[],"aioseo_notices":[],"am_startdate":"2022-01-01 10:00:00","am_enddate":"2022-01-01 10:00:00","_links":{"self":[{"href":"https:\/\/sport-timing.pl\/pomiar-czasu\/wp-json\/wp\/v2\/am_events\/33914","targetHints":{"allow":["GET"]}}],"collection":[{"href":"https:\/\/sport-timing.pl\/pomiar-czasu\/wp-json\/wp\/v2\/am_events"}],"about":[{"href":"https:\/\/sport-timing.pl\/pomiar-czasu\/wp-json\/wp\/v2\/types\/am_event"}],"version-history":[{"count":0,"href":"https:\/\/sport-timing.pl\/pomiar-czasu\/wp-json\/wp\/v2\/am_events\/33914\/revisions"}],"wp:attachment":[{"href":"https:\/\/sport-timing.pl\/pomiar-czasu\/wp-json\/wp\/v2\/media?parent=33914"}],"wp:term":[{"taxonomy":"post_tag","embeddable":true,"href":"https:\/\/sport-timing.pl\/pomiar-czasu\/wp-json\/wp\/v2\/tags?post=33914"},{"taxonomy":"am_event_categories","embeddable":true,"href":"https:\/\/sport-timing.pl\/pomiar-czasu\/wp-json\/wp\/v2\/am_event_categories?post=33914"}],"curies":[{"name":"wp","href":"https:\/\/api.w.org\/{rel}","templated":true}]}}