




{"id":33373,"date":"2021-07-30T19:57:02","date_gmt":"2021-07-30T17:57:02","guid":{"rendered":"https:\/\/sport-timing.pl\/pomiar-czasu\/?post_type=am_event&#038;p=33373"},"modified":"2021-09-19T10:14:33","modified_gmt":"2021-09-19T08:14:33","slug":"iv-bieg-hasiora","status":"publish","type":"am_event","link":"https:\/\/sport-timing.pl\/pomiar-czasu\/wydarzenie\/iv-bieg-hasiora\/","title":{"rendered":"IV Bieg Hasiora"},"content":{"rendered":"<div class=\"wpb-content-wrapper\"><p><div class=\"vc_row wpb_row vc_row-fluid event-info\"><div class=\"wpb_column vc_column_container vc_col-sm-6\"><div class=\"vc_column-inner\"><div class=\"wpb_wrapper\"><div class=\"vc_btn3-container vc_btn3-inline vc_do_btn\" ><a class=\"vc_general vc_btn3 vc_btn3-size-md vc_btn3-shape-rounded vc_btn3-style-3d vc_btn3-color-success\" href=\"https:\/\/muzeumtatrzanskie.pl\/iv-bieg-hasiora-2021-hasiors-run-2021-art-in-nature\/\" title=\"\" target=\"_blank\">STRONA WYDARZENIA<\/a><\/div><div class=\"vc_btn3-container vc_btn3-inline vc_do_btn\" ><a class=\"vc_general vc_btn3 vc_btn3-size-md vc_btn3-shape-rounded vc_btn3-style-3d vc_btn3-color-warning\" href=\"http:\/\/muzeumtatrzanskie.pl\/kontakt\/\" title=\"\" target=\"_blank\">ORGANIZATOR<\/a><\/div><div class=\"vc_btn3-container vc_btn3-inline vc_do_btn\" ><a class=\"vc_general vc_btn3 vc_btn3-size-md vc_btn3-shape-rounded vc_btn3-style-3d vc_btn3-color-primary\" href=\"https:\/\/www.facebook.com\/muzeumtatrzanskie\/\" title=\"\" target=\"_blank\">FACEBOOK<\/a><\/div><\/div><\/div><\/div><div class=\"wpb_column vc_column_container vc_col-sm-6\"><div class=\"vc_column-inner\"><div class=\"wpb_wrapper\">\n\t<div  class=\"wpb_single_image wpb_content_element vc_align_left wpb_content_element\">\n\t\t\n\t\t<figure class=\"wpb_wrapper vc_figure\">\n\t\t\t<div class=\"vc_single_image-wrapper   vc_box_border_grey\"><img width=\"793\" height=\"104\" src=\"https:\/\/sport-timing.pl\/pomiar-czasu\/content\/uploads\/2020\/10\/hasior-loga2x.png\" class=\"vc_single_image-img attachment-full\" alt=\"\" title=\"hasior-loga@2x\" srcset=\"https:\/\/sport-timing.pl\/pomiar-czasu\/content\/uploads\/2020\/10\/hasior-loga2x.png 793w, https:\/\/sport-timing.pl\/pomiar-czasu\/content\/uploads\/2020\/10\/hasior-loga2x-300x39.png 300w, https:\/\/sport-timing.pl\/pomiar-czasu\/content\/uploads\/2020\/10\/hasior-loga2x-768x101.png 768w\" sizes=\"(max-width: 793px) 100vw, 793px\" \/><\/div>\n\t\t<\/figure>\n\t<\/div>\n<\/div><\/div><\/div><\/div><div class=\"vc_row wpb_row vc_row-fluid event-header\"><div class=\"wpb_column vc_column_container vc_col-sm-12\"><div class=\"vc_column-inner\"><div class=\"wpb_wrapper\"><\/div><\/div><\/div><\/div><div class=\"vc_row wpb_row vc_row-fluid regulamin vc_custom_1448119716553 vc_row-has-fill\"><div class=\"wpb_column vc_column_container vc_col-sm-12\"><div class=\"vc_column-inner\"><div class=\"wpb_wrapper\">\n\t<div class=\"wpb_text_column wpb_content_element\" >\n\t\t<div class=\"wpb_wrapper\">\n\t\t\t<p><b>IV BIEG HASIORA \u2013 DYSTANS 5 KM\u00a0<\/b><\/p>\n<p><b>REGULAMIN<\/b><b>\u00a0<\/b><\/p>\n<p><span style=\"font-weight: 400;\">Organizator \u2013 Muzeum Tatrza\u0144skie im. Dra Tytusa Cha\u0142ubi\u0144skiego w Zakopanem Partnerzy \u2013 Miejski O\u015brodek Sportu i Rekreacji w Zakopanem, Mi\u0119dzynarodowy Zwi\u0105zek Muze\u00f3w\u00a0 G\u00f3rskich IMMA oraz Muzea cz\u0142onkowskie: Museo Nazionale della Montagna \u201eDuca degli Abruzzi\u201d w\u00a0 Turynie, Mus\u00e9e Alpin w Chamonix, Servei General d\u2019Informaci\u00f2 de Muntanya w Sabadell, Whyte\u00a0 Museum of the Canadian Rockies w Banff, Mus\u00e9e Pyr\u00e9n\u00e9en w Lourdes\u00a0<\/span><\/p>\n<p><span style=\"font-weight: 400;\">Patronat medialny \u2013 Radio Krak\u00f3w, TVP3 Krak\u00f3w, Tygodnik Podhala\u0144ski, Watra, Infogram, <\/span><span style=\"font-weight: 400;\">\u00a0<\/span><span style=\"font-weight: 400;\">Zakopane.pl<\/span><span style=\"font-weight: 400;\">\u00a0<\/span><\/p>\n<p><span style=\"font-weight: 400;\">Bieg odbywa si\u0119 jednocze\u015bnie w ramach wirtualnego mi\u0119dzynarodowego biegu Hasior\u2019s Run 2021: <\/span><span style=\"font-weight: 400;\">\u00a0<\/span><span style=\"font-weight: 400;\">Art. in Nature.<\/span><span style=\"font-weight: 400;\">\u00a0<\/span><\/p>\n<p><b>I CEL ZAWOD\u00d3W<\/b><b>\u00a0<\/b><\/p>\n<p><span style=\"font-weight: 400;\">Przybli\u017cenie tw\u00f3rczo\u015bci W\u0142adys\u0142awa Hasiora oraz jego kariery sportowej.<\/span><span style=\"font-weight: 400;\">\u00a0<\/span><\/p>\n<p><span style=\"font-weight: 400;\">Promocja Muzeum Tatrza\u0144skiego.<\/span><span style=\"font-weight: 400;\">\u00a0<\/span><\/p>\n<p><span style=\"font-weight: 400;\">Upowszechnianie biegania jako najprostszej formy ruchu.<\/span><span style=\"font-weight: 400;\">\u00a0<\/span><\/p>\n<p><span style=\"font-weight: 400;\">Promocja aktywno\u015bci fizycznej i zdrowego stylu \u017cycia.<\/span><span style=\"font-weight: 400;\">\u00a0<\/span><\/p>\n<p><span style=\"font-weight: 400;\">Promocja miasta Zakopane i jego historii.<\/span><span style=\"font-weight: 400;\">\u00a0<\/span><\/p>\n<p><b>II TERMIN, MIEJSCE I GODZINY STARTU<\/b><b>\u00a0<\/b><\/p>\n<p><span style=\"font-weight: 400;\">Bieg odb\u0119dzie si\u0119 w dniu 19 wrze\u015bnia 2021 r. w Zakopanem.<\/span><span style=\"font-weight: 400;\">\u00a0<\/span><\/p>\n<p><span style=\"font-weight: 400;\">Start b\u0119dzie mia\u0142 miejsce w Ku\u017anicach na wysoko\u015bci sklepu Gama \u2013 godzina 9.00 <\/span><span style=\"font-weight: 400;\">\u00a0<\/span><span style=\"font-weight: 400;\">Zako\u0144czenie zawod\u00f3w godzina 10.30 \u2013 Galeria W\u0142adys\u0142awa Hasiora (ul. Jagiello\u0144ska 18b).<\/span> <span style=\"font-weight: 400;\">Uroczysta dekoracja zwyci\u0119zc\u00f3w odb\u0119dzie si\u0119 po zako\u0144czeniu biegu, ok. godz. 10.30, przy Galerii<\/span> <span style=\"font-weight: 400;\">W\u0142adys\u0142awa Hasiora.<\/span><span style=\"font-weight: 400;\">\u00a0<\/span><\/p>\n<p><b>III TRASA, DYSTANS<\/b><b>\u00a0<\/b><\/p>\n<p><span style=\"font-weight: 400;\">Trasa biegu: START Ku\u017anice na wysoko\u015bci sklepu Gama \u2013 bieg w d\u00f3\u0142 ul. Przewodnik\u00f3w Tatrza\u0144skich <\/span><span style=\"font-weight: 400;\">\u00a0<\/span><span style=\"font-weight: 400;\">\u2013 p\u0119tla na terenie Centralnego O\u015brodka Sportu \u2013 bieg prosto ul. Droga na Bystre \u2013 skr\u0119t w lewo w <\/span><span style=\"font-weight: 400;\">\u00a0<\/span><span style=\"font-weight: 400;\">Bulwary S\u0142owackiego \u2013 skr\u0119t w prawo ul. W\u0142adys\u0142awa Broniewskiego \u2013 skr\u0119t w lewo w Bulwary <\/span><span style=\"font-weight: 400;\">\u00a0<\/span><span style=\"font-weight: 400;\">S\u0142owackiego \u2013 prosto w ul. Jagiello\u0144sk\u0105 \u2013 skr\u0119t w lewo w ul. Piaseckiego \u2013 bieg w kierunku Galerii<\/span><span style=\"font-weight: 400;\">\u00a0<\/span><\/p>\n<p><span style=\"font-weight: 400;\">W\u0142adys\u0142awa Hasiora (tylna brama) META, dystans 5 km.<\/span><span style=\"font-weight: 400;\">\u00a0<\/span><\/p>\n<p><span style=\"font-weight: 400;\">Trasa przebiega ulicami asfaltowymi, w \u017cadnym miejscu trasa biegu nie prowadzi chodnikami. <\/span><span style=\"font-weight: 400;\">\u00a0<\/span><span style=\"font-weight: 400;\">Niedopuszczalne jest skracanie trasy biegu.<\/span><span style=\"font-weight: 400;\">\u00a0<\/span><\/p>\n<p><b>IV LIMIT I POMIAR CZASU<\/b><b>\u00a0<\/b><\/p>\n<p><span style=\"font-weight: 400;\">\u0141\u0105czna liczba Uczestnik\u00f3w ograniczona jest do 300 os\u00f3b.<\/span><span style=\"font-weight: 400;\">\u00a0<\/span><\/p>\n<p><span style=\"font-weight: 400;\">Je\u017celi zostan\u0105 wprowadzone nowe wytyczne zmniejszaj\u0105ce liczb\u0119 uczestnik\u00f3w w zwi\u0105zku z Covid-19, <\/span><span style=\"font-weight: 400;\">\u00a0<\/span><span style=\"font-weight: 400;\">liczba startuj\u0105cych uczestnik\u00f3w zostanie ustalona wed\u0142ug kolejno\u015bci zg\u0142osze\u0144. Pozostali zawodnicy <\/span><span style=\"font-weight: 400;\">\u00a0<\/span><span style=\"font-weight: 400;\">otrzymaj\u0105 zwrot wpisowego.<\/span><span style=\"font-weight: 400;\">\u00a0<\/span><\/p>\n<p><span style=\"font-weight: 400;\">Limit czasu na pokonanie dystansu w biegu wynosi 60 minut.<\/span><span style=\"font-weight: 400;\">\u00a0<\/span><\/p>\n<p><span style=\"font-weight: 400;\">Zawodnicy, kt\u00f3rzy nie uko\u0144cz\u0105 biegu w limicie czasu zobowi\u0105zani s\u0105 do zej\u015bcia z trasy.<\/span> <span style=\"font-weight: 400;\">Punkty pomiaru czasu rozmieszczone b\u0119d\u0105 na starcie i mecie. <\/span><span style=\"font-weight: 400;\">\u00a0<\/span><\/p>\n<p><b>V ZG\u0141OSZENIA<\/b><b>\u00a0<\/b><\/p>\n<p><span style=\"font-weight: 400;\">Zg\u0142osze\u0144 mo\u017cna dokonywa\u0107 od dnia 6 sierpnia do 16 wrze\u015bnia drog\u0105 elektroniczn\u0105 na stronie <\/span><span style=\"font-weight: 400;\">\u00a0<\/span><span style=\"font-weight: 400;\">internetowej www.mosir.zakopane.eu<\/span><span style=\"font-weight: 400;\">\u00a0<\/span><\/p>\n<p><span style=\"font-weight: 400;\">Pakiety startowe odbiera\u0107 mo\u017cna dnia od dnia 18 wrze\u015bnia w Galerii W\u0142adys\u0142awa Hasiora przy ul. <\/span><span style=\"font-weight: 400;\">\u00a0<\/span><span style=\"font-weight: 400;\">Jagiello\u0144skiej 18b w godzinach 16-18, zgodnie z Rozdzia\u0142em VII niniejszego regulaminu.<\/span> <span style=\"font-weight: 400;\">Organizator zastrzega sobie prawo zamkni\u0119cia listy startowej \/ zg\u0142osze\u0144 w momencie przekroczenia\u00a0<\/span><\/p>\n<p><span style=\"font-weight: 400;\">limitu ilo\u015bci zg\u0142oszonych Uczestnik\u00f3w biegu. Pierwsze\u0144stwo udzia\u0142u w biegu maj\u0105 osoby, kt\u00f3re <\/span><span style=\"font-weight: 400;\">\u00a0<\/span><span style=\"font-weight: 400;\">zapisa\u0142y si\u0119 i ui\u015bci\u0142y wcze\u015bniej op\u0142at\u0119 startow\u0105. <\/span><span style=\"font-weight: 400;\">\u00a0<\/span><\/p>\n<p><span style=\"font-weight: 400;\">Za zawodnika zg\u0142oszonego uznaje si\u0119 osob\u0119, kt\u00f3ra zapisa\u0142a si\u0119 przez panel zg\u0142oszeniowy i wnios\u0142a <\/span><span style=\"font-weight: 400;\">\u00a0<\/span><span style=\"font-weight: 400;\">op\u0142at\u0119 startow\u0105.<\/span><span style=\"font-weight: 400;\">\u00a0<\/span><\/p>\n<p><b>VI UCZESTNICTWO<\/b><b>\u00a0<\/b><\/p>\n<p><span style=\"font-weight: 400;\">Wszyscy zawodnicy odbieraj\u0105cy pakiet startowy s\u0105 zobowi\u0105zani do z\u0142o\u017cenia deklaracji uczestnictwa <\/span><span style=\"font-weight: 400;\">\u00a0<\/span><span style=\"font-weight: 400;\">w biurze zawod\u00f3w oraz do zg\u0142oszenia uczestnictwa w wydarzeniu kulturalnym zgodnie z <\/span><span style=\"font-weight: 400;\">\u00a0<\/span><span style=\"font-weight: 400;\">wymaganiami w zwi\u0105zku z Covid \u2013 19.<\/span><span style=\"font-weight: 400;\">\u00a0<\/span><\/p>\n<p><span style=\"font-weight: 400;\">Podpisuj\u0105c deklaracj\u0119 uczestnictwa Uczestnik za\u015bwiadcza, \u017ce stan jego zdrowia umo\u017cliwia mu udzia\u0142 <\/span><span style=\"font-weight: 400;\">\u00a0<\/span><span style=\"font-weight: 400;\">w zawodach oraz, \u017ce bierze udzia\u0142 w zawodach na w\u0142asn\u0105 odpowiedzialno\u015b\u0107.<\/span><span style=\"font-weight: 400;\">\u00a0<\/span><\/p>\n<p><span style=\"font-weight: 400;\">Dla os\u00f3b zapisanych do bieg\u00f3w w terminie do 3 wrze\u015bnia 2021 r, organizator zobowi\u0105zuje si\u0119 <\/span><span style=\"font-weight: 400;\">\u00a0<\/span><span style=\"font-weight: 400;\">zapewni\u0107 koszulki zgodnie ze zg\u0142oszonym rozmiarem. Po dniu 3 wrze\u015bnia organizator nie gwarantuje <\/span><span style=\"font-weight: 400;\">\u00a0<\/span><span style=\"font-weight: 400;\">otrzymania koszulki w zg\u0142oszonym przez Uczestnika rozmiarze. Zadeklarowany rozmiar koszulki nie <\/span><span style=\"font-weight: 400;\">\u00a0<\/span><span style=\"font-weight: 400;\">podlega wymianie.<\/span><span style=\"font-weight: 400;\">\u00a0<\/span><\/p>\n<p><span style=\"font-weight: 400;\">Osoby niepe\u0142noletnie zobowi\u0105zane s\u0105 do przedstawienia \u201eZgody do udzia\u0142u w Biegu\u201d podpisanej <\/span><span style=\"font-weight: 400;\">\u00a0<\/span><span style=\"font-weight: 400;\">przez rodzica lub prawnego opiekuna.<\/span><span style=\"font-weight: 400;\">\u00a0<\/span><\/p>\n<p><span style=\"font-weight: 400;\">W pakiecie startowym uczestnicy otrzymuj\u0105 numer startowy z chipem elektronicznym, agrafki do jego <\/span><span style=\"font-weight: 400;\">\u00a0<\/span><span style=\"font-weight: 400;\">przypi\u0119cia i pami\u0105tkow\u0105 koszulk\u0119, a po uko\u0144czeniu biegu pami\u0105tkowy medal.<\/span> <span style=\"font-weight: 400;\">Podczas biegu wszyscy zawodnicy musz\u0105 mie\u0107 numery startowe przymocowane do przedniej cz\u0119\u015bci <\/span><span style=\"font-weight: 400;\">\u00a0<\/span><span style=\"font-weight: 400;\">koszulki startowej. Zas\u0142anianie numeru startowego w cz\u0119\u015bci lub w ca\u0142o\u015bci b\u0105d\u017a jego modyfikacja jest <\/span><span style=\"font-weight: 400;\">\u00a0<\/span><span style=\"font-weight: 400;\">zabroniona.<\/span><span style=\"font-weight: 400;\">\u00a0<\/span><\/p>\n<p><span style=\"font-weight: 400;\">Zawodnicy zobowi\u0105zani s\u0105 porusza\u0107 si\u0119 praw\u0105 stron\u0105 jezdni.<\/span><span style=\"font-weight: 400;\">\u00a0<\/span><\/p>\n<p><span style=\"font-weight: 400;\">Przebywanie na trasie biegu bez wa\u017cnego numeru startowego jest niedozwolone. Osoby bez wa\u017cnego <\/span><span style=\"font-weight: 400;\">\u00a0<\/span><span style=\"font-weight: 400;\">numeru startowego b\u0119d\u0105 usuwane z trasy przez obs\u0142ug\u0119 trasy.<\/span><span style=\"font-weight: 400;\">\u00a0<\/span><\/p>\n<p><span style=\"font-weight: 400;\">W szczeg\u00f3lno\u015bci zabrania si\u0119 poruszania po trasie biegu na rowerach, deskorolkach i innych <\/span><span style=\"font-weight: 400;\">\u00a0<\/span><span style=\"font-weight: 400;\">urz\u0105dzeniach mechanicznych oraz ze zwierz\u0119tami.<\/span><span style=\"font-weight: 400;\">\u00a0<\/span><\/p>\n<p><span style=\"font-weight: 400;\">Na starcie biegu b\u0119dzie mo\u017cna odda\u0107 depozyt, kt\u00f3ry zostanie przewieziony na met\u0119.<\/span><span style=\"font-weight: 400;\">\u00a0<\/span><\/p>\n<p><b>VII OP\u0141ATY<\/b><b>\u00a0<\/b><\/p>\n<p><span style=\"font-weight: 400;\">Op\u0142ata startowa za udzia\u0142 w biegu wynosi: <\/span><span style=\"font-weight: 400;\">\u00a0<\/span><\/p>\n<ol>\n<li><span style=\"font-weight: 400;\"> Dla zapisanych i op\u0142aconych zawodnik\u00f3w do 16 wrze\u015bnia \u2013 45 z\u0142;<\/span><\/li>\n<li><span style=\"font-weight: 400;\"> Dla m\u0142odzie\u017cy szkolnej i student\u00f3w (na podstawie legitymacji szkolnej b\u0105d\u017a studenckiej) \u2013<\/span> <span style=\"font-weight: 400;\">35 z\u0142, op\u0142ata w biurze zawod\u00f3w jest taka sama jak dla pozosta\u0142ych uczestnik\u00f3w biegu \/pkt. <\/span><span style=\"font-weight: 400;\">VII\/1\/<\/span><\/li>\n<li><span style=\"font-weight: 400;\"> Wszystkie op\u0142aty uiszczone w biurze zawod\u00f3w 18 i 19 wrze\u015bnia \u2013 60 z\u0142<\/span><\/li>\n<li><span style=\"font-weight: 400;\"> Op\u0142ata raz uiszczona nie podlega zwrotowi.<\/span><\/li>\n<li><span style=\"font-weight: 400;\"> Op\u0142at nale\u017cy dokonywa\u0107 poprzez panel zg\u0142oszeniowy.<\/span><\/li>\n<li><span style=\"font-weight: 400;\"> Op\u0142acenie startowego oraz pobranie numeru jest r\u00f3wnoznaczne z akceptacj\u0105 niniejszego <\/span><span style=\"font-weight: 400;\">Regulaminu.<\/span><\/li>\n<li><span style=\"font-weight: 400;\"> Istnieje mo\u017cliwo\u015b\u0107 odbioru pakiet\u00f3w przez osoby upowa\u017cnione. W takim przypadku osoba <\/span><span style=\"font-weight: 400;\">odbieraj\u0105ca powinna posiada\u0107 upowa\u017cnienie podpisane przez Uczestnika biegu.<\/span><\/li>\n<\/ol>\n<p><b>VIII BIURO ZAWOD\u00d3W<\/b><b>\u00a0<\/b><\/p>\n<ol>\n<li><span style=\"font-weight: 400;\"> Biuro zawod\u00f3w mie\u015bci\u0107 si\u0119 b\u0119dzie w budynku Galerii W\u0142adys\u0142awa Hasiora przy ul. Jagiello\u0144skiej <\/span><span style=\"font-weight: 400;\">18b w Zakopanem i czynne b\u0119dzie:<\/span><\/li>\n<\/ol>\n<p><span style=\"font-weight: 400;\">w dniu 18 wrze\u015bnia, w godzinach 16.00 \u2013 18.00<\/span><span style=\"font-weight: 400;\">\u00a0<\/span><\/p>\n<p><span style=\"font-weight: 400;\">w dniu 19 wrze\u015bnia, w godzinach 7.30 \u2013 8.30 w miejscu startu (na wysoko\u015bci sklepu Gama w <\/span><span style=\"font-weight: 400;\">\u00a0<\/span><span style=\"font-weight: 400;\">Ku\u017anicach) \/ po tej godzinie pakiety nie b\u0119d\u0105 wydawane\/<\/span><span style=\"font-weight: 400;\">\u00a0<\/span><\/p>\n<p><b>IX OCHRONA DANYCH OSOBOWYCH\u00a0<\/b><\/p>\n<ol>\n<li><span style=\"font-weight: 400;\"> Dane osobowe uczestnik\u00f3w biegu b\u0119d\u0105 przetwarzane w celach przeprowadzenia imprez, wy\u0142onienia\u00a0 zwyci\u0119zcy i przyznania, wydania, odbioru i rozliczenia nagrody.\u00a0\u00a0<\/span><\/li>\n<li><span style=\"font-weight: 400;\"> Dane osobowe uczestnik\u00f3w biegu b\u0119d\u0105 przetwarzane zgodnie z przepisami okre\u015blonymi w\u00a0 Rozporz\u0105dzeniem Parlamentu Europejskiego i Rady (UE) 2016\/679 z 27 kwietnia 2016 r. w sprawie\u00a0<\/span><\/li>\n<\/ol>\n<p><span style=\"font-weight: 400;\">ochrony os\u00f3b fizycznych w zwi\u0105zku z przetwarzaniem danych osobowych i w sprawie swobodnego\u00a0 przep\u0142ywu takich danych oraz uchylenia dyrektywy 95\/46\/WE.\u00a0\u00a0<\/span><\/p>\n<ol start=\"3\">\n<li><span style=\"font-weight: 400;\"> Przetwarzanie danych, o kt\u00f3rych mowa w ust\u0119pie 1 niniejszego paragrafu, w zwi\u0105zku z udzia\u0142em w <\/span><span style=\"font-weight: 400;\">zawodach obejmuje tak\u017ce publikacj\u0119 imienia i nazwiska uczestnika wraz z rokiem urodzenia i z nazw\u0105 <\/span><span style=\"font-weight: 400;\">miejscowo\u015bci, w kt\u00f3rej zamieszkuje &#8211; w ka\u017cdy spos\u00f3b, w jaki publikowany lub rozpowszechniany <\/span><span style=\"font-weight: 400;\">\u00a0<\/span><span style=\"font-weight: 400;\">b\u0119dzie projekt. <\/span><span style=\"font-weight: 400;\">\u00a0<\/span><\/li>\n<li><span style=\"font-weight: 400;\"> Uczestnik ma prawo do: \u017c\u0105dania od nas dost\u0119pu do swoich danych osobowych, prawo ich <\/span><span style=\"font-weight: 400;\">sprostowania swoich danych osobowych, prawo \u017c\u0105dania usuni\u0119cia lub ograniczenia przetwarzania <\/span><span style=\"font-weight: 400;\">swoich danych osobowych, prawo wniesienia sprzeciwu wobec przetwarzania swoich danych <\/span><span style=\"font-weight: 400;\">\u00a0<\/span><span style=\"font-weight: 400;\">osobowych, prawo przenoszenia danych, prawo cofni\u0119cia zgody na przetwarzanie Pa\u0144stwa danych <\/span><span style=\"font-weight: 400;\">\u00a0<\/span><span style=\"font-weight: 400;\">osobowych w dowolnym momencie bez wp\u0142ywu na zgodno\u015b\u0107 z prawem przetwarzania, kt\u00f3rego <\/span><span style=\"font-weight: 400;\">\u00a0<\/span><span style=\"font-weight: 400;\">dokonano na podstawie zgody przed jej cofni\u0119ciem; prawo wniesienia skargi do organu nadzorczego. <\/span><span style=\"font-weight: 400;\">\u00a0<\/span><span style=\"font-weight: 400;\">5. Podanie danych osobowych oraz wyra\u017cenie zgody na ich przetwarzanie jest dobrowolne, lecz ich <\/span><span style=\"font-weight: 400;\">\u00a0<\/span><span style=\"font-weight: 400;\">niepodanie lub brak zgody na ich przetwarzanie uniemo\u017cliwia udzia\u0142 w zawodach.<\/span><span style=\"font-weight: 400;\">\u00a0<\/span><\/li>\n<\/ol>\n<p><b>X KLASYFIKACJA<\/b><b>\u00a0<\/b><\/p>\n<ol>\n<li><span style=\"font-weight: 400;\"> Zawodnicy w biegu zostan\u0105 sklasyfikowani w kategorii open kobiet i m\u0119\u017cczyzn oraz w <\/span><span style=\"font-weight: 400;\">nast\u0119puj\u0105cych kategoriach wiekowych:<\/span><\/li>\n<\/ol>\n<p><span style=\"font-weight: 400;\">Junior K\/M do 16 lat osoby urodzone w roku 2005 i m\u0142odsze\u00a0<\/span><\/p>\n<p><span style=\"font-weight: 400;\">Senior K\/M do 39 lat osoby urodzone w roku 1982 &#8211; 2004\u00a0<\/span><\/p>\n<p><span style=\"font-weight: 400;\">Masters K\/M od 40 do 49 lat osoby urodzone w latach 1981 \u2013 1972 Weteran I K\/M od 50 do 59 lat osoby urodzone w latach 1971 \u2013 1962 Weteran II K\/M urodzeni w roku 1961 do roku 1952\u00a0<\/span><\/p>\n<p><span style=\"font-weight: 400;\">Super weteran od 70 roku \u017cycia osoby urodzone w roku 1951 i starsze<\/span><span style=\"font-weight: 400;\">\u00a0<\/span><\/p>\n<ol start=\"2\">\n<li><span style=\"font-weight: 400;\"> Dodatkowo w\u015br\u00f3d uczestnik\u00f3w wy\u0142oniony zostanie najlepszy zakopia\u0144czyk i najlepsza <\/span><span style=\"font-weight: 400;\">zakopianka. <\/span><\/li>\n<li><span style=\"font-weight: 400;\"> Organizator zastrzega sobie prawo do wprowadzenia dodatkowych klasyfikacji.<\/span><\/li>\n<\/ol>\n<p><b>XI NAGRODY<\/b><b>\u00a0<\/b><\/p>\n<p><span style=\"font-weight: 400;\">Ka\u017cdy z zawodnik\u00f3w bior\u0105cych udzia\u0142 w zawodach otrzyma koszulk\u0119 i pami\u0105tkowy medal. Dla <\/span><span style=\"font-weight: 400;\">\u00a0<\/span><span style=\"font-weight: 400;\">najlepszych zawodnik\u00f3w w kategoriach open, kategoriach wiekowych oraz w kategorii specjalnej \u2013<\/span><span style=\"font-weight: 400;\"> przewidziane s\u0105 nagrody pieni\u0119\u017cne:\u00a0<\/span><\/p>\n<p><span style=\"font-weight: 400;\">Kategoria Open Kobiety \/ M\u0119\u017cczy\u017ani <\/span><span style=\"font-weight: 400;\">\u00a0<\/span><\/p>\n<p><span style=\"font-weight: 400;\">1 miejsce 300 z\u0142<\/span><span style=\"font-weight: 400;\">\u00a0<\/span><\/p>\n<p><span style=\"font-weight: 400;\">2 miejsce 250 z\u0142<\/span><span style=\"font-weight: 400;\">\u00a0<\/span><\/p>\n<p><span style=\"font-weight: 400;\">3 miejsce 200 z\u0142<\/span><span style=\"font-weight: 400;\">\u00a0<\/span><\/p>\n<p><span style=\"font-weight: 400;\">W kategoriach wiekowych <\/span><span style=\"font-weight: 400;\">\u00a0<\/span><\/p>\n<p><span style=\"font-weight: 400;\">1 miejsce 150<\/span><span style=\"font-weight: 400;\">\u00a0<\/span><\/p>\n<p><span style=\"font-weight: 400;\">2 miejsce 100<\/span><span style=\"font-weight: 400;\">\u00a0<\/span><\/p>\n<p><span style=\"font-weight: 400;\">3 miejsce 50<\/span><\/p>\n<p><span style=\"font-weight: 400;\">Nagrody w kategorii open i w kategoriach wiekowych nie dubluj\u0105 si\u0119.<\/span> <span style=\"font-weight: 400;\">Organizator przewiduje specjalny upominek dla zwyci\u0119zcy pod warunkiem osi\u0105gni\u0119cia czasu lepszego <\/span><span style=\"font-weight: 400;\">\u00a0<\/span><span style=\"font-weight: 400;\">od rekordu \u017cyciowego W\u0142adys\u0142awa Hasiora na 5km: 15 min. 34 sek. <\/span><span style=\"font-weight: 400;\">\u00a0<\/span><\/p>\n<p><b>XII UWAGI KO\u0143COWE<\/b><b>\u00a0<\/b><\/p>\n<ol>\n<li><span style=\"font-weight: 400;\"> Kontakt do organizatora tel.182015205, promocja@muzeumtatrzanskie.pl, 182073966, <\/span><span style=\"font-weight: 400;\">biuro@mosir.zakopane.eu,<\/span><\/li>\n<li><span style=\"font-weight: 400;\"> Nie dopuszcza si\u0119 startu zawodnik\u00f3w ze zwierz\u0119tami.<\/span><\/li>\n<li><span style=\"font-weight: 400;\"> Organizator zapewnia Uczestnikom opiek\u0119 medyczn\u0105 na czas trwania zawod\u00f3w.<\/span> <span style=\"font-weight: 400;\">4. Zawody odb\u0119d\u0105 si\u0119 bez wzgl\u0119du na pogod\u0119 <\/span><\/li>\n<li><span style=\"font-weight: 400;\"> Komisj\u0119 s\u0119dziowsk\u0105 powo\u0142uje Organizator. <\/span><\/li>\n<li><span style=\"font-weight: 400;\"> Nagrody dla zwyci\u0119zc\u00f3w mog\u0105 by\u0107 odebrane tylko w trakcie dekoracji.<\/span><\/li>\n<li><span style=\"font-weight: 400;\"> Nagrody nie b\u0119d\u0105 wydawane innym osobom ani wysy\u0142ane poczt\u0105.<\/span><\/li>\n<li><span style=\"font-weight: 400;\"> Wyniki zawod\u00f3w zostan\u0105 umieszczone na stronie internetowej: www.muzeumtarzanskie.pl oraz <\/span><span style=\"font-weight: 400;\">www.mosir.zakopane.eu<\/span><\/li>\n<li><span style=\"font-weight: 400;\"> We wszystkich sprawach nieobj\u0119tych Regulaminem decyduje Organizator Biegu, kt\u00f3remu <\/span><span style=\"font-weight: 400;\">przys\u0142uguje wi\u0105\u017c\u0105ca i ostateczna interpretacja Regulaminu. <\/span><\/li>\n<li><span style=\"font-weight: 400;\"> Bieg jest zaliczany do punktacji Zakopia\u0144skiej Ligi Biegowej.<\/span><\/li>\n<li><span style=\"font-weight: 400;\"> W przypadku wprowadzenia obostrze\u0144 i limit\u00f3w zwi\u0105zanych z pandemi\u0105 Covid-19 organizator ma <\/span><span style=\"font-weight: 400;\">prawo do odwo\u0142ania biegu. Uiszczone op\u0142aty startowe zostan\u0105 zwr\u00f3cone. Uczestnicy maj\u0105 mo\u017cliwo\u015b\u0107 <\/span><span style=\"font-weight: 400;\">udzia\u0142u w mi\u0119dzynarodowym wirtualnym Biegu Hasiora.<\/span><\/li>\n<\/ol>\n\n\t\t<\/div>\n\t<\/div>\n<\/div><\/div><\/div><\/div><div class=\"vc_row wpb_row vc_row-fluid\"><div class=\"wpb_column vc_column_container vc_col-sm-12\"><div class=\"vc_column-inner\"><div class=\"wpb_wrapper\"><\/div><\/div><\/div><\/div><\/p>\n<\/div>","protected":false},"excerpt":{"rendered":"STRONA WYDARZENIAORGANIZATORFACEBOOK IV BIEG HASIORA \u2013 DYSTANS 5 KM\u00a0 REGULAMIN\u00a0 Organizator \u2013 Muzeum Tatrza\u0144skie im. Dra Tytusa Cha\u0142ubi\u0144skiego w Zakopanem Partnerzy \u2013 Miejski O\u015brodek Sportu i Rekreacji w Zakopanem, Mi\u0119dzynarodowy Zwi\u0105zek Muze\u00f3w\u00a0 G\u00f3rskich IMMA oraz Muzea cz\u0142onkowskie: Museo Nazionale della Montagna \u201eDuca degli Abruzzi\u201d w\u00a0 Turynie, Mus\u00e9e Alpin w Chamonix, Servei General d\u2019Informaci\u00f2 de Muntanya w Sabadell, Whyte\u00a0 Museum of the Canadian Rockies w Banff, Mus\u00e9e Pyr\u00e9n\u00e9en w Lourdes\u00a0 Patronat medialny \u2013 Radio Krak\u00f3w, TVP3 Krak\u00f3w, Tygodnik Podhala\u0144ski, Watra, Infogram, \u00a0Zakopane.pl\u00a0 Bieg odbywa si\u0119 jednocze\u015bnie w ramach wirtualnego mi\u0119dzynarodowego biegu Hasior\u2019s Run 2021: \u00a0Art. in Nature.\u00a0 I CEL ZAWOD\u00d3W\u00a0 Przybli\u017cenie tw\u00f3rczo\u015bci W\u0142adys\u0142awa Hasiora oraz jego kariery sportowej.\u00a0 Promocja Muzeum Tatrza\u0144skiego.\u00a0 Upowszechnianie biegania jako najprostszej formy ruchu.\u00a0 Promocja aktywno\u015bci fizycznej i zdrowego stylu \u017cycia.\u00a0 Promocja miasta Zakopane i jego historii.\u00a0 II TERMIN, MIEJSCE I GODZINY STARTU\u00a0 Bieg odb\u0119dzie si\u0119 w dniu 19 wrze\u015bnia 2021 r. w Zakopanem.\u00a0 Start b\u0119dzie mia\u0142 miejsce w Ku\u017anicach na wysoko\u015bci sklepu Gama \u2013 godzina 9.00 \u00a0Zako\u0144czenie zawod\u00f3w godzina 10.30 \u2013 Galeria W\u0142adys\u0142awa Hasiora (ul. Jagiello\u0144ska 18b). Uroczysta dekoracja zwyci\u0119zc\u00f3w odb\u0119dzie si\u0119 po zako\u0144czeniu biegu, ok. godz. 10.30, przy Galerii W\u0142adys\u0142awa Hasiora.\u00a0 III TRASA, DYSTANS\u00a0 Trasa biegu: START Ku\u017anice na wysoko\u015bci sklepu Gama \u2013 bieg w d\u00f3\u0142 ul. Przewodnik\u00f3w Tatrza\u0144skich \u00a0\u2013 p\u0119tla na terenie Centralnego O\u015brodka Sportu \u2013 bieg prosto ul. Droga na Bystre \u2013 skr\u0119t w lewo w \u00a0Bulwary S\u0142owackiego \u2013 skr\u0119t w prawo ul. W\u0142adys\u0142awa Broniewskiego \u2013 skr\u0119t w lewo w Bulwary \u00a0S\u0142owackiego \u2013 prosto w ul. Jagiello\u0144sk\u0105 \u2013 skr\u0119t w lewo w ul. Piaseckiego \u2013 bieg w kierunku Galerii\u00a0 W\u0142adys\u0142awa Hasiora (tylna brama) META, dystans 5 km.\u00a0 Trasa przebiega ulicami asfaltowymi, w \u017cadnym miejscu trasa biegu nie prowadzi chodnikami. \u00a0Niedopuszczalne jest skracanie trasy biegu.\u00a0 IV LIMIT I POMIAR CZASU\u00a0 \u0141\u0105czna liczba Uczestnik\u00f3w ograniczona jest do 300 os\u00f3b.\u00a0 Je\u017celi zostan\u0105 wprowadzone nowe wytyczne zmniejszaj\u0105ce liczb\u0119 uczestnik\u00f3w w zwi\u0105zku z Covid-19, \u00a0liczba startuj\u0105cych uczestnik\u00f3w zostanie ustalona wed\u0142ug kolejno\u015bci zg\u0142osze\u0144. Pozostali zawodnicy \u00a0otrzymaj\u0105 zwrot wpisowego.\u00a0 Limit czasu na pokonanie dystansu w biegu wynosi 60 minut.\u00a0 Zawodnicy, kt\u00f3rzy nie uko\u0144cz\u0105 biegu w limicie czasu zobowi\u0105zani s\u0105 do zej\u015bcia z trasy. Punkty pomiaru czasu rozmieszczone b\u0119d\u0105 na starcie i mecie. \u00a0 V ZG\u0141OSZENIA\u00a0 Zg\u0142osze\u0144 mo\u017cna dokonywa\u0107 od dnia 6 sierpnia do 16 wrze\u015bnia drog\u0105 elektroniczn\u0105 na stronie \u00a0internetowej www.mosir.zakopane.eu\u00a0 Pakiety startowe odbiera\u0107 mo\u017cna dnia od dnia 18 wrze\u015bnia w Galerii W\u0142adys\u0142awa Hasiora przy ul. \u00a0Jagiello\u0144skiej 18b w godzinach 16-18, zgodnie z Rozdzia\u0142em VII niniejszego regulaminu. Organizator zastrzega sobie prawo zamkni\u0119cia listy startowej \/ zg\u0142osze\u0144 w momencie przekroczenia\u00a0 limitu ilo\u015bci zg\u0142oszonych Uczestnik\u00f3w biegu. Pierwsze\u0144stwo udzia\u0142u w biegu maj\u0105 osoby, kt\u00f3re \u00a0zapisa\u0142y si\u0119 i ui\u015bci\u0142y wcze\u015bniej op\u0142at\u0119 startow\u0105. \u00a0 Za zawodnika zg\u0142oszonego uznaje si\u0119 osob\u0119, kt\u00f3ra zapisa\u0142a si\u0119 przez panel zg\u0142oszeniowy i wnios\u0142a \u00a0op\u0142at\u0119 startow\u0105.\u00a0 VI UCZESTNICTWO\u00a0 Wszyscy zawodnicy odbieraj\u0105cy pakiet startowy s\u0105 zobowi\u0105zani do z\u0142o\u017cenia deklaracji uczestnictwa \u00a0w biurze zawod\u00f3w oraz do zg\u0142oszenia uczestnictwa w wydarzeniu kulturalnym zgodnie z \u00a0wymaganiami w zwi\u0105zku z Covid \u2013 19.\u00a0 Podpisuj\u0105c deklaracj\u0119 uczestnictwa Uczestnik za\u015bwiadcza, \u017ce stan jego zdrowia umo\u017cliwia mu udzia\u0142 \u00a0w zawodach oraz, \u017ce bierze udzia\u0142 w zawodach na w\u0142asn\u0105 odpowiedzialno\u015b\u0107.\u00a0 Dla os\u00f3b zapisanych do bieg\u00f3w w terminie do 3 wrze\u015bnia 2021 r, organizator zobowi\u0105zuje si\u0119 \u00a0zapewni\u0107 koszulki zgodnie ze zg\u0142oszonym rozmiarem. Po dniu 3 wrze\u015bnia organizator nie gwarantuje \u00a0otrzymania koszulki w zg\u0142oszonym przez Uczestnika rozmiarze. Zadeklarowany rozmiar koszulki nie \u00a0podlega wymianie.\u00a0 Osoby niepe\u0142noletnie zobowi\u0105zane s\u0105 do przedstawienia \u201eZgody do udzia\u0142u w Biegu\u201d podpisanej \u00a0przez rodzica lub prawnego opiekuna.\u00a0 W pakiecie startowym uczestnicy otrzymuj\u0105 numer startowy z chipem elektronicznym, agrafki do jego \u00a0przypi\u0119cia i pami\u0105tkow\u0105 koszulk\u0119, a po uko\u0144czeniu biegu pami\u0105tkowy medal. Podczas biegu wszyscy zawodnicy musz\u0105 mie\u0107 numery startowe przymocowane do przedniej cz\u0119\u015bci \u00a0koszulki startowej. Zas\u0142anianie numeru startowego w cz\u0119\u015bci lub w ca\u0142o\u015bci b\u0105d\u017a jego modyfikacja jest \u00a0zabroniona.\u00a0 Zawodnicy zobowi\u0105zani s\u0105 porusza\u0107 si\u0119 praw\u0105 stron\u0105 jezdni.\u00a0 Przebywanie na trasie biegu bez wa\u017cnego numeru startowego jest niedozwolone. Osoby bez wa\u017cnego \u00a0numeru startowego b\u0119d\u0105 usuwane z trasy przez obs\u0142ug\u0119 trasy.\u00a0 W szczeg\u00f3lno\u015bci zabrania si\u0119 poruszania po trasie biegu na rowerach, deskorolkach i innych \u00a0urz\u0105dzeniach mechanicznych oraz ze zwierz\u0119tami.\u00a0 Na starcie biegu b\u0119dzie mo\u017cna odda\u0107 depozyt, kt\u00f3ry zostanie przewieziony na met\u0119.\u00a0 VII OP\u0141ATY\u00a0 Op\u0142ata startowa za udzia\u0142 w biegu wynosi: \u00a0 Dla zapisanych i op\u0142aconych zawodnik\u00f3w do 16 wrze\u015bnia \u2013 45 z\u0142; Dla m\u0142odzie\u017cy szkolnej i student\u00f3w (na podstawie legitymacji szkolnej b\u0105d\u017a studenckiej) \u2013 35 z\u0142, op\u0142ata w biurze zawod\u00f3w jest taka sama jak dla pozosta\u0142ych uczestnik\u00f3w biegu \/pkt. VII\/1\/ Wszystkie op\u0142aty uiszczone w biurze zawod\u00f3w 18 i 19 wrze\u015bnia \u2013 60 z\u0142 Op\u0142ata raz uiszczona nie podlega zwrotowi. Op\u0142at nale\u017cy dokonywa\u0107 poprzez panel zg\u0142oszeniowy. Op\u0142acenie startowego oraz pobranie numeru jest r\u00f3wnoznaczne z akceptacj\u0105 niniejszego Regulaminu. Istnieje mo\u017cliwo\u015b\u0107 odbioru pakiet\u00f3w przez osoby upowa\u017cnione. W takim przypadku osoba odbieraj\u0105ca powinna posiada\u0107 upowa\u017cnienie podpisane przez Uczestnika biegu. VIII BIURO ZAWOD\u00d3W\u00a0 Biuro zawod\u00f3w mie\u015bci\u0107 si\u0119 b\u0119dzie w budynku Galerii W\u0142adys\u0142awa Hasiora przy ul. Jagiello\u0144skiej 18b w Zakopanem i czynne b\u0119dzie: w dniu 18 wrze\u015bnia, w godzinach 16.00 \u2013 18.00\u00a0 w dniu 19 wrze\u015bnia, w godzinach 7.30 \u2013 8.30 w miejscu startu (na wysoko\u015bci sklepu Gama w \u00a0Ku\u017anicach) \/ po tej godzinie pakiety nie b\u0119d\u0105 wydawane\/\u00a0 IX OCHRONA DANYCH OSOBOWYCH\u00a0 Dane osobowe uczestnik\u00f3w biegu b\u0119d\u0105 przetwarzane w celach przeprowadzenia imprez, wy\u0142onienia\u00a0 zwyci\u0119zcy i przyznania, wydania, odbioru i rozliczenia nagrody.\u00a0\u00a0 Dane osobowe uczestnik\u00f3w biegu b\u0119d\u0105 przetwarzane zgodnie z przepisami okre\u015blonymi w\u00a0 Rozporz\u0105dzeniem Parlamentu Europejskiego i Rady (UE) 2016\/679 z 27 kwietnia 2016 r. w sprawie\u00a0 ochrony os\u00f3b fizycznych w zwi\u0105zku z przetwarzaniem danych osobowych i w sprawie swobodnego\u00a0 przep\u0142ywu takich danych oraz uchylenia dyrektywy 95\/46\/WE.\u00a0\u00a0 Przetwarzanie danych, o kt\u00f3rych mowa w ust\u0119pie 1 niniejszego paragrafu, w zwi\u0105zku z udzia\u0142em w zawodach obejmuje tak\u017ce publikacj\u0119 imienia i nazwiska uczestnika wraz z rokiem urodzenia i z nazw\u0105 miejscowo\u015bci, w kt\u00f3rej zamieszkuje - w ka\u017cdy spos\u00f3b, w jaki publikowany lub rozpowszechniany \u00a0b\u0119dzie projekt. \u00a0 Uczestnik ma prawo do: \u017c\u0105dania od nas dost\u0119pu do swoich danych osobowych, prawo ich sprostowania swoich danych osobowych, prawo \u017c\u0105dania usuni\u0119cia lub ograniczenia przetwarzania swoich danych osobowych, prawo wniesienia sprzeciwu wobec przetwarzania swoich danych \u00a0osobowych, prawo przenoszenia danych, prawo cofni\u0119cia zgody na przetwarzanie Pa\u0144stwa danych \u00a0osobowych w dowolnym momencie bez wp\u0142ywu na zgodno\u015b\u0107 z prawem przetwarzania, kt\u00f3rego \u00a0dokonano [...]","protected":false},"featured_media":33407,"template":"","tags":[],"am_event_categories":[109,36,64],"class_list":["post-33373","am_event","type-am_event","status-publish","has-post-thumbnail","hentry","am_venues-zakopane","am_event_categories-biegi","am_event_categories-biegi-masowe","am_event_categories-zapisy-on-line"],"acf":[],"aioseo_notices":[],"am_startdate":"2021-09-19 09:00:00","am_enddate":"2021-09-19 10:30:00","_links":{"self":[{"href":"https:\/\/sport-timing.pl\/pomiar-czasu\/wp-json\/wp\/v2\/am_events\/33373","targetHints":{"allow":["GET"]}}],"collection":[{"href":"https:\/\/sport-timing.pl\/pomiar-czasu\/wp-json\/wp\/v2\/am_events"}],"about":[{"href":"https:\/\/sport-timing.pl\/pomiar-czasu\/wp-json\/wp\/v2\/types\/am_event"}],"version-history":[{"count":1,"href":"https:\/\/sport-timing.pl\/pomiar-czasu\/wp-json\/wp\/v2\/am_events\/33373\/revisions"}],"predecessor-version":[{"id":33418,"href":"https:\/\/sport-timing.pl\/pomiar-czasu\/wp-json\/wp\/v2\/am_events\/33373\/revisions\/33418"}],"wp:featuredmedia":[{"embeddable":true,"href":"https:\/\/sport-timing.pl\/pomiar-czasu\/wp-json\/wp\/v2\/media\/33407"}],"wp:attachment":[{"href":"https:\/\/sport-timing.pl\/pomiar-czasu\/wp-json\/wp\/v2\/media?parent=33373"}],"wp:term":[{"taxonomy":"post_tag","embeddable":true,"href":"https:\/\/sport-timing.pl\/pomiar-czasu\/wp-json\/wp\/v2\/tags?post=33373"},{"taxonomy":"am_event_categories","embeddable":true,"href":"https:\/\/sport-timing.pl\/pomiar-czasu\/wp-json\/wp\/v2\/am_event_categories?post=33373"}],"curies":[{"name":"wp","href":"https:\/\/api.w.org\/{rel}","templated":true}]}}