




{"id":32019,"date":"2021-02-09T20:58:10","date_gmt":"2021-02-09T19:58:10","guid":{"rendered":"https:\/\/sport-timing.pl\/pomiar-czasu\/?post_type=am_event&#038;p=32019"},"modified":"2021-06-13T22:58:30","modified_gmt":"2021-06-13T20:58:30","slug":"mocarny-zboj-duathlon","status":"publish","type":"am_event","link":"https:\/\/sport-timing.pl\/pomiar-czasu\/wydarzenie\/mocarny-zboj-duathlon\/","title":{"rendered":"Mocarny Zb\u00f3j &#8211; Duathlon"},"content":{"rendered":"<div class=\"wpb-content-wrapper\"><p><div class=\"vc_row wpb_row vc_row-fluid event-info\"><div class=\"wpb_column vc_column_container vc_col-sm-12\"><div class=\"vc_column-inner\"><div class=\"wpb_wrapper\"><div class=\"vc_btn3-container vc_btn3-inline vc_do_btn\" ><a class=\"vc_general vc_btn3 vc_btn3-size-md vc_btn3-shape-rounded vc_btn3-style-3d vc_btn3-color-success\" href=\"http:\/\/www.frydmantri.pl\/\" title=\"\" target=\"_blank\">STRONA WYDARZENIA<\/a><\/div><div class=\"vc_btn3-container vc_btn3-inline vc_do_btn\" ><a class=\"vc_general vc_btn3 vc_btn3-size-md vc_btn3-shape-rounded vc_btn3-style-3d vc_btn3-color-primary\" href=\"https:\/\/www.facebook.com\/FrydmanTriathlon\/\" title=\"\" target=\"_blank\">FACEBOOK<\/a><\/div><div class=\"vc_btn3-container vc_btn3-inline vc_do_btn\" ><a class=\"vc_general vc_btn3 vc_btn3-size-md vc_btn3-shape-rounded vc_btn3-style-3d vc_btn3-color-warning\" href=\"http:\/\/fundacjafrydmantriathlon.pl\/\" title=\"\" target=\"_blank\">ORGANIZAOR<\/a><\/div><div class=\"vc_btn3-container vc_btn3-inline vc_do_btn\" ><a class=\"vc_general vc_btn3 vc_btn3-size-md vc_btn3-shape-rounded vc_btn3-style-3d vc_btn3-color-danger\" href=\"http:\/\/fundacjafrydmantriathlon.pl\/\" title=\"\" target=\"_blank\">PROGRAM<\/a><\/div>\n\t<div class=\"wpb_text_column wpb_content_element vc_custom_1448913810444\" >\n\t\t<div class=\"wpb_wrapper\">\n\t\t\t<h4>Organizatorzy<\/h4>\n<p>FUNDACJA FRYDMAN TRIATHLON<\/p>\n\n\t\t<\/div>\n\t<\/div>\n<\/div><\/div><\/div><\/div><div class=\"vc_row wpb_row vc_row-fluid event-header\"><div class=\"wpb_column vc_column_container vc_col-sm-12\"><div class=\"vc_column-inner\"><div class=\"wpb_wrapper\">\n\t<div class=\"wpb_text_column wpb_content_element\" >\n\t\t<div class=\"wpb_wrapper\">\n\t\t\t<h4>Regulamin<\/h4>\n\n\t\t<\/div>\n\t<\/div>\n<\/div><\/div><\/div><\/div><div class=\"vc_row wpb_row vc_row-fluid regulamin vc_custom_1448119716553 vc_row-has-fill\"><div class=\"wpb_column vc_column_container vc_col-sm-12\"><div class=\"vc_column-inner\"><div class=\"wpb_wrapper\">\n\t<div class=\"wpb_text_column wpb_content_element\" >\n\t\t<div class=\"wpb_wrapper\">\n\t\t\t<p><span style=\"font-weight: 400;\">Regulamin\u00a0 &#8211; Mocarny Zb\u00f3j Duathlon<\/span><\/p>\n<ol>\n<li style=\"font-weight: 400;\" aria-level=\"1\"><b>CEL IMPREZY<\/b><\/li>\n<\/ol>\n<p><span style=\"font-weight: 400;\">Popularyzacja duathlonu.<\/span><span style=\"font-weight: 400;\"><br \/>\n<\/span><span style=\"font-weight: 400;\">Propagowanie aktywnego sp\u0119dzania czasu i wsp\u00f3\u0142zawodnictwa sportowego.<\/span><span style=\"font-weight: 400;\"><br \/>\n<\/span><span style=\"font-weight: 400;\">Promocja Ma\u0142opolski jako teren\u00f3w rekreacyjno-sportowych.<\/span><span style=\"font-weight: 400;\"><br \/>\n<\/span><span style=\"font-weight: 400;\">Umacnianie wi\u0119zi spo\u0142ecznych poprzez ruch i sport.<\/span><\/p>\n<ol>\n<li style=\"font-weight: 400;\" aria-level=\"1\"><b>ORGANIZATOR:<\/b><\/li>\n<\/ol>\n<p><span style=\"font-weight: 400;\">Fundacja Frydman Triathlon<\/span><\/p>\n<ul>\n<li aria-level=\"1\"><b>PARTNERZY<\/b><\/li>\n<\/ul>\n<ul>\n<li style=\"font-weight: 400;\" aria-level=\"1\"><span style=\"font-weight: 400;\">ZEW NIEDZICA SA<\/span><\/li>\n<li style=\"font-weight: 400;\" aria-level=\"1\"><span style=\"font-weight: 400;\">KLUB OR\u0118\u017bA DAWNEGO \u201eKLINGA\u201d<\/span><\/li>\n<li style=\"font-weight: 400;\" aria-level=\"1\"><span style=\"font-weight: 400;\">W\u00d3JT GMINY \u0141APSZE NI\u017bNE<\/span><\/li>\n<li style=\"font-weight: 400;\" aria-level=\"1\"><span style=\"font-weight: 400;\">NADLE\u015aNICTWO\u00a0 KRO\u015aCIENKO<\/span><\/li>\n<\/ul>\n<p>&nbsp;<\/p>\n<ol>\n<li style=\"font-weight: 400;\" aria-level=\"1\"><b>ORGANIZATORZY<\/b><\/li>\n<\/ol>\n<ol>\n<li style=\"font-weight: 400;\" aria-level=\"1\"><span style=\"font-weight: 400;\">Komandor Zawod\u00f3w -Lucjan Habieda<\/span><\/li>\n<li style=\"font-weight: 400;\" aria-level=\"1\"><span style=\"font-weight: 400;\">Prezes Fundacji \u2013 Anna Habieda<\/span><\/li>\n<li style=\"font-weight: 400;\" aria-level=\"1\"><span style=\"font-weight: 400;\">Szef Biura Zawod\u00f3w \u2013 Klaudia Habieda<\/span><\/li>\n<\/ol>\n<p>&nbsp;<\/p>\n<ol>\n<li style=\"font-weight: 400;\" aria-level=\"1\"><b>BIURO ZAWOD\u00d3W, START, META<\/b><\/li>\n<\/ol>\n<p><span style=\"font-weight: 400;\">Biuro zawod\u00f3w, Start i Meta b\u0119d\u0105 mie\u015b\u0107 si\u0119 na polanie na G\u00f3rze Tabor (Niedzica Zamek ko\u0142o Nowego Targu)<\/span><\/p>\n<ul>\n<li aria-level=\"1\"><b>TERMIN, DYSTANS, TRASA<\/b><\/li>\n<\/ul>\n<ol>\n<li style=\"font-weight: 400;\" aria-level=\"1\"><b>Termin:<\/b><span style=\"font-weight: 400;\"> Zawody odb\u0119d\u0105 si\u0119 w dniu 10 lipca 2021r., start zawod\u00f3w: godz. 10:15<\/span><span style=\"font-weight: 400;\"><br \/>\n<\/span><span style=\"font-weight: 400;\">\u00a0<\/span><\/li>\n<li style=\"font-weight: 400;\" aria-level=\"1\"><b>Dystans i Trasa:<\/b><\/li>\n<\/ol>\n<ul>\n<li aria-level=\"1\"><b>Kr\u00f3tki &#8211; 2,5km\/10km\/2,5km<\/b><\/li>\n<\/ul>\n<p><b>I cz\u0119\u015b\u0107 zawod\u00f3w<\/b><span style=\"font-weight: 400;\">:\u00a0 bieg 2,5km (1 \u201eagrafka\u201d),<\/span> <span style=\"font-weight: 400;\">drogi polne : szlak czerwony w stron\u0119 Cis\u00f3wki i z powrotem link do mapki <\/span><a href=\"https:\/\/www.alltrails.com\/explore\/map\/mocarny-zboj-duathlon-bieg-2-5-d494020?u=m\"><span style=\"font-weight: 400;\">https:\/\/www.alltrails.com\/explore\/map\/mocarny-zboj-duathlon-bieg-2-5-d494020?u=m<\/span><\/a><span style=\"font-weight: 400;\"> Trasa po szlaku turystycznym.<\/span><span style=\"font-weight: 400;\"><br \/>\n<\/span><b>II cz\u0119\u015b\u0107 zawod\u00f3w:<\/b><span style=\"font-weight: 400;\"> rower 10 km (1 p\u0119tla)<\/span><span style=\"font-weight: 400;\">\u00a0 <\/span><span style=\"font-weight: 400;\">drogi na terenie le\u015bnictwa Falsztyn i Niedzica link do mapki <\/span><a href=\"https:\/\/www.alltrails.com\/explore\/map\/mz18-petla?u=m\"><span style=\"font-weight: 400;\">https:\/\/www.alltrails.com\/explore\/map\/mz18-petla?u=m<\/span><\/a><span style=\"font-weight: 400;\"> Trasa po terenie g\u00f3rskim: szlaki turystyczne oraz drogi stokowe. Podczas konkurencji rowerowej obowi\u0105zuj\u0105 zasady ruchu drogowego (ruch prawostronny). Nale\u017cy posiada\u0107 rower MTB. Kask rowerowy jest obowi\u0105zkowy. Do strefy zmian zawodnik wchodzi z zapi\u0119tym kaskiem na g\u0142owie. W przypadku awarii roweru w trakcie przejazdu nale\u017cy usun\u0105\u0107 si\u0119 wraz z nim na pobocze drogi w ten spos\u00f3b, aby nie zak\u0142\u00f3ci\u0107 przebiegu wy\u015bcigu. <\/span><span style=\"font-weight: 400;\"><br \/>\n<\/span><b>III cz\u0119\u015b\u0107 zawod\u00f3w:<\/b><span style=\"font-weight: 400;\"> bieg 2,5 km (1 \u201eagrafka\u201d),<\/span> <span style=\"font-weight: 400;\">drogi polne : szlak czerwony w stron\u0119 Cis\u00f3wki i z powrotem link do mapki <\/span><a href=\"https:\/\/www.alltrails.com\/explore\/map\/mocarny-zboj-duathlon-bieg-2-5-d494020?u=m\"><span style=\"font-weight: 400;\">https:\/\/www.alltrails.com\/explore\/map\/mocarny-zboj-duathlon-bieg-2-5-d494020?u=m<\/span><\/a><span style=\"font-weight: 400;\"> Trasa po szlaku turystycznym.<\/span><\/p>\n<ul>\n<li aria-level=\"1\"><b>D\u0142ugi 5km\/20km\/5km<\/b><\/li>\n<\/ul>\n<p><b>I cz\u0119\u015b\u0107 zawod\u00f3w<\/b><span style=\"font-weight: 400;\">:\u00a0 bieg 5 km (1 p\u0119tla), drogi polne : szlak czerwony w stron\u0119 Barwinkowej G\u00f3ry i powr\u00f3t szlakiem rowerowym przez Cis\u00f3wk\u0119. link do mapki <\/span><a href=\"https:\/\/www.alltrails.com\/explore\/map\/wed-03-feb-2021-23-52-d1f491a?u=m\"><span style=\"font-weight: 400;\">https:\/\/www.alltrails.com\/explore\/map\/wed-03-feb-2021-23-52-d1f491a?u=m<\/span><\/a> <span style=\"font-weight: 400;\">\u00a0\u00a0\u00a0<\/span><span style=\"font-weight: 400;\">Trasa po szlaku turystycznym.<\/span><span style=\"font-weight: 400;\"><br \/>\n<\/span><b>II cz\u0119\u015b\u0107 zawod\u00f3w:<\/b><span style=\"font-weight: 400;\"> rower 20 km (2 p\u0119tle po 10km) drogi na terenie le\u015bnictwa Falsztyn i Niedzica link do mapki <\/span><a href=\"https:\/\/www.alltrails.com\/explore\/map\/mz18-petla?u=m\"><span style=\"font-weight: 400;\">https:\/\/www.alltrails.com\/explore\/map\/mz18-petla?u=m<\/span><\/a> <span style=\"font-weight: 400;\">\u00a0<\/span><span style=\"font-weight: 400;\">Trasa po terenie g\u00f3rskim: szlaki turystyczne oraz drogi stokowe. Podczas konkurencji rowerowej obowi\u0105zuj\u0105 zasady ruchu drogowego (ruch prawostronny). Nale\u017cy posiada\u0107 rower MTB. Kask rowerowy jest obowi\u0105zkowy. Do strefy zmian zawodnik wchodzi z zapi\u0119tym kaskiem na g\u0142owie. W przypadku awarii roweru w trakcie przejazdu nale\u017cy usun\u0105\u0107 si\u0119 wraz z nim na pobocze drogi w ten spos\u00f3b, aby nie zak\u0142\u00f3ci\u0107 przebiegu wy\u015bcigu.<\/span> <span style=\"font-weight: 400;\"><br \/>\n<\/span><b>III cz\u0119\u015b\u0107 zawod\u00f3w:<\/b><span style=\"font-weight: 400;\"> bieg 5 km (1 p\u0119tla), drogi polne : szlakiem rowerowym przez Cis\u00f3wk\u0119 w stron\u0119 Barwinkowej G\u00f3ry i powr\u00f3t szlakiem czerwonym. link do mapki <\/span><a href=\"https:\/\/www.alltrails.com\/explore\/map\/wed-03-feb-2021-23-52-d1f491a?u=m\"><span style=\"font-weight: 400;\">https:\/\/www.alltrails.com\/explore\/map\/wed-03-feb-2021-23-52-d1f491a?u=m<\/span><\/a> <span style=\"font-weight: 400;\">\u00a0\u00a0<\/span><span style=\"font-weight: 400;\">\u00a0<\/span><span style=\"font-weight: 400;\">. <\/span><span style=\"font-weight: 400;\">Trasa po szlaku turystycznym.<\/span><\/p>\n<p>&nbsp;<\/p>\n<ol>\n<li style=\"font-weight: 400;\" aria-level=\"1\"><b>OP\u0141ATA STARTOWA<\/b><\/li>\n<\/ol>\n<p><span style=\"font-weight: 400;\">130 PLN\u00a0 p\u0142atne w terminie do\u00a0<\/span><b>31.05.2021r<\/b><b>.<\/b><\/p>\n<p><span style=\"font-weight: 400;\">160 PLN\u00a0 p\u0142atne w terminie od\u00a0<\/span><b>1.06.2021r.<\/b><span style=\"font-weight: 400;\">\u00a0do\u00a0<\/span><b>16.06.2021r.<\/b><b><br \/>\n<\/b><span style=\"font-weight: 400;\">200 PLN p\u0142atne w terminie od <\/span><b>17.06.2021r.<\/b><span style=\"font-weight: 400;\"> do<\/span><b> 7.07.2021r.<\/b><\/p>\n<p><span style=\"font-weight: 400;\">200 PLN\u00a0 p\u0142atne w biurze zawod\u00f3w do<\/span><b>\u00a010.07.2021r.\u00a0<\/b><span style=\"font-weight: 400;\">do godz.\u00a0<\/span><b>9:30<\/b> <span style=\"font-weight: 400;\"><br \/>\n<\/span><span style=\"font-weight: 400;\">(je\u017celi limit zawodnik\u00f3w nie zostanie wyczerpany)<\/span><\/p>\n<p>&nbsp;<\/p>\n<p><b>Przy wp\u0142atach po\u00a016.06.2021 r.\u00a0w pakiecie nie b\u0119dzie koszulki.<\/b><\/p>\n<p><span style=\"font-weight: 400;\">Mieszka\u0144cy (zameldowani) gminy \u0141apsze Ni\u017cne \u2013 bezp\u0142atnie.<\/span><\/p>\n<ol>\n<li style=\"font-weight: 400;\" aria-level=\"1\"><b>PAKIET STARTOWY<\/b><\/li>\n<\/ol>\n<p><span style=\"font-weight: 400;\">W ramach pakietu startowego zawodnik otrzymuje:<\/span><\/p>\n<ul>\n<li style=\"font-weight: 400;\" aria-level=\"1\"><span style=\"font-weight: 400;\">pami\u0105tkow\u0105 koszulk\u0119,<\/span><\/li>\n<li style=\"font-weight: 400;\" aria-level=\"1\"><span style=\"font-weight: 400;\">gad\u017cet Mocarny Zb\u00f3j Duathlon 2021,<\/span><\/li>\n<li style=\"font-weight: 400;\" aria-level=\"1\"><span style=\"font-weight: 400;\">komplet numer\u00f3w startowych,<\/span><\/li>\n<li style=\"font-weight: 400;\" aria-level=\"1\"><span style=\"font-weight: 400;\">folder informacyjny zawod\u00f3w Mocarny Zb\u00f3j Duathlon 2021<\/span><\/li>\n<li style=\"font-weight: 400;\" aria-level=\"1\"><span style=\"font-weight: 400;\">wy\u017cywienie w strefie finiszera: posi\u0142ek g\u0142\u00f3wny plus \u201eSpiski St\u00f3\u0142\u201d- warzywa, sery, mas\u0142o og\u00f3rki kiszone, chleb, w\u0119dliny, placek dro\u017cd\u017cowy, kruche ciastka, gr\u00f3lownik,\u00a0 woda, izotonik\u00a0<\/span><\/li>\n<li style=\"font-weight: 400;\" aria-level=\"1\"><span style=\"font-weight: 400;\">pami\u0105tkowy medal na mecie<\/span><\/li>\n<\/ul>\n<ol>\n<li style=\"font-weight: 400;\" aria-level=\"1\"><b>ZG\u0141OSZENIA<\/b><\/li>\n<\/ol>\n<ol>\n<li style=\"font-weight: 400;\" aria-level=\"1\"><span style=\"font-weight: 400;\">Zg\u0142osze\u0144 mo\u017cna dokonywa\u0107 do dnia 07.07.2021 przy pomocy elektronicznego formularza dost\u0119pnego na stronie\u00a0 internetowej: <\/span><a href=\"http:\/\/www.mocarnyzboj.pl\/www.sport-timing.pl\"><span style=\"font-weight: 400;\">www.sport-timing.pl<\/span><\/a><span style=\"font-weight: 400;\">. <\/span><span style=\"font-weight: 400;\">P\u00f3\u017aniejsze zapisy tylko w biurze w dniu zawod\u00f3w, je\u017celi limit zawodnik\u00f3w nie zostanie wyczerpany.<\/span><\/li>\n<li style=\"font-weight: 400;\" aria-level=\"1\"><span style=\"font-weight: 400;\">Wysoko\u015b\u0107 wpisowego jest aktualizowana automatycznie w zale\u017cno\u015bci od dnia dokonywania p\u0142atno\u015bci.<\/span><\/li>\n<li style=\"font-weight: 400;\" aria-level=\"1\"><span style=\"font-weight: 400;\">Wszystkie u\u017cyteczne informacje na temat p\u0142atno\u015bci znajduj\u0105 si\u0119 na stronie www.sport-timing.pl.<\/span><\/li>\n<li style=\"font-weight: 400;\" aria-level=\"1\"><span style=\"font-weight: 400;\">Kontakt w sprawach zwi\u0105zanych z zapisami pod nr tel. 607\u00a0844\u00a0393 lub na e-mail biuro@soprt-timing.pl.<\/span><\/li>\n<li style=\"font-weight: 400;\" aria-level=\"1\"><span style=\"font-weight: 400;\">Za osob\u0119 zg\u0142oszon\u0105 uwa\u017ca si\u0119 osob\u0119, kt\u00f3ra wype\u0142ni\u0142a formularz zg\u0142oszeniowy i ui\u015bci\u0142a op\u0142at\u0119 wpisow\u0105. Na li\u015bcie startowej widniej\u0105 tylko op\u0142aceni zawodnicy.<\/span><\/li>\n<li style=\"font-weight: 400;\" aria-level=\"1\"><span style=\"font-weight: 400;\">Obowi\u0105zuje limit liczby uczestnik\u00f3w, kt\u00f3ry wynosi 150 os\u00f3b. Organizator zastrzega sobie prawo do zmiany limit\u00f3w startuj\u0105cych. Organizator przewiduje dodatkowe miejsca dla zaproszonych go\u015bci i sponsor\u00f3w.<\/span><\/li>\n<li style=\"font-weight: 400;\" aria-level=\"1\"><span style=\"font-weight: 400;\">Organizator zastrzega sobie prawo wcze\u015bniejszego zamkni\u0119cia zapis\u00f3w w przypadku wype\u0142nienia si\u0119 limitu zg\u0142osze\u0144.<\/span><\/li>\n<li style=\"font-weight: 400;\" aria-level=\"1\"><span style=\"font-weight: 400;\">W przypadku rezygnacji z zawod\u00f3w, po dokonaniu wp\u0142aty-wpisowe nie podlega zwrotowi.<\/span><\/li>\n<li style=\"font-weight: 400;\" aria-level=\"1\"><span style=\"font-weight: 400;\">Je\u015bli z przyczyn losowych zawodnik nie mo\u017ce wystartowa\u0107 1 maja 2021 r. istnieje mo\u017cliwo\u015b\u0107 przeniesienia op\u0142aty na inn\u0105 osob\u0119. Przepisania pakietu na kolejn\u0105 osob\u0119 nale\u017cy dokona\u0107 w terminie do 07.07.2021 roku. Organizator nie po\u015bredniczy w kontakcie pomi\u0119dzy zawodnikami i nie prowadzi ewidencji os\u00f3b chc\u0105cych przekaza\u0107 sw\u00f3j numer startowy innej osobie. Przepisania pakietu nale\u017cy dokona\u0107 po wcze\u015bniejszym uzgodnieniu mailowym z organizatorem <\/span><span style=\"font-weight: 400;\">e -mail:<\/span><span style=\"font-weight: 400;\"><br \/>\n<\/span><span style=\"font-weight: 400;\">\u00a0info@fundacjafrydmantriathlon.pl <\/span><span style=\"font-weight: 400;\">( w tytule nale\u017cy wpisa\u0107 Mocarny Zb\u00f3j 2021 \u2013 Zmiana zawodnika) .<\/span><span style=\"font-weight: 400;\">\u00a0<\/span><span style=\"font-weight: 400;\">Dodatkowa op\u0142ata zamiany na innego zawodnika wynosi 20 z\u0142, kt\u00f3re jest p\u0142atne przy odbiorze pakietu startowego w Biurze Zawod\u00f3w.<\/span><\/li>\n<li style=\"font-weight: 400;\" aria-level=\"1\"><span style=\"font-weight: 400;\">Faktury za udzia\u0142 w zawodach b\u0119d\u0105 wystawiane w biurze zawod\u00f3w lub b\u0119d\u0105 do odebrania razem z pakietem startowym po wcze\u015bniejszym przes\u0142aniu danych na maila<\/span><\/li>\n<\/ol>\n<ul>\n<li aria-level=\"1\"><b>KLASYFIKACJA I KATEGORIE\u00a0<\/b><\/li>\n<\/ul>\n<p>&nbsp;<\/p>\n<ol>\n<li style=\"list-style-type: none;\">\n<ol>\n<li style=\"font-weight: 400;\" aria-level=\"1\"><b>Klasyfikacja Generalna (Open)<\/b><b><br \/>\n<\/b><b>K \u00a0<\/b><span style=\"font-weight: 400;\">(Generalna Kobiet)<\/span><b>\u00a0\u00a0\u00a0<\/b><span style=\"font-weight: 400;\">miejsce 1,2,3<\/span><span style=\"font-weight: 400;\"><br \/>\n<\/span><b>M \u00a0\u00a0<\/b><span style=\"font-weight: 400;\">(Generalna M\u0119\u017cczyzn)<\/span><b>\u00a0<\/b><span style=\"font-weight: 400;\">miejsce 1,2,3<\/span><\/li>\n<\/ol>\n<\/li>\n<\/ol>\n<ul>\n<li aria-level=\"1\"><b>Klasyfikacja Wiekowa (Age Group)*<\/b><\/li>\n<\/ul>\n<ul>\n<li aria-level=\"1\"><b>klasyfikacja wiekowa (AG) Kobiet<\/b><b><br \/>\n<\/b><b>K 18 (<\/b><span style=\"font-weight: 400;\">18 \u2013 19 lat),<\/span><b><br \/>\n<\/b><b>K 20 (<\/b><span style=\"font-weight: 400;\">20 \u2013 29 lat),<\/span><b><br \/>\n<\/b><b>K 30 (<\/b><span style=\"font-weight: 400;\">30 \u2013 39 lat),<\/span><b><br \/>\n<\/b><b>K 40 (<\/b><span style=\"font-weight: 400;\">40 \u2013 49 lat),<\/span><b><br \/>\n<\/b><b>K 50 (<\/b><span style=\"font-weight: 400;\">50 lat i powy\u017cej).<\/span><\/li>\n<\/ul>\n<p>&nbsp;<\/p>\n<ul>\n<li aria-level=\"1\"><b>klasyfikacja wiekowa (AG) M\u0119\u017cczyzn<\/b><b><br \/>\n<\/b><b>M 18 (<\/b><span style=\"font-weight: 400;\">18 \u2013 19 lat),<\/span><b><br \/>\n<\/b><b>M 20 (<\/b><span style=\"font-weight: 400;\">20 \u2013 29 lat),<\/span><b><br \/>\n<\/b><b>M 30 (<\/b><span style=\"font-weight: 400;\">30 \u2013 39 lat),<\/span><b><br \/>\n<\/b><b>M 40 (<\/b><span style=\"font-weight: 400;\">40 \u2013 49 lat),<\/span><b><br \/>\n<\/b><b>M 50 (<\/b><span style=\"font-weight: 400;\">50 \u2013 59 lat),<\/span><span style=\"font-weight: 400;\"><br \/>\n<\/span><b>M 60<\/b><span style=\"font-weight: 400;\"> (60 lat i powy\u017cej).<\/span><span style=\"font-weight: 400;\"><br \/>\n<\/span><span style=\"font-weight: 400;\">*O przynale\u017cno\u015bci do kategorii wiekowej decyduje <\/span><b>rok urodzenia<\/b><span style=\"font-weight: 400;\">.<\/span><\/li>\n<\/ul>\n<p><b><\/b><br \/>\n<b><\/b><\/p>\n<ul>\n<li aria-level=\"1\"><b>Kategoria Mistrzostwa Gminy \u0141apsze Ni\u017cne w Duathlonie (mieszka\u0144cy gminy)<\/b><b><br \/>\n<\/b><b>K \u00a0<\/b><span style=\"font-weight: 400;\">miejsce 1,2,3<\/span><span style=\"font-weight: 400;\"><br \/>\n<\/span><b>M \u00a0<\/b><span style=\"font-weight: 400;\">miejsce 1,2,3<\/span><\/li>\n<\/ul>\n<p>&nbsp;<\/p>\n<ol>\n<li style=\"font-weight: 400;\" aria-level=\"1\"><b>NAGRODY<\/b><\/li>\n<\/ol>\n<p>&nbsp;<\/p>\n<ol>\n<li style=\"font-weight: 400;\" aria-level=\"1\"><span style=\"font-weight: 400;\">Ka\u017cdy finalista zawod\u00f3w otrzyma na mecie pami\u0105tkowy medal.<\/span><\/li>\n<li style=\"font-weight: 400;\" aria-level=\"1\"><span style=\"font-weight: 400;\">Zwyci\u0119zcy kategorii otrzymaj\u0105 pami\u0105tkowe puchary.<\/span><\/li>\n<li style=\"font-weight: 400;\" aria-level=\"1\"><span style=\"font-weight: 400;\">Nagrody rzeczowe b\u0119d\u0105 przyznawane w zale\u017cno\u015bci od pozyskanych sponsor\u00f3w i nie ma mo\u017cliwo\u015bci ich wymiany.<\/span><\/li>\n<li style=\"font-weight: 400;\" aria-level=\"1\"><span style=\"font-weight: 400;\">Organizator zastrzega sobie prawo do wprowadzenia dodatkowych nagr\u00f3d w wybranych przez siebie kategoriach.<\/span><\/li>\n<li style=\"font-weight: 400;\" aria-level=\"1\"><span style=\"font-weight: 400;\">Odbi\u00f3r nagr\u00f3d mo\u017ce nast\u0105pi\u0107 wy\u0142\u0105cznie podczas ko\u0144cz\u0105cej zawody ceremonii wr\u0119czenia nagr\u00f3d.\u00a0<\/span><\/li>\n<li style=\"font-weight: 400;\" aria-level=\"1\"><span style=\"font-weight: 400;\">Warunkiem otrzymania nagr\u00f3d jest uko\u0144czenie duathlonu.<\/span><\/li>\n<li style=\"font-weight: 400;\" aria-level=\"1\"><span style=\"font-weight: 400;\">Organizator nie wysy\u0142a nagr\u00f3d drog\u0105 pocztow\u0105.<\/span><\/li>\n<\/ol>\n<p>&nbsp;<\/p>\n<ol>\n<li style=\"font-weight: 400;\" aria-level=\"1\"><b>WARUNKI UCZESTNICTWA<\/b><\/li>\n<\/ol>\n<p>&nbsp;<\/p>\n<ol>\n<li style=\"font-weight: 400;\" aria-level=\"1\"><span style=\"font-weight: 400;\">Prawo startu w zawodach posiadaj\u0105 osoby, kt\u00f3re w dniu 10.07.2021 r. b\u0119d\u0105 mia\u0142y uko\u0144czone 18 lat i oka\u017c\u0105 podczas weryfikacji w Biurze Zawod\u00f3w dokument stwierdzaj\u0105cy to\u017csamo\u015b\u0107, op\u0142ac\u0105 op\u0142at\u0119 startow\u0105 oraz podpisz\u0105 o\u015bwiadczenie: o braku przeciwwskaza\u0144 zdrowotnych lub b\u0119d\u0105 posiada\u0107 takie o\u015bwiadczenie lekarskie; o starcie w zawodach na w\u0142asn\u0105 odpowiedzialno\u015b\u0107.<\/span><\/li>\n<li style=\"font-weight: 400;\" aria-level=\"1\"><span style=\"font-weight: 400;\">Organizator nie ponosi odpowiedzialno\u015bci za kontuzje i urazy na zdrowiu uczestnik\u00f3w zawod\u00f3w. Wszyscy uczestnicy startuj\u0105cy w Mocarny Zb\u00f3j Duathlon robi\u0105 to na swoj\u0105 odpowiedzialno\u015b\u0107, b\u0119d\u0105c w pe\u0142ni \u015bwiadomi swojego stanu zdrowia i ewentualnych przeciwwskaza\u0144 do wykonywania tego typu ekstremalnego wysi\u0142ku.<\/span><\/li>\n<\/ol>\n<ul>\n<li aria-level=\"1\"><b>POMIAR CZASU I WYNIKI<\/b><\/li>\n<\/ul>\n<ol>\n<li style=\"font-weight: 400;\" aria-level=\"1\"><span style=\"font-weight: 400;\">Pomiar czasu podczas Mocarny Zb\u00f3j Duathlon wykona firma Sport Timing Poland<\/span><span style=\"font-weight: 400;\">, <\/span><span style=\"font-weight: 400;\">przy u\u017cyciu transponder\u00f3w(chip\u00f3w)<\/span><span style=\"font-weight: 400;\">\u00a0<\/span><\/li>\n<li style=\"font-weight: 400;\" aria-level=\"1\"><span style=\"font-weight: 400;\">Niepoprawne zamocowanie chipa mo\u017ce powodowa\u0107 dyskwalifikacj\u0119 zawodnika.<\/span><\/li>\n<li style=\"font-weight: 400;\" aria-level=\"1\"><span style=\"font-weight: 400;\">Zawodnik otrzymuje chip wraz z pakietem startowym. Zawodnik po zawodach ma obowi\u0105zek oddania chipa. W przypadku zgubienia\u00a0 lub pobrania przed startem drugiego chipa zawodnik powinien wnie\u015b\u0107 dodatkow\u0105 op\u0142at\u0119 100 z\u0142<\/span> <span style=\"font-weight: 400;\">pod rygorem dyskwalifikacji.<\/span><\/li>\n<li style=\"font-weight: 400;\" aria-level=\"1\"><span style=\"font-weight: 400;\">Warunkiem sklasyfikowania na mecie jest posiadanie numeru startowego.<\/span><\/li>\n<li style=\"font-weight: 400;\" aria-level=\"1\"><span style=\"font-weight: 400;\">Oficjalnym czasem zawod\u00f3w b\u0119dzie czas brutto (pokonanie trasy + strefa zmian).<\/span><\/li>\n<li style=\"font-weight: 400;\" aria-level=\"1\"><span style=\"font-weight: 400;\">Oficjalne wyniki b\u0119d\u0105 zamieszczone na \u00a0stronie internetowej Sport Timing Poland <\/span><a href=\"https:\/\/sport-timing.pl\/pomiar-czasu\/wyniki-zawodow\"><span style=\"font-weight: 400;\">https:\/\/sport-timing.pl\/pomiar-czasu\/wyniki-zawodow<\/span><\/a><span style=\"font-weight: 400;\">, oraz w formie papierowej w dniu zawod\u00f3w.<\/span><\/li>\n<li style=\"font-weight: 400;\" aria-level=\"1\"><span style=\"font-weight: 400;\">Wyniki zostan\u0105 og\u0142oszone najp\u00f3\u017aniej na 15 minut przed ceremoni\u0105 wr\u0119czenia nagr\u00f3d.<\/span><\/li>\n<\/ol>\n<p>&nbsp;<\/p>\n<ol>\n<li style=\"font-weight: 400;\" aria-level=\"1\"><b>OCHRONA DANYCH OSOBOWYCH<\/b><\/li>\n<\/ol>\n<ol>\n<li style=\"font-weight: 400;\" aria-level=\"1\"><span style=\"font-weight: 400;\">Administratorem danych osobowych uczestnik\u00f3w Mocarny Zb\u00f3j Duathlon jest PonoKai Sport &amp; Event, ul. Pozna\u0144skie Przedmie\u015bcie 12a, 64-020 Czempi\u0144<\/span><\/li>\n<li style=\"font-weight: 400;\" aria-level=\"1\"><span style=\"font-weight: 400;\">Dane osobowe uczestnik\u00f3w Mocarny Zb\u00f3j Duathlon b\u0119d\u0105 przetwarzane w celach przeprowadzenia imprezy, wy\u0142onienia zwyci\u0119zcy, przyznania, wydania i odbioru i rozliczenia nagr\u00f3d oraz innych czynno\u015bci zwi\u0105zanych z prowadzon\u0105 dzia\u0142alno\u015bci\u0105 i nie b\u0119d\u0105 udost\u0119pniane innym odbiorcom.<\/span><\/li>\n<li style=\"font-weight: 400;\" aria-level=\"1\"><span style=\"font-weight: 400;\">Organizator mo\u017ce przetwarza\u0107 dane osobowe w zwi\u0105zku z organizacj\u0105 Mocarny Zb\u00f3j Duathlon tak\u017ce we wsp\u00f3\u0142pracy z innymi podmiotami, w zakresie koniecznym do prawid\u0142owej organizacji Zawod\u00f3w Mocarny Zb\u00f3j Duathlon. Dane osobowe zawodnika mog\u0105 by\u0107 przekazywane podmiotom wsp\u00f3\u0142pracuj\u0105cym z Administratorem danych osobowych przy realizacji Mocarny Zb\u00f3j Duathlon i akcji z nim zwi\u0105zanych na podstawie um\u00f3w powierzenia przetwarzania danych osobowych, zgodnie z art. 28 RODO (w szczeg\u00f3lno\u015bci powierzenie przetwarzania danych dokonane b\u0119dzie na rzecz firm Sport Timing obs\u0142uguj\u0105cej zapisy oraz pomiar czasu podczas Zawod\u00f3w)<\/span><\/li>\n<li style=\"font-weight: 400;\" aria-level=\"1\"><span style=\"font-weight: 400;\">Dane osobowe uczestnik\u00f3w Mocarny Zb\u00f3j Duathlon b\u0119d\u0105 wykorzystywane zgodnie z warunkami okre\u015blonymi w ustawie z dnia 10 maja 2018 roku o ochronie danych osobowych (Dz. U. 2018 poz. 1000) oraz rozporz\u0105dzeniu Parlamentu Europejskiego i Rady z dnia 27 kwietnia 2016 r. 2016\/679 w sprawie ochrony os\u00f3b fizycznych w zwi\u0105zku z przetwarzaniem danych osobowych i w sprawie swobodnego przep\u0142ywu takich danych (RODO).<\/span><\/li>\n<li style=\"font-weight: 400;\" aria-level=\"1\"><span style=\"font-weight: 400;\">Przetwarzanie danych, o kt\u00f3rych mowa w ust\u0119pie 1 niniejszego paragrafu w zwi\u0105zku z udzia\u0142em w Mocarny Zb\u00f3j Duathlon obejmuje tak\u017ce publikacj\u0119 imienia i nazwiska uczestnika wraz z nazw\u0105 miejscowo\u015bci, w kt\u00f3rej zamieszkuje \u2013 w ka\u017cdy spos\u00f3b, w jaki publikowany lub rozpowszechniany b\u0119dzie projekt.<\/span><\/li>\n<li style=\"font-weight: 400;\" aria-level=\"1\"><span style=\"font-weight: 400;\">Uczestnik ma prawo wgl\u0105du do swoich danych osobowych oraz ich poprawiania.<\/span><\/li>\n<li style=\"font-weight: 400;\" aria-level=\"1\"><span style=\"font-weight: 400;\">Podanie danych osobowych oraz wyra\u017cenie zgody na ich przetwarzanie jest dobrowolne, lecz niepodanie lub brak zgody na ich przetwarzanie uniemo\u017cliwia udzia\u0142 w Mocarny Zb\u00f3j Duathlon.<\/span><\/li>\n<li style=\"font-weight: 400;\" aria-level=\"1\"><span style=\"font-weight: 400;\">Przez przekazanie do organizatora, prawid\u0142owo wype\u0142nionego i podpisanego formularza zg\u0142oszeniowego i akceptacji regulaminu uczestnik wyra\u017ca zgod\u0119 i zezwala na wykorzystanie podanych przez niego danych osobowych na potrzeby przes\u0142ania do uczestnika informacji o przysz\u0142ych imprezach, produktach handlowych, udost\u0119pniania danych partnerom oraz sponsorom wydarzenia, a tak\u017ce na wewn\u0119trzne potrzeby administracyjne i analityczne. Uczestnikowi przys\u0142uguje prawo do wycofania takiej zgody i mo\u017ce to zrobi\u0107 w dowolnym momencie kieruj\u0105c korespondencj\u0119 na adres Organizatora.<\/span><\/li>\n<li style=\"font-weight: 400;\" aria-level=\"1\"><span style=\"font-weight: 400;\">Wszystkie informacje dotycz\u0105ce uczestnik\u00f3w uzyskane przez Organizatora i zawarte w formularzu startowym zostan\u0105 zapisane w spos\u00f3b elektroniczny i w ka\u017cdym wypadku b\u0119d\u0105 wykorzystywane zgodnie z ustaw\u0105 z dnia 10 maja 2018 roku o ochronie danych osobowych (Dz. U. 2018 poz. 1000) oraz rozporz\u0105dzeniem Parlamentu Europejskiego i Rady z dnia 27 kwietnia 2016 r. 2016\/679 w sprawie ochrony os\u00f3b fizycznych w zwi\u0105zku z przetwarzaniem danych osobowych i w sprawie swobodnego przep\u0142ywu takich danych (RODO).Organizator zobowi\u0105zuje si\u0119 nie ujawnia\u0107 tych informacji osobom trzecim.<\/span><\/li>\n<li style=\"font-weight: 400;\" aria-level=\"1\"><span style=\"font-weight: 400;\">Dane osobowe przetwarzane b\u0119d\u0105 przez czas nieoznaczony.<\/span><\/li>\n<li style=\"font-weight: 400;\" aria-level=\"1\"><span style=\"font-weight: 400;\">Uczestnikom przys\u0142uguje prawo zg\u0142oszenia sprzeciwu dotycz\u0105cego przetwarzania danych osobowych, a tak\u017ce dost\u0119pu do tre\u015bci tych danych i \u017c\u0105dania ich poprawiania, usuni\u0119cia, ograniczenia przetwarzania lub sprzeciwu dotycz\u0105cego ich przetwarzania.<\/span><\/li>\n<li style=\"font-weight: 400;\" aria-level=\"1\"><span style=\"font-weight: 400;\">Uczestnikom przys\u0142uguje prawo do wniesienia skargi do Prezesa Urz\u0119du Ochrony Danych Osobowych (PUODO).<\/span><\/li>\n<li style=\"font-weight: 400;\" aria-level=\"1\"><span style=\"font-weight: 400;\">Organizator zastrzega sobie prawo do przeprowadzenia z ka\u017cdym z uczestnik\u00f3w wywiadu, robienia mu zdj\u0119\u0107 i filmowania na potrzeby reklamowe, promocyjne, wykorzystania w Internecie lub w transmisjach radiowo-telewizyjnych oraz na inne potrzeby komercyjne.<\/span><\/li>\n<li style=\"font-weight: 400;\" aria-level=\"1\"><span style=\"font-weight: 400;\">Organizator zastrzega sobie prawo do nieodp\u0142atnego wykorzystywania wszelkich zdj\u0119\u0107, materia\u0142\u00f3w filmowych, wywiad\u00f3w i nagra\u0144 d\u017awi\u0119kowych przedstawiaj\u0105cych uczestnik\u00f3w imprezy. Mog\u0105 one by\u0107 wykorzystane przez Organizatora poprzez umieszczanie na no\u015bnikach typu CD-Rom, DVD, w katalogach oraz mediach, na stronach internetowych, w gazetach i na wystawach, jak r\u00f3wnie\u017c na potrzeby promocyjno \u2013 reklamowe zwi\u0105zane z dzia\u0142alno\u015bci\u0105 prowadzon\u0105 przez Organizatora.<\/span><\/li>\n<\/ol>\n<p>&nbsp;<\/p>\n<ol>\n<li style=\"font-weight: 400;\" aria-level=\"1\"><b>UWAGI KO\u0143COWE<\/b><\/li>\n<\/ol>\n<p>&nbsp;<\/p>\n<ol>\n<li style=\"font-weight: 400;\" aria-level=\"1\"><span style=\"font-weight: 400;\">Wszystkich uczestnik\u00f3w Mocarny Zb\u00f3j Duathlon obowi\u0105zuje niniejszy regulamin.<\/span><\/li>\n<li style=\"font-weight: 400;\" aria-level=\"1\"><span style=\"font-weight: 400;\">Zawody nie odb\u0119d\u0105 si\u0119, je\u017celi nie zg\u0142osi si\u0119 i nie op\u0142aci startu 50 zawodnik\u00f3w do 10.06.2021r.<\/span><\/li>\n<li style=\"font-weight: 400;\" aria-level=\"1\"><span style=\"font-weight: 400;\">Zawody odb\u0119d\u0105 si\u0119 bez wzgl\u0119du na warunki atmosferyczne.<\/span><\/li>\n<li style=\"font-weight: 400;\" aria-level=\"1\"><span style=\"font-weight: 400;\">Sprz\u0119t audio, w szczeg\u00f3lno\u015bci ze s\u0142uchawkami ze wzgl\u0119d\u00f3w bezpiecze\u0144stwa zawodnik\u00f3w jest niedozwolony na ka\u017cdym etapie zawod\u00f3w.<\/span><\/li>\n<li style=\"font-weight: 400;\" aria-level=\"1\"><span style=\"font-weight: 400;\">Do strefy zmian mog\u0105 wchodzi\u0107 jedynie zawodnicy.<\/span><\/li>\n<li style=\"font-weight: 400;\" aria-level=\"1\"><span style=\"font-weight: 400;\">W przypadku zej\u015bcia z kt\u00f3rejkolwiek z tras zawod\u00f3w zawodnik \u00a0zobowi\u0105zany jest do niezw\u0142ocznego poinformowania organizatora o wycofaniu si\u0119 z rywalizacji. Informacj\u0119 zg\u0142osi\u0107 mo\u017cna obs\u0142udze tras, a nast\u0119pnie komandorowi zawod\u00f3w. Wym\u00f3g ten podyktowany jest wzgl\u0119dami bezpiecze\u0144stwa.<\/span><\/li>\n<li style=\"font-weight: 400;\" aria-level=\"1\"><span style=\"font-weight: 400;\">W czasie trwania zawod\u00f3w Uczestnicy powinni stosowa\u0107 si\u0119 do polece\u0144 wydawanych przez osoby odpowiedzialne za bezpiecze\u0144stwo, s\u0142u\u017cby porz\u0105dkowe oraz inne osoby wyznaczone przez Organizatora.<\/span><\/li>\n<li style=\"font-weight: 400;\" aria-level=\"1\"><span style=\"font-weight: 400;\">Przebywanie na trasie zawod\u00f3w bez wa\u017cnego numeru startowego jest niedozwolone. Osoby bez wa\u017cnego numeru startowego b\u0119d\u0105 usuwane z trasy przez obs\u0142ug\u0119 lub proszone o zachowanie szczeg\u00f3lnej ostro\u017cno\u015bci(trasa zawod\u00f3w przebiega przez szlaki turystyczne) W szczeg\u00f3lno\u015bci zabrania si\u0119 poruszania si\u0119 po trasie biegu oraz trasie rowerowej: samochodem lub rowerem. Na trasie mog\u0105 znajdowa\u0107 si\u0119 jedynie pojazdy organizatora (rowery, motocykle, samochody) z wa\u017cn\u0105 przepustk\u0105 wydan\u0105 przez Organizatora, a tak\u017ce pojazdy Nadle\u015bnictwa Kro\u015bcienko.<\/span><\/li>\n<li style=\"font-weight: 400;\" aria-level=\"1\"><span style=\"font-weight: 400;\">W celu uzyskania przepustki na robienie zdj\u0119\u0107 oraz nagrywanie film\u00f3w z wydarzenia Mocarny Zb\u00f3j Duathlon prosimy o kontakt z Organizatorem droga mailow\u0105 lub osobi\u015bcie\u00a0 najp\u00f3\u017aniej do 10.07.2021r., do godziny 9:30. Nale\u017cy \u015bci\u015ble okre\u015bli\u0107 spos\u00f3b poruszania si\u0119 z Organizatorem w razie stwarzania zagro\u017cenia dla zawodnik\u00f3w obs\u0142uga imprezy ma prawo odebra\u0107 przepustk\u0119 takiej osobie.<\/span><\/li>\n<li style=\"font-weight: 400;\" aria-level=\"1\"><span style=\"font-weight: 400;\">W czasie trwania zawod\u00f3w organizator zapewnia opiek\u0119 medyczn\u0105<\/span><\/li>\n<li style=\"font-weight: 400;\" aria-level=\"1\"><span style=\"font-weight: 400;\">Zawody b\u0119d\u0105 ubezpieczone od nast\u0119pstw NW<\/span><\/li>\n<li style=\"font-weight: 400;\" aria-level=\"1\"><span style=\"font-weight: 400;\">Ostateczne zamkni\u0119cie listy startowej nast\u0105pi 10.07.2021 r. o godz. 9:45\u00a0lub po wyczerpaniu limitu miejsc.<\/span><\/li>\n<li style=\"font-weight: 400;\" aria-level=\"1\"><span style=\"font-weight: 400;\">Odbi\u00f3r pakiet\u00f3w startowych\u00a0w dniu 10.07.2021 r. w godz. 8:00 \u2013 9:45.<\/span><\/li>\n<li style=\"font-weight: 400;\" aria-level=\"1\"><span style=\"font-weight: 400;\">Zawody przeprowadzone b\u0119d\u0105 wed\u0142ug przepis\u00f3w Polskiego Zwi\u0105zku Triathlonu i niniejszego regulaminu.<\/span><\/li>\n<li style=\"font-weight: 400;\" aria-level=\"1\"><span style=\"font-weight: 400;\">Wszystkie sprawy sporne rozpatrywa\u0107 b\u0119dzie komisja apelacyjna.<\/span><\/li>\n<li style=\"font-weight: 400;\" aria-level=\"1\"><span style=\"font-weight: 400;\">Wszelkie dodatkowe pytania nale\u017cy kierowa\u0107 na <\/span><span style=\"font-weight: 400;\">e -mail: <\/span><a href=\"mailto:info@fundacjafrydmantriathlon.pl\"><span style=\"font-weight: 400;\">info@fundacjafrydmantriathlon.pl<\/span><\/a><span style=\"font-weight: 400;\"> (Tytu\u0142: Mocarny Zb\u00f3j 2021 \u2013 dodatkowe pytania)<\/span><\/li>\n<li style=\"font-weight: 400;\" aria-level=\"1\"><span style=\"font-weight: 400;\">Organizator zastrzega sobie prawo do wprowadzenia zmian w regulaminie oraz programie zawod\u00f3w.<\/span><\/li>\n<li style=\"font-weight: 400;\" aria-level=\"1\"><span style=\"font-weight: 400;\">Ostateczna interpretacja regulaminu nale\u017cy do Organizatora.<\/span><\/li>\n<\/ol>\n<p>&nbsp;<\/p>\n<p><b>PROGRAM ZAWOD\u00d3W<\/b><\/p>\n<p><b>10.07.2021 r. (sobota) :<\/b><\/p>\n<p><span style=\"font-weight: 400;\">8:00<\/span> <span style=\"font-weight: 400;\">\u2013 9:45<\/span> <span style=\"font-weight: 400;\">\u2013\u00a0 otwarcie Biura Zawod\u00f3w na polanie na G\u00f3rze Tabor w Niedzicy Zamek<\/span><\/p>\n<p><span style=\"font-weight: 400;\">8:00<\/span> <span style=\"font-weight: 400;\">\u2013 9:45<\/span> <span style=\"font-weight: 400;\">\u2013\u00a0 wprowadzenie rower\u00f3w do strefy zmian<\/span><\/p>\n<p><span style=\"font-weight: 400;\">10:15<\/span> <span style=\"font-weight: 400;\">\u2013\u00a0 START zawod\u00f3w<\/span><\/p>\n<p><span style=\"font-weight: 400;\">14:00<\/span> <span style=\"font-weight: 400;\">\u2013 16:00<\/span> <span style=\"font-weight: 400;\">\u2013\u00a0 wyprowadzanie rower\u00f3w ze strefy zmian<\/span><\/p>\n<p><span style=\"font-weight: 400;\">15:00 <\/span> <span style=\"font-weight: 400;\">\u2013\u00a0 ceremonia wr\u0119czenia nagr\u00f3d i uroczyste zako\u0144czenie zawod\u00f3w<\/span><\/p>\n\n\t\t<\/div>\n\t<\/div>\n<\/div><\/div><\/div><\/div><div class=\"vc_row wpb_row vc_row-fluid\"><div class=\"wpb_column vc_column_container vc_col-sm-12\"><div class=\"vc_column-inner\"><div class=\"wpb_wrapper\">\n\t<div class=\"wpb_raw_code wpb_raw_js\" >\n\t\t<div class=\"wpb_wrapper\">\n\t\t\t<script type=\"text\/javascript\"> \n$( \".weather-box\" ).insertAfter( $( \".event-card\" ) );\n\n <\/script>\n\t\t<\/div>\n\t<\/div>\n<\/div><\/div><\/div><\/div><\/p>\n<\/div>","protected":false},"excerpt":{"rendered":"STRONA WYDARZENIAFACEBOOKORGANIZAORPROGRAM Organizatorzy FUNDACJA FRYDMAN TRIATHLON Regulamin Regulamin\u00a0 - Mocarny Zb\u00f3j Duathlon CEL IMPREZY Popularyzacja duathlonu. Propagowanie aktywnego sp\u0119dzania czasu i wsp\u00f3\u0142zawodnictwa sportowego. Promocja Ma\u0142opolski jako teren\u00f3w rekreacyjno-sportowych. Umacnianie wi\u0119zi spo\u0142ecznych poprzez ruch i sport. ORGANIZATOR: Fundacja Frydman Triathlon PARTNERZY ZEW NIEDZICA SA KLUB OR\u0118\u017bA DAWNEGO \u201eKLINGA\u201d W\u00d3JT GMINY \u0141APSZE NI\u017bNE NADLE\u015aNICTWO\u00a0 KRO\u015aCIENKO &nbsp; ORGANIZATORZY Komandor Zawod\u00f3w -Lucjan Habieda Prezes Fundacji \u2013 Anna Habieda Szef Biura Zawod\u00f3w \u2013 Klaudia Habieda &nbsp; BIURO ZAWOD\u00d3W, START, META Biuro zawod\u00f3w, Start i Meta b\u0119d\u0105 mie\u015b\u0107 si\u0119 na polanie na G\u00f3rze Tabor (Niedzica Zamek ko\u0142o Nowego Targu) TERMIN, DYSTANS, TRASA Termin: Zawody odb\u0119d\u0105 si\u0119 w dniu 10 lipca 2021r., start zawod\u00f3w: godz. 10:15 \u00a0 Dystans i Trasa: Kr\u00f3tki - 2,5km\/10km\/2,5km I cz\u0119\u015b\u0107 zawod\u00f3w:\u00a0 bieg 2,5km (1 \u201eagrafka\u201d), drogi polne : szlak czerwony w stron\u0119 Cis\u00f3wki i z powrotem link do mapki https:\/\/www.alltrails.com\/explore\/map\/mocarny-zboj-duathlon-bieg-2-5-d494020?u=m Trasa po szlaku turystycznym. II cz\u0119\u015b\u0107 zawod\u00f3w: rower 10 km (1 p\u0119tla)\u00a0 drogi na terenie le\u015bnictwa Falsztyn i Niedzica link do mapki https:\/\/www.alltrails.com\/explore\/map\/mz18-petla?u=m Trasa po terenie g\u00f3rskim: szlaki turystyczne oraz drogi stokowe. Podczas konkurencji rowerowej obowi\u0105zuj\u0105 zasady ruchu drogowego (ruch prawostronny). Nale\u017cy posiada\u0107 rower MTB. Kask rowerowy jest obowi\u0105zkowy. Do strefy zmian zawodnik wchodzi z zapi\u0119tym kaskiem na g\u0142owie. W przypadku awarii roweru w trakcie przejazdu nale\u017cy usun\u0105\u0107 si\u0119 wraz z nim na pobocze drogi w ten spos\u00f3b, aby nie zak\u0142\u00f3ci\u0107 przebiegu wy\u015bcigu. III cz\u0119\u015b\u0107 zawod\u00f3w: bieg 2,5 km (1 \u201eagrafka\u201d), drogi polne : szlak czerwony w stron\u0119 Cis\u00f3wki i z powrotem link do mapki https:\/\/www.alltrails.com\/explore\/map\/mocarny-zboj-duathlon-bieg-2-5-d494020?u=m Trasa po szlaku turystycznym. D\u0142ugi 5km\/20km\/5km I cz\u0119\u015b\u0107 zawod\u00f3w:\u00a0 bieg 5 km (1 p\u0119tla), drogi polne : szlak czerwony w stron\u0119 Barwinkowej G\u00f3ry i powr\u00f3t szlakiem rowerowym przez Cis\u00f3wk\u0119. link do mapki https:\/\/www.alltrails.com\/explore\/map\/wed-03-feb-2021-23-52-d1f491a?u=m \u00a0\u00a0\u00a0Trasa po szlaku turystycznym. II cz\u0119\u015b\u0107 zawod\u00f3w: rower 20 km (2 p\u0119tle po 10km) drogi na terenie le\u015bnictwa Falsztyn i Niedzica link do mapki https:\/\/www.alltrails.com\/explore\/map\/mz18-petla?u=m \u00a0Trasa po terenie g\u00f3rskim: szlaki turystyczne oraz drogi stokowe. Podczas konkurencji rowerowej obowi\u0105zuj\u0105 zasady ruchu drogowego (ruch prawostronny). Nale\u017cy posiada\u0107 rower MTB. Kask rowerowy jest obowi\u0105zkowy. Do strefy zmian zawodnik wchodzi z zapi\u0119tym kaskiem na g\u0142owie. W przypadku awarii roweru w trakcie przejazdu nale\u017cy usun\u0105\u0107 si\u0119 wraz z nim na pobocze drogi w ten spos\u00f3b, aby nie zak\u0142\u00f3ci\u0107 przebiegu wy\u015bcigu. III cz\u0119\u015b\u0107 zawod\u00f3w: bieg 5 km (1 p\u0119tla), drogi polne : szlakiem rowerowym przez Cis\u00f3wk\u0119 w stron\u0119 Barwinkowej G\u00f3ry i powr\u00f3t szlakiem czerwonym. link do mapki https:\/\/www.alltrails.com\/explore\/map\/wed-03-feb-2021-23-52-d1f491a?u=m \u00a0\u00a0\u00a0. Trasa po szlaku turystycznym. &nbsp; OP\u0141ATA STARTOWA 130 PLN\u00a0 p\u0142atne w terminie do\u00a031.05.2021r. 160 PLN\u00a0 p\u0142atne w terminie od\u00a01.06.2021r.\u00a0do\u00a016.06.2021r. 200 PLN p\u0142atne w terminie od 17.06.2021r. do 7.07.2021r. 200 PLN\u00a0 p\u0142atne w biurze zawod\u00f3w do\u00a010.07.2021r.\u00a0do godz.\u00a09:30 (je\u017celi limit zawodnik\u00f3w nie zostanie wyczerpany) &nbsp; Przy wp\u0142atach po\u00a016.06.2021 r.\u00a0w pakiecie nie b\u0119dzie koszulki. Mieszka\u0144cy (zameldowani) gminy \u0141apsze Ni\u017cne \u2013 bezp\u0142atnie. PAKIET STARTOWY W ramach pakietu startowego zawodnik otrzymuje: pami\u0105tkow\u0105 koszulk\u0119, gad\u017cet Mocarny Zb\u00f3j Duathlon 2021, komplet numer\u00f3w startowych, folder informacyjny zawod\u00f3w Mocarny Zb\u00f3j Duathlon 2021 wy\u017cywienie w strefie finiszera: posi\u0142ek g\u0142\u00f3wny plus \u201eSpiski St\u00f3\u0142\u201d- warzywa, sery, mas\u0142o og\u00f3rki kiszone, chleb, w\u0119dliny, placek dro\u017cd\u017cowy, kruche ciastka, gr\u00f3lownik,\u00a0 woda, izotonik\u00a0 pami\u0105tkowy medal na mecie ZG\u0141OSZENIA Zg\u0142osze\u0144 mo\u017cna dokonywa\u0107 do dnia 07.07.2021 przy pomocy elektronicznego formularza dost\u0119pnego na stronie\u00a0 internetowej: www.sport-timing.pl. P\u00f3\u017aniejsze zapisy tylko w biurze w dniu zawod\u00f3w, je\u017celi limit zawodnik\u00f3w nie zostanie wyczerpany. Wysoko\u015b\u0107 wpisowego jest aktualizowana automatycznie w zale\u017cno\u015bci od dnia dokonywania p\u0142atno\u015bci. Wszystkie u\u017cyteczne informacje na temat p\u0142atno\u015bci znajduj\u0105 si\u0119 na stronie www.sport-timing.pl. Kontakt w sprawach zwi\u0105zanych z zapisami pod nr tel. 607\u00a0844\u00a0393 lub na e-mail biuro@soprt-timing.pl. Za osob\u0119 zg\u0142oszon\u0105 uwa\u017ca si\u0119 osob\u0119, kt\u00f3ra wype\u0142ni\u0142a formularz zg\u0142oszeniowy i ui\u015bci\u0142a op\u0142at\u0119 wpisow\u0105. Na li\u015bcie startowej widniej\u0105 tylko op\u0142aceni zawodnicy. Obowi\u0105zuje limit liczby uczestnik\u00f3w, kt\u00f3ry wynosi 150 os\u00f3b. Organizator zastrzega sobie prawo do zmiany limit\u00f3w startuj\u0105cych. Organizator przewiduje dodatkowe miejsca dla zaproszonych go\u015bci i sponsor\u00f3w. Organizator zastrzega sobie prawo wcze\u015bniejszego zamkni\u0119cia zapis\u00f3w w przypadku wype\u0142nienia si\u0119 limitu zg\u0142osze\u0144. W przypadku rezygnacji z zawod\u00f3w, po dokonaniu wp\u0142aty-wpisowe nie podlega zwrotowi. Je\u015bli z przyczyn losowych zawodnik nie mo\u017ce wystartowa\u0107 1 maja 2021 r. istnieje mo\u017cliwo\u015b\u0107 przeniesienia op\u0142aty na inn\u0105 osob\u0119. Przepisania pakietu na kolejn\u0105 osob\u0119 nale\u017cy dokona\u0107 w terminie do 07.07.2021 roku. Organizator nie po\u015bredniczy w kontakcie pomi\u0119dzy zawodnikami i nie prowadzi ewidencji os\u00f3b chc\u0105cych przekaza\u0107 sw\u00f3j numer startowy innej osobie. Przepisania pakietu nale\u017cy dokona\u0107 po wcze\u015bniejszym uzgodnieniu mailowym z organizatorem e -mail: \u00a0info@fundacjafrydmantriathlon.pl ( w tytule nale\u017cy wpisa\u0107 Mocarny Zb\u00f3j 2021 \u2013 Zmiana zawodnika) .\u00a0Dodatkowa op\u0142ata zamiany na innego zawodnika wynosi 20 z\u0142, kt\u00f3re jest p\u0142atne przy odbiorze pakietu startowego w Biurze Zawod\u00f3w. Faktury za udzia\u0142 w zawodach b\u0119d\u0105 wystawiane w biurze zawod\u00f3w lub b\u0119d\u0105 do odebrania razem z pakietem startowym po wcze\u015bniejszym przes\u0142aniu danych na maila KLASYFIKACJA I KATEGORIE\u00a0 &nbsp; Klasyfikacja Generalna (Open) K \u00a0(Generalna Kobiet)\u00a0\u00a0\u00a0miejsce 1,2,3 M \u00a0\u00a0(Generalna M\u0119\u017cczyzn)\u00a0miejsce 1,2,3 Klasyfikacja Wiekowa (Age Group)* klasyfikacja wiekowa (AG) Kobiet K 18 (18 \u2013 19 lat), K 20 (20 \u2013 29 lat), K 30 (30 \u2013 39 lat), K 40 (40 \u2013 49 lat), K 50 (50 lat i powy\u017cej). &nbsp; klasyfikacja wiekowa (AG) M\u0119\u017cczyzn M 18 (18 \u2013 19 lat), M 20 (20 \u2013 29 lat), M 30 (30 \u2013 39 lat), M 40 (40 \u2013 49 lat), M 50 (50 \u2013 59 lat), M 60 (60 lat i powy\u017cej). *O przynale\u017cno\u015bci do kategorii wiekowej decyduje rok urodzenia. Kategoria Mistrzostwa Gminy \u0141apsze Ni\u017cne w Duathlonie (mieszka\u0144cy gminy) K \u00a0miejsce 1,2,3 M \u00a0miejsce 1,2,3 &nbsp; NAGRODY &nbsp; Ka\u017cdy finalista zawod\u00f3w otrzyma na mecie pami\u0105tkowy medal. Zwyci\u0119zcy kategorii otrzymaj\u0105 pami\u0105tkowe puchary. Nagrody rzeczowe b\u0119d\u0105 przyznawane w zale\u017cno\u015bci od pozyskanych sponsor\u00f3w i nie ma mo\u017cliwo\u015bci ich wymiany. Organizator zastrzega sobie prawo do wprowadzenia dodatkowych nagr\u00f3d w wybranych przez siebie kategoriach. Odbi\u00f3r nagr\u00f3d mo\u017ce nast\u0105pi\u0107 wy\u0142\u0105cznie podczas ko\u0144cz\u0105cej zawody ceremonii wr\u0119czenia nagr\u00f3d.\u00a0 Warunkiem otrzymania nagr\u00f3d jest uko\u0144czenie duathlonu. Organizator nie wysy\u0142a nagr\u00f3d drog\u0105 pocztow\u0105. &nbsp; WARUNKI UCZESTNICTWA &nbsp; Prawo startu w zawodach posiadaj\u0105 osoby, kt\u00f3re w dniu 10.07.2021 r. b\u0119d\u0105 mia\u0142y uko\u0144czone 18 lat i oka\u017c\u0105 podczas weryfikacji w Biurze Zawod\u00f3w dokument stwierdzaj\u0105cy to\u017csamo\u015b\u0107, op\u0142ac\u0105 op\u0142at\u0119 startow\u0105 oraz podpisz\u0105 o\u015bwiadczenie: o braku przeciwwskaza\u0144 zdrowotnych lub b\u0119d\u0105 posiada\u0107 takie o\u015bwiadczenie lekarskie; o starcie w zawodach na w\u0142asn\u0105 odpowiedzialno\u015b\u0107. Organizator nie ponosi odpowiedzialno\u015bci za kontuzje i urazy na zdrowiu [...]","protected":false},"featured_media":2582,"template":"","tags":[],"am_event_categories":[16,64],"class_list":["post-32019","am_event","type-am_event","status-publish","has-post-thumbnail","hentry","am_venues-niedzica-zamek","am_event_categories-triathlon","am_event_categories-zapisy-on-line"],"acf":[],"aioseo_notices":[],"am_startdate":"2021-07-10 10:15:00","am_enddate":"2021-07-10 10:15:00","_links":{"self":[{"href":"https:\/\/sport-timing.pl\/pomiar-czasu\/wp-json\/wp\/v2\/am_events\/32019","targetHints":{"allow":["GET"]}}],"collection":[{"href":"https:\/\/sport-timing.pl\/pomiar-czasu\/wp-json\/wp\/v2\/am_events"}],"about":[{"href":"https:\/\/sport-timing.pl\/pomiar-czasu\/wp-json\/wp\/v2\/types\/am_event"}],"version-history":[{"count":1,"href":"https:\/\/sport-timing.pl\/pomiar-czasu\/wp-json\/wp\/v2\/am_events\/32019\/revisions"}],"predecessor-version":[{"id":33120,"href":"https:\/\/sport-timing.pl\/pomiar-czasu\/wp-json\/wp\/v2\/am_events\/32019\/revisions\/33120"}],"wp:featuredmedia":[{"embeddable":true,"href":"https:\/\/sport-timing.pl\/pomiar-czasu\/wp-json\/wp\/v2\/media\/2582"}],"wp:attachment":[{"href":"https:\/\/sport-timing.pl\/pomiar-czasu\/wp-json\/wp\/v2\/media?parent=32019"}],"wp:term":[{"taxonomy":"post_tag","embeddable":true,"href":"https:\/\/sport-timing.pl\/pomiar-czasu\/wp-json\/wp\/v2\/tags?post=32019"},{"taxonomy":"am_event_categories","embeddable":true,"href":"https:\/\/sport-timing.pl\/pomiar-czasu\/wp-json\/wp\/v2\/am_event_categories?post=32019"}],"curies":[{"name":"wp","href":"https:\/\/api.w.org\/{rel}","templated":true}]}}