




{"id":30105,"date":"2020-02-05T00:08:49","date_gmt":"2020-02-04T23:08:49","guid":{"rendered":"https:\/\/sport-timing.pl\/pomiar-czasu\/?post_type=am_event&#038;p=30105"},"modified":"2020-02-06T23:21:26","modified_gmt":"2020-02-06T22:21:26","slug":"vi-zakopianski-duathlon-zimowy","status":"publish","type":"am_event","link":"https:\/\/sport-timing.pl\/pomiar-czasu\/wydarzenie\/vi-zakopianski-duathlon-zimowy\/","title":{"rendered":"VI Zakopia\u0144ski Duathlon Zimowy"},"content":{"rendered":"<div class=\"wpb-content-wrapper\"><p><div class=\"vc_row wpb_row vc_row-fluid event-header\"><div class=\"wpb_column vc_column_container vc_col-sm-12\"><div class=\"vc_column-inner\"><div class=\"wpb_wrapper\">\n\t<div class=\"wpb_text_column wpb_content_element\" >\n\t\t<div class=\"wpb_wrapper\">\n\t\t\t<h3><span style=\"color: #ff0000;\"><strong>Osoby udzielaj\u0105ce szczeg\u00f3\u0142owych informacji na temat biegu: \u00a0 \u00a0 \u00a0 \u00a0 \u00a0 \u00a0 \u00a0 \u00a0 \u00a0 \u00a0 \u00a0 \u00a0 \u00a0 \u00a0 \u00a0 \u00a0 \u00a0 \u00a0 \u00a0 \u00a0 \u00a0 \u00a0 \u00a0 \u00a0 \u00a0 \u00a0 \u00a0 \u00a0 \u00a0 \u00a0 \u00a0 \u00a0 \u00a0 \u00a0 \u00a0 \u00a0 <\/strong><\/span><\/h3>\n<h3><span style=\"color: #ff0000;\"><strong>Leszek Behounek &#8211; 517589080<\/strong><\/span><\/h3>\n<h3><span style=\"color: #ff0000;\"><strong> Wies\u0142aw Watras &#8211;\u00a0 608326315<\/strong><\/span><\/h3>\n\n\t\t<\/div>\n\t<\/div>\n\n\t<div class=\"wpb_text_column wpb_content_element\" >\n\t\t<div class=\"wpb_wrapper\">\n\t\t\t<p><b>VI Zakopia\u0144ski Duathlon Zimowy<\/b><\/p>\n<p><b>(5 km narty biegowe \u2013 styl klasyczny + 5 km bieg prze\u0142ajowy)\u00a0\u00a0<\/b><\/p>\n<p>&nbsp;<\/p>\n<p><b>REGULAMIN<\/b><\/p>\n<p>&nbsp;<\/p>\n<p><b>Organizator<\/b><span style=\"font-weight: 400;\">: Miejski O\u015brodek Sportu i Rekreacji w Zakopanem<\/span><\/p>\n<p>&nbsp;<\/p>\n<p><b>Termin i miejsce zawod\u00f3w<\/b><span style=\"font-weight: 400;\">: 29.02.2020 r. (sobota),\u00a0 godzina 10.00 \u2013 G\u00f3rna R\u00f3wie\u0144 Krupowa.<\/span><\/p>\n<p>&nbsp;<\/p>\n<p><b>Cel zawod\u00f3w<\/b><span style=\"font-weight: 400;\">:<\/span><\/p>\n<p><span style=\"font-weight: 400;\">Promowanie aktywno\u015bci fizycznej i zachowa\u0144 prozdrowotnych w\u015br\u00f3d mieszka\u0144c\u00f3w Zakopanego, Powiatu Tatrza\u0144skiego i turyst\u00f3w.<\/span><\/p>\n<p><span style=\"font-weight: 400;\">Promowanie atrakcyjnych miejsc na terenie miasta Zakopane i Powiatu Tatrza\u0144skiego<\/span><\/p>\n<p><span style=\"font-weight: 400;\">Wzbogacenie oferty sportowo \u2013 rekreacyjnej miasta i powiatu.<\/span><\/p>\n<p><span style=\"font-weight: 400;\">Mo\u017cliwo\u015b\u0107 zdobycia punkt\u00f3w rankingowych Zakopia\u0144skiej Ligi Biegowej<\/span><\/p>\n<p>&nbsp;<\/p>\n<p><b>Uczestnictwo<\/b><span style=\"font-weight: 400;\">:<\/span><\/p>\n<ol>\n<li><span style=\"font-weight: 400;\"> Uczestnikiem biegu mo\u017ce zosta\u0107 ka\u017cda osoba, kt\u00f3ra dnia 29 lutego 2020 roku w godzinach 9.00 \u2013 9.45 zapisze si\u0119 w biurze zawod\u00f3w w Urz\u0119dzie Miasta Zakopane, ul. Ko\u015bciuszki 13<\/span><\/li>\n<li><span style=\"font-weight: 400;\"> Op\u0142ata startowa za udzia\u0142 w zawodach wynosi 20 z\u0142otych \/ m\u0142odzie\u017c szkolna z Powiatu Tatrza\u0144skiego na podstawie wa\u017cnej legitymacji szkolnej \u2013 10 z\u0142 przyjmowana b\u0119dzie w biurze zawod\u00f3w w dniu startu.\u00a0<\/span><\/li>\n<li><span style=\"font-weight: 400;\"> Warunkiem udzia\u0142u w biegu jest przedstawienie aktualnego za\u015bwiadczenia lekarskiego o braku przeciwwskaza\u0144 do udzia\u0142u w biegu lub podpisanie o\u015bwiadczenia o udziale w biegu na w\u0142asn\u0105 odpowiedzialno\u015b\u0107. Za osoby niepe\u0142noletnie o\u015bwiadczenie podpisuje rodzic lub opiekun prawny.<\/span><\/li>\n<li><span style=\"font-weight: 400;\"> Zawodnik winien okaza\u0107 w biurze zawod\u00f3w dokument celem weryfikacji danych osobowych.<\/span><\/li>\n<li><span style=\"font-weight: 400;\"> Wszyscy zawodnicy musz\u0105 przestrzega\u0107 Regulaminu zawod\u00f3w.\u00a0<\/span><\/li>\n<\/ol>\n<p>&nbsp;<\/p>\n<p><b>Zasady rozgrywania biegu:<\/b><\/p>\n<p><span style=\"font-weight: 400;\">Narciarstwo biegowe \u2013 styl klasyczny &#8211; start wsp\u00f3lny. Po przebiegni\u0119ciu 5 km na nartach biegowych zawodnik dobiega do strefy zmian (przed wej\u015bciem do strefy ma obowi\u0105zek zdj\u0119cia nart), w strefie zmian zmienia obuwie do nart biegowych na obuwie do bieg\u00f3w prze\u0142ajowych i wyrusza na tras\u0119 biegu terenowego o d\u0142ugo\u015bci 5 km.\u00a0<\/span><\/p>\n<p>&nbsp;<\/p>\n<p><b>Klasyfikacje i nagrody:<\/b><\/p>\n<p><span style=\"font-weight: 400;\">Zawodnicy b\u0119d\u0105 klasyfikowani w kategoriach open kobiet i m\u0119\u017cczyzn oraz w kategoriach wiekowych:<\/span><\/p>\n<p><span style=\"font-weight: 400;\">Junior K\/M \u2013 zawodnicy urodzeni w roku 2005 i m\u0142odsi\u00a0<\/span><\/p>\n<p><span style=\"font-weight: 400;\">Senior K\/M \u2013 zawodnicy urodzeni w latach 2004 &#8211; 1981<\/span><\/p>\n<p><span style=\"font-weight: 400;\">Masters K\/M \u2013 zawodnicy urodzeni w latach 1980 \u2013 1971<\/span><\/p>\n<p><span style=\"font-weight: 400;\">Weteran I \u2013 zawodnicy urodzeni w latach 1970 \u2013 1961<\/span><\/p>\n<p><span style=\"font-weight: 400;\">Weteran II \u2013 zawodnicy urodzeni w latach 1960 i starsi<\/span><\/p>\n<p><span style=\"font-weight: 400;\">Za miejsca I \u2013 III w kategoriach wiekowych &#8211; medale.\u00a0<\/span><\/p>\n<p>&nbsp;<\/p>\n<p><b>Program zawod\u00f3w:<\/b><\/p>\n<p><span style=\"font-weight: 400;\">09:00 \u2013 09.45\u00a0 &#8211; zapisy i wydawanie numer\u00f3w startowych<\/span><\/p>\n<p><span style=\"font-weight: 400;\">10.00 &#8211;\u00a0 start biegu<\/span><\/p>\n<p><span style=\"font-weight: 400;\">12.00 \u2013 dekoracja zwyci\u0119zc\u00f3w<\/span><\/p>\n<p>&nbsp;<\/p>\n<p><b>Ochrona Danych Osobowych:<\/b><\/p>\n<p><span style=\"font-weight: 400;\">Dane osobowe uczestnik\u00f3w bieg\u00f3w b\u0119d\u0105 przetwarzane w celach przeprowadzenia imprez, wy\u0142onienia zwyci\u0119zcy i przyznania, wydania, odbioru i rozliczenia nagrody.<\/span><span style=\"font-weight: 400;\"><br \/>\n<\/span><span style=\"font-weight: 400;\">Dane osobowe uczestnik\u00f3w bieg\u00f3w b\u0119d\u0105 przetwarzane zgodnie z przepisami okre\u015blonymi w <\/span><span style=\"font-weight: 400;\">Rozporz\u0105dzeniem Parlamentu Europejskiego i Rady (UE) 2016\/679 z 27 kwietnia 2016 r. w sprawie ochrony os\u00f3b fizycznych w zwi\u0105zku z przetwarzaniem danych osobowych i w sprawie swobodnego przep\u0142ywu takich danych oraz uchylenia dyrektywy 95\/46\/WE. <\/span><span style=\"font-weight: 400;\">\u00a0<\/span><\/p>\n<p><span style=\"font-weight: 400;\">Przetwarzanie danych, o kt\u00f3rych mowa w ust\u0119pie 1 niniejszego paragrafu, w zwi\u0105zku z udzia\u0142em w zawodach obejmuje tak\u017ce publikacj\u0119 imienia i nazwiska uczestnika wraz z rokiem urodzenia i z nazw\u0105 miejscowo\u015bci, w kt\u00f3rej zamieszkuje &#8211; w ka\u017cdy spos\u00f3b, w jaki publikowany lub rozpowszechniany b\u0119dzie projekt.<\/span><span style=\"font-weight: 400;\"><br \/>\n<\/span><span style=\"font-weight: 400;\">Uczestnik ma prawo do: <\/span><span style=\"font-weight: 400;\">\u00a0\u017c\u0105dania od nas dost\u0119pu do swoich danych osobowych, prawo ich sprostowania swoich\u00a0 danych osobowych, prawo \u017c\u0105dania usuni\u0119cia lub ograniczenia przetwarzania swoich danych osobowych, prawo wniesienia sprzeciwu wobec przetwarzania swoich danych osobowych, prawo przenoszenia danych, prawo cofni\u0119cia zgody na przetwarzanie Pa\u0144stwa danych osobowych w dowolnym momencie bez wp\u0142ywu na zgodno\u015b\u0107 z prawem przetwarzania, kt\u00f3rego dokonano na podstawie zgody przed jej cofni\u0119ciem; prawo wniesienia skargi do organu nadzorczego<\/span><span style=\"font-weight: 400;\">.<\/span><span style=\"font-weight: 400;\"><br \/>\n<\/span><span style=\"font-weight: 400;\">Podanie danych osobowych oraz wyra\u017cenie zgody na ich przetwarzanie jest dobrowolne, lecz ich niepodanie lub brak zgody na ich przetwarzanie uniemo\u017cliwia udzia\u0142 w zawodach.<\/span><b>\u00a0\u00a0<\/b><\/p>\n<p>&nbsp;<\/p>\n<p><b>Uwagi ko\u0144cowe:<\/b><\/p>\n<ol>\n<li><span style=\"font-weight: 400;\"> Zawody odb\u0119d\u0105 si\u0119 bez wzgl\u0119du na pogod\u0119.<\/span><\/li>\n<li><span style=\"font-weight: 400;\"> Komisj\u0119 s\u0119dziowsk\u0105 powo\u0142uje Organizator.<\/span><\/li>\n<li><span style=\"font-weight: 400;\"> Koszty zwi\u0105zane z organizacj\u0105 zawod\u00f3w pokrywa MOSiR Zakopane.<\/span><\/li>\n<li><span style=\"font-weight: 400;\"> Organizator zapewnia opiek\u0119 medyczn\u0105.<\/span><\/li>\n<li><span style=\"font-weight: 400;\"> Organizator zastrzega sobie prawo zmian i interpretacji Regulaminu.<\/span><\/li>\n<li><span style=\"font-weight: 400;\"> Nagrody dla zwyci\u0119zc\u00f3w mog\u0105 by\u0107 odebrane tylko w trakcie dekoracji zwyci\u0119zc\u00f3w. Nagrody nie b\u0119d\u0105 wydawane innym osobom ani wysy\u0142ane poczt\u0105.\u00a0<\/span><\/li>\n<li><span style=\"font-weight: 400;\"> Zawodnicy bior\u0105 udzia\u0142 w zawodach na w\u0142asn\u0105 odpowiedzialno\u015b\u0107. Osoby niepe\u0142noletnie bior\u0105 udzia\u0142 w zawodach na odpowiedzialno\u015b\u0107 rodzic\u00f3w lub opiekun\u00f3w prawnych.<\/span><\/li>\n<li><span style=\"font-weight: 400;\"> Zawodnicy bior\u0105cy udzia\u0142 w zawodach wyra\u017caj\u0105 zgod\u0119 na przetwarzanie swoich danych osobowych oraz wizerunku dla potrzeb niezb\u0119dnych do realizacji zawod\u00f3w (zgodnie z Ustaw\u0105 z dn. 29.08.1997 r. o Ochronie Danych Osobowych Dz. Ust. Nr 133 poz.883).<\/span><\/li>\n<li><span style=\"font-weight: 400;\"> Osoby udzielaj\u0105ce szczeg\u00f3\u0142owych informacji na temat biegu: \u00a0 \u00a0 \u00a0 \u00a0 \u00a0 \u00a0 \u00a0 \u00a0 \u00a0 \u00a0 \u00a0 \u00a0 \u00a0 \u00a0 \u00a0 \u00a0 \u00a0 \u00a0 \u00a0 \u00a0 \u00a0 \u00a0 \u00a0 \u00a0 \u00a0 \u00a0 \u00a0 \u00a0 \u00a0 \u00a0 \u00a0 \u00a0 \u00a0 \u00a0 \u00a0 \u00a0 Leszek Behounek \u2013 517589080, Wies\u0142aw Watras &#8211; 608326315<\/span><\/li>\n<\/ol>\n\n\t\t<\/div>\n\t<\/div>\n<\/div><\/div><\/div><\/div><div class=\"vc_row wpb_row vc_row-fluid regulamin vc_custom_1448119716553 vc_row-has-fill\"><div class=\"wpb_column vc_column_container vc_col-sm-12\"><div class=\"vc_column-inner\"><div class=\"wpb_wrapper\">\n\t<div class=\"wpb_text_column wpb_content_element\" >\n\t\t<div class=\"wpb_wrapper\">\n\t\t\t\n\t\t<\/div>\n\t<\/div>\n<\/div><\/div><\/div><\/div><div class=\"vc_row wpb_row vc_row-fluid\"><div class=\"wpb_column vc_column_container vc_col-sm-12\"><div class=\"vc_column-inner\"><div class=\"wpb_wrapper\">\n\t<div class=\"wpb_raw_code wpb_raw_js\" >\n\t\t<div class=\"wpb_wrapper\">\n\t\t\t<script type=\"text\/javascript\"> \n$( \".weather-box\" ).insertAfter( $( \".event-card\" ) );\n\n <\/script>\n\t\t<\/div>\n\t<\/div>\n<\/div><\/div><\/div><\/div><\/p>\n<\/div>","protected":false},"excerpt":{"rendered":"Osoby udzielaj\u0105ce szczeg\u00f3\u0142owych informacji na temat biegu: \u00a0 \u00a0 \u00a0 \u00a0 \u00a0 \u00a0 \u00a0 \u00a0 \u00a0 \u00a0 \u00a0 \u00a0 \u00a0 \u00a0 \u00a0 \u00a0 \u00a0 \u00a0 \u00a0 \u00a0 \u00a0 \u00a0 \u00a0 \u00a0 \u00a0 \u00a0 \u00a0 \u00a0 \u00a0 \u00a0 \u00a0 \u00a0 \u00a0 \u00a0 \u00a0 \u00a0 Leszek Behounek - 517589080 Wies\u0142aw Watras -\u00a0 608326315 VI Zakopia\u0144ski Duathlon Zimowy (5 km narty biegowe \u2013 styl klasyczny + 5 km bieg prze\u0142ajowy)\u00a0\u00a0 &nbsp; REGULAMIN &nbsp; Organizator: Miejski O\u015brodek Sportu i Rekreacji w Zakopanem &nbsp; Termin i miejsce zawod\u00f3w: 29.02.2020 r. (sobota),\u00a0 godzina 10.00 \u2013 G\u00f3rna R\u00f3wie\u0144 Krupowa. &nbsp; Cel zawod\u00f3w: Promowanie aktywno\u015bci fizycznej i zachowa\u0144 prozdrowotnych w\u015br\u00f3d mieszka\u0144c\u00f3w Zakopanego, Powiatu Tatrza\u0144skiego i turyst\u00f3w. Promowanie atrakcyjnych miejsc na terenie miasta Zakopane i Powiatu Tatrza\u0144skiego Wzbogacenie oferty sportowo \u2013 rekreacyjnej miasta i powiatu. Mo\u017cliwo\u015b\u0107 zdobycia punkt\u00f3w rankingowych Zakopia\u0144skiej Ligi Biegowej &nbsp; Uczestnictwo: Uczestnikiem biegu mo\u017ce zosta\u0107 ka\u017cda osoba, kt\u00f3ra dnia 29 lutego 2020 roku w godzinach 9.00 \u2013 9.45 zapisze si\u0119 w biurze zawod\u00f3w w Urz\u0119dzie Miasta Zakopane, ul. Ko\u015bciuszki 13 Op\u0142ata startowa za udzia\u0142 w zawodach wynosi 20 z\u0142otych \/ m\u0142odzie\u017c szkolna z Powiatu Tatrza\u0144skiego na podstawie wa\u017cnej legitymacji szkolnej \u2013 10 z\u0142 przyjmowana b\u0119dzie w biurze zawod\u00f3w w dniu startu.\u00a0 Warunkiem udzia\u0142u w biegu jest przedstawienie aktualnego za\u015bwiadczenia lekarskiego o braku przeciwwskaza\u0144 do udzia\u0142u w biegu lub podpisanie o\u015bwiadczenia o udziale w biegu na w\u0142asn\u0105 odpowiedzialno\u015b\u0107. Za osoby niepe\u0142noletnie o\u015bwiadczenie podpisuje rodzic lub opiekun prawny. Zawodnik winien okaza\u0107 w biurze zawod\u00f3w dokument celem weryfikacji danych osobowych. Wszyscy zawodnicy musz\u0105 przestrzega\u0107 Regulaminu zawod\u00f3w.\u00a0 &nbsp; Zasady rozgrywania biegu: Narciarstwo biegowe \u2013 styl klasyczny - start wsp\u00f3lny. Po przebiegni\u0119ciu 5 km na nartach biegowych zawodnik dobiega do strefy zmian (przed wej\u015bciem do strefy ma obowi\u0105zek zdj\u0119cia nart), w strefie zmian zmienia obuwie do nart biegowych na obuwie do bieg\u00f3w prze\u0142ajowych i wyrusza na tras\u0119 biegu terenowego o d\u0142ugo\u015bci 5 km.\u00a0 &nbsp; Klasyfikacje i nagrody: Zawodnicy b\u0119d\u0105 klasyfikowani w kategoriach open kobiet i m\u0119\u017cczyzn oraz w kategoriach wiekowych: Junior K\/M \u2013 zawodnicy urodzeni w roku 2005 i m\u0142odsi\u00a0 Senior K\/M \u2013 zawodnicy urodzeni w latach 2004 - 1981 Masters K\/M \u2013 zawodnicy urodzeni w latach 1980 \u2013 1971 Weteran I \u2013 zawodnicy urodzeni w latach 1970 \u2013 1961 Weteran II \u2013 zawodnicy urodzeni w latach 1960 i starsi Za miejsca I \u2013 III w kategoriach wiekowych - medale.\u00a0 &nbsp; Program zawod\u00f3w: 09:00 \u2013 09.45\u00a0 - zapisy i wydawanie numer\u00f3w startowych 10.00 -\u00a0 start biegu 12.00 \u2013 dekoracja zwyci\u0119zc\u00f3w &nbsp; Ochrona Danych Osobowych: Dane osobowe uczestnik\u00f3w bieg\u00f3w b\u0119d\u0105 przetwarzane w celach przeprowadzenia imprez, wy\u0142onienia zwyci\u0119zcy i przyznania, wydania, odbioru i rozliczenia nagrody. Dane osobowe uczestnik\u00f3w bieg\u00f3w b\u0119d\u0105 przetwarzane zgodnie z przepisami okre\u015blonymi w Rozporz\u0105dzeniem Parlamentu Europejskiego i Rady (UE) 2016\/679 z 27 kwietnia 2016 r. w sprawie ochrony os\u00f3b fizycznych w zwi\u0105zku z przetwarzaniem danych osobowych i w sprawie swobodnego przep\u0142ywu takich danych oraz uchylenia dyrektywy 95\/46\/WE. \u00a0 Przetwarzanie danych, o kt\u00f3rych mowa w ust\u0119pie 1 niniejszego paragrafu, w zwi\u0105zku z udzia\u0142em w zawodach obejmuje tak\u017ce publikacj\u0119 imienia i nazwiska uczestnika wraz z rokiem urodzenia i z nazw\u0105 miejscowo\u015bci, w kt\u00f3rej zamieszkuje - w ka\u017cdy spos\u00f3b, w jaki publikowany lub rozpowszechniany b\u0119dzie projekt. Uczestnik ma prawo do: \u00a0\u017c\u0105dania od nas dost\u0119pu do swoich danych osobowych, prawo ich sprostowania swoich\u00a0 danych osobowych, prawo \u017c\u0105dania usuni\u0119cia lub ograniczenia przetwarzania swoich danych osobowych, prawo wniesienia sprzeciwu wobec przetwarzania swoich danych osobowych, prawo przenoszenia danych, prawo cofni\u0119cia zgody na przetwarzanie Pa\u0144stwa danych osobowych w dowolnym momencie bez wp\u0142ywu na zgodno\u015b\u0107 z prawem przetwarzania, kt\u00f3rego dokonano na podstawie zgody przed jej cofni\u0119ciem; prawo wniesienia skargi do organu nadzorczego. Podanie danych osobowych oraz wyra\u017cenie zgody na ich przetwarzanie jest dobrowolne, lecz ich niepodanie lub brak zgody na ich przetwarzanie uniemo\u017cliwia udzia\u0142 w zawodach.\u00a0\u00a0 &nbsp; Uwagi ko\u0144cowe: Zawody odb\u0119d\u0105 si\u0119 bez wzgl\u0119du na pogod\u0119. Komisj\u0119 s\u0119dziowsk\u0105 powo\u0142uje Organizator. Koszty zwi\u0105zane z organizacj\u0105 zawod\u00f3w pokrywa MOSiR Zakopane. Organizator zapewnia opiek\u0119 medyczn\u0105. Organizator zastrzega sobie prawo zmian i interpretacji Regulaminu. Nagrody dla zwyci\u0119zc\u00f3w mog\u0105 by\u0107 odebrane tylko w trakcie dekoracji zwyci\u0119zc\u00f3w. Nagrody nie b\u0119d\u0105 wydawane innym osobom ani wysy\u0142ane poczt\u0105.\u00a0 Zawodnicy bior\u0105 udzia\u0142 w zawodach na w\u0142asn\u0105 odpowiedzialno\u015b\u0107. Osoby niepe\u0142noletnie bior\u0105 udzia\u0142 w zawodach na odpowiedzialno\u015b\u0107 rodzic\u00f3w lub opiekun\u00f3w prawnych. Zawodnicy bior\u0105cy udzia\u0142 w zawodach wyra\u017caj\u0105 zgod\u0119 na przetwarzanie swoich danych osobowych oraz wizerunku dla potrzeb niezb\u0119dnych do realizacji zawod\u00f3w (zgodnie z Ustaw\u0105 z dn. 29.08.1997 r. o Ochronie Danych Osobowych Dz. Ust. Nr 133 poz.883). Osoby udzielaj\u0105ce szczeg\u00f3\u0142owych informacji na temat biegu: \u00a0 \u00a0 \u00a0 \u00a0 \u00a0 \u00a0 \u00a0 \u00a0 \u00a0 \u00a0 \u00a0 \u00a0 \u00a0 \u00a0 \u00a0 \u00a0 \u00a0 \u00a0 \u00a0 \u00a0 \u00a0 \u00a0 \u00a0 \u00a0 \u00a0 \u00a0 \u00a0 \u00a0 \u00a0 \u00a0 \u00a0 \u00a0 \u00a0 \u00a0 \u00a0 \u00a0 Leszek Behounek \u2013 517589080, Wies\u0142aw Watras - 608326315","protected":false},"featured_media":26973,"template":"","tags":[],"am_event_categories":[109,68,36,18,138,64],"class_list":["post-30105","am_event","type-am_event","status-publish","has-post-thumbnail","hentry","am_venues-zakopane","am_event_categories-biegi","am_event_categories-biegi-gorskie","am_event_categories-biegi-masowe","am_event_categories-biegi-narciarskie","am_event_categories-duathlon","am_event_categories-zapisy-on-line"],"acf":[],"aioseo_notices":[],"am_startdate":"2020-02-29 10:00:00","am_enddate":"2020-02-29 10:00:00","_links":{"self":[{"href":"https:\/\/sport-timing.pl\/pomiar-czasu\/wp-json\/wp\/v2\/am_events\/30105","targetHints":{"allow":["GET"]}}],"collection":[{"href":"https:\/\/sport-timing.pl\/pomiar-czasu\/wp-json\/wp\/v2\/am_events"}],"about":[{"href":"https:\/\/sport-timing.pl\/pomiar-czasu\/wp-json\/wp\/v2\/types\/am_event"}],"version-history":[{"count":1,"href":"https:\/\/sport-timing.pl\/pomiar-czasu\/wp-json\/wp\/v2\/am_events\/30105\/revisions"}],"predecessor-version":[{"id":30108,"href":"https:\/\/sport-timing.pl\/pomiar-czasu\/wp-json\/wp\/v2\/am_events\/30105\/revisions\/30108"}],"wp:featuredmedia":[{"embeddable":true,"href":"https:\/\/sport-timing.pl\/pomiar-czasu\/wp-json\/wp\/v2\/media\/26973"}],"wp:attachment":[{"href":"https:\/\/sport-timing.pl\/pomiar-czasu\/wp-json\/wp\/v2\/media?parent=30105"}],"wp:term":[{"taxonomy":"post_tag","embeddable":true,"href":"https:\/\/sport-timing.pl\/pomiar-czasu\/wp-json\/wp\/v2\/tags?post=30105"},{"taxonomy":"am_event_categories","embeddable":true,"href":"https:\/\/sport-timing.pl\/pomiar-czasu\/wp-json\/wp\/v2\/am_event_categories?post=30105"}],"curies":[{"name":"wp","href":"https:\/\/api.w.org\/{rel}","templated":true}]}}